{"id":5108,"date":"2024-12-04T17:17:05","date_gmt":"2024-12-04T17:17:05","guid":{"rendered":"https:\/\/labotigadecarnsbertran.cat\/tienda\/"},"modified":"2024-12-04T17:17:05","modified_gmt":"2024-12-04T17:17:05","slug":"tienda","status":"publish","type":"page","link":"https:\/\/labotigadecarnsbertran.cat\/es\/tienda\/","title":{"rendered":"Tienda"},"content":{"rendered":"<div class=\"fusion-fullwidth fullwidth-box fusion-builder-row-1 fusion-flex-container hundred-percent-fullwidth non-hundred-percent-height-scrolling\" style=\"--awb-border-radius-top-left:0px;--awb-border-radius-top-right:0px;--awb-border-radius-bottom-right:0px;--awb-border-radius-bottom-left:0px;--awb-flex-wrap:wrap;\" ><div class=\"fusion-builder-row fusion-row fusion-flex-align-items-flex-start fusion-flex-content-wrap\" style=\"width:104% !important;max-width:104% !important;margin-left: calc(-4% \/ 2 );margin-right: calc(-4% \/ 2 );\"><div class=\"fusion-layout-column fusion_builder_column fusion-builder-column-0 fusion_builder_column_1_1 1_1 fusion-flex-column\" style=\"--awb-bg-size:cover;--awb-width-large:100%;--awb-margin-top-large:0px;--awb-spacing-right-large:1.92%;--awb-margin-bottom-large:8%;--awb-spacing-left-large:1.92%;--awb-width-medium:100%;--awb-order-medium:0;--awb-spacing-right-medium:1.92%;--awb-spacing-left-medium:1.92%;--awb-width-small:100%;--awb-order-small:0;--awb-spacing-right-small:1.92%;--awb-spacing-left-small:1.92%;\"><div class=\"fusion-column-wrapper fusion-column-has-shadow fusion-flex-justify-content-flex-start fusion-content-layout-column\"><div class=\"fusion-text fusion-text-1\" style=\"--awb-text-transform:none;\"><div class=\"woocommerce columns-3 \"><ul class=\"products clearfix products-3\">\n<li class=\"product type-product post-5917 status-publish first instock product_cat-charcuteria-y-quesos product_cat-curados has-post-thumbnail taxable shipping-taxable purchasable product-type-variable product-grid-view\">\n\t<div class=\"fusion-product-wrapper\">\n\n<div class=\"fusion-clean-product-image-wrapper \">\n\t<div  class=\"fusion-image-wrapper fusion-image-size-fixed\" aria-haspopup=\"true\">\n\t\t\t\t<img decoding=\"async\" width=\"500\" height=\"333\" src=\"https:\/\/labotigadecarnsbertran.cat\/wp-content\/uploads\/2025\/12\/MG_8629-500x333.jpg\" class=\"attachment-woocommerce_thumbnail size-woocommerce_thumbnail lazyload wp-post-image\" alt=\"\" srcset=\"data:image\/svg+xml,%3Csvg%20xmlns%3D%27http%3A%2F%2Fwww.w3.org%2F2000%2Fsvg%27%20width%3D%271200%27%20height%3D%27800%27%20viewBox%3D%270%200%201200%20800%27%3E%3Crect%20width%3D%271200%27%20height%3D%27800%27%20fill-opacity%3D%220%22%2F%3E%3C%2Fsvg%3E\" data-orig-src=\"https:\/\/labotigadecarnsbertran.cat\/wp-content\/uploads\/2025\/12\/MG_8629-500x333.jpg\" data-srcset=\"https:\/\/labotigadecarnsbertran.cat\/wp-content\/uploads\/2025\/12\/MG_8629-200x133.jpg 200w, https:\/\/labotigadecarnsbertran.cat\/wp-content\/uploads\/2025\/12\/MG_8629-300x200.jpg 300w, https:\/\/labotigadecarnsbertran.cat\/wp-content\/uploads\/2025\/12\/MG_8629-400x267.jpg 400w, https:\/\/labotigadecarnsbertran.cat\/wp-content\/uploads\/2025\/12\/MG_8629-500x333.jpg 500w, https:\/\/labotigadecarnsbertran.cat\/wp-content\/uploads\/2025\/12\/MG_8629-600x400.jpg 600w, https:\/\/labotigadecarnsbertran.cat\/wp-content\/uploads\/2025\/12\/MG_8629-700x467.jpg 700w, https:\/\/labotigadecarnsbertran.cat\/wp-content\/uploads\/2025\/12\/MG_8629-768x512.jpg 768w, https:\/\/labotigadecarnsbertran.cat\/wp-content\/uploads\/2025\/12\/MG_8629-800x533.jpg 800w, https:\/\/labotigadecarnsbertran.cat\/wp-content\/uploads\/2025\/12\/MG_8629-1024x683.jpg 1024w, https:\/\/labotigadecarnsbertran.cat\/wp-content\/uploads\/2025\/12\/MG_8629.jpg 1200w\" data-sizes=\"auto\" \/><div class=\"fusion-rollover\">\n\t<div class=\"fusion-rollover-content\">\n\n\t\t\t\t\n\t\t\n\t\t\t\t\t\t\t\t\n\t\t\t\t\t\t\t\t\n\t\t\n\t\t\t\t\t\t\t\t\t\t\t\t\t\t\t\n\t\t\t\t\t\t\n\t\t\t\t\t\t\t\t\t\t<div class=\"fusion-product-buttons\">\n\t\t\t\t\t<a href=\"https:\/\/labotigadecarnsbertran.cat\/es\/producto\/longaniza-curada-suprema\/\" aria-describedby=\"woocommerce_loop_add_to_cart_link_describedby_5917\" data-quantity=\"1\" class=\"button product_type_variable add_to_cart_button\" data-product_id=\"5917\" data-product_sku=\"31003\" aria-label=\"Elige las opciones para &ldquo;Longaniza curada suprema&rdquo;\" rel=\"nofollow\">Select options<\/a>\t<span id=\"woocommerce_loop_add_to_cart_link_describedby_5917\" class=\"screen-reader-text\">\n\t\tEste producto tiene m\u00faltiples variantes. Las opciones se pueden elegir en la p\u00e1gina de producto\t<\/span>\n<span class=\"fusion-rollover-linebreak\">\n\t\/<\/span>\n\n<a href=\"https:\/\/labotigadecarnsbertran.cat\/es\/producto\/longaniza-curada-suprema\/\" class=\"show_details_button\">\n\tDetails<\/a>\n\n\t\t\t\t<\/div>\n\t\t\t\t\t\t\t\t\t<a class=\"fusion-link-wrapper\" href=\"https:\/\/labotigadecarnsbertran.cat\/es\/producto\/longaniza-curada-suprema\/\" aria-label=\"Longaniza curada suprema\"><\/a>\n\t<\/div>\n<\/div>\n<\/div>\n<\/div>\n<div class=\"fusion-product-content\">\n\t<div class=\"product-details\">\n\t\t<div class=\"product-details-container\">\n<h3 class=\"product-title\">\n\t<a href=\"https:\/\/labotigadecarnsbertran.cat\/es\/producto\/longaniza-curada-suprema\/\">\n\t\tLonganiza curada suprema\t<\/a>\n<\/h3>\n<div class=\"fusion-price-rating\">\n\n\t<span class=\"price\"><span class=\"woocommerce-Price-amount amount\"><bdi>2,80&nbsp;<span class=\"woocommerce-Price-currencySymbol\">&euro;<\/span><\/bdi><\/span><\/span>\n\t\t<\/div>\n\t<\/div>\n<\/div>\n\n\t<\/div> \n\n\n<\/div>\n<\/li>\n<li class=\"product type-product post-5920 status-publish instock product_cat-charcuteria-y-quesos product_cat-curados has-post-thumbnail taxable shipping-taxable purchasable product-type-simple product-grid-view\">\n\t<div class=\"fusion-product-wrapper\">\n\n<div class=\"fusion-clean-product-image-wrapper \">\n\t<div  class=\"fusion-image-wrapper fusion-image-size-fixed\" aria-haspopup=\"true\">\n\t\t\t\t<img decoding=\"async\" width=\"500\" height=\"333\" src=\"https:\/\/labotigadecarnsbertran.cat\/wp-content\/uploads\/2025\/12\/MG_8607-500x333.jpg\" class=\"attachment-woocommerce_thumbnail size-woocommerce_thumbnail lazyload wp-post-image\" alt=\"\" srcset=\"data:image\/svg+xml,%3Csvg%20xmlns%3D%27http%3A%2F%2Fwww.w3.org%2F2000%2Fsvg%27%20width%3D%271200%27%20height%3D%27800%27%20viewBox%3D%270%200%201200%20800%27%3E%3Crect%20width%3D%271200%27%20height%3D%27800%27%20fill-opacity%3D%220%22%2F%3E%3C%2Fsvg%3E\" data-orig-src=\"https:\/\/labotigadecarnsbertran.cat\/wp-content\/uploads\/2025\/12\/MG_8607-500x333.jpg\" data-srcset=\"https:\/\/labotigadecarnsbertran.cat\/wp-content\/uploads\/2025\/12\/MG_8607-200x133.jpg 200w, https:\/\/labotigadecarnsbertran.cat\/wp-content\/uploads\/2025\/12\/MG_8607-300x200.jpg 300w, https:\/\/labotigadecarnsbertran.cat\/wp-content\/uploads\/2025\/12\/MG_8607-400x267.jpg 400w, https:\/\/labotigadecarnsbertran.cat\/wp-content\/uploads\/2025\/12\/MG_8607-500x333.jpg 500w, https:\/\/labotigadecarnsbertran.cat\/wp-content\/uploads\/2025\/12\/MG_8607-600x400.jpg 600w, https:\/\/labotigadecarnsbertran.cat\/wp-content\/uploads\/2025\/12\/MG_8607-700x467.jpg 700w, https:\/\/labotigadecarnsbertran.cat\/wp-content\/uploads\/2025\/12\/MG_8607-768x512.jpg 768w, https:\/\/labotigadecarnsbertran.cat\/wp-content\/uploads\/2025\/12\/MG_8607-800x533.jpg 800w, https:\/\/labotigadecarnsbertran.cat\/wp-content\/uploads\/2025\/12\/MG_8607-1024x683.jpg 1024w, https:\/\/labotigadecarnsbertran.cat\/wp-content\/uploads\/2025\/12\/MG_8607.jpg 1200w\" data-sizes=\"auto\" \/><div class=\"fusion-rollover\">\n\t<div class=\"fusion-rollover-content\">\n\n\t\t\t\t\n\t\t\n\t\t\t\t\t\t\t\t\n\t\t\t\t\t\t\t\t\n\t\t\n\t\t\t\t\t\t\t\t\t\t\t\t\t\t\t\n\t\t\t\t\t\t\n\t\t\t\t\t\t\t\t\t\t<div class=\"fusion-product-buttons\">\n\t\t\t\t\t<a href=\"https:\/\/labotigadecarnsbertran.cat\/es\/producto\/somalla-casera\/\" data-quantity=\"1\" class=\"button product_type_simple add_to_cart_button \" data-product_id=\"5920\" data-product_sku=\"31005\" aria-label=\"A\u00f1adir al carrito: &ldquo;Somalla casera&rdquo;\" rel=\"nofollow\">Select options<\/a>\t<span id=\"woocommerce_loop_add_to_cart_link_describedby_5920\" class=\"screen-reader-text\">\n\t\t\t<\/span>\n<span class=\"fusion-rollover-linebreak\">\n\t\/<\/span>\n\n<a href=\"https:\/\/labotigadecarnsbertran.cat\/es\/producto\/somalla-casera\/\" class=\"show_details_button\">\n\tDetails<\/a>\n\n\t\t\t\t<\/div>\n\t\t\t\t\t\t\t\t\t<a class=\"fusion-link-wrapper\" href=\"https:\/\/labotigadecarnsbertran.cat\/es\/producto\/somalla-casera\/\" aria-label=\"Somalla casera\"><\/a>\n\t<\/div>\n<\/div>\n<\/div>\n<\/div>\n<div class=\"fusion-product-content\">\n\t<div class=\"product-details\">\n\t\t<div class=\"product-details-container\">\n<h3 class=\"product-title\">\n\t<a href=\"https:\/\/labotigadecarnsbertran.cat\/es\/producto\/somalla-casera\/\">\n\t\tSomalla casera\t<\/a>\n<\/h3>\n<div class=\"fusion-price-rating\">\n\n\t<span class=\"price\"><span class=\"woocommerce-Price-amount amount\"><bdi>5,20&nbsp;<span class=\"woocommerce-Price-currencySymbol\">&euro;<\/span><\/bdi><\/span><\/span>\n\t\t<\/div>\n\t<\/div>\n<\/div>\n\n\t<\/div> \n\n\n<\/div>\n<\/li>\n<li class=\"product type-product post-5334 status-publish last instock product_cat-charcuteria-y-quesos product_cat-jamon has-post-thumbnail featured taxable shipping-taxable purchasable product-type-variable product-grid-view\">\n\t<div class=\"fusion-product-wrapper\">\n\n<div class=\"fusion-clean-product-image-wrapper \">\n\t<div  class=\"fusion-image-wrapper fusion-image-size-fixed\" aria-haspopup=\"true\">\n\t\t\t\t<img decoding=\"async\" width=\"500\" height=\"333\" src=\"https:\/\/labotigadecarnsbertran.cat\/wp-content\/uploads\/2025\/02\/MG_9230-500x333.jpg\" class=\"attachment-woocommerce_thumbnail size-woocommerce_thumbnail lazyload wp-post-image\" alt=\"Pernil 100% Ib\u00e8ric de gl\u00e0 al tall\" srcset=\"data:image\/svg+xml,%3Csvg%20xmlns%3D%27http%3A%2F%2Fwww.w3.org%2F2000%2Fsvg%27%20width%3D%271200%27%20height%3D%27800%27%20viewBox%3D%270%200%201200%20800%27%3E%3Crect%20width%3D%271200%27%20height%3D%27800%27%20fill-opacity%3D%220%22%2F%3E%3C%2Fsvg%3E\" data-orig-src=\"https:\/\/labotigadecarnsbertran.cat\/wp-content\/uploads\/2025\/02\/MG_9230-500x333.jpg\" data-srcset=\"https:\/\/labotigadecarnsbertran.cat\/wp-content\/uploads\/2025\/02\/MG_9230-200x133.jpg 200w, https:\/\/labotigadecarnsbertran.cat\/wp-content\/uploads\/2025\/02\/MG_9230-300x200.jpg 300w, https:\/\/labotigadecarnsbertran.cat\/wp-content\/uploads\/2025\/02\/MG_9230-400x267.jpg 400w, https:\/\/labotigadecarnsbertran.cat\/wp-content\/uploads\/2025\/02\/MG_9230-500x333.jpg 500w, https:\/\/labotigadecarnsbertran.cat\/wp-content\/uploads\/2025\/02\/MG_9230-600x400.jpg 600w, https:\/\/labotigadecarnsbertran.cat\/wp-content\/uploads\/2025\/02\/MG_9230-700x467.jpg 700w, https:\/\/labotigadecarnsbertran.cat\/wp-content\/uploads\/2025\/02\/MG_9230-768x512.jpg 768w, https:\/\/labotigadecarnsbertran.cat\/wp-content\/uploads\/2025\/02\/MG_9230-800x533.jpg 800w, https:\/\/labotigadecarnsbertran.cat\/wp-content\/uploads\/2025\/02\/MG_9230-1024x683.jpg 1024w, https:\/\/labotigadecarnsbertran.cat\/wp-content\/uploads\/2025\/02\/MG_9230.jpg 1200w\" data-sizes=\"auto\" \/><div class=\"fusion-rollover\">\n\t<div class=\"fusion-rollover-content\">\n\n\t\t\t\t\n\t\t\n\t\t\t\t\t\t\t\t\n\t\t\t\t\t\t\t\t\n\t\t\n\t\t\t\t\t\t\t\t\t\t\t\t\t\t\t\n\t\t\t\t\t\t\n\t\t\t\t\t\t\t\t\t\t<div class=\"fusion-product-buttons\">\n\t\t\t\t\t<a href=\"https:\/\/labotigadecarnsbertran.cat\/es\/producto\/sobre-de-pernil-curat-de-salamanca-al-buit-copia-copia-copia-copia-copia\/\" aria-describedby=\"woocommerce_loop_add_to_cart_link_describedby_5334\" data-quantity=\"1\" class=\"button product_type_variable add_to_cart_button\" data-product_id=\"5334\" data-product_sku=\"30208\" aria-label=\"Elige las opciones para &ldquo;Jam\u00f3n 100% Ib\u00e9rico de Bellota corte a mano&rdquo;\" rel=\"nofollow\">Select options<\/a>\t<span id=\"woocommerce_loop_add_to_cart_link_describedby_5334\" class=\"screen-reader-text\">\n\t\tEste producto tiene m\u00faltiples variantes. Las opciones se pueden elegir en la p\u00e1gina de producto\t<\/span>\n<span class=\"fusion-rollover-linebreak\">\n\t\/<\/span>\n\n<a href=\"https:\/\/labotigadecarnsbertran.cat\/es\/producto\/sobre-de-pernil-curat-de-salamanca-al-buit-copia-copia-copia-copia-copia\/\" class=\"show_details_button\">\n\tDetails<\/a>\n\n\t\t\t\t<\/div>\n\t\t\t\t\t\t\t\t\t<a class=\"fusion-link-wrapper\" href=\"https:\/\/labotigadecarnsbertran.cat\/es\/producto\/sobre-de-pernil-curat-de-salamanca-al-buit-copia-copia-copia-copia-copia\/\" aria-label=\"Jam\u00f3n 100% Ib\u00e9rico de Bellota corte a mano\"><\/a>\n\t<\/div>\n<\/div>\n<\/div>\n<\/div>\n<div class=\"fusion-product-content\">\n\t<div class=\"product-details\">\n\t\t<div class=\"product-details-container\">\n<h3 class=\"product-title\">\n\t<a href=\"https:\/\/labotigadecarnsbertran.cat\/es\/producto\/sobre-de-pernil-curat-de-salamanca-al-buit-copia-copia-copia-copia-copia\/\">\n\t\tJam\u00f3n 100% Ib\u00e9rico de Bellota corte a mano\t<\/a>\n<\/h3>\n<div class=\"fusion-price-rating\">\n\n\t<span class=\"price\"><span class=\"woocommerce-Price-amount amount\" aria-hidden=\"true\"><bdi>17,20&nbsp;<span class=\"woocommerce-Price-currencySymbol\">&euro;<\/span><\/bdi><\/span> <span aria-hidden=\"true\">-<\/span> <span class=\"woocommerce-Price-amount amount\" aria-hidden=\"true\"><bdi>34,30&nbsp;<span class=\"woocommerce-Price-currencySymbol\">&euro;<\/span><\/bdi><\/span><span class=\"screen-reader-text\">Rango de precios: desde 17,20&nbsp;&euro; hasta 34,30&nbsp;&euro;<\/span><\/span>\n\t\t<\/div>\n\t<\/div>\n<\/div>\n\n\t<\/div> \n\n\n<\/div>\n<\/li>\n<li class=\"product type-product post-5376 status-publish first instock product_cat-ternera-vaca-y-buey has-post-thumbnail taxable shipping-taxable purchasable product-type-simple product-grid-view\">\n\t<div class=\"fusion-product-wrapper\">\n\n<div class=\"fusion-clean-product-image-wrapper \">\n\t<div  class=\"fusion-image-wrapper fusion-image-size-fixed\" aria-haspopup=\"true\">\n\t\t\t\t<img decoding=\"async\" width=\"500\" height=\"333\" src=\"https:\/\/labotigadecarnsbertran.cat\/wp-content\/uploads\/2022\/01\/MG_8954-1-500x333.jpg\" class=\"attachment-woocommerce_thumbnail size-woocommerce_thumbnail lazyload wp-post-image\" alt=\"Llonzat de vedella\" srcset=\"data:image\/svg+xml,%3Csvg%20xmlns%3D%27http%3A%2F%2Fwww.w3.org%2F2000%2Fsvg%27%20width%3D%271200%27%20height%3D%27800%27%20viewBox%3D%270%200%201200%20800%27%3E%3Crect%20width%3D%271200%27%20height%3D%27800%27%20fill-opacity%3D%220%22%2F%3E%3C%2Fsvg%3E\" data-orig-src=\"https:\/\/labotigadecarnsbertran.cat\/wp-content\/uploads\/2022\/01\/MG_8954-1-500x333.jpg\" data-srcset=\"https:\/\/labotigadecarnsbertran.cat\/wp-content\/uploads\/2022\/01\/MG_8954-1-200x133.jpg 200w, https:\/\/labotigadecarnsbertran.cat\/wp-content\/uploads\/2022\/01\/MG_8954-1-300x200.jpg 300w, https:\/\/labotigadecarnsbertran.cat\/wp-content\/uploads\/2022\/01\/MG_8954-1-400x267.jpg 400w, https:\/\/labotigadecarnsbertran.cat\/wp-content\/uploads\/2022\/01\/MG_8954-1-500x333.jpg 500w, https:\/\/labotigadecarnsbertran.cat\/wp-content\/uploads\/2022\/01\/MG_8954-1-600x400.jpg 600w, https:\/\/labotigadecarnsbertran.cat\/wp-content\/uploads\/2022\/01\/MG_8954-1-700x467.jpg 700w, https:\/\/labotigadecarnsbertran.cat\/wp-content\/uploads\/2022\/01\/MG_8954-1-768x512.jpg 768w, https:\/\/labotigadecarnsbertran.cat\/wp-content\/uploads\/2022\/01\/MG_8954-1-800x533.jpg 800w, https:\/\/labotigadecarnsbertran.cat\/wp-content\/uploads\/2022\/01\/MG_8954-1-1024x683.jpg 1024w, https:\/\/labotigadecarnsbertran.cat\/wp-content\/uploads\/2022\/01\/MG_8954-1.jpg 1200w\" data-sizes=\"auto\" \/><div class=\"fusion-rollover\">\n\t<div class=\"fusion-rollover-content\">\n\n\t\t\t\t\n\t\t\n\t\t\t\t\t\t\t\t\n\t\t\t\t\t\t\t\t\n\t\t\n\t\t\t\t\t\t\t\t\t\t\t\t\t\t\t\n\t\t\t\t\t\t\n\t\t\t\t\t\t\t\t\t\t<div class=\"fusion-product-buttons\">\n\t\t\t\t\t<a href=\"https:\/\/labotigadecarnsbertran.cat\/es\/producto\/chuleton-de-vaca\/\" data-quantity=\"1\" class=\"button product_type_simple add_to_cart_button \" data-product_id=\"5376\" data-product_sku=\"11206\" aria-label=\"A\u00f1adir al carrito: &ldquo;Chuleton de vaca&rdquo;\" rel=\"nofollow\">Select options<\/a>\t<span id=\"woocommerce_loop_add_to_cart_link_describedby_5376\" class=\"screen-reader-text\">\n\t\t\t<\/span>\n<span class=\"fusion-rollover-linebreak\">\n\t\/<\/span>\n\n<a href=\"https:\/\/labotigadecarnsbertran.cat\/es\/producto\/chuleton-de-vaca\/\" class=\"show_details_button\">\n\tDetails<\/a>\n\n\t\t\t\t<\/div>\n\t\t\t\t\t\t\t\t\t<a class=\"fusion-link-wrapper\" href=\"https:\/\/labotigadecarnsbertran.cat\/es\/producto\/chuleton-de-vaca\/\" aria-label=\"Chuleton de vaca\"><\/a>\n\t<\/div>\n<\/div>\n<\/div>\n<\/div>\n<div class=\"fusion-product-content\">\n\t<div class=\"product-details\">\n\t\t<div class=\"product-details-container\">\n<h3 class=\"product-title\">\n\t<a href=\"https:\/\/labotigadecarnsbertran.cat\/es\/producto\/chuleton-de-vaca\/\">\n\t\tChuleton de vaca\t<\/a>\n<\/h3>\n<div class=\"fusion-price-rating\">\n\n\t<span class=\"price\"><span class=\"woocommerce-Price-amount amount\"><bdi>50,40&nbsp;<span class=\"woocommerce-Price-currencySymbol\">&euro;<\/span><\/bdi><\/span><\/span>\n\t\t<\/div>\n\t<\/div>\n<\/div>\n\n\t<\/div> \n\n\n<\/div>\n<\/li>\n<li class=\"product type-product post-5915 status-publish instock product_cat-charcuteria-y-quesos product_cat-curados has-post-thumbnail taxable shipping-taxable purchasable product-type-variable product-grid-view\">\n\t<div class=\"fusion-product-wrapper\">\n\n<div class=\"fusion-clean-product-image-wrapper \">\n\t<div  class=\"fusion-image-wrapper fusion-image-size-fixed\" aria-haspopup=\"true\">\n\t\t\t\t<img decoding=\"async\" width=\"500\" height=\"333\" src=\"https:\/\/labotigadecarnsbertran.cat\/wp-content\/uploads\/2025\/12\/MG_8613-500x333.jpg\" class=\"attachment-woocommerce_thumbnail size-woocommerce_thumbnail lazyload wp-post-image\" alt=\"\" srcset=\"data:image\/svg+xml,%3Csvg%20xmlns%3D%27http%3A%2F%2Fwww.w3.org%2F2000%2Fsvg%27%20width%3D%271200%27%20height%3D%27800%27%20viewBox%3D%270%200%201200%20800%27%3E%3Crect%20width%3D%271200%27%20height%3D%27800%27%20fill-opacity%3D%220%22%2F%3E%3C%2Fsvg%3E\" data-orig-src=\"https:\/\/labotigadecarnsbertran.cat\/wp-content\/uploads\/2025\/12\/MG_8613-500x333.jpg\" data-srcset=\"https:\/\/labotigadecarnsbertran.cat\/wp-content\/uploads\/2025\/12\/MG_8613-200x133.jpg 200w, https:\/\/labotigadecarnsbertran.cat\/wp-content\/uploads\/2025\/12\/MG_8613-300x200.jpg 300w, https:\/\/labotigadecarnsbertran.cat\/wp-content\/uploads\/2025\/12\/MG_8613-400x267.jpg 400w, https:\/\/labotigadecarnsbertran.cat\/wp-content\/uploads\/2025\/12\/MG_8613-500x333.jpg 500w, https:\/\/labotigadecarnsbertran.cat\/wp-content\/uploads\/2025\/12\/MG_8613-600x400.jpg 600w, https:\/\/labotigadecarnsbertran.cat\/wp-content\/uploads\/2025\/12\/MG_8613-700x467.jpg 700w, https:\/\/labotigadecarnsbertran.cat\/wp-content\/uploads\/2025\/12\/MG_8613-768x512.jpg 768w, https:\/\/labotigadecarnsbertran.cat\/wp-content\/uploads\/2025\/12\/MG_8613-800x533.jpg 800w, https:\/\/labotigadecarnsbertran.cat\/wp-content\/uploads\/2025\/12\/MG_8613-1024x683.jpg 1024w, https:\/\/labotigadecarnsbertran.cat\/wp-content\/uploads\/2025\/12\/MG_8613.jpg 1200w\" data-sizes=\"auto\" \/><div class=\"fusion-rollover\">\n\t<div class=\"fusion-rollover-content\">\n\n\t\t\t\t\n\t\t\n\t\t\t\t\t\t\t\t\n\t\t\t\t\t\t\t\t\n\t\t\n\t\t\t\t\t\t\t\t\t\t\t\t\t\t\t\n\t\t\t\t\t\t\n\t\t\t\t\t\t\t\t\t\t<div class=\"fusion-product-buttons\">\n\t\t\t\t\t<a href=\"https:\/\/labotigadecarnsbertran.cat\/es\/producto\/longaniza-curada-de-payes\/\" aria-describedby=\"woocommerce_loop_add_to_cart_link_describedby_5915\" data-quantity=\"1\" class=\"button product_type_variable add_to_cart_button\" data-product_id=\"5915\" data-product_sku=\"31002\" aria-label=\"Elige las opciones para &ldquo;Longaniza curada de pay\u00e9s&rdquo;\" rel=\"nofollow\">Select options<\/a>\t<span id=\"woocommerce_loop_add_to_cart_link_describedby_5915\" class=\"screen-reader-text\">\n\t\tEste producto tiene m\u00faltiples variantes. Las opciones se pueden elegir en la p\u00e1gina de producto\t<\/span>\n<span class=\"fusion-rollover-linebreak\">\n\t\/<\/span>\n\n<a href=\"https:\/\/labotigadecarnsbertran.cat\/es\/producto\/longaniza-curada-de-payes\/\" class=\"show_details_button\">\n\tDetails<\/a>\n\n\t\t\t\t<\/div>\n\t\t\t\t\t\t\t\t\t<a class=\"fusion-link-wrapper\" href=\"https:\/\/labotigadecarnsbertran.cat\/es\/producto\/longaniza-curada-de-payes\/\" aria-label=\"Longaniza curada de pay\u00e9s\"><\/a>\n\t<\/div>\n<\/div>\n<\/div>\n<\/div>\n<div class=\"fusion-product-content\">\n\t<div class=\"product-details\">\n\t\t<div class=\"product-details-container\">\n<h3 class=\"product-title\">\n\t<a href=\"https:\/\/labotigadecarnsbertran.cat\/es\/producto\/longaniza-curada-de-payes\/\">\n\t\tLonganiza curada de pay\u00e9s\t<\/a>\n<\/h3>\n<div class=\"fusion-price-rating\">\n\n\t<span class=\"price\"><span class=\"woocommerce-Price-amount amount\"><bdi>3,00&nbsp;<span class=\"woocommerce-Price-currencySymbol\">&euro;<\/span><\/bdi><\/span><\/span>\n\t\t<\/div>\n\t<\/div>\n<\/div>\n\n\t<\/div> \n\n\n<\/div>\n<\/li>\n<li class=\"product type-product post-5750 status-publish last instock product_cat-pollo-y-aves has-post-thumbnail taxable shipping-taxable purchasable product-type-simple product-grid-view\">\n\t<div class=\"fusion-product-wrapper\">\n\n<div class=\"fusion-clean-product-image-wrapper \">\n\t<div  class=\"fusion-image-wrapper fusion-image-size-fixed\" aria-haspopup=\"true\">\n\t\t\t\t<img decoding=\"async\" width=\"500\" height=\"333\" src=\"https:\/\/labotigadecarnsbertran.cat\/wp-content\/uploads\/2025\/12\/MG_9101-500x333.jpg\" class=\"attachment-woocommerce_thumbnail size-woocommerce_thumbnail lazyload wp-post-image\" alt=\"\" srcset=\"data:image\/svg+xml,%3Csvg%20xmlns%3D%27http%3A%2F%2Fwww.w3.org%2F2000%2Fsvg%27%20width%3D%27750%27%20height%3D%27500%27%20viewBox%3D%270%200%20750%20500%27%3E%3Crect%20width%3D%27750%27%20height%3D%27500%27%20fill-opacity%3D%220%22%2F%3E%3C%2Fsvg%3E\" data-orig-src=\"https:\/\/labotigadecarnsbertran.cat\/wp-content\/uploads\/2025\/12\/MG_9101-500x333.jpg\" data-srcset=\"https:\/\/labotigadecarnsbertran.cat\/wp-content\/uploads\/2025\/12\/MG_9101-200x133.jpg 200w, https:\/\/labotigadecarnsbertran.cat\/wp-content\/uploads\/2025\/12\/MG_9101-300x200.jpg 300w, https:\/\/labotigadecarnsbertran.cat\/wp-content\/uploads\/2025\/12\/MG_9101-400x267.jpg 400w, https:\/\/labotigadecarnsbertran.cat\/wp-content\/uploads\/2025\/12\/MG_9101-500x333.jpg 500w, https:\/\/labotigadecarnsbertran.cat\/wp-content\/uploads\/2025\/12\/MG_9101-600x400.jpg 600w, https:\/\/labotigadecarnsbertran.cat\/wp-content\/uploads\/2025\/12\/MG_9101-700x467.jpg 700w, https:\/\/labotigadecarnsbertran.cat\/wp-content\/uploads\/2025\/12\/MG_9101.jpg 750w\" data-sizes=\"auto\" \/><div class=\"fusion-rollover\">\n\t<div class=\"fusion-rollover-content\">\n\n\t\t\t\t\n\t\t\n\t\t\t\t\t\t\t\t\n\t\t\t\t\t\t\t\t\n\t\t\n\t\t\t\t\t\t\t\t\t\t\t\t\t\t\t\n\t\t\t\t\t\t\n\t\t\t\t\t\t\t\t\t\t<div class=\"fusion-product-buttons\">\n\t\t\t\t\t<a href=\"https:\/\/labotigadecarnsbertran.cat\/es\/producto\/paquete-al-vacio-jamon-75-iberico-de-bellota-guijuelo-copia-copia-copia-copia-copia-copia-copia\/\" data-quantity=\"1\" class=\"button product_type_simple add_to_cart_button \" data-product_id=\"5750\" data-product_sku=\"13020-1\" aria-label=\"A\u00f1adir al carrito: &ldquo;Fingers de pollo&rdquo;\" rel=\"nofollow\">Select options<\/a>\t<span id=\"woocommerce_loop_add_to_cart_link_describedby_5750\" class=\"screen-reader-text\">\n\t\t\t<\/span>\n<span class=\"fusion-rollover-linebreak\">\n\t\/<\/span>\n\n<a href=\"https:\/\/labotigadecarnsbertran.cat\/es\/producto\/paquete-al-vacio-jamon-75-iberico-de-bellota-guijuelo-copia-copia-copia-copia-copia-copia-copia\/\" class=\"show_details_button\">\n\tDetails<\/a>\n\n\t\t\t\t<\/div>\n\t\t\t\t\t\t\t\t\t<a class=\"fusion-link-wrapper\" href=\"https:\/\/labotigadecarnsbertran.cat\/es\/producto\/paquete-al-vacio-jamon-75-iberico-de-bellota-guijuelo-copia-copia-copia-copia-copia-copia-copia\/\" aria-label=\"Fingers de pollo\"><\/a>\n\t<\/div>\n<\/div>\n<\/div>\n<\/div>\n<div class=\"fusion-product-content\">\n\t<div class=\"product-details\">\n\t\t<div class=\"product-details-container\">\n<h3 class=\"product-title\">\n\t<a href=\"https:\/\/labotigadecarnsbertran.cat\/es\/producto\/paquete-al-vacio-jamon-75-iberico-de-bellota-guijuelo-copia-copia-copia-copia-copia-copia-copia\/\">\n\t\tFingers de pollo\t<\/a>\n<\/h3>\n<div class=\"fusion-price-rating\">\n\n\t<span class=\"price\"><span class=\"woocommerce-Price-amount amount\"><bdi>4,50&nbsp;<span class=\"woocommerce-Price-currencySymbol\">&euro;<\/span><\/bdi><\/span><\/span>\n\t\t<\/div>\n\t<\/div>\n<\/div>\n\n\t<\/div> \n\n\n<\/div>\n<\/li>\n<li class=\"product type-product post-6082 status-publish first instock product_cat-charcuteria-y-quesos product_cat-jamon has-post-thumbnail taxable shipping-taxable purchasable product-type-variable product-grid-view\">\n\t<div class=\"fusion-product-wrapper\">\n\n<div class=\"fusion-clean-product-image-wrapper \">\n\t<div  class=\"fusion-image-wrapper fusion-image-size-fixed\" aria-haspopup=\"true\">\n\t\t\t\t<img decoding=\"async\" width=\"500\" height=\"333\" src=\"https:\/\/labotigadecarnsbertran.cat\/wp-content\/uploads\/2026\/03\/MG_9255-500x333.jpg\" class=\"attachment-woocommerce_thumbnail size-woocommerce_thumbnail lazyload wp-post-image\" alt=\"\" srcset=\"data:image\/svg+xml,%3Csvg%20xmlns%3D%27http%3A%2F%2Fwww.w3.org%2F2000%2Fsvg%27%20width%3D%271200%27%20height%3D%27800%27%20viewBox%3D%270%200%201200%20800%27%3E%3Crect%20width%3D%271200%27%20height%3D%27800%27%20fill-opacity%3D%220%22%2F%3E%3C%2Fsvg%3E\" data-orig-src=\"https:\/\/labotigadecarnsbertran.cat\/wp-content\/uploads\/2026\/03\/MG_9255-500x333.jpg\" data-srcset=\"https:\/\/labotigadecarnsbertran.cat\/wp-content\/uploads\/2026\/03\/MG_9255-200x133.jpg 200w, https:\/\/labotigadecarnsbertran.cat\/wp-content\/uploads\/2026\/03\/MG_9255-300x200.jpg 300w, https:\/\/labotigadecarnsbertran.cat\/wp-content\/uploads\/2026\/03\/MG_9255-400x267.jpg 400w, https:\/\/labotigadecarnsbertran.cat\/wp-content\/uploads\/2026\/03\/MG_9255-500x333.jpg 500w, https:\/\/labotigadecarnsbertran.cat\/wp-content\/uploads\/2026\/03\/MG_9255-600x400.jpg 600w, https:\/\/labotigadecarnsbertran.cat\/wp-content\/uploads\/2026\/03\/MG_9255-700x467.jpg 700w, https:\/\/labotigadecarnsbertran.cat\/wp-content\/uploads\/2026\/03\/MG_9255-768x512.jpg 768w, https:\/\/labotigadecarnsbertran.cat\/wp-content\/uploads\/2026\/03\/MG_9255-800x533.jpg 800w, https:\/\/labotigadecarnsbertran.cat\/wp-content\/uploads\/2026\/03\/MG_9255-1024x683.jpg 1024w, https:\/\/labotigadecarnsbertran.cat\/wp-content\/uploads\/2026\/03\/MG_9255.jpg 1200w\" data-sizes=\"auto\" \/><div class=\"fusion-rollover\">\n\t<div class=\"fusion-rollover-content\">\n\n\t\t\t\t\n\t\t\n\t\t\t\t\t\t\t\t\n\t\t\t\t\t\t\t\t\n\t\t\n\t\t\t\t\t\t\t\t\t\t\t\t\t\t\t\n\t\t\t\t\t\t\n\t\t\t\t\t\t\t\t\t\t<div class=\"fusion-product-buttons\">\n\t\t\t\t\t<a href=\"https:\/\/labotigadecarnsbertran.cat\/es\/producto\/jamon-de-salamanca-cortado-a-maquina-batalle\/\" aria-describedby=\"woocommerce_loop_add_to_cart_link_describedby_6082\" data-quantity=\"1\" class=\"button product_type_variable add_to_cart_button\" data-product_id=\"6082\" data-product_sku=\"30305\" aria-label=\"Elige las opciones para &ldquo;Jam\u00f3n de Salamanca cortado a m\u00e1quina (Batall\u00e9)&rdquo;\" rel=\"nofollow\">Select options<\/a>\t<span id=\"woocommerce_loop_add_to_cart_link_describedby_6082\" class=\"screen-reader-text\">\n\t\tEste producto tiene m\u00faltiples variantes. Las opciones se pueden elegir en la p\u00e1gina de producto\t<\/span>\n<span class=\"fusion-rollover-linebreak\">\n\t\/<\/span>\n\n<a href=\"https:\/\/labotigadecarnsbertran.cat\/es\/producto\/jamon-de-salamanca-cortado-a-maquina-batalle\/\" class=\"show_details_button\">\n\tDetails<\/a>\n\n\t\t\t\t<\/div>\n\t\t\t\t\t\t\t\t\t<a class=\"fusion-link-wrapper\" href=\"https:\/\/labotigadecarnsbertran.cat\/es\/producto\/jamon-de-salamanca-cortado-a-maquina-batalle\/\" aria-label=\"Jam\u00f3n de Salamanca cortado a m\u00e1quina (Batall\u00e9)\"><\/a>\n\t<\/div>\n<\/div>\n<\/div>\n<\/div>\n<div class=\"fusion-product-content\">\n\t<div class=\"product-details\">\n\t\t<div class=\"product-details-container\">\n<h3 class=\"product-title\">\n\t<a href=\"https:\/\/labotigadecarnsbertran.cat\/es\/producto\/jamon-de-salamanca-cortado-a-maquina-batalle\/\">\n\t\tJam\u00f3n de Salamanca cortado a m\u00e1quina (Batall\u00e9)\t<\/a>\n<\/h3>\n<div class=\"fusion-price-rating\">\n\n\t<span class=\"price\"><span class=\"woocommerce-Price-amount amount\" aria-hidden=\"true\"><bdi>4,80&nbsp;<span class=\"woocommerce-Price-currencySymbol\">&euro;<\/span><\/bdi><\/span> <span aria-hidden=\"true\">-<\/span> <span class=\"woocommerce-Price-amount amount\" aria-hidden=\"true\"><bdi>9,50&nbsp;<span class=\"woocommerce-Price-currencySymbol\">&euro;<\/span><\/bdi><\/span><span class=\"screen-reader-text\">Rango de precios: desde 4,80&nbsp;&euro; hasta 9,50&nbsp;&euro;<\/span><\/span>\n\t\t<\/div>\n\t<\/div>\n<\/div>\n\n\t<\/div> \n\n\n<\/div>\n<\/li>\n<li class=\"product type-product post-5796 status-publish instock product_cat-pollo-y-aves has-post-thumbnail taxable shipping-taxable purchasable product-type-simple product-grid-view\">\n\t<div class=\"fusion-product-wrapper\">\n\n<div class=\"fusion-clean-product-image-wrapper \">\n\t<div  class=\"fusion-image-wrapper fusion-image-size-fixed\" aria-haspopup=\"true\">\n\t\t\t\t<img decoding=\"async\" width=\"500\" height=\"333\" src=\"https:\/\/labotigadecarnsbertran.cat\/wp-content\/uploads\/2025\/12\/MG_9154-500x333.jpg\" class=\"attachment-woocommerce_thumbnail size-woocommerce_thumbnail lazyload wp-post-image\" alt=\"\" srcset=\"data:image\/svg+xml,%3Csvg%20xmlns%3D%27http%3A%2F%2Fwww.w3.org%2F2000%2Fsvg%27%20width%3D%27750%27%20height%3D%27500%27%20viewBox%3D%270%200%20750%20500%27%3E%3Crect%20width%3D%27750%27%20height%3D%27500%27%20fill-opacity%3D%220%22%2F%3E%3C%2Fsvg%3E\" data-orig-src=\"https:\/\/labotigadecarnsbertran.cat\/wp-content\/uploads\/2025\/12\/MG_9154-500x333.jpg\" data-srcset=\"https:\/\/labotigadecarnsbertran.cat\/wp-content\/uploads\/2025\/12\/MG_9154-200x133.jpg 200w, https:\/\/labotigadecarnsbertran.cat\/wp-content\/uploads\/2025\/12\/MG_9154-300x200.jpg 300w, https:\/\/labotigadecarnsbertran.cat\/wp-content\/uploads\/2025\/12\/MG_9154-400x267.jpg 400w, https:\/\/labotigadecarnsbertran.cat\/wp-content\/uploads\/2025\/12\/MG_9154-500x333.jpg 500w, https:\/\/labotigadecarnsbertran.cat\/wp-content\/uploads\/2025\/12\/MG_9154-600x400.jpg 600w, https:\/\/labotigadecarnsbertran.cat\/wp-content\/uploads\/2025\/12\/MG_9154-700x467.jpg 700w, https:\/\/labotigadecarnsbertran.cat\/wp-content\/uploads\/2025\/12\/MG_9154.jpg 750w\" data-sizes=\"auto\" \/><div class=\"fusion-rollover\">\n\t<div class=\"fusion-rollover-content\">\n\n\t\t\t\t\n\t\t\n\t\t\t\t\t\t\t\t\n\t\t\t\t\t\t\t\t\n\t\t\n\t\t\t\t\t\t\t\t\t\t\t\t\t\t\t\n\t\t\t\t\t\t\n\t\t\t\t\t\t\t\t\t\t<div class=\"fusion-product-buttons\">\n\t\t\t\t\t<a href=\"https:\/\/labotigadecarnsbertran.cat\/es\/producto\/paquete-al-vacio-jamon-75-iberico-de-bellota-guijuelo-copia-copia-copia-copia-copia-copia-copia-copia\/\" data-quantity=\"1\" class=\"button product_type_simple add_to_cart_button \" data-product_id=\"5796\" data-product_sku=\"50008\" aria-label=\"A\u00f1adir al carrito: &ldquo;Nuggets de pollo&rdquo;\" rel=\"nofollow\">Select options<\/a>\t<span id=\"woocommerce_loop_add_to_cart_link_describedby_5796\" class=\"screen-reader-text\">\n\t\t\t<\/span>\n<span class=\"fusion-rollover-linebreak\">\n\t\/<\/span>\n\n<a href=\"https:\/\/labotigadecarnsbertran.cat\/es\/producto\/paquete-al-vacio-jamon-75-iberico-de-bellota-guijuelo-copia-copia-copia-copia-copia-copia-copia-copia\/\" class=\"show_details_button\">\n\tDetails<\/a>\n\n\t\t\t\t<\/div>\n\t\t\t\t\t\t\t\t\t<a class=\"fusion-link-wrapper\" href=\"https:\/\/labotigadecarnsbertran.cat\/es\/producto\/paquete-al-vacio-jamon-75-iberico-de-bellota-guijuelo-copia-copia-copia-copia-copia-copia-copia-copia\/\" aria-label=\"Nuggets de pollo\"><\/a>\n\t<\/div>\n<\/div>\n<\/div>\n<\/div>\n<div class=\"fusion-product-content\">\n\t<div class=\"product-details\">\n\t\t<div class=\"product-details-container\">\n<h3 class=\"product-title\">\n\t<a href=\"https:\/\/labotigadecarnsbertran.cat\/es\/producto\/paquete-al-vacio-jamon-75-iberico-de-bellota-guijuelo-copia-copia-copia-copia-copia-copia-copia-copia\/\">\n\t\tNuggets de pollo\t<\/a>\n<\/h3>\n<div class=\"fusion-price-rating\">\n\n\t<span class=\"price\"><span class=\"woocommerce-Price-amount amount\"><bdi>3,50&nbsp;<span class=\"woocommerce-Price-currencySymbol\">&euro;<\/span><\/bdi><\/span><\/span>\n\t\t<\/div>\n\t<\/div>\n<\/div>\n\n\t<\/div> \n\n\n<\/div>\n<\/li>\n<li class=\"product type-product post-5366 status-publish last instock product_cat-cerdo has-post-thumbnail taxable shipping-taxable purchasable product-type-variable product-grid-view\">\n\t<div class=\"fusion-product-wrapper\">\n\n<div class=\"fusion-clean-product-image-wrapper \">\n\t<div  class=\"fusion-image-wrapper fusion-image-size-fixed\" aria-haspopup=\"true\">\n\t\t\t\t<img decoding=\"async\" width=\"500\" height=\"333\" src=\"https:\/\/labotigadecarnsbertran.cat\/wp-content\/uploads\/2022\/03\/MG_8166-500x333.jpg\" class=\"attachment-woocommerce_thumbnail size-woocommerce_thumbnail lazyload wp-post-image\" alt=\"Cap de llom de pag\u00e8s\" srcset=\"data:image\/svg+xml,%3Csvg%20xmlns%3D%27http%3A%2F%2Fwww.w3.org%2F2000%2Fsvg%27%20width%3D%271200%27%20height%3D%27800%27%20viewBox%3D%270%200%201200%20800%27%3E%3Crect%20width%3D%271200%27%20height%3D%27800%27%20fill-opacity%3D%220%22%2F%3E%3C%2Fsvg%3E\" data-orig-src=\"https:\/\/labotigadecarnsbertran.cat\/wp-content\/uploads\/2022\/03\/MG_8166-500x333.jpg\" data-srcset=\"https:\/\/labotigadecarnsbertran.cat\/wp-content\/uploads\/2022\/03\/MG_8166-200x133.jpg 200w, https:\/\/labotigadecarnsbertran.cat\/wp-content\/uploads\/2022\/03\/MG_8166-300x200.jpg 300w, https:\/\/labotigadecarnsbertran.cat\/wp-content\/uploads\/2022\/03\/MG_8166-400x267.jpg 400w, https:\/\/labotigadecarnsbertran.cat\/wp-content\/uploads\/2022\/03\/MG_8166-500x333.jpg 500w, https:\/\/labotigadecarnsbertran.cat\/wp-content\/uploads\/2022\/03\/MG_8166-600x400.jpg 600w, https:\/\/labotigadecarnsbertran.cat\/wp-content\/uploads\/2022\/03\/MG_8166-700x467.jpg 700w, https:\/\/labotigadecarnsbertran.cat\/wp-content\/uploads\/2022\/03\/MG_8166-768x512.jpg 768w, https:\/\/labotigadecarnsbertran.cat\/wp-content\/uploads\/2022\/03\/MG_8166-800x533.jpg 800w, https:\/\/labotigadecarnsbertran.cat\/wp-content\/uploads\/2022\/03\/MG_8166-1024x683.jpg 1024w, https:\/\/labotigadecarnsbertran.cat\/wp-content\/uploads\/2022\/03\/MG_8166.jpg 1200w\" data-sizes=\"auto\" \/><div class=\"fusion-rollover\">\n\t<div class=\"fusion-rollover-content\">\n\n\t\t\t\t\n\t\t\n\t\t\t\t\t\t\t\t\n\t\t\t\t\t\t\t\t\n\t\t\n\t\t\t\t\t\t\t\t\t\t\t\t\t\t\t\n\t\t\t\t\t\t\n\t\t\t\t\t\t\t\t\t\t<div class=\"fusion-product-buttons\">\n\t\t\t\t\t<a href=\"https:\/\/labotigadecarnsbertran.cat\/es\/producto\/cabeza-de-lomo-de-payes\/\" aria-describedby=\"woocommerce_loop_add_to_cart_link_describedby_5366\" data-quantity=\"1\" class=\"button product_type_variable add_to_cart_button\" data-product_id=\"5366\" data-product_sku=\"10408\" aria-label=\"Elige las opciones para &ldquo;Cabeza de lomo de pay\u00e9s&rdquo;\" rel=\"nofollow\">Select options<\/a>\t<span id=\"woocommerce_loop_add_to_cart_link_describedby_5366\" class=\"screen-reader-text\">\n\t\tEste producto tiene m\u00faltiples variantes. Las opciones se pueden elegir en la p\u00e1gina de producto\t<\/span>\n<span class=\"fusion-rollover-linebreak\">\n\t\/<\/span>\n\n<a href=\"https:\/\/labotigadecarnsbertran.cat\/es\/producto\/cabeza-de-lomo-de-payes\/\" class=\"show_details_button\">\n\tDetails<\/a>\n\n\t\t\t\t<\/div>\n\t\t\t\t\t\t\t\t\t<a class=\"fusion-link-wrapper\" href=\"https:\/\/labotigadecarnsbertran.cat\/es\/producto\/cabeza-de-lomo-de-payes\/\" aria-label=\"Cabeza de lomo de pay\u00e9s\"><\/a>\n\t<\/div>\n<\/div>\n<\/div>\n<\/div>\n<div class=\"fusion-product-content\">\n\t<div class=\"product-details\">\n\t\t<div class=\"product-details-container\">\n<h3 class=\"product-title\">\n\t<a href=\"https:\/\/labotigadecarnsbertran.cat\/es\/producto\/cabeza-de-lomo-de-payes\/\">\n\t\tCabeza de lomo de pay\u00e9s\t<\/a>\n<\/h3>\n<div class=\"fusion-price-rating\">\n\n\t<span class=\"price\"><span class=\"woocommerce-Price-amount amount\" aria-hidden=\"true\"><bdi>3,50&nbsp;<span class=\"woocommerce-Price-currencySymbol\">&euro;<\/span><\/bdi><\/span> <span aria-hidden=\"true\">-<\/span> <span class=\"woocommerce-Price-amount amount\" aria-hidden=\"true\"><bdi>7,00&nbsp;<span class=\"woocommerce-Price-currencySymbol\">&euro;<\/span><\/bdi><\/span><span class=\"screen-reader-text\">Rango de precios: desde 3,50&nbsp;&euro; hasta 7,00&nbsp;&euro;<\/span><\/span>\n\t\t<\/div>\n\t<\/div>\n<\/div>\n\n\t<\/div> \n\n\n<\/div>\n<\/li>\n<li class=\"product type-product post-5923 status-publish first instock product_cat-charcuteria-y-quesos product_cat-curados has-post-thumbnail taxable shipping-taxable purchasable product-type-variable product-grid-view\">\n\t<div class=\"fusion-product-wrapper\">\n\n<div class=\"fusion-clean-product-image-wrapper \">\n\t<div  class=\"fusion-image-wrapper fusion-image-size-fixed\" aria-haspopup=\"true\">\n\t\t\t\t<img decoding=\"async\" width=\"500\" height=\"333\" src=\"https:\/\/labotigadecarnsbertran.cat\/wp-content\/uploads\/2025\/12\/MG_8758-500x333.jpg\" class=\"attachment-woocommerce_thumbnail size-woocommerce_thumbnail lazyload wp-post-image\" alt=\"\" srcset=\"data:image\/svg+xml,%3Csvg%20xmlns%3D%27http%3A%2F%2Fwww.w3.org%2F2000%2Fsvg%27%20width%3D%271200%27%20height%3D%27800%27%20viewBox%3D%270%200%201200%20800%27%3E%3Crect%20width%3D%271200%27%20height%3D%27800%27%20fill-opacity%3D%220%22%2F%3E%3C%2Fsvg%3E\" data-orig-src=\"https:\/\/labotigadecarnsbertran.cat\/wp-content\/uploads\/2025\/12\/MG_8758-500x333.jpg\" data-srcset=\"https:\/\/labotigadecarnsbertran.cat\/wp-content\/uploads\/2025\/12\/MG_8758-200x133.jpg 200w, https:\/\/labotigadecarnsbertran.cat\/wp-content\/uploads\/2025\/12\/MG_8758-300x200.jpg 300w, https:\/\/labotigadecarnsbertran.cat\/wp-content\/uploads\/2025\/12\/MG_8758-400x267.jpg 400w, https:\/\/labotigadecarnsbertran.cat\/wp-content\/uploads\/2025\/12\/MG_8758-500x333.jpg 500w, https:\/\/labotigadecarnsbertran.cat\/wp-content\/uploads\/2025\/12\/MG_8758-600x400.jpg 600w, https:\/\/labotigadecarnsbertran.cat\/wp-content\/uploads\/2025\/12\/MG_8758-700x467.jpg 700w, https:\/\/labotigadecarnsbertran.cat\/wp-content\/uploads\/2025\/12\/MG_8758-768x512.jpg 768w, https:\/\/labotigadecarnsbertran.cat\/wp-content\/uploads\/2025\/12\/MG_8758-800x533.jpg 800w, https:\/\/labotigadecarnsbertran.cat\/wp-content\/uploads\/2025\/12\/MG_8758-1024x683.jpg 1024w, https:\/\/labotigadecarnsbertran.cat\/wp-content\/uploads\/2025\/12\/MG_8758.jpg 1200w\" data-sizes=\"auto\" \/><div class=\"fusion-rollover\">\n\t<div class=\"fusion-rollover-content\">\n\n\t\t\t\t\n\t\t\n\t\t\t\t\t\t\t\t\n\t\t\t\t\t\t\t\t\n\t\t\n\t\t\t\t\t\t\t\t\t\t\t\t\t\t\t\n\t\t\t\t\t\t\n\t\t\t\t\t\t\t\t\t\t<div class=\"fusion-product-buttons\">\n\t\t\t\t\t<a href=\"https:\/\/labotigadecarnsbertran.cat\/es\/producto\/longaniza-iberica-de-bellota\/\" aria-describedby=\"woocommerce_loop_add_to_cart_link_describedby_5923\" data-quantity=\"1\" class=\"button product_type_variable add_to_cart_button\" data-product_id=\"5923\" data-product_sku=\"31006\" aria-label=\"Elige las opciones para &ldquo;Longaniza ib\u00e9rica de bellota&rdquo;\" rel=\"nofollow\">Select options<\/a>\t<span id=\"woocommerce_loop_add_to_cart_link_describedby_5923\" class=\"screen-reader-text\">\n\t\tEste producto tiene m\u00faltiples variantes. Las opciones se pueden elegir en la p\u00e1gina de producto\t<\/span>\n<span class=\"fusion-rollover-linebreak\">\n\t\/<\/span>\n\n<a href=\"https:\/\/labotigadecarnsbertran.cat\/es\/producto\/longaniza-iberica-de-bellota\/\" class=\"show_details_button\">\n\tDetails<\/a>\n\n\t\t\t\t<\/div>\n\t\t\t\t\t\t\t\t\t<a class=\"fusion-link-wrapper\" href=\"https:\/\/labotigadecarnsbertran.cat\/es\/producto\/longaniza-iberica-de-bellota\/\" aria-label=\"Longaniza ib\u00e9rica de bellota\"><\/a>\n\t<\/div>\n<\/div>\n<\/div>\n<\/div>\n<div class=\"fusion-product-content\">\n\t<div class=\"product-details\">\n\t\t<div class=\"product-details-container\">\n<h3 class=\"product-title\">\n\t<a href=\"https:\/\/labotigadecarnsbertran.cat\/es\/producto\/longaniza-iberica-de-bellota\/\">\n\t\tLonganiza ib\u00e9rica de bellota\t<\/a>\n<\/h3>\n<div class=\"fusion-price-rating\">\n\n\t<span class=\"price\"><span class=\"woocommerce-Price-amount amount\"><bdi>4,90&nbsp;<span class=\"woocommerce-Price-currencySymbol\">&euro;<\/span><\/bdi><\/span><\/span>\n\t\t<\/div>\n\t<\/div>\n<\/div>\n\n\t<\/div> \n\n\n<\/div>\n<\/li>\n<li class=\"product type-product post-5742 status-publish instock product_cat-pollo-y-aves has-post-thumbnail taxable shipping-taxable purchasable product-type-simple product-grid-view\">\n\t<div class=\"fusion-product-wrapper\">\n\n<div class=\"fusion-clean-product-image-wrapper \">\n\t<div  class=\"fusion-image-wrapper fusion-image-size-fixed\" aria-haspopup=\"true\">\n\t\t\t\t<img decoding=\"async\" width=\"500\" height=\"333\" src=\"https:\/\/labotigadecarnsbertran.cat\/wp-content\/uploads\/2025\/12\/MG_9076-500x333.jpg\" class=\"attachment-woocommerce_thumbnail size-woocommerce_thumbnail lazyload wp-post-image\" alt=\"\" srcset=\"data:image\/svg+xml,%3Csvg%20xmlns%3D%27http%3A%2F%2Fwww.w3.org%2F2000%2Fsvg%27%20width%3D%27750%27%20height%3D%27500%27%20viewBox%3D%270%200%20750%20500%27%3E%3Crect%20width%3D%27750%27%20height%3D%27500%27%20fill-opacity%3D%220%22%2F%3E%3C%2Fsvg%3E\" data-orig-src=\"https:\/\/labotigadecarnsbertran.cat\/wp-content\/uploads\/2025\/12\/MG_9076-500x333.jpg\" data-srcset=\"https:\/\/labotigadecarnsbertran.cat\/wp-content\/uploads\/2025\/12\/MG_9076-200x133.jpg 200w, https:\/\/labotigadecarnsbertran.cat\/wp-content\/uploads\/2025\/12\/MG_9076-300x200.jpg 300w, https:\/\/labotigadecarnsbertran.cat\/wp-content\/uploads\/2025\/12\/MG_9076-400x267.jpg 400w, https:\/\/labotigadecarnsbertran.cat\/wp-content\/uploads\/2025\/12\/MG_9076-500x333.jpg 500w, https:\/\/labotigadecarnsbertran.cat\/wp-content\/uploads\/2025\/12\/MG_9076-600x400.jpg 600w, https:\/\/labotigadecarnsbertran.cat\/wp-content\/uploads\/2025\/12\/MG_9076-700x467.jpg 700w, https:\/\/labotigadecarnsbertran.cat\/wp-content\/uploads\/2025\/12\/MG_9076.jpg 750w\" data-sizes=\"auto\" \/><div class=\"fusion-rollover\">\n\t<div class=\"fusion-rollover-content\">\n\n\t\t\t\t\n\t\t\n\t\t\t\t\t\t\t\t\n\t\t\t\t\t\t\t\t\n\t\t\n\t\t\t\t\t\t\t\t\t\t\t\t\t\t\t\n\t\t\t\t\t\t\n\t\t\t\t\t\t\t\t\t\t<div class=\"fusion-product-buttons\">\n\t\t\t\t\t<a href=\"https:\/\/labotigadecarnsbertran.cat\/es\/producto\/paquete-al-vacio-jamon-75-iberico-de-bellota-guijuelo-copia-copia-copia-copia-copia-2\/\" data-quantity=\"1\" class=\"button product_type_simple add_to_cart_button \" data-product_id=\"5742\" data-product_sku=\"13017\" aria-label=\"A\u00f1adir al carrito: &ldquo;Alas de pollo adobadas&rdquo;\" rel=\"nofollow\">Select options<\/a>\t<span id=\"woocommerce_loop_add_to_cart_link_describedby_5742\" class=\"screen-reader-text\">\n\t\t\t<\/span>\n<span class=\"fusion-rollover-linebreak\">\n\t\/<\/span>\n\n<a href=\"https:\/\/labotigadecarnsbertran.cat\/es\/producto\/paquete-al-vacio-jamon-75-iberico-de-bellota-guijuelo-copia-copia-copia-copia-copia-2\/\" class=\"show_details_button\">\n\tDetails<\/a>\n\n\t\t\t\t<\/div>\n\t\t\t\t\t\t\t\t\t<a class=\"fusion-link-wrapper\" href=\"https:\/\/labotigadecarnsbertran.cat\/es\/producto\/paquete-al-vacio-jamon-75-iberico-de-bellota-guijuelo-copia-copia-copia-copia-copia-2\/\" aria-label=\"Alas de pollo adobadas\"><\/a>\n\t<\/div>\n<\/div>\n<\/div>\n<\/div>\n<div class=\"fusion-product-content\">\n\t<div class=\"product-details\">\n\t\t<div class=\"product-details-container\">\n<h3 class=\"product-title\">\n\t<a href=\"https:\/\/labotigadecarnsbertran.cat\/es\/producto\/paquete-al-vacio-jamon-75-iberico-de-bellota-guijuelo-copia-copia-copia-copia-copia-2\/\">\n\t\tAlas de pollo adobadas\t<\/a>\n<\/h3>\n<div class=\"fusion-price-rating\">\n\n\t<span class=\"price\"><span class=\"woocommerce-Price-amount amount\"><bdi>5,00&nbsp;<span class=\"woocommerce-Price-currencySymbol\">&euro;<\/span><\/bdi><\/span><\/span>\n\t\t<\/div>\n\t<\/div>\n<\/div>\n\n\t<\/div> \n\n\n<\/div>\n<\/li>\n<li class=\"product type-product post-5385 status-publish last instock product_cat-ternera-vaca-y-buey has-post-thumbnail featured taxable shipping-taxable purchasable product-type-simple product-grid-view\">\n\t<div class=\"fusion-product-wrapper\">\n\n<div class=\"fusion-clean-product-image-wrapper \">\n\t<div  class=\"fusion-image-wrapper fusion-image-size-fixed\" aria-haspopup=\"true\">\n\t\t\t\t<img decoding=\"async\" width=\"500\" height=\"333\" src=\"https:\/\/labotigadecarnsbertran.cat\/wp-content\/uploads\/2022\/01\/MG_8835-500x333.jpg\" class=\"attachment-woocommerce_thumbnail size-woocommerce_thumbnail lazyload wp-post-image\" alt=\"Xurrasco vedella\" srcset=\"data:image\/svg+xml,%3Csvg%20xmlns%3D%27http%3A%2F%2Fwww.w3.org%2F2000%2Fsvg%27%20width%3D%271200%27%20height%3D%27800%27%20viewBox%3D%270%200%201200%20800%27%3E%3Crect%20width%3D%271200%27%20height%3D%27800%27%20fill-opacity%3D%220%22%2F%3E%3C%2Fsvg%3E\" data-orig-src=\"https:\/\/labotigadecarnsbertran.cat\/wp-content\/uploads\/2022\/01\/MG_8835-500x333.jpg\" data-srcset=\"https:\/\/labotigadecarnsbertran.cat\/wp-content\/uploads\/2022\/01\/MG_8835-200x133.jpg 200w, https:\/\/labotigadecarnsbertran.cat\/wp-content\/uploads\/2022\/01\/MG_8835-300x200.jpg 300w, https:\/\/labotigadecarnsbertran.cat\/wp-content\/uploads\/2022\/01\/MG_8835-400x267.jpg 400w, https:\/\/labotigadecarnsbertran.cat\/wp-content\/uploads\/2022\/01\/MG_8835-500x333.jpg 500w, https:\/\/labotigadecarnsbertran.cat\/wp-content\/uploads\/2022\/01\/MG_8835-600x400.jpg 600w, https:\/\/labotigadecarnsbertran.cat\/wp-content\/uploads\/2022\/01\/MG_8835-700x467.jpg 700w, https:\/\/labotigadecarnsbertran.cat\/wp-content\/uploads\/2022\/01\/MG_8835-768x512.jpg 768w, https:\/\/labotigadecarnsbertran.cat\/wp-content\/uploads\/2022\/01\/MG_8835-800x533.jpg 800w, https:\/\/labotigadecarnsbertran.cat\/wp-content\/uploads\/2022\/01\/MG_8835-1024x683.jpg 1024w, https:\/\/labotigadecarnsbertran.cat\/wp-content\/uploads\/2022\/01\/MG_8835.jpg 1200w\" data-sizes=\"auto\" \/><div class=\"fusion-rollover\">\n\t<div class=\"fusion-rollover-content\">\n\n\t\t\t\t\n\t\t\n\t\t\t\t\t\t\t\t\n\t\t\t\t\t\t\t\t\n\t\t\n\t\t\t\t\t\t\t\t\t\t\t\t\t\t\t\n\t\t\t\t\t\t\n\t\t\t\t\t\t\t\t\t\t<div class=\"fusion-product-buttons\">\n\t\t\t\t\t<a href=\"https:\/\/labotigadecarnsbertran.cat\/es\/producto\/churrasco\/\" data-quantity=\"1\" class=\"button product_type_simple add_to_cart_button \" data-product_id=\"5385\" data-product_sku=\"11008\" aria-label=\"A\u00f1adir al carrito: &ldquo;Churrasco&rdquo;\" rel=\"nofollow\">Select options<\/a>\t<span id=\"woocommerce_loop_add_to_cart_link_describedby_5385\" class=\"screen-reader-text\">\n\t\t\t<\/span>\n<span class=\"fusion-rollover-linebreak\">\n\t\/<\/span>\n\n<a href=\"https:\/\/labotigadecarnsbertran.cat\/es\/producto\/churrasco\/\" class=\"show_details_button\">\n\tDetails<\/a>\n\n\t\t\t\t<\/div>\n\t\t\t\t\t\t\t\t\t<a class=\"fusion-link-wrapper\" href=\"https:\/\/labotigadecarnsbertran.cat\/es\/producto\/churrasco\/\" aria-label=\"Churrasco\"><\/a>\n\t<\/div>\n<\/div>\n<\/div>\n<\/div>\n<div class=\"fusion-product-content\">\n\t<div class=\"product-details\">\n\t\t<div class=\"product-details-container\">\n<h3 class=\"product-title\">\n\t<a href=\"https:\/\/labotigadecarnsbertran.cat\/es\/producto\/churrasco\/\">\n\t\tChurrasco\t<\/a>\n<\/h3>\n<div class=\"fusion-price-rating\">\n\n\t<span class=\"price\"><span class=\"woocommerce-Price-amount amount\"><bdi>20,20&nbsp;<span class=\"woocommerce-Price-currencySymbol\">&euro;<\/span><\/bdi><\/span><\/span>\n\t\t<\/div>\n\t<\/div>\n<\/div>\n\n\t<\/div> \n\n\n<\/div>\n<\/li>\n<li class=\"product type-product post-5785 status-publish first instock product_cat-pollo-y-aves has-post-thumbnail taxable shipping-taxable purchasable product-type-variable product-grid-view\">\n\t<div class=\"fusion-product-wrapper\">\n\n<div class=\"fusion-clean-product-image-wrapper \">\n\t<div  class=\"fusion-image-wrapper fusion-image-size-fixed\" aria-haspopup=\"true\">\n\t\t\t\t<img decoding=\"async\" width=\"500\" height=\"333\" src=\"https:\/\/labotigadecarnsbertran.cat\/wp-content\/uploads\/2025\/12\/MG_9541-500x333.jpg\" class=\"attachment-woocommerce_thumbnail size-woocommerce_thumbnail lazyload wp-post-image\" alt=\"\" srcset=\"data:image\/svg+xml,%3Csvg%20xmlns%3D%27http%3A%2F%2Fwww.w3.org%2F2000%2Fsvg%27%20width%3D%27750%27%20height%3D%27500%27%20viewBox%3D%270%200%20750%20500%27%3E%3Crect%20width%3D%27750%27%20height%3D%27500%27%20fill-opacity%3D%220%22%2F%3E%3C%2Fsvg%3E\" data-orig-src=\"https:\/\/labotigadecarnsbertran.cat\/wp-content\/uploads\/2025\/12\/MG_9541-500x333.jpg\" data-srcset=\"https:\/\/labotigadecarnsbertran.cat\/wp-content\/uploads\/2025\/12\/MG_9541-200x133.jpg 200w, https:\/\/labotigadecarnsbertran.cat\/wp-content\/uploads\/2025\/12\/MG_9541-300x200.jpg 300w, https:\/\/labotigadecarnsbertran.cat\/wp-content\/uploads\/2025\/12\/MG_9541-400x267.jpg 400w, https:\/\/labotigadecarnsbertran.cat\/wp-content\/uploads\/2025\/12\/MG_9541-500x333.jpg 500w, https:\/\/labotigadecarnsbertran.cat\/wp-content\/uploads\/2025\/12\/MG_9541-600x400.jpg 600w, https:\/\/labotigadecarnsbertran.cat\/wp-content\/uploads\/2025\/12\/MG_9541-700x467.jpg 700w, https:\/\/labotigadecarnsbertran.cat\/wp-content\/uploads\/2025\/12\/MG_9541.jpg 750w\" data-sizes=\"auto\" \/><div class=\"fusion-rollover\">\n\t<div class=\"fusion-rollover-content\">\n\n\t\t\t\t\n\t\t\n\t\t\t\t\t\t\t\t\n\t\t\t\t\t\t\t\t\n\t\t\n\t\t\t\t\t\t\t\t\t\t\t\t\t\t\t\n\t\t\t\t\t\t\n\t\t\t\t\t\t\t\t\t\t<div class=\"fusion-product-buttons\">\n\t\t\t\t\t<a href=\"https:\/\/labotigadecarnsbertran.cat\/es\/producto\/paquete-al-vacio-jamon-75-iberico-de-bellota-guijuelo-copia-copia-copia-copia-copia-copia-copia-copia-copia-copia-copia-copia\/\" aria-describedby=\"woocommerce_loop_add_to_cart_link_describedby_5785\" data-quantity=\"1\" class=\"button product_type_variable add_to_cart_button\" data-product_id=\"5785\" data-product_sku=\"13200\" aria-label=\"Elige las opciones para &ldquo;Conejo&rdquo;\" rel=\"nofollow\">Select options<\/a>\t<span id=\"woocommerce_loop_add_to_cart_link_describedby_5785\" class=\"screen-reader-text\">\n\t\tEste producto tiene m\u00faltiples variantes. Las opciones se pueden elegir en la p\u00e1gina de producto\t<\/span>\n<span class=\"fusion-rollover-linebreak\">\n\t\/<\/span>\n\n<a href=\"https:\/\/labotigadecarnsbertran.cat\/es\/producto\/paquete-al-vacio-jamon-75-iberico-de-bellota-guijuelo-copia-copia-copia-copia-copia-copia-copia-copia-copia-copia-copia-copia\/\" class=\"show_details_button\">\n\tDetails<\/a>\n\n\t\t\t\t<\/div>\n\t\t\t\t\t\t\t\t\t<a class=\"fusion-link-wrapper\" href=\"https:\/\/labotigadecarnsbertran.cat\/es\/producto\/paquete-al-vacio-jamon-75-iberico-de-bellota-guijuelo-copia-copia-copia-copia-copia-copia-copia-copia-copia-copia-copia-copia\/\" aria-label=\"Conejo\"><\/a>\n\t<\/div>\n<\/div>\n<\/div>\n<\/div>\n<div class=\"fusion-product-content\">\n\t<div class=\"product-details\">\n\t\t<div class=\"product-details-container\">\n<h3 class=\"product-title\">\n\t<a href=\"https:\/\/labotigadecarnsbertran.cat\/es\/producto\/paquete-al-vacio-jamon-75-iberico-de-bellota-guijuelo-copia-copia-copia-copia-copia-copia-copia-copia-copia-copia-copia-copia\/\">\n\t\tConejo\t<\/a>\n<\/h3>\n<div class=\"fusion-price-rating\">\n\n\t<span class=\"price\"><span class=\"woocommerce-Price-amount amount\"><bdi>13,80&nbsp;<span class=\"woocommerce-Price-currencySymbol\">&euro;<\/span><\/bdi><\/span><\/span>\n\t\t<\/div>\n\t<\/div>\n<\/div>\n\n\t<\/div> \n\n\n<\/div>\n<\/li>\n<li class=\"product type-product post-5172 status-publish instock product_cat-cerdo has-post-thumbnail featured taxable shipping-taxable purchasable product-type-variable product-grid-view\">\n\t<div class=\"fusion-product-wrapper\">\n\n<div class=\"fusion-clean-product-image-wrapper \">\n\t<div  class=\"fusion-image-wrapper fusion-image-size-fixed\" aria-haspopup=\"true\">\n\t\t\t\t<img decoding=\"async\" width=\"500\" height=\"410\" src=\"https:\/\/labotigadecarnsbertran.cat\/wp-content\/uploads\/2024\/05\/10429-LAGARTO-500x410.jpg\" class=\"attachment-woocommerce_thumbnail size-woocommerce_thumbnail lazyload wp-post-image\" alt=\"Lagarto\" srcset=\"data:image\/svg+xml,%3Csvg%20xmlns%3D%27http%3A%2F%2Fwww.w3.org%2F2000%2Fsvg%27%20width%3D%27588%27%20height%3D%27482%27%20viewBox%3D%270%200%20588%20482%27%3E%3Crect%20width%3D%27588%27%20height%3D%27482%27%20fill-opacity%3D%220%22%2F%3E%3C%2Fsvg%3E\" data-orig-src=\"https:\/\/labotigadecarnsbertran.cat\/wp-content\/uploads\/2024\/05\/10429-LAGARTO-500x410.jpg\" data-srcset=\"https:\/\/labotigadecarnsbertran.cat\/wp-content\/uploads\/2024\/05\/10429-LAGARTO-200x164.jpg 200w, https:\/\/labotigadecarnsbertran.cat\/wp-content\/uploads\/2024\/05\/10429-LAGARTO-300x246.jpg 300w, https:\/\/labotigadecarnsbertran.cat\/wp-content\/uploads\/2024\/05\/10429-LAGARTO-400x328.jpg 400w, https:\/\/labotigadecarnsbertran.cat\/wp-content\/uploads\/2024\/05\/10429-LAGARTO-500x410.jpg 500w, https:\/\/labotigadecarnsbertran.cat\/wp-content\/uploads\/2024\/05\/10429-LAGARTO.jpg 588w\" data-sizes=\"auto\" \/><div class=\"fusion-rollover\">\n\t<div class=\"fusion-rollover-content\">\n\n\t\t\t\t\n\t\t\n\t\t\t\t\t\t\t\t\n\t\t\t\t\t\t\t\t\n\t\t\n\t\t\t\t\t\t\t\t\t\t\t\t\t\t\t\n\t\t\t\t\t\t\n\t\t\t\t\t\t\t\t\t\t<div class=\"fusion-product-buttons\">\n\t\t\t\t\t<a href=\"https:\/\/labotigadecarnsbertran.cat\/es\/producto\/lagarto\/\" aria-describedby=\"woocommerce_loop_add_to_cart_link_describedby_5172\" data-quantity=\"1\" class=\"button product_type_variable add_to_cart_button\" data-product_id=\"5172\" data-product_sku=\"10429\" aria-label=\"Elige las opciones para &ldquo;Lagarto&rdquo;\" rel=\"nofollow\">Select options<\/a>\t<span id=\"woocommerce_loop_add_to_cart_link_describedby_5172\" class=\"screen-reader-text\">\n\t\tEste producto tiene m\u00faltiples variantes. Las opciones se pueden elegir en la p\u00e1gina de producto\t<\/span>\n<span class=\"fusion-rollover-linebreak\">\n\t\/<\/span>\n\n<a href=\"https:\/\/labotigadecarnsbertran.cat\/es\/producto\/lagarto\/\" class=\"show_details_button\">\n\tDetails<\/a>\n\n\t\t\t\t<\/div>\n\t\t\t\t\t\t\t\t\t<a class=\"fusion-link-wrapper\" href=\"https:\/\/labotigadecarnsbertran.cat\/es\/producto\/lagarto\/\" aria-label=\"Lagarto\"><\/a>\n\t<\/div>\n<\/div>\n<\/div>\n<\/div>\n<div class=\"fusion-product-content\">\n\t<div class=\"product-details\">\n\t\t<div class=\"product-details-container\">\n<h3 class=\"product-title\">\n\t<a href=\"https:\/\/labotigadecarnsbertran.cat\/es\/producto\/lagarto\/\">\n\t\tLagarto\t<\/a>\n<\/h3>\n<div class=\"fusion-price-rating\">\n\n\t<span class=\"price\"><span class=\"woocommerce-Price-amount amount\" aria-hidden=\"true\"><bdi>5,30&nbsp;<span class=\"woocommerce-Price-currencySymbol\">&euro;<\/span><\/bdi><\/span> <span aria-hidden=\"true\">-<\/span> <span class=\"woocommerce-Price-amount amount\" aria-hidden=\"true\"><bdi>10,60&nbsp;<span class=\"woocommerce-Price-currencySymbol\">&euro;<\/span><\/bdi><\/span><span class=\"screen-reader-text\">Rango de precios: desde 5,30&nbsp;&euro; hasta 10,60&nbsp;&euro;<\/span><\/span>\n\t\t<\/div>\n\t<\/div>\n<\/div>\n\n\t<\/div> \n\n\n<\/div>\n<\/li>\n<li class=\"product type-product post-5949 status-publish last instock product_cat-charcuteria-y-quesos product_cat-cocidos has-post-thumbnail taxable shipping-taxable purchasable product-type-variable product-grid-view\">\n\t<div class=\"fusion-product-wrapper\">\n\n<div class=\"fusion-clean-product-image-wrapper \">\n\t<div  class=\"fusion-image-wrapper fusion-image-size-fixed\" aria-haspopup=\"true\">\n\t\t\t\t<img decoding=\"async\" width=\"500\" height=\"333\" src=\"https:\/\/labotigadecarnsbertran.cat\/wp-content\/uploads\/2025\/12\/MG_8699-500x333.jpg\" class=\"attachment-woocommerce_thumbnail size-woocommerce_thumbnail lazyload wp-post-image\" alt=\"\" srcset=\"data:image\/svg+xml,%3Csvg%20xmlns%3D%27http%3A%2F%2Fwww.w3.org%2F2000%2Fsvg%27%20width%3D%271200%27%20height%3D%27800%27%20viewBox%3D%270%200%201200%20800%27%3E%3Crect%20width%3D%271200%27%20height%3D%27800%27%20fill-opacity%3D%220%22%2F%3E%3C%2Fsvg%3E\" data-orig-src=\"https:\/\/labotigadecarnsbertran.cat\/wp-content\/uploads\/2025\/12\/MG_8699-500x333.jpg\" data-srcset=\"https:\/\/labotigadecarnsbertran.cat\/wp-content\/uploads\/2025\/12\/MG_8699-200x133.jpg 200w, https:\/\/labotigadecarnsbertran.cat\/wp-content\/uploads\/2025\/12\/MG_8699-300x200.jpg 300w, https:\/\/labotigadecarnsbertran.cat\/wp-content\/uploads\/2025\/12\/MG_8699-400x267.jpg 400w, https:\/\/labotigadecarnsbertran.cat\/wp-content\/uploads\/2025\/12\/MG_8699-500x333.jpg 500w, https:\/\/labotigadecarnsbertran.cat\/wp-content\/uploads\/2025\/12\/MG_8699-600x400.jpg 600w, https:\/\/labotigadecarnsbertran.cat\/wp-content\/uploads\/2025\/12\/MG_8699-700x467.jpg 700w, https:\/\/labotigadecarnsbertran.cat\/wp-content\/uploads\/2025\/12\/MG_8699-768x512.jpg 768w, https:\/\/labotigadecarnsbertran.cat\/wp-content\/uploads\/2025\/12\/MG_8699-800x533.jpg 800w, https:\/\/labotigadecarnsbertran.cat\/wp-content\/uploads\/2025\/12\/MG_8699-1024x683.jpg 1024w, https:\/\/labotigadecarnsbertran.cat\/wp-content\/uploads\/2025\/12\/MG_8699.jpg 1200w\" data-sizes=\"auto\" \/><div class=\"fusion-rollover\">\n\t<div class=\"fusion-rollover-content\">\n\n\t\t\t\t\n\t\t\n\t\t\t\t\t\t\t\t\n\t\t\t\t\t\t\t\t\n\t\t\n\t\t\t\t\t\t\t\t\t\t\t\t\t\t\t\n\t\t\t\t\t\t\n\t\t\t\t\t\t\t\t\t\t<div class=\"fusion-product-buttons\">\n\t\t\t\t\t<a href=\"https:\/\/labotigadecarnsbertran.cat\/es\/producto\/bisbe-con-espinacas-pasas-y-pinones\/\" aria-describedby=\"woocommerce_loop_add_to_cart_link_describedby_5949\" data-quantity=\"1\" class=\"button product_type_variable add_to_cart_button\" data-product_id=\"5949\" data-product_sku=\"40004-3\" aria-label=\"Elige las opciones para &ldquo;Bisbe con espinacas, pasas y pi\u00f1ones&rdquo;\" rel=\"nofollow\">Select options<\/a>\t<span id=\"woocommerce_loop_add_to_cart_link_describedby_5949\" class=\"screen-reader-text\">\n\t\tEste producto tiene m\u00faltiples variantes. Las opciones se pueden elegir en la p\u00e1gina de producto\t<\/span>\n<span class=\"fusion-rollover-linebreak\">\n\t\/<\/span>\n\n<a href=\"https:\/\/labotigadecarnsbertran.cat\/es\/producto\/bisbe-con-espinacas-pasas-y-pinones\/\" class=\"show_details_button\">\n\tDetails<\/a>\n\n\t\t\t\t<\/div>\n\t\t\t\t\t\t\t\t\t<a class=\"fusion-link-wrapper\" href=\"https:\/\/labotigadecarnsbertran.cat\/es\/producto\/bisbe-con-espinacas-pasas-y-pinones\/\" aria-label=\"Bisbe con espinacas, pasas y pi\u00f1ones\"><\/a>\n\t<\/div>\n<\/div>\n<\/div>\n<\/div>\n<div class=\"fusion-product-content\">\n\t<div class=\"product-details\">\n\t\t<div class=\"product-details-container\">\n<h3 class=\"product-title\">\n\t<a href=\"https:\/\/labotigadecarnsbertran.cat\/es\/producto\/bisbe-con-espinacas-pasas-y-pinones\/\">\n\t\tBisbe con espinacas, pasas y pi\u00f1ones\t<\/a>\n<\/h3>\n<div class=\"fusion-price-rating\">\n\n\t<span class=\"price\"><span class=\"woocommerce-Price-amount amount\"><bdi>2,40&nbsp;<span class=\"woocommerce-Price-currencySymbol\">&euro;<\/span><\/bdi><\/span><\/span>\n\t\t<\/div>\n\t<\/div>\n<\/div>\n\n\t<\/div> \n\n\n<\/div>\n<\/li>\n<li class=\"product type-product post-5407 status-publish first instock product_cat-cerdo has-post-thumbnail taxable shipping-taxable purchasable product-type-variable product-grid-view\">\n\t<div class=\"fusion-product-wrapper\">\n\n<div class=\"fusion-clean-product-image-wrapper \">\n\t<div  class=\"fusion-image-wrapper fusion-image-size-fixed\" aria-haspopup=\"true\">\n\t\t\t\t<img decoding=\"async\" width=\"500\" height=\"333\" src=\"https:\/\/labotigadecarnsbertran.cat\/wp-content\/uploads\/2022\/01\/MG_8137-500x333.jpg\" class=\"attachment-woocommerce_thumbnail size-woocommerce_thumbnail lazyload wp-post-image\" alt=\"Costella de porc de pages\" srcset=\"data:image\/svg+xml,%3Csvg%20xmlns%3D%27http%3A%2F%2Fwww.w3.org%2F2000%2Fsvg%27%20width%3D%271200%27%20height%3D%27800%27%20viewBox%3D%270%200%201200%20800%27%3E%3Crect%20width%3D%271200%27%20height%3D%27800%27%20fill-opacity%3D%220%22%2F%3E%3C%2Fsvg%3E\" data-orig-src=\"https:\/\/labotigadecarnsbertran.cat\/wp-content\/uploads\/2022\/01\/MG_8137-500x333.jpg\" data-srcset=\"https:\/\/labotigadecarnsbertran.cat\/wp-content\/uploads\/2022\/01\/MG_8137-200x133.jpg 200w, https:\/\/labotigadecarnsbertran.cat\/wp-content\/uploads\/2022\/01\/MG_8137-300x200.jpg 300w, https:\/\/labotigadecarnsbertran.cat\/wp-content\/uploads\/2022\/01\/MG_8137-400x267.jpg 400w, https:\/\/labotigadecarnsbertran.cat\/wp-content\/uploads\/2022\/01\/MG_8137-500x333.jpg 500w, https:\/\/labotigadecarnsbertran.cat\/wp-content\/uploads\/2022\/01\/MG_8137-600x400.jpg 600w, https:\/\/labotigadecarnsbertran.cat\/wp-content\/uploads\/2022\/01\/MG_8137-700x467.jpg 700w, https:\/\/labotigadecarnsbertran.cat\/wp-content\/uploads\/2022\/01\/MG_8137-768x512.jpg 768w, https:\/\/labotigadecarnsbertran.cat\/wp-content\/uploads\/2022\/01\/MG_8137-800x533.jpg 800w, https:\/\/labotigadecarnsbertran.cat\/wp-content\/uploads\/2022\/01\/MG_8137-1024x683.jpg 1024w, https:\/\/labotigadecarnsbertran.cat\/wp-content\/uploads\/2022\/01\/MG_8137.jpg 1200w\" data-sizes=\"auto\" \/><div class=\"fusion-rollover\">\n\t<div class=\"fusion-rollover-content\">\n\n\t\t\t\t\n\t\t\n\t\t\t\t\t\t\t\t\n\t\t\t\t\t\t\t\t\n\t\t\n\t\t\t\t\t\t\t\t\t\t\t\t\t\t\t\n\t\t\t\t\t\t\n\t\t\t\t\t\t\t\t\t\t<div class=\"fusion-product-buttons\">\n\t\t\t\t\t<a href=\"https:\/\/labotigadecarnsbertran.cat\/es\/producto\/costilla-de-cerdo-de-payes-raza-duroc\/\" aria-describedby=\"woocommerce_loop_add_to_cart_link_describedby_5407\" data-quantity=\"1\" class=\"button product_type_variable add_to_cart_button\" data-product_id=\"5407\" data-product_sku=\"10405\" aria-label=\"Elige las opciones para &ldquo;Costilla de cerdo de pay\u00e9s raza Duroc&rdquo;\" rel=\"nofollow\">Select options<\/a>\t<span id=\"woocommerce_loop_add_to_cart_link_describedby_5407\" class=\"screen-reader-text\">\n\t\tEste producto tiene m\u00faltiples variantes. Las opciones se pueden elegir en la p\u00e1gina de producto\t<\/span>\n<span class=\"fusion-rollover-linebreak\">\n\t\/<\/span>\n\n<a href=\"https:\/\/labotigadecarnsbertran.cat\/es\/producto\/costilla-de-cerdo-de-payes-raza-duroc\/\" class=\"show_details_button\">\n\tDetails<\/a>\n\n\t\t\t\t<\/div>\n\t\t\t\t\t\t\t\t\t<a class=\"fusion-link-wrapper\" href=\"https:\/\/labotigadecarnsbertran.cat\/es\/producto\/costilla-de-cerdo-de-payes-raza-duroc\/\" aria-label=\"Costilla de cerdo de pay\u00e9s raza Duroc\"><\/a>\n\t<\/div>\n<\/div>\n<\/div>\n<\/div>\n<div class=\"fusion-product-content\">\n\t<div class=\"product-details\">\n\t\t<div class=\"product-details-container\">\n<h3 class=\"product-title\">\n\t<a href=\"https:\/\/labotigadecarnsbertran.cat\/es\/producto\/costilla-de-cerdo-de-payes-raza-duroc\/\">\n\t\tCostilla de cerdo de pay\u00e9s raza Duroc\t<\/a>\n<\/h3>\n<div class=\"fusion-price-rating\">\n\n\t<span class=\"price\"><span class=\"woocommerce-Price-amount amount\" aria-hidden=\"true\"><bdi>3,30&nbsp;<span class=\"woocommerce-Price-currencySymbol\">&euro;<\/span><\/bdi><\/span> <span aria-hidden=\"true\">-<\/span> <span class=\"woocommerce-Price-amount amount\" aria-hidden=\"true\"><bdi>6,60&nbsp;<span class=\"woocommerce-Price-currencySymbol\">&euro;<\/span><\/bdi><\/span><span class=\"screen-reader-text\">Rango de precios: desde 3,30&nbsp;&euro; hasta 6,60&nbsp;&euro;<\/span><\/span>\n\t\t<\/div>\n\t<\/div>\n<\/div>\n\n\t<\/div> \n\n\n<\/div>\n<\/li>\n<li class=\"product type-product post-5179 status-publish instock product_cat-cerdo has-post-thumbnail taxable shipping-taxable purchasable product-type-variable product-grid-view\">\n\t<div class=\"fusion-product-wrapper\">\n\n<div class=\"fusion-clean-product-image-wrapper \">\n\t<div  class=\"fusion-image-wrapper fusion-image-size-fixed\" aria-haspopup=\"true\">\n\t\t\t\t<img decoding=\"async\" width=\"500\" height=\"332\" src=\"https:\/\/labotigadecarnsbertran.cat\/wp-content\/uploads\/2024\/05\/10018-scaled-e1716222533306-500x332.jpg\" class=\"attachment-woocommerce_thumbnail size-woocommerce_thumbnail lazyload wp-post-image\" alt=\"Garrons de pag\u00e8s\" srcset=\"data:image\/svg+xml,%3Csvg%20xmlns%3D%27http%3A%2F%2Fwww.w3.org%2F2000%2Fsvg%27%20width%3D%271200%27%20height%3D%27797%27%20viewBox%3D%270%200%201200%20797%27%3E%3Crect%20width%3D%271200%27%20height%3D%27797%27%20fill-opacity%3D%220%22%2F%3E%3C%2Fsvg%3E\" data-orig-src=\"https:\/\/labotigadecarnsbertran.cat\/wp-content\/uploads\/2024\/05\/10018-scaled-e1716222533306-500x332.jpg\" data-srcset=\"https:\/\/labotigadecarnsbertran.cat\/wp-content\/uploads\/2024\/05\/10018-scaled-e1716222533306-500x332.jpg 500w, https:\/\/labotigadecarnsbertran.cat\/wp-content\/uploads\/2024\/05\/10018-scaled-e1716222533306-700x465.jpg 700w, https:\/\/labotigadecarnsbertran.cat\/wp-content\/uploads\/2024\/05\/10018-scaled-e1716222533306.jpg 1200w\" data-sizes=\"auto\" \/><div class=\"fusion-rollover\">\n\t<div class=\"fusion-rollover-content\">\n\n\t\t\t\t\n\t\t\n\t\t\t\t\t\t\t\t\n\t\t\t\t\t\t\t\t\n\t\t\n\t\t\t\t\t\t\t\t\t\t\t\t\t\t\t\n\t\t\t\t\t\t\n\t\t\t\t\t\t\t\t\t\t<div class=\"fusion-product-buttons\">\n\t\t\t\t\t<a href=\"https:\/\/labotigadecarnsbertran.cat\/es\/producto\/garron-de-pages\/\" aria-describedby=\"woocommerce_loop_add_to_cart_link_describedby_5179\" data-quantity=\"1\" class=\"button product_type_variable add_to_cart_button\" data-product_id=\"5179\" data-product_sku=\"10411\" aria-label=\"Elige las opciones para &ldquo;Garr\u00f3n de pag\u00e8s&rdquo;\" rel=\"nofollow\">Select options<\/a>\t<span id=\"woocommerce_loop_add_to_cart_link_describedby_5179\" class=\"screen-reader-text\">\n\t\tEste producto tiene m\u00faltiples variantes. Las opciones se pueden elegir en la p\u00e1gina de producto\t<\/span>\n<span class=\"fusion-rollover-linebreak\">\n\t\/<\/span>\n\n<a href=\"https:\/\/labotigadecarnsbertran.cat\/es\/producto\/garron-de-pages\/\" class=\"show_details_button\">\n\tDetails<\/a>\n\n\t\t\t\t<\/div>\n\t\t\t\t\t\t\t\t\t<a class=\"fusion-link-wrapper\" href=\"https:\/\/labotigadecarnsbertran.cat\/es\/producto\/garron-de-pages\/\" aria-label=\"Garr\u00f3n de pag\u00e8s\"><\/a>\n\t<\/div>\n<\/div>\n<\/div>\n<\/div>\n<div class=\"fusion-product-content\">\n\t<div class=\"product-details\">\n\t\t<div class=\"product-details-container\">\n<h3 class=\"product-title\">\n\t<a href=\"https:\/\/labotigadecarnsbertran.cat\/es\/producto\/garron-de-pages\/\">\n\t\tGarr\u00f3n de pag\u00e8s\t<\/a>\n<\/h3>\n<div class=\"fusion-price-rating\">\n\n\t<span class=\"price\"><span class=\"woocommerce-Price-amount amount\"><bdi>4,30&nbsp;<span class=\"woocommerce-Price-currencySymbol\">&euro;<\/span><\/bdi><\/span><\/span>\n\t\t<\/div>\n\t<\/div>\n<\/div>\n\n\t<\/div> \n\n\n<\/div>\n<\/li>\n<li class=\"product type-product post-5180 status-publish last instock product_cat-cerdo has-post-thumbnail taxable shipping-taxable purchasable product-type-simple product-grid-view\">\n\t<div class=\"fusion-product-wrapper\">\n\n<div class=\"fusion-clean-product-image-wrapper \">\n\t<div  class=\"fusion-image-wrapper fusion-image-size-fixed\" aria-haspopup=\"true\">\n\t\t\t\t<img decoding=\"async\" width=\"500\" height=\"332\" src=\"https:\/\/labotigadecarnsbertran.cat\/wp-content\/uploads\/2024\/05\/10300-scaled-e1716222514823-500x332.jpg\" class=\"attachment-woocommerce_thumbnail size-woocommerce_thumbnail lazyload wp-post-image\" alt=\"Safata per brou\" srcset=\"data:image\/svg+xml,%3Csvg%20xmlns%3D%27http%3A%2F%2Fwww.w3.org%2F2000%2Fsvg%27%20width%3D%271200%27%20height%3D%27797%27%20viewBox%3D%270%200%201200%20797%27%3E%3Crect%20width%3D%271200%27%20height%3D%27797%27%20fill-opacity%3D%220%22%2F%3E%3C%2Fsvg%3E\" data-orig-src=\"https:\/\/labotigadecarnsbertran.cat\/wp-content\/uploads\/2024\/05\/10300-scaled-e1716222514823-500x332.jpg\" data-srcset=\"https:\/\/labotigadecarnsbertran.cat\/wp-content\/uploads\/2024\/05\/10300-scaled-e1716222514823-500x332.jpg 500w, https:\/\/labotigadecarnsbertran.cat\/wp-content\/uploads\/2024\/05\/10300-scaled-e1716222514823-700x465.jpg 700w, https:\/\/labotigadecarnsbertran.cat\/wp-content\/uploads\/2024\/05\/10300-scaled-e1716222514823.jpg 1200w\" data-sizes=\"auto\" \/><div class=\"fusion-rollover\">\n\t<div class=\"fusion-rollover-content\">\n\n\t\t\t\t\n\t\t\n\t\t\t\t\t\t\t\t\n\t\t\t\t\t\t\t\t\n\t\t\n\t\t\t\t\t\t\t\t\t\t\t\t\t\t\t\n\t\t\t\t\t\t\n\t\t\t\t\t\t\t\t\t\t<div class=\"fusion-product-buttons\">\n\t\t\t\t\t<a href=\"https:\/\/labotigadecarnsbertran.cat\/es\/producto\/bandeja-para-caldo\/\" data-quantity=\"1\" class=\"button product_type_simple add_to_cart_button \" data-product_id=\"5180\" data-product_sku=\"10300\" aria-label=\"A\u00f1adir al carrito: &ldquo;Bandeja para caldo&rdquo;\" rel=\"nofollow\">Select options<\/a>\t<span id=\"woocommerce_loop_add_to_cart_link_describedby_5180\" class=\"screen-reader-text\">\n\t\t\t<\/span>\n<span class=\"fusion-rollover-linebreak\">\n\t\/<\/span>\n\n<a href=\"https:\/\/labotigadecarnsbertran.cat\/es\/producto\/bandeja-para-caldo\/\" class=\"show_details_button\">\n\tDetails<\/a>\n\n\t\t\t\t<\/div>\n\t\t\t\t\t\t\t\t\t<a class=\"fusion-link-wrapper\" href=\"https:\/\/labotigadecarnsbertran.cat\/es\/producto\/bandeja-para-caldo\/\" aria-label=\"Bandeja para caldo\"><\/a>\n\t<\/div>\n<\/div>\n<\/div>\n<\/div>\n<div class=\"fusion-product-content\">\n\t<div class=\"product-details\">\n\t\t<div class=\"product-details-container\">\n<h3 class=\"product-title\">\n\t<a href=\"https:\/\/labotigadecarnsbertran.cat\/es\/producto\/bandeja-para-caldo\/\">\n\t\tBandeja para caldo\t<\/a>\n<\/h3>\n<div class=\"fusion-price-rating\">\n\n\t<span class=\"price\"><span class=\"woocommerce-Price-amount amount\"><bdi>9,90&nbsp;<span class=\"woocommerce-Price-currencySymbol\">&euro;<\/span><\/bdi><\/span><\/span>\n\t\t<\/div>\n\t<\/div>\n<\/div>\n\n\t<\/div> \n\n\n<\/div>\n<\/li>\n<li class=\"product type-product post-5220 status-publish first instock product_cat-ternera-vaca-y-buey has-post-thumbnail taxable shipping-taxable purchasable product-type-variable product-grid-view\">\n\t<div class=\"fusion-product-wrapper\">\n\n<div class=\"fusion-clean-product-image-wrapper \">\n\t<div  class=\"fusion-image-wrapper fusion-image-size-fixed\" aria-haspopup=\"true\">\n\t\t\t\t<img decoding=\"async\" width=\"500\" height=\"333\" src=\"https:\/\/labotigadecarnsbertran.cat\/wp-content\/uploads\/2022\/03\/MG_8806-500x333.jpg\" class=\"attachment-woocommerce_thumbnail size-woocommerce_thumbnail lazyload wp-post-image\" alt=\"Costella de vedella desossada\" srcset=\"data:image\/svg+xml,%3Csvg%20xmlns%3D%27http%3A%2F%2Fwww.w3.org%2F2000%2Fsvg%27%20width%3D%271200%27%20height%3D%27800%27%20viewBox%3D%270%200%201200%20800%27%3E%3Crect%20width%3D%271200%27%20height%3D%27800%27%20fill-opacity%3D%220%22%2F%3E%3C%2Fsvg%3E\" data-orig-src=\"https:\/\/labotigadecarnsbertran.cat\/wp-content\/uploads\/2022\/03\/MG_8806-500x333.jpg\" data-srcset=\"https:\/\/labotigadecarnsbertran.cat\/wp-content\/uploads\/2022\/03\/MG_8806-200x133.jpg 200w, https:\/\/labotigadecarnsbertran.cat\/wp-content\/uploads\/2022\/03\/MG_8806-300x200.jpg 300w, https:\/\/labotigadecarnsbertran.cat\/wp-content\/uploads\/2022\/03\/MG_8806-400x267.jpg 400w, https:\/\/labotigadecarnsbertran.cat\/wp-content\/uploads\/2022\/03\/MG_8806-500x333.jpg 500w, https:\/\/labotigadecarnsbertran.cat\/wp-content\/uploads\/2022\/03\/MG_8806-600x400.jpg 600w, https:\/\/labotigadecarnsbertran.cat\/wp-content\/uploads\/2022\/03\/MG_8806-700x467.jpg 700w, https:\/\/labotigadecarnsbertran.cat\/wp-content\/uploads\/2022\/03\/MG_8806-768x512.jpg 768w, https:\/\/labotigadecarnsbertran.cat\/wp-content\/uploads\/2022\/03\/MG_8806-800x533.jpg 800w, https:\/\/labotigadecarnsbertran.cat\/wp-content\/uploads\/2022\/03\/MG_8806-1024x683.jpg 1024w, https:\/\/labotigadecarnsbertran.cat\/wp-content\/uploads\/2022\/03\/MG_8806.jpg 1200w\" data-sizes=\"auto\" \/><div class=\"fusion-rollover\">\n\t<div class=\"fusion-rollover-content\">\n\n\t\t\t\t\n\t\t\n\t\t\t\t\t\t\t\t\n\t\t\t\t\t\t\t\t\n\t\t\n\t\t\t\t\t\t\t\t\t\t\t\t\t\t\t\n\t\t\t\t\t\t\n\t\t\t\t\t\t\t\t\t\t<div class=\"fusion-product-buttons\">\n\t\t\t\t\t<a href=\"https:\/\/labotigadecarnsbertran.cat\/es\/producto\/costilla-de-ternera-deshuesada\/\" aria-describedby=\"woocommerce_loop_add_to_cart_link_describedby_5220\" data-quantity=\"1\" class=\"button product_type_variable add_to_cart_button\" data-product_id=\"5220\" data-product_sku=\"11006\" aria-label=\"Elige las opciones para &ldquo;Costilla de ternera deshuesada&rdquo;\" rel=\"nofollow\">Select options<\/a>\t<span id=\"woocommerce_loop_add_to_cart_link_describedby_5220\" class=\"screen-reader-text\">\n\t\tEste producto tiene m\u00faltiples variantes. Las opciones se pueden elegir en la p\u00e1gina de producto\t<\/span>\n<span class=\"fusion-rollover-linebreak\">\n\t\/<\/span>\n\n<a href=\"https:\/\/labotigadecarnsbertran.cat\/es\/producto\/costilla-de-ternera-deshuesada\/\" class=\"show_details_button\">\n\tDetails<\/a>\n\n\t\t\t\t<\/div>\n\t\t\t\t\t\t\t\t\t<a class=\"fusion-link-wrapper\" href=\"https:\/\/labotigadecarnsbertran.cat\/es\/producto\/costilla-de-ternera-deshuesada\/\" aria-label=\"Costilla de ternera deshuesada\"><\/a>\n\t<\/div>\n<\/div>\n<\/div>\n<\/div>\n<div class=\"fusion-product-content\">\n\t<div class=\"product-details\">\n\t\t<div class=\"product-details-container\">\n<h3 class=\"product-title\">\n\t<a href=\"https:\/\/labotigadecarnsbertran.cat\/es\/producto\/costilla-de-ternera-deshuesada\/\">\n\t\tCostilla de ternera deshuesada\t<\/a>\n<\/h3>\n<div class=\"fusion-price-rating\">\n\n\t<span class=\"price\"><span class=\"woocommerce-Price-amount amount\"><bdi>8,70&nbsp;<span class=\"woocommerce-Price-currencySymbol\">&euro;<\/span><\/bdi><\/span><\/span>\n\t\t<\/div>\n\t<\/div>\n<\/div>\n\n\t<\/div> \n\n\n<\/div>\n<\/li>\n<li class=\"product type-product post-5231 status-publish instock product_cat-cerdo has-post-thumbnail taxable shipping-taxable purchasable product-type-simple product-grid-view\">\n\t<div class=\"fusion-product-wrapper\">\n\n<div class=\"fusion-clean-product-image-wrapper \">\n\t<div  class=\"fusion-image-wrapper fusion-image-size-fixed\" aria-haspopup=\"true\">\n\t\t\t\t<img decoding=\"async\" width=\"500\" height=\"333\" src=\"https:\/\/labotigadecarnsbertran.cat\/wp-content\/uploads\/2022\/03\/MG_8218-500x333.jpg\" class=\"attachment-woocommerce_thumbnail size-woocommerce_thumbnail lazyload wp-post-image\" alt=\"Ossos d&#039;espinada de porc de pag\u00e8s\" srcset=\"data:image\/svg+xml,%3Csvg%20xmlns%3D%27http%3A%2F%2Fwww.w3.org%2F2000%2Fsvg%27%20width%3D%271200%27%20height%3D%27800%27%20viewBox%3D%270%200%201200%20800%27%3E%3Crect%20width%3D%271200%27%20height%3D%27800%27%20fill-opacity%3D%220%22%2F%3E%3C%2Fsvg%3E\" data-orig-src=\"https:\/\/labotigadecarnsbertran.cat\/wp-content\/uploads\/2022\/03\/MG_8218-500x333.jpg\" data-srcset=\"https:\/\/labotigadecarnsbertran.cat\/wp-content\/uploads\/2022\/03\/MG_8218-200x133.jpg 200w, https:\/\/labotigadecarnsbertran.cat\/wp-content\/uploads\/2022\/03\/MG_8218-300x200.jpg 300w, https:\/\/labotigadecarnsbertran.cat\/wp-content\/uploads\/2022\/03\/MG_8218-400x267.jpg 400w, https:\/\/labotigadecarnsbertran.cat\/wp-content\/uploads\/2022\/03\/MG_8218-500x333.jpg 500w, https:\/\/labotigadecarnsbertran.cat\/wp-content\/uploads\/2022\/03\/MG_8218-600x400.jpg 600w, https:\/\/labotigadecarnsbertran.cat\/wp-content\/uploads\/2022\/03\/MG_8218-700x467.jpg 700w, https:\/\/labotigadecarnsbertran.cat\/wp-content\/uploads\/2022\/03\/MG_8218-768x512.jpg 768w, https:\/\/labotigadecarnsbertran.cat\/wp-content\/uploads\/2022\/03\/MG_8218-800x533.jpg 800w, https:\/\/labotigadecarnsbertran.cat\/wp-content\/uploads\/2022\/03\/MG_8218-1024x683.jpg 1024w, https:\/\/labotigadecarnsbertran.cat\/wp-content\/uploads\/2022\/03\/MG_8218.jpg 1200w\" data-sizes=\"auto\" \/><div class=\"fusion-rollover\">\n\t<div class=\"fusion-rollover-content\">\n\n\t\t\t\t\n\t\t\n\t\t\t\t\t\t\t\t\n\t\t\t\t\t\t\t\t\n\t\t\n\t\t\t\t\t\t\t\t\t\t\t\t\t\t\t\n\t\t\t\t\t\t\n\t\t\t\t\t\t\t\t\t\t<div class=\"fusion-product-buttons\">\n\t\t\t\t\t<a href=\"https:\/\/labotigadecarnsbertran.cat\/es\/producto\/huesos-de-espinazo-de-cerdo-de-payes\/\" data-quantity=\"1\" class=\"button product_type_simple add_to_cart_button \" data-product_id=\"5231\" data-product_sku=\"10414\" aria-label=\"A\u00f1adir al carrito: &ldquo;Huesos de espinazo de cerdo de pay\u00e9s&rdquo;\" rel=\"nofollow\">Select options<\/a>\t<span id=\"woocommerce_loop_add_to_cart_link_describedby_5231\" class=\"screen-reader-text\">\n\t\t\t<\/span>\n<span class=\"fusion-rollover-linebreak\">\n\t\/<\/span>\n\n<a href=\"https:\/\/labotigadecarnsbertran.cat\/es\/producto\/huesos-de-espinazo-de-cerdo-de-payes\/\" class=\"show_details_button\">\n\tDetails<\/a>\n\n\t\t\t\t<\/div>\n\t\t\t\t\t\t\t\t\t<a class=\"fusion-link-wrapper\" href=\"https:\/\/labotigadecarnsbertran.cat\/es\/producto\/huesos-de-espinazo-de-cerdo-de-payes\/\" aria-label=\"Huesos de espinazo de cerdo de pay\u00e9s\"><\/a>\n\t<\/div>\n<\/div>\n<\/div>\n<\/div>\n<div class=\"fusion-product-content\">\n\t<div class=\"product-details\">\n\t\t<div class=\"product-details-container\">\n<h3 class=\"product-title\">\n\t<a href=\"https:\/\/labotigadecarnsbertran.cat\/es\/producto\/huesos-de-espinazo-de-cerdo-de-payes\/\">\n\t\tHuesos de espinazo de cerdo de pay\u00e9s\t<\/a>\n<\/h3>\n<div class=\"fusion-price-rating\">\n\n\t<span class=\"price\"><span class=\"woocommerce-Price-amount amount\"><bdi>2,10&nbsp;<span class=\"woocommerce-Price-currencySymbol\">&euro;<\/span><\/bdi><\/span><\/span>\n\t\t<\/div>\n\t<\/div>\n<\/div>\n\n\t<\/div> \n\n\n<\/div>\n<\/li>\n<li class=\"product type-product post-5763 status-publish last instock product_cat-pollo-y-aves has-post-thumbnail taxable shipping-taxable purchasable product-type-variable product-grid-view\">\n\t<div class=\"fusion-product-wrapper\">\n\n<div class=\"fusion-clean-product-image-wrapper \">\n\t<div  class=\"fusion-image-wrapper fusion-image-size-fixed\" aria-haspopup=\"true\">\n\t\t\t\t<img decoding=\"async\" width=\"500\" height=\"333\" src=\"https:\/\/labotigadecarnsbertran.cat\/wp-content\/uploads\/2025\/12\/MG_9050-500x333.jpg\" class=\"attachment-woocommerce_thumbnail size-woocommerce_thumbnail lazyload wp-post-image\" alt=\"\" srcset=\"data:image\/svg+xml,%3Csvg%20xmlns%3D%27http%3A%2F%2Fwww.w3.org%2F2000%2Fsvg%27%20width%3D%27750%27%20height%3D%27500%27%20viewBox%3D%270%200%20750%20500%27%3E%3Crect%20width%3D%27750%27%20height%3D%27500%27%20fill-opacity%3D%220%22%2F%3E%3C%2Fsvg%3E\" data-orig-src=\"https:\/\/labotigadecarnsbertran.cat\/wp-content\/uploads\/2025\/12\/MG_9050-500x333.jpg\" data-srcset=\"https:\/\/labotigadecarnsbertran.cat\/wp-content\/uploads\/2025\/12\/MG_9050-200x133.jpg 200w, https:\/\/labotigadecarnsbertran.cat\/wp-content\/uploads\/2025\/12\/MG_9050-300x200.jpg 300w, https:\/\/labotigadecarnsbertran.cat\/wp-content\/uploads\/2025\/12\/MG_9050-400x267.jpg 400w, https:\/\/labotigadecarnsbertran.cat\/wp-content\/uploads\/2025\/12\/MG_9050-500x333.jpg 500w, https:\/\/labotigadecarnsbertran.cat\/wp-content\/uploads\/2025\/12\/MG_9050-600x400.jpg 600w, https:\/\/labotigadecarnsbertran.cat\/wp-content\/uploads\/2025\/12\/MG_9050-700x467.jpg 700w, https:\/\/labotigadecarnsbertran.cat\/wp-content\/uploads\/2025\/12\/MG_9050.jpg 750w\" data-sizes=\"auto\" \/><div class=\"fusion-rollover\">\n\t<div class=\"fusion-rollover-content\">\n\n\t\t\t\t\n\t\t\n\t\t\t\t\t\t\t\t\n\t\t\t\t\t\t\t\t\n\t\t\n\t\t\t\t\t\t\t\t\t\t\t\t\t\t\t\n\t\t\t\t\t\t\n\t\t\t\t\t\t\t\t\t\t<div class=\"fusion-product-buttons\">\n\t\t\t\t\t<a href=\"https:\/\/labotigadecarnsbertran.cat\/es\/producto\/paquete-al-vacio-jamon-75-iberico-de-bellota-guijuelo-copia-copia-copia-copia-copia-copia-copia-copia-copia-copia\/\" aria-describedby=\"woocommerce_loop_add_to_cart_link_describedby_5763\" data-quantity=\"1\" class=\"button product_type_variable add_to_cart_button\" data-product_id=\"5763\" data-product_sku=\"13101\" aria-label=\"Elige las opciones para &ldquo;Pechuga de pavo&rdquo;\" rel=\"nofollow\">Select options<\/a>\t<span id=\"woocommerce_loop_add_to_cart_link_describedby_5763\" class=\"screen-reader-text\">\n\t\tEste producto tiene m\u00faltiples variantes. Las opciones se pueden elegir en la p\u00e1gina de producto\t<\/span>\n<span class=\"fusion-rollover-linebreak\">\n\t\/<\/span>\n\n<a href=\"https:\/\/labotigadecarnsbertran.cat\/es\/producto\/paquete-al-vacio-jamon-75-iberico-de-bellota-guijuelo-copia-copia-copia-copia-copia-copia-copia-copia-copia-copia\/\" class=\"show_details_button\">\n\tDetails<\/a>\n\n\t\t\t\t<\/div>\n\t\t\t\t\t\t\t\t\t<a class=\"fusion-link-wrapper\" href=\"https:\/\/labotigadecarnsbertran.cat\/es\/producto\/paquete-al-vacio-jamon-75-iberico-de-bellota-guijuelo-copia-copia-copia-copia-copia-copia-copia-copia-copia-copia\/\" aria-label=\"Pechuga de pavo\"><\/a>\n\t<\/div>\n<\/div>\n<\/div>\n<\/div>\n<div class=\"fusion-product-content\">\n\t<div class=\"product-details\">\n\t\t<div class=\"product-details-container\">\n<h3 class=\"product-title\">\n\t<a href=\"https:\/\/labotigadecarnsbertran.cat\/es\/producto\/paquete-al-vacio-jamon-75-iberico-de-bellota-guijuelo-copia-copia-copia-copia-copia-copia-copia-copia-copia-copia\/\">\n\t\tPechuga de pavo\t<\/a>\n<\/h3>\n<div class=\"fusion-price-rating\">\n\n\t<span class=\"price\"><span class=\"woocommerce-Price-amount amount\"><bdi>12,50&nbsp;<span class=\"woocommerce-Price-currencySymbol\">&euro;<\/span><\/bdi><\/span><\/span>\n\t\t<\/div>\n\t<\/div>\n<\/div>\n\n\t<\/div> \n\n\n<\/div>\n<\/li>\n<li class=\"product type-product post-5412 status-publish first instock product_cat-cerdo has-post-thumbnail taxable shipping-taxable purchasable product-type-variable product-grid-view\">\n\t<div class=\"fusion-product-wrapper\">\n\n<div class=\"fusion-clean-product-image-wrapper \">\n\t<div  class=\"fusion-image-wrapper fusion-image-size-fixed\" aria-haspopup=\"true\">\n\t\t\t\t<img decoding=\"async\" width=\"500\" height=\"333\" src=\"https:\/\/labotigadecarnsbertran.cat\/wp-content\/uploads\/2022\/01\/MG_8049-500x333.jpg\" class=\"attachment-woocommerce_thumbnail size-woocommerce_thumbnail lazyload wp-post-image\" alt=\"Llom de porc de pag\u00e8s\" srcset=\"data:image\/svg+xml,%3Csvg%20xmlns%3D%27http%3A%2F%2Fwww.w3.org%2F2000%2Fsvg%27%20width%3D%271200%27%20height%3D%27800%27%20viewBox%3D%270%200%201200%20800%27%3E%3Crect%20width%3D%271200%27%20height%3D%27800%27%20fill-opacity%3D%220%22%2F%3E%3C%2Fsvg%3E\" data-orig-src=\"https:\/\/labotigadecarnsbertran.cat\/wp-content\/uploads\/2022\/01\/MG_8049-500x333.jpg\" data-srcset=\"https:\/\/labotigadecarnsbertran.cat\/wp-content\/uploads\/2022\/01\/MG_8049-200x133.jpg 200w, https:\/\/labotigadecarnsbertran.cat\/wp-content\/uploads\/2022\/01\/MG_8049-300x200.jpg 300w, https:\/\/labotigadecarnsbertran.cat\/wp-content\/uploads\/2022\/01\/MG_8049-400x267.jpg 400w, https:\/\/labotigadecarnsbertran.cat\/wp-content\/uploads\/2022\/01\/MG_8049-500x333.jpg 500w, https:\/\/labotigadecarnsbertran.cat\/wp-content\/uploads\/2022\/01\/MG_8049-600x400.jpg 600w, https:\/\/labotigadecarnsbertran.cat\/wp-content\/uploads\/2022\/01\/MG_8049-700x467.jpg 700w, https:\/\/labotigadecarnsbertran.cat\/wp-content\/uploads\/2022\/01\/MG_8049-768x512.jpg 768w, https:\/\/labotigadecarnsbertran.cat\/wp-content\/uploads\/2022\/01\/MG_8049-800x533.jpg 800w, https:\/\/labotigadecarnsbertran.cat\/wp-content\/uploads\/2022\/01\/MG_8049-1024x683.jpg 1024w, https:\/\/labotigadecarnsbertran.cat\/wp-content\/uploads\/2022\/01\/MG_8049.jpg 1200w\" data-sizes=\"auto\" \/><div class=\"fusion-rollover\">\n\t<div class=\"fusion-rollover-content\">\n\n\t\t\t\t\n\t\t\n\t\t\t\t\t\t\t\t\n\t\t\t\t\t\t\t\t\n\t\t\n\t\t\t\t\t\t\t\t\t\t\t\t\t\t\t\n\t\t\t\t\t\t\n\t\t\t\t\t\t\t\t\t\t<div class=\"fusion-product-buttons\">\n\t\t\t\t\t<a href=\"https:\/\/labotigadecarnsbertran.cat\/es\/producto\/lomo-de-cerdo-de-payes\/\" aria-describedby=\"woocommerce_loop_add_to_cart_link_describedby_5412\" data-quantity=\"1\" class=\"button product_type_variable add_to_cart_button\" data-product_id=\"5412\" data-product_sku=\"10401\" aria-label=\"Elige las opciones para &ldquo;Lomo de cerdo de pay\u00e9s&rdquo;\" rel=\"nofollow\">Select options<\/a>\t<span id=\"woocommerce_loop_add_to_cart_link_describedby_5412\" class=\"screen-reader-text\">\n\t\tEste producto tiene m\u00faltiples variantes. Las opciones se pueden elegir en la p\u00e1gina de producto\t<\/span>\n<span class=\"fusion-rollover-linebreak\">\n\t\/<\/span>\n\n<a href=\"https:\/\/labotigadecarnsbertran.cat\/es\/producto\/lomo-de-cerdo-de-payes\/\" class=\"show_details_button\">\n\tDetails<\/a>\n\n\t\t\t\t<\/div>\n\t\t\t\t\t\t\t\t\t<a class=\"fusion-link-wrapper\" href=\"https:\/\/labotigadecarnsbertran.cat\/es\/producto\/lomo-de-cerdo-de-payes\/\" aria-label=\"Lomo de cerdo de pay\u00e9s\"><\/a>\n\t<\/div>\n<\/div>\n<\/div>\n<\/div>\n<div class=\"fusion-product-content\">\n\t<div class=\"product-details\">\n\t\t<div class=\"product-details-container\">\n<h3 class=\"product-title\">\n\t<a href=\"https:\/\/labotigadecarnsbertran.cat\/es\/producto\/lomo-de-cerdo-de-payes\/\">\n\t\tLomo de cerdo de pay\u00e9s\t<\/a>\n<\/h3>\n<div class=\"fusion-price-rating\">\n\n\t<span class=\"price\"><span class=\"woocommerce-Price-amount amount\" aria-hidden=\"true\"><bdi>4,80&nbsp;<span class=\"woocommerce-Price-currencySymbol\">&euro;<\/span><\/bdi><\/span> <span aria-hidden=\"true\">-<\/span> <span class=\"woocommerce-Price-amount amount\" aria-hidden=\"true\"><bdi>9,60&nbsp;<span class=\"woocommerce-Price-currencySymbol\">&euro;<\/span><\/bdi><\/span><span class=\"screen-reader-text\">Rango de precios: desde 4,80&nbsp;&euro; hasta 9,60&nbsp;&euro;<\/span><\/span>\n\t\t<\/div>\n\t<\/div>\n<\/div>\n\n\t<\/div> \n\n\n<\/div>\n<\/li>\n<li class=\"product type-product post-5370 status-publish instock product_cat-cordero-y-cabrito has-post-thumbnail taxable shipping-taxable purchasable product-type-simple product-grid-view\">\n\t<div class=\"fusion-product-wrapper\">\n\n<div class=\"fusion-clean-product-image-wrapper \">\n\t<div  class=\"fusion-image-wrapper fusion-image-size-fixed\" aria-haspopup=\"true\">\n\t\t\t\t<img decoding=\"async\" width=\"500\" height=\"333\" src=\"https:\/\/labotigadecarnsbertran.cat\/wp-content\/uploads\/2022\/01\/MG_8345-500x333.jpg\" class=\"attachment-woocommerce_thumbnail size-woocommerce_thumbnail lazyload wp-post-image\" alt=\"Hamburguesa de xai\" srcset=\"data:image\/svg+xml,%3Csvg%20xmlns%3D%27http%3A%2F%2Fwww.w3.org%2F2000%2Fsvg%27%20width%3D%271200%27%20height%3D%27800%27%20viewBox%3D%270%200%201200%20800%27%3E%3Crect%20width%3D%271200%27%20height%3D%27800%27%20fill-opacity%3D%220%22%2F%3E%3C%2Fsvg%3E\" data-orig-src=\"https:\/\/labotigadecarnsbertran.cat\/wp-content\/uploads\/2022\/01\/MG_8345-500x333.jpg\" data-srcset=\"https:\/\/labotigadecarnsbertran.cat\/wp-content\/uploads\/2022\/01\/MG_8345-200x133.jpg 200w, https:\/\/labotigadecarnsbertran.cat\/wp-content\/uploads\/2022\/01\/MG_8345-300x200.jpg 300w, https:\/\/labotigadecarnsbertran.cat\/wp-content\/uploads\/2022\/01\/MG_8345-400x267.jpg 400w, https:\/\/labotigadecarnsbertran.cat\/wp-content\/uploads\/2022\/01\/MG_8345-500x333.jpg 500w, https:\/\/labotigadecarnsbertran.cat\/wp-content\/uploads\/2022\/01\/MG_8345-600x400.jpg 600w, https:\/\/labotigadecarnsbertran.cat\/wp-content\/uploads\/2022\/01\/MG_8345-700x467.jpg 700w, https:\/\/labotigadecarnsbertran.cat\/wp-content\/uploads\/2022\/01\/MG_8345-768x512.jpg 768w, https:\/\/labotigadecarnsbertran.cat\/wp-content\/uploads\/2022\/01\/MG_8345-800x533.jpg 800w, https:\/\/labotigadecarnsbertran.cat\/wp-content\/uploads\/2022\/01\/MG_8345-1024x683.jpg 1024w, https:\/\/labotigadecarnsbertran.cat\/wp-content\/uploads\/2022\/01\/MG_8345.jpg 1200w\" data-sizes=\"auto\" \/><div class=\"fusion-rollover\">\n\t<div class=\"fusion-rollover-content\">\n\n\t\t\t\t\n\t\t\n\t\t\t\t\t\t\t\t\n\t\t\t\t\t\t\t\t\n\t\t\n\t\t\t\t\t\t\t\t\t\t\t\t\t\t\t\n\t\t\t\t\t\t\n\t\t\t\t\t\t\t\t\t\t<div class=\"fusion-product-buttons\">\n\t\t\t\t\t<a href=\"https:\/\/labotigadecarnsbertran.cat\/es\/producto\/hamburguesa-de-cordero\/\" data-quantity=\"1\" class=\"button product_type_simple add_to_cart_button \" data-product_id=\"5370\" data-product_sku=\"12016\" aria-label=\"A\u00f1adir al carrito: &ldquo;Hamburguesa de cordero&rdquo;\" rel=\"nofollow\">Select options<\/a>\t<span id=\"woocommerce_loop_add_to_cart_link_describedby_5370\" class=\"screen-reader-text\">\n\t\t\t<\/span>\n<span class=\"fusion-rollover-linebreak\">\n\t\/<\/span>\n\n<a href=\"https:\/\/labotigadecarnsbertran.cat\/es\/producto\/hamburguesa-de-cordero\/\" class=\"show_details_button\">\n\tDetails<\/a>\n\n\t\t\t\t<\/div>\n\t\t\t\t\t\t\t\t\t<a class=\"fusion-link-wrapper\" href=\"https:\/\/labotigadecarnsbertran.cat\/es\/producto\/hamburguesa-de-cordero\/\" aria-label=\"Hamburguesa de cordero\"><\/a>\n\t<\/div>\n<\/div>\n<\/div>\n<\/div>\n<div class=\"fusion-product-content\">\n\t<div class=\"product-details\">\n\t\t<div class=\"product-details-container\">\n<h3 class=\"product-title\">\n\t<a href=\"https:\/\/labotigadecarnsbertran.cat\/es\/producto\/hamburguesa-de-cordero\/\">\n\t\tHamburguesa de cordero\t<\/a>\n<\/h3>\n<div class=\"fusion-price-rating\">\n\n\t<span class=\"price\"><span class=\"woocommerce-Price-amount amount\"><bdi>11,10&nbsp;<span class=\"woocommerce-Price-currencySymbol\">&euro;<\/span><\/bdi><\/span><\/span>\n\t\t<\/div>\n\t<\/div>\n<\/div>\n\n\t<\/div> \n\n\n<\/div>\n<\/li>\n<li class=\"product type-product post-5935 status-publish last instock product_cat-charcuteria-y-quesos product_cat-cocidos has-post-thumbnail taxable shipping-taxable purchasable product-type-variable product-grid-view\">\n\t<div class=\"fusion-product-wrapper\">\n\n<div class=\"fusion-clean-product-image-wrapper \">\n\t<div  class=\"fusion-image-wrapper fusion-image-size-fixed\" aria-haspopup=\"true\">\n\t\t\t\t<img decoding=\"async\" width=\"500\" height=\"333\" src=\"https:\/\/labotigadecarnsbertran.cat\/wp-content\/uploads\/2025\/12\/MG_8472-2-500x333.jpg\" class=\"attachment-woocommerce_thumbnail size-woocommerce_thumbnail lazyload wp-post-image\" alt=\"\" srcset=\"data:image\/svg+xml,%3Csvg%20xmlns%3D%27http%3A%2F%2Fwww.w3.org%2F2000%2Fsvg%27%20width%3D%271200%27%20height%3D%27800%27%20viewBox%3D%270%200%201200%20800%27%3E%3Crect%20width%3D%271200%27%20height%3D%27800%27%20fill-opacity%3D%220%22%2F%3E%3C%2Fsvg%3E\" data-orig-src=\"https:\/\/labotigadecarnsbertran.cat\/wp-content\/uploads\/2025\/12\/MG_8472-2-500x333.jpg\" data-srcset=\"https:\/\/labotigadecarnsbertran.cat\/wp-content\/uploads\/2025\/12\/MG_8472-2-200x133.jpg 200w, https:\/\/labotigadecarnsbertran.cat\/wp-content\/uploads\/2025\/12\/MG_8472-2-300x200.jpg 300w, https:\/\/labotigadecarnsbertran.cat\/wp-content\/uploads\/2025\/12\/MG_8472-2-400x267.jpg 400w, https:\/\/labotigadecarnsbertran.cat\/wp-content\/uploads\/2025\/12\/MG_8472-2-500x333.jpg 500w, https:\/\/labotigadecarnsbertran.cat\/wp-content\/uploads\/2025\/12\/MG_8472-2-600x400.jpg 600w, https:\/\/labotigadecarnsbertran.cat\/wp-content\/uploads\/2025\/12\/MG_8472-2-700x467.jpg 700w, https:\/\/labotigadecarnsbertran.cat\/wp-content\/uploads\/2025\/12\/MG_8472-2-768x512.jpg 768w, https:\/\/labotigadecarnsbertran.cat\/wp-content\/uploads\/2025\/12\/MG_8472-2-800x533.jpg 800w, https:\/\/labotigadecarnsbertran.cat\/wp-content\/uploads\/2025\/12\/MG_8472-2-1024x683.jpg 1024w, https:\/\/labotigadecarnsbertran.cat\/wp-content\/uploads\/2025\/12\/MG_8472-2.jpg 1200w\" data-sizes=\"auto\" \/><div class=\"fusion-rollover\">\n\t<div class=\"fusion-rollover-content\">\n\n\t\t\t\t\n\t\t\n\t\t\t\t\t\t\t\t\n\t\t\t\t\t\t\t\t\n\t\t\n\t\t\t\t\t\t\t\t\t\t\t\t\t\t\t\n\t\t\t\t\t\t\n\t\t\t\t\t\t\t\t\t\t<div class=\"fusion-product-buttons\">\n\t\t\t\t\t<a href=\"https:\/\/labotigadecarnsbertran.cat\/es\/producto\/pavo-ahumado\/\" aria-describedby=\"woocommerce_loop_add_to_cart_link_describedby_5935\" data-quantity=\"1\" class=\"button product_type_variable add_to_cart_button\" data-product_id=\"5935\" data-product_sku=\"32108\" aria-label=\"Elige las opciones para &ldquo;Pavo ahumado&rdquo;\" rel=\"nofollow\">Select options<\/a>\t<span id=\"woocommerce_loop_add_to_cart_link_describedby_5935\" class=\"screen-reader-text\">\n\t\tEste producto tiene m\u00faltiples variantes. Las opciones se pueden elegir en la p\u00e1gina de producto\t<\/span>\n<span class=\"fusion-rollover-linebreak\">\n\t\/<\/span>\n\n<a href=\"https:\/\/labotigadecarnsbertran.cat\/es\/producto\/pavo-ahumado\/\" class=\"show_details_button\">\n\tDetails<\/a>\n\n\t\t\t\t<\/div>\n\t\t\t\t\t\t\t\t\t<a class=\"fusion-link-wrapper\" href=\"https:\/\/labotigadecarnsbertran.cat\/es\/producto\/pavo-ahumado\/\" aria-label=\"Pavo ahumado\"><\/a>\n\t<\/div>\n<\/div>\n<\/div>\n<\/div>\n<div class=\"fusion-product-content\">\n\t<div class=\"product-details\">\n\t\t<div class=\"product-details-container\">\n<h3 class=\"product-title\">\n\t<a href=\"https:\/\/labotigadecarnsbertran.cat\/es\/producto\/pavo-ahumado\/\">\n\t\tPavo ahumado\t<\/a>\n<\/h3>\n<div class=\"fusion-price-rating\">\n\n\t<span class=\"price\"><span class=\"woocommerce-Price-amount amount\"><bdi>2,50&nbsp;<span class=\"woocommerce-Price-currencySymbol\">&euro;<\/span><\/bdi><\/span><\/span>\n\t\t<\/div>\n\t<\/div>\n<\/div>\n\n\t<\/div> \n\n\n<\/div>\n<\/li>\n<li class=\"product type-product post-5571 status-publish first instock product_cat-cerdo has-post-thumbnail taxable shipping-taxable purchasable product-type-simple product-grid-view\">\n\t<div class=\"fusion-product-wrapper\">\n\n<div class=\"fusion-clean-product-image-wrapper \">\n\t<div  class=\"fusion-image-wrapper fusion-image-size-fixed\" aria-haspopup=\"true\">\n\t\t\t\t<img decoding=\"async\" width=\"500\" height=\"333\" src=\"https:\/\/labotigadecarnsbertran.cat\/wp-content\/uploads\/2022\/03\/MG_8108-500x333.jpg\" class=\"attachment-woocommerce_thumbnail size-woocommerce_thumbnail lazyload wp-post-image\" alt=\"Llonzat de porc de pag\u00e8s\" srcset=\"data:image\/svg+xml,%3Csvg%20xmlns%3D%27http%3A%2F%2Fwww.w3.org%2F2000%2Fsvg%27%20width%3D%271200%27%20height%3D%27800%27%20viewBox%3D%270%200%201200%20800%27%3E%3Crect%20width%3D%271200%27%20height%3D%27800%27%20fill-opacity%3D%220%22%2F%3E%3C%2Fsvg%3E\" data-orig-src=\"https:\/\/labotigadecarnsbertran.cat\/wp-content\/uploads\/2022\/03\/MG_8108-500x333.jpg\" data-srcset=\"https:\/\/labotigadecarnsbertran.cat\/wp-content\/uploads\/2022\/03\/MG_8108-200x133.jpg 200w, https:\/\/labotigadecarnsbertran.cat\/wp-content\/uploads\/2022\/03\/MG_8108-300x200.jpg 300w, https:\/\/labotigadecarnsbertran.cat\/wp-content\/uploads\/2022\/03\/MG_8108-400x267.jpg 400w, https:\/\/labotigadecarnsbertran.cat\/wp-content\/uploads\/2022\/03\/MG_8108-500x333.jpg 500w, https:\/\/labotigadecarnsbertran.cat\/wp-content\/uploads\/2022\/03\/MG_8108-600x400.jpg 600w, https:\/\/labotigadecarnsbertran.cat\/wp-content\/uploads\/2022\/03\/MG_8108-700x467.jpg 700w, https:\/\/labotigadecarnsbertran.cat\/wp-content\/uploads\/2022\/03\/MG_8108-768x512.jpg 768w, https:\/\/labotigadecarnsbertran.cat\/wp-content\/uploads\/2022\/03\/MG_8108-800x533.jpg 800w, https:\/\/labotigadecarnsbertran.cat\/wp-content\/uploads\/2022\/03\/MG_8108-1024x683.jpg 1024w, https:\/\/labotigadecarnsbertran.cat\/wp-content\/uploads\/2022\/03\/MG_8108.jpg 1200w\" data-sizes=\"auto\" \/><div class=\"fusion-rollover\">\n\t<div class=\"fusion-rollover-content\">\n\n\t\t\t\t\n\t\t\n\t\t\t\t\t\t\t\t\n\t\t\t\t\t\t\t\t\n\t\t\n\t\t\t\t\t\t\t\t\t\t\t\t\t\t\t\n\t\t\t\t\t\t\n\t\t\t\t\t\t\t\t\t\t<div class=\"fusion-product-buttons\">\n\t\t\t\t\t<a href=\"https:\/\/labotigadecarnsbertran.cat\/es\/producto\/chuleta-de-cerdo-de-payes\/\" data-quantity=\"1\" class=\"button product_type_simple add_to_cart_button \" data-product_id=\"5571\" data-product_sku=\"10402\" aria-label=\"A\u00f1adir al carrito: &ldquo;Chuleta de cerdo de pay\u00e9s&rdquo;\" rel=\"nofollow\">Select options<\/a>\t<span id=\"woocommerce_loop_add_to_cart_link_describedby_5571\" class=\"screen-reader-text\">\n\t\t\t<\/span>\n<span class=\"fusion-rollover-linebreak\">\n\t\/<\/span>\n\n<a href=\"https:\/\/labotigadecarnsbertran.cat\/es\/producto\/chuleta-de-cerdo-de-payes\/\" class=\"show_details_button\">\n\tDetails<\/a>\n\n\t\t\t\t<\/div>\n\t\t\t\t\t\t\t\t\t<a class=\"fusion-link-wrapper\" href=\"https:\/\/labotigadecarnsbertran.cat\/es\/producto\/chuleta-de-cerdo-de-payes\/\" aria-label=\"Chuleta de cerdo de pay\u00e9s\"><\/a>\n\t<\/div>\n<\/div>\n<\/div>\n<\/div>\n<div class=\"fusion-product-content\">\n\t<div class=\"product-details\">\n\t\t<div class=\"product-details-container\">\n<h3 class=\"product-title\">\n\t<a href=\"https:\/\/labotigadecarnsbertran.cat\/es\/producto\/chuleta-de-cerdo-de-payes\/\">\n\t\tChuleta de cerdo de pay\u00e9s\t<\/a>\n<\/h3>\n<div class=\"fusion-price-rating\">\n\n\t<span class=\"price\"><span class=\"woocommerce-Price-amount amount\"><bdi>7,90&nbsp;<span class=\"woocommerce-Price-currencySymbol\">&euro;<\/span><\/bdi><\/span><\/span>\n\t\t<\/div>\n\t<\/div>\n<\/div>\n\n\t<\/div> \n\n\n<\/div>\n<\/li>\n<li class=\"product type-product post-5215 status-publish instock product_cat-ternera-vaca-y-buey has-post-thumbnail taxable shipping-taxable purchasable product-type-simple product-grid-view\">\n\t<div class=\"fusion-product-wrapper\">\n\n<div class=\"fusion-clean-product-image-wrapper \">\n\t<div  class=\"fusion-image-wrapper fusion-image-size-fixed\" aria-haspopup=\"true\">\n\t\t\t\t<img decoding=\"async\" width=\"500\" height=\"333\" src=\"https:\/\/labotigadecarnsbertran.cat\/wp-content\/uploads\/2022\/03\/MG_8870-500x333.jpg\" class=\"attachment-woocommerce_thumbnail size-woocommerce_thumbnail lazyload wp-post-image\" alt=\"Ossos de vedella\" srcset=\"data:image\/svg+xml,%3Csvg%20xmlns%3D%27http%3A%2F%2Fwww.w3.org%2F2000%2Fsvg%27%20width%3D%271200%27%20height%3D%27800%27%20viewBox%3D%270%200%201200%20800%27%3E%3Crect%20width%3D%271200%27%20height%3D%27800%27%20fill-opacity%3D%220%22%2F%3E%3C%2Fsvg%3E\" data-orig-src=\"https:\/\/labotigadecarnsbertran.cat\/wp-content\/uploads\/2022\/03\/MG_8870-500x333.jpg\" data-srcset=\"https:\/\/labotigadecarnsbertran.cat\/wp-content\/uploads\/2022\/03\/MG_8870-200x133.jpg 200w, https:\/\/labotigadecarnsbertran.cat\/wp-content\/uploads\/2022\/03\/MG_8870-300x200.jpg 300w, https:\/\/labotigadecarnsbertran.cat\/wp-content\/uploads\/2022\/03\/MG_8870-400x267.jpg 400w, https:\/\/labotigadecarnsbertran.cat\/wp-content\/uploads\/2022\/03\/MG_8870-500x333.jpg 500w, https:\/\/labotigadecarnsbertran.cat\/wp-content\/uploads\/2022\/03\/MG_8870-600x400.jpg 600w, https:\/\/labotigadecarnsbertran.cat\/wp-content\/uploads\/2022\/03\/MG_8870-700x467.jpg 700w, https:\/\/labotigadecarnsbertran.cat\/wp-content\/uploads\/2022\/03\/MG_8870-768x512.jpg 768w, https:\/\/labotigadecarnsbertran.cat\/wp-content\/uploads\/2022\/03\/MG_8870-800x533.jpg 800w, https:\/\/labotigadecarnsbertran.cat\/wp-content\/uploads\/2022\/03\/MG_8870-1024x683.jpg 1024w, https:\/\/labotigadecarnsbertran.cat\/wp-content\/uploads\/2022\/03\/MG_8870.jpg 1200w\" data-sizes=\"auto\" \/><div class=\"fusion-rollover\">\n\t<div class=\"fusion-rollover-content\">\n\n\t\t\t\t\n\t\t\n\t\t\t\t\t\t\t\t\n\t\t\t\t\t\t\t\t\n\t\t\n\t\t\t\t\t\t\t\t\t\t\t\t\t\t\t\n\t\t\t\t\t\t\n\t\t\t\t\t\t\t\t\t\t<div class=\"fusion-product-buttons\">\n\t\t\t\t\t<a href=\"https:\/\/labotigadecarnsbertran.cat\/es\/producto\/huesos-de-ternera\/\" data-quantity=\"1\" class=\"button product_type_simple add_to_cart_button \" data-product_id=\"5215\" data-product_sku=\"11012\" aria-label=\"A\u00f1adir al carrito: &ldquo;Huesos de ternera&rdquo;\" rel=\"nofollow\">Select options<\/a>\t<span id=\"woocommerce_loop_add_to_cart_link_describedby_5215\" class=\"screen-reader-text\">\n\t\t\t<\/span>\n<span class=\"fusion-rollover-linebreak\">\n\t\/<\/span>\n\n<a href=\"https:\/\/labotigadecarnsbertran.cat\/es\/producto\/huesos-de-ternera\/\" class=\"show_details_button\">\n\tDetails<\/a>\n\n\t\t\t\t<\/div>\n\t\t\t\t\t\t\t\t\t<a class=\"fusion-link-wrapper\" href=\"https:\/\/labotigadecarnsbertran.cat\/es\/producto\/huesos-de-ternera\/\" aria-label=\"Huesos de ternera\"><\/a>\n\t<\/div>\n<\/div>\n<\/div>\n<\/div>\n<div class=\"fusion-product-content\">\n\t<div class=\"product-details\">\n\t\t<div class=\"product-details-container\">\n<h3 class=\"product-title\">\n\t<a href=\"https:\/\/labotigadecarnsbertran.cat\/es\/producto\/huesos-de-ternera\/\">\n\t\tHuesos de ternera\t<\/a>\n<\/h3>\n<div class=\"fusion-price-rating\">\n\n\t<span class=\"price\"><span class=\"woocommerce-Price-amount amount\"><bdi>1,60&nbsp;<span class=\"woocommerce-Price-currencySymbol\">&euro;<\/span><\/bdi><\/span><\/span>\n\t\t<\/div>\n\t<\/div>\n<\/div>\n\n\t<\/div> \n\n\n<\/div>\n<\/li>\n<li class=\"product type-product post-5216 status-publish last instock product_cat-ternera-vaca-y-buey has-post-thumbnail featured taxable shipping-taxable purchasable product-type-simple product-grid-view\">\n\t<div class=\"fusion-product-wrapper\">\n\n<div class=\"fusion-clean-product-image-wrapper \">\n\t<div  class=\"fusion-image-wrapper fusion-image-size-fixed\" aria-haspopup=\"true\">\n\t\t\t\t<img decoding=\"async\" width=\"500\" height=\"333\" src=\"https:\/\/labotigadecarnsbertran.cat\/wp-content\/uploads\/2022\/03\/MG_8844-500x333.jpg\" class=\"attachment-woocommerce_thumbnail size-woocommerce_thumbnail lazyload wp-post-image\" alt=\"Xurrasco adobat\" srcset=\"data:image\/svg+xml,%3Csvg%20xmlns%3D%27http%3A%2F%2Fwww.w3.org%2F2000%2Fsvg%27%20width%3D%271200%27%20height%3D%27800%27%20viewBox%3D%270%200%201200%20800%27%3E%3Crect%20width%3D%271200%27%20height%3D%27800%27%20fill-opacity%3D%220%22%2F%3E%3C%2Fsvg%3E\" data-orig-src=\"https:\/\/labotigadecarnsbertran.cat\/wp-content\/uploads\/2022\/03\/MG_8844-500x333.jpg\" data-srcset=\"https:\/\/labotigadecarnsbertran.cat\/wp-content\/uploads\/2022\/03\/MG_8844-200x133.jpg 200w, https:\/\/labotigadecarnsbertran.cat\/wp-content\/uploads\/2022\/03\/MG_8844-300x200.jpg 300w, https:\/\/labotigadecarnsbertran.cat\/wp-content\/uploads\/2022\/03\/MG_8844-400x267.jpg 400w, https:\/\/labotigadecarnsbertran.cat\/wp-content\/uploads\/2022\/03\/MG_8844-500x333.jpg 500w, https:\/\/labotigadecarnsbertran.cat\/wp-content\/uploads\/2022\/03\/MG_8844-600x400.jpg 600w, https:\/\/labotigadecarnsbertran.cat\/wp-content\/uploads\/2022\/03\/MG_8844-700x467.jpg 700w, https:\/\/labotigadecarnsbertran.cat\/wp-content\/uploads\/2022\/03\/MG_8844-768x512.jpg 768w, https:\/\/labotigadecarnsbertran.cat\/wp-content\/uploads\/2022\/03\/MG_8844-800x533.jpg 800w, https:\/\/labotigadecarnsbertran.cat\/wp-content\/uploads\/2022\/03\/MG_8844-1024x683.jpg 1024w, https:\/\/labotigadecarnsbertran.cat\/wp-content\/uploads\/2022\/03\/MG_8844.jpg 1200w\" data-sizes=\"auto\" \/><div class=\"fusion-rollover\">\n\t<div class=\"fusion-rollover-content\">\n\n\t\t\t\t\n\t\t\n\t\t\t\t\t\t\t\t\n\t\t\t\t\t\t\t\t\n\t\t\n\t\t\t\t\t\t\t\t\t\t\t\t\t\t\t\n\t\t\t\t\t\t\n\t\t\t\t\t\t\t\t\t\t<div class=\"fusion-product-buttons\">\n\t\t\t\t\t<a href=\"https:\/\/labotigadecarnsbertran.cat\/es\/producto\/churrasco-alinado\/\" data-quantity=\"1\" class=\"button product_type_simple add_to_cart_button \" data-product_id=\"5216\" data-product_sku=\"11009\" aria-label=\"A\u00f1adir al carrito: &ldquo;Churrasco ali\u00f1ado&rdquo;\" rel=\"nofollow\">Select options<\/a>\t<span id=\"woocommerce_loop_add_to_cart_link_describedby_5216\" class=\"screen-reader-text\">\n\t\t\t<\/span>\n<span class=\"fusion-rollover-linebreak\">\n\t\/<\/span>\n\n<a href=\"https:\/\/labotigadecarnsbertran.cat\/es\/producto\/churrasco-alinado\/\" class=\"show_details_button\">\n\tDetails<\/a>\n\n\t\t\t\t<\/div>\n\t\t\t\t\t\t\t\t\t<a class=\"fusion-link-wrapper\" href=\"https:\/\/labotigadecarnsbertran.cat\/es\/producto\/churrasco-alinado\/\" aria-label=\"Churrasco ali\u00f1ado\"><\/a>\n\t<\/div>\n<\/div>\n<\/div>\n<\/div>\n<div class=\"fusion-product-content\">\n\t<div class=\"product-details\">\n\t\t<div class=\"product-details-container\">\n<h3 class=\"product-title\">\n\t<a href=\"https:\/\/labotigadecarnsbertran.cat\/es\/producto\/churrasco-alinado\/\">\n\t\tChurrasco ali\u00f1ado\t<\/a>\n<\/h3>\n<div class=\"fusion-price-rating\">\n\n\t<span class=\"price\"><span class=\"woocommerce-Price-amount amount\"><bdi>11,00&nbsp;<span class=\"woocommerce-Price-currencySymbol\">&euro;<\/span><\/bdi><\/span><\/span>\n\t\t<\/div>\n\t<\/div>\n<\/div>\n\n\t<\/div> \n\n\n<\/div>\n<\/li>\n<li class=\"product type-product post-5228 status-publish first instock product_cat-cerdo has-post-thumbnail taxable shipping-taxable purchasable product-type-variable product-grid-view\">\n\t<div class=\"fusion-product-wrapper\">\n\n<div class=\"fusion-clean-product-image-wrapper \">\n\t<div  class=\"fusion-image-wrapper fusion-image-size-fixed\" aria-haspopup=\"true\">\n\t\t\t\t<img decoding=\"async\" width=\"500\" height=\"333\" src=\"https:\/\/labotigadecarnsbertran.cat\/wp-content\/uploads\/2022\/03\/MG_8115-500x333.jpg\" class=\"attachment-woocommerce_thumbnail size-woocommerce_thumbnail lazyload wp-post-image\" alt=\"Magre de porc de pag\u00e8s\" srcset=\"data:image\/svg+xml,%3Csvg%20xmlns%3D%27http%3A%2F%2Fwww.w3.org%2F2000%2Fsvg%27%20width%3D%271200%27%20height%3D%27800%27%20viewBox%3D%270%200%201200%20800%27%3E%3Crect%20width%3D%271200%27%20height%3D%27800%27%20fill-opacity%3D%220%22%2F%3E%3C%2Fsvg%3E\" data-orig-src=\"https:\/\/labotigadecarnsbertran.cat\/wp-content\/uploads\/2022\/03\/MG_8115-500x333.jpg\" data-srcset=\"https:\/\/labotigadecarnsbertran.cat\/wp-content\/uploads\/2022\/03\/MG_8115-200x133.jpg 200w, https:\/\/labotigadecarnsbertran.cat\/wp-content\/uploads\/2022\/03\/MG_8115-300x200.jpg 300w, https:\/\/labotigadecarnsbertran.cat\/wp-content\/uploads\/2022\/03\/MG_8115-400x267.jpg 400w, https:\/\/labotigadecarnsbertran.cat\/wp-content\/uploads\/2022\/03\/MG_8115-500x333.jpg 500w, https:\/\/labotigadecarnsbertran.cat\/wp-content\/uploads\/2022\/03\/MG_8115-600x400.jpg 600w, https:\/\/labotigadecarnsbertran.cat\/wp-content\/uploads\/2022\/03\/MG_8115-700x467.jpg 700w, https:\/\/labotigadecarnsbertran.cat\/wp-content\/uploads\/2022\/03\/MG_8115-768x512.jpg 768w, https:\/\/labotigadecarnsbertran.cat\/wp-content\/uploads\/2022\/03\/MG_8115-800x533.jpg 800w, https:\/\/labotigadecarnsbertran.cat\/wp-content\/uploads\/2022\/03\/MG_8115-1024x683.jpg 1024w, https:\/\/labotigadecarnsbertran.cat\/wp-content\/uploads\/2022\/03\/MG_8115.jpg 1200w\" data-sizes=\"auto\" \/><div class=\"fusion-rollover\">\n\t<div class=\"fusion-rollover-content\">\n\n\t\t\t\t\n\t\t\n\t\t\t\t\t\t\t\t\n\t\t\t\t\t\t\t\t\n\t\t\n\t\t\t\t\t\t\t\t\t\t\t\t\t\t\t\n\t\t\t\t\t\t\n\t\t\t\t\t\t\t\t\t\t<div class=\"fusion-product-buttons\">\n\t\t\t\t\t<a href=\"https:\/\/labotigadecarnsbertran.cat\/es\/producto\/magro-de-cerdo-de-payes\/\" aria-describedby=\"woocommerce_loop_add_to_cart_link_describedby_5228\" data-quantity=\"1\" class=\"button product_type_variable add_to_cart_button\" data-product_id=\"5228\" data-product_sku=\"10415\" aria-label=\"Elige las opciones para &ldquo;Magro de cerdo de pay\u00e9s&rdquo;\" rel=\"nofollow\">Select options<\/a>\t<span id=\"woocommerce_loop_add_to_cart_link_describedby_5228\" class=\"screen-reader-text\">\n\t\tEste producto tiene m\u00faltiples variantes. Las opciones se pueden elegir en la p\u00e1gina de producto\t<\/span>\n<span class=\"fusion-rollover-linebreak\">\n\t\/<\/span>\n\n<a href=\"https:\/\/labotigadecarnsbertran.cat\/es\/producto\/magro-de-cerdo-de-payes\/\" class=\"show_details_button\">\n\tDetails<\/a>\n\n\t\t\t\t<\/div>\n\t\t\t\t\t\t\t\t\t<a class=\"fusion-link-wrapper\" href=\"https:\/\/labotigadecarnsbertran.cat\/es\/producto\/magro-de-cerdo-de-payes\/\" aria-label=\"Magro de cerdo de pay\u00e9s\"><\/a>\n\t<\/div>\n<\/div>\n<\/div>\n<\/div>\n<div class=\"fusion-product-content\">\n\t<div class=\"product-details\">\n\t\t<div class=\"product-details-container\">\n<h3 class=\"product-title\">\n\t<a href=\"https:\/\/labotigadecarnsbertran.cat\/es\/producto\/magro-de-cerdo-de-payes\/\">\n\t\tMagro de cerdo de pay\u00e9s\t<\/a>\n<\/h3>\n<div class=\"fusion-price-rating\">\n\n\t<span class=\"price\"><span class=\"woocommerce-Price-amount amount\" aria-hidden=\"true\"><bdi>3,20&nbsp;<span class=\"woocommerce-Price-currencySymbol\">&euro;<\/span><\/bdi><\/span> <span aria-hidden=\"true\">-<\/span> <span class=\"woocommerce-Price-amount amount\" aria-hidden=\"true\"><bdi>6,50&nbsp;<span class=\"woocommerce-Price-currencySymbol\">&euro;<\/span><\/bdi><\/span><span class=\"screen-reader-text\">Rango de precios: desde 3,20&nbsp;&euro; hasta 6,50&nbsp;&euro;<\/span><\/span>\n\t\t<\/div>\n\t<\/div>\n<\/div>\n\n\t<\/div> \n\n\n<\/div>\n<\/li>\n<li class=\"product type-product post-5943 status-publish instock product_cat-charcuteria-y-quesos product_cat-cocidos has-post-thumbnail taxable shipping-taxable purchasable product-type-variable product-grid-view\">\n\t<div class=\"fusion-product-wrapper\">\n\n<div class=\"fusion-clean-product-image-wrapper \">\n\t<div  class=\"fusion-image-wrapper fusion-image-size-fixed\" aria-haspopup=\"true\">\n\t\t\t\t<img decoding=\"async\" width=\"500\" height=\"333\" src=\"https:\/\/labotigadecarnsbertran.cat\/wp-content\/uploads\/2025\/12\/MG_8717-500x333.jpg\" class=\"attachment-woocommerce_thumbnail size-woocommerce_thumbnail lazyload wp-post-image\" alt=\"\" srcset=\"data:image\/svg+xml,%3Csvg%20xmlns%3D%27http%3A%2F%2Fwww.w3.org%2F2000%2Fsvg%27%20width%3D%271200%27%20height%3D%27800%27%20viewBox%3D%270%200%201200%20800%27%3E%3Crect%20width%3D%271200%27%20height%3D%27800%27%20fill-opacity%3D%220%22%2F%3E%3C%2Fsvg%3E\" data-orig-src=\"https:\/\/labotigadecarnsbertran.cat\/wp-content\/uploads\/2025\/12\/MG_8717-500x333.jpg\" data-srcset=\"https:\/\/labotigadecarnsbertran.cat\/wp-content\/uploads\/2025\/12\/MG_8717-200x133.jpg 200w, https:\/\/labotigadecarnsbertran.cat\/wp-content\/uploads\/2025\/12\/MG_8717-300x200.jpg 300w, https:\/\/labotigadecarnsbertran.cat\/wp-content\/uploads\/2025\/12\/MG_8717-400x267.jpg 400w, https:\/\/labotigadecarnsbertran.cat\/wp-content\/uploads\/2025\/12\/MG_8717-500x333.jpg 500w, https:\/\/labotigadecarnsbertran.cat\/wp-content\/uploads\/2025\/12\/MG_8717-600x400.jpg 600w, https:\/\/labotigadecarnsbertran.cat\/wp-content\/uploads\/2025\/12\/MG_8717-700x467.jpg 700w, https:\/\/labotigadecarnsbertran.cat\/wp-content\/uploads\/2025\/12\/MG_8717-768x512.jpg 768w, https:\/\/labotigadecarnsbertran.cat\/wp-content\/uploads\/2025\/12\/MG_8717-800x533.jpg 800w, https:\/\/labotigadecarnsbertran.cat\/wp-content\/uploads\/2025\/12\/MG_8717-1024x683.jpg 1024w, https:\/\/labotigadecarnsbertran.cat\/wp-content\/uploads\/2025\/12\/MG_8717.jpg 1200w\" data-sizes=\"auto\" \/><div class=\"fusion-rollover\">\n\t<div class=\"fusion-rollover-content\">\n\n\t\t\t\t\n\t\t\n\t\t\t\t\t\t\t\t\n\t\t\t\t\t\t\t\t\n\t\t\n\t\t\t\t\t\t\t\t\t\t\t\t\t\t\t\n\t\t\t\t\t\t\n\t\t\t\t\t\t\t\t\t\t<div class=\"fusion-product-buttons\">\n\t\t\t\t\t<a href=\"https:\/\/labotigadecarnsbertran.cat\/es\/producto\/bisbe-con-revuelto-de-ajos-tiernos\/\" aria-describedby=\"woocommerce_loop_add_to_cart_link_describedby_5943\" data-quantity=\"1\" class=\"button product_type_variable add_to_cart_button\" data-product_id=\"5943\" data-product_sku=\"40004\" aria-label=\"Elige las opciones para &ldquo;Bisbe con revuelto de ajos tiernos&rdquo;\" rel=\"nofollow\">Select options<\/a>\t<span id=\"woocommerce_loop_add_to_cart_link_describedby_5943\" class=\"screen-reader-text\">\n\t\tEste producto tiene m\u00faltiples variantes. Las opciones se pueden elegir en la p\u00e1gina de producto\t<\/span>\n<span class=\"fusion-rollover-linebreak\">\n\t\/<\/span>\n\n<a href=\"https:\/\/labotigadecarnsbertran.cat\/es\/producto\/bisbe-con-revuelto-de-ajos-tiernos\/\" class=\"show_details_button\">\n\tDetails<\/a>\n\n\t\t\t\t<\/div>\n\t\t\t\t\t\t\t\t\t<a class=\"fusion-link-wrapper\" href=\"https:\/\/labotigadecarnsbertran.cat\/es\/producto\/bisbe-con-revuelto-de-ajos-tiernos\/\" aria-label=\"Bisbe con revuelto de ajos tiernos\"><\/a>\n\t<\/div>\n<\/div>\n<\/div>\n<\/div>\n<div class=\"fusion-product-content\">\n\t<div class=\"product-details\">\n\t\t<div class=\"product-details-container\">\n<h3 class=\"product-title\">\n\t<a href=\"https:\/\/labotigadecarnsbertran.cat\/es\/producto\/bisbe-con-revuelto-de-ajos-tiernos\/\">\n\t\tBisbe con revuelto de ajos tiernos\t<\/a>\n<\/h3>\n<div class=\"fusion-price-rating\">\n\n\t<span class=\"price\"><span class=\"woocommerce-Price-amount amount\"><bdi>2,40&nbsp;<span class=\"woocommerce-Price-currencySymbol\">&euro;<\/span><\/bdi><\/span><\/span>\n\t\t<\/div>\n\t<\/div>\n<\/div>\n\n\t<\/div> \n\n\n<\/div>\n<\/li>\n<li class=\"product type-product post-5394 status-publish last instock product_cat-ternera-vaca-y-buey has-post-thumbnail taxable shipping-taxable purchasable product-type-variable product-grid-view\">\n\t<div class=\"fusion-product-wrapper\">\n\n<div class=\"fusion-clean-product-image-wrapper \">\n\t<div  class=\"fusion-image-wrapper fusion-image-size-fixed\" aria-haspopup=\"true\">\n\t\t\t\t<img decoding=\"async\" width=\"500\" height=\"333\" src=\"https:\/\/labotigadecarnsbertran.cat\/wp-content\/uploads\/2022\/01\/MG_8876-500x333.jpg\" class=\"attachment-woocommerce_thumbnail size-woocommerce_thumbnail lazyload wp-post-image\" alt=\"Bistec de vedella\" srcset=\"data:image\/svg+xml,%3Csvg%20xmlns%3D%27http%3A%2F%2Fwww.w3.org%2F2000%2Fsvg%27%20width%3D%271200%27%20height%3D%27800%27%20viewBox%3D%270%200%201200%20800%27%3E%3Crect%20width%3D%271200%27%20height%3D%27800%27%20fill-opacity%3D%220%22%2F%3E%3C%2Fsvg%3E\" data-orig-src=\"https:\/\/labotigadecarnsbertran.cat\/wp-content\/uploads\/2022\/01\/MG_8876-500x333.jpg\" data-srcset=\"https:\/\/labotigadecarnsbertran.cat\/wp-content\/uploads\/2022\/01\/MG_8876-200x133.jpg 200w, https:\/\/labotigadecarnsbertran.cat\/wp-content\/uploads\/2022\/01\/MG_8876-300x200.jpg 300w, https:\/\/labotigadecarnsbertran.cat\/wp-content\/uploads\/2022\/01\/MG_8876-400x267.jpg 400w, https:\/\/labotigadecarnsbertran.cat\/wp-content\/uploads\/2022\/01\/MG_8876-500x333.jpg 500w, https:\/\/labotigadecarnsbertran.cat\/wp-content\/uploads\/2022\/01\/MG_8876-600x400.jpg 600w, https:\/\/labotigadecarnsbertran.cat\/wp-content\/uploads\/2022\/01\/MG_8876-700x467.jpg 700w, https:\/\/labotigadecarnsbertran.cat\/wp-content\/uploads\/2022\/01\/MG_8876-768x512.jpg 768w, https:\/\/labotigadecarnsbertran.cat\/wp-content\/uploads\/2022\/01\/MG_8876-800x533.jpg 800w, https:\/\/labotigadecarnsbertran.cat\/wp-content\/uploads\/2022\/01\/MG_8876-1024x683.jpg 1024w, https:\/\/labotigadecarnsbertran.cat\/wp-content\/uploads\/2022\/01\/MG_8876.jpg 1200w\" data-sizes=\"auto\" \/><div class=\"fusion-rollover\">\n\t<div class=\"fusion-rollover-content\">\n\n\t\t\t\t\n\t\t\n\t\t\t\t\t\t\t\t\n\t\t\t\t\t\t\t\t\n\t\t\n\t\t\t\t\t\t\t\t\t\t\t\t\t\t\t\n\t\t\t\t\t\t\n\t\t\t\t\t\t\t\t\t\t<div class=\"fusion-product-buttons\">\n\t\t\t\t\t<a href=\"https:\/\/labotigadecarnsbertran.cat\/es\/producto\/bistec-de-ternera-extra\/\" aria-describedby=\"woocommerce_loop_add_to_cart_link_describedby_5394\" data-quantity=\"1\" class=\"button product_type_variable add_to_cart_button\" data-product_id=\"5394\" data-product_sku=\"11000\" aria-label=\"Elige las opciones para &ldquo;Bistec de Ternera extra&rdquo;\" rel=\"nofollow\">Select options<\/a>\t<span id=\"woocommerce_loop_add_to_cart_link_describedby_5394\" class=\"screen-reader-text\">\n\t\tEste producto tiene m\u00faltiples variantes. Las opciones se pueden elegir en la p\u00e1gina de producto\t<\/span>\n<span class=\"fusion-rollover-linebreak\">\n\t\/<\/span>\n\n<a href=\"https:\/\/labotigadecarnsbertran.cat\/es\/producto\/bistec-de-ternera-extra\/\" class=\"show_details_button\">\n\tDetails<\/a>\n\n\t\t\t\t<\/div>\n\t\t\t\t\t\t\t\t\t<a class=\"fusion-link-wrapper\" href=\"https:\/\/labotigadecarnsbertran.cat\/es\/producto\/bistec-de-ternera-extra\/\" aria-label=\"Bistec de Ternera extra\"><\/a>\n\t<\/div>\n<\/div>\n<\/div>\n<\/div>\n<div class=\"fusion-product-content\">\n\t<div class=\"product-details\">\n\t\t<div class=\"product-details-container\">\n<h3 class=\"product-title\">\n\t<a href=\"https:\/\/labotigadecarnsbertran.cat\/es\/producto\/bistec-de-ternera-extra\/\">\n\t\tBistec de Ternera extra\t<\/a>\n<\/h3>\n<div class=\"fusion-price-rating\">\n\n\t<span class=\"price\"><span class=\"woocommerce-Price-amount amount\"><bdi>12,90&nbsp;<span class=\"woocommerce-Price-currencySymbol\">&euro;<\/span><\/bdi><\/span><\/span>\n\t\t<\/div>\n\t<\/div>\n<\/div>\n\n\t<\/div> \n\n\n<\/div>\n<\/li>\n<li class=\"product type-product post-5425 status-publish first instock product_cat-cerdo has-post-thumbnail taxable shipping-taxable purchasable product-type-variable product-grid-view\">\n\t<div class=\"fusion-product-wrapper\">\n\n<div class=\"fusion-clean-product-image-wrapper \">\n\t<div  class=\"fusion-image-wrapper fusion-image-size-fixed\" aria-haspopup=\"true\">\n\t\t\t\t<img decoding=\"async\" width=\"500\" height=\"333\" src=\"https:\/\/labotigadecarnsbertran.cat\/wp-content\/uploads\/2022\/01\/MG_8675-500x333.jpg\" class=\"attachment-woocommerce_thumbnail size-woocommerce_thumbnail lazyload wp-post-image\" alt=\"Llibrets variats\" srcset=\"data:image\/svg+xml,%3Csvg%20xmlns%3D%27http%3A%2F%2Fwww.w3.org%2F2000%2Fsvg%27%20width%3D%271200%27%20height%3D%27800%27%20viewBox%3D%270%200%201200%20800%27%3E%3Crect%20width%3D%271200%27%20height%3D%27800%27%20fill-opacity%3D%220%22%2F%3E%3C%2Fsvg%3E\" data-orig-src=\"https:\/\/labotigadecarnsbertran.cat\/wp-content\/uploads\/2022\/01\/MG_8675-500x333.jpg\" data-srcset=\"https:\/\/labotigadecarnsbertran.cat\/wp-content\/uploads\/2022\/01\/MG_8675-200x133.jpg 200w, https:\/\/labotigadecarnsbertran.cat\/wp-content\/uploads\/2022\/01\/MG_8675-300x200.jpg 300w, https:\/\/labotigadecarnsbertran.cat\/wp-content\/uploads\/2022\/01\/MG_8675-400x267.jpg 400w, https:\/\/labotigadecarnsbertran.cat\/wp-content\/uploads\/2022\/01\/MG_8675-500x333.jpg 500w, https:\/\/labotigadecarnsbertran.cat\/wp-content\/uploads\/2022\/01\/MG_8675-600x400.jpg 600w, https:\/\/labotigadecarnsbertran.cat\/wp-content\/uploads\/2022\/01\/MG_8675-700x467.jpg 700w, https:\/\/labotigadecarnsbertran.cat\/wp-content\/uploads\/2022\/01\/MG_8675-768x512.jpg 768w, https:\/\/labotigadecarnsbertran.cat\/wp-content\/uploads\/2022\/01\/MG_8675-800x533.jpg 800w, https:\/\/labotigadecarnsbertran.cat\/wp-content\/uploads\/2022\/01\/MG_8675-1024x683.jpg 1024w, https:\/\/labotigadecarnsbertran.cat\/wp-content\/uploads\/2022\/01\/MG_8675.jpg 1200w\" data-sizes=\"auto\" \/><div class=\"fusion-rollover\">\n\t<div class=\"fusion-rollover-content\">\n\n\t\t\t\t\n\t\t\n\t\t\t\t\t\t\t\t\n\t\t\t\t\t\t\t\t\n\t\t\n\t\t\t\t\t\t\t\t\t\t\t\t\t\t\t\n\t\t\t\t\t\t\n\t\t\t\t\t\t\t\t\t\t<div class=\"fusion-product-buttons\">\n\t\t\t\t\t<a href=\"https:\/\/labotigadecarnsbertran.cat\/es\/producto\/librito-empanado-de-jamon-dulce-y-queso\/\" aria-describedby=\"woocommerce_loop_add_to_cart_link_describedby_5425\" data-quantity=\"1\" class=\"button product_type_variable add_to_cart_button\" data-product_id=\"5425\" data-product_sku=\"10446\" aria-label=\"Elige las opciones para &ldquo;Librito empanado de Jam\u00f3n dulce y Queso&rdquo;\" rel=\"nofollow\">Select options<\/a>\t<span id=\"woocommerce_loop_add_to_cart_link_describedby_5425\" class=\"screen-reader-text\">\n\t\tEste producto tiene m\u00faltiples variantes. Las opciones se pueden elegir en la p\u00e1gina de producto\t<\/span>\n<span class=\"fusion-rollover-linebreak\">\n\t\/<\/span>\n\n<a href=\"https:\/\/labotigadecarnsbertran.cat\/es\/producto\/librito-empanado-de-jamon-dulce-y-queso\/\" class=\"show_details_button\">\n\tDetails<\/a>\n\n\t\t\t\t<\/div>\n\t\t\t\t\t\t\t\t\t<a class=\"fusion-link-wrapper\" href=\"https:\/\/labotigadecarnsbertran.cat\/es\/producto\/librito-empanado-de-jamon-dulce-y-queso\/\" aria-label=\"Librito empanado de Jam\u00f3n dulce y Queso\"><\/a>\n\t<\/div>\n<\/div>\n<\/div>\n<\/div>\n<div class=\"fusion-product-content\">\n\t<div class=\"product-details\">\n\t\t<div class=\"product-details-container\">\n<h3 class=\"product-title\">\n\t<a href=\"https:\/\/labotigadecarnsbertran.cat\/es\/producto\/librito-empanado-de-jamon-dulce-y-queso\/\">\n\t\tLibrito empanado de Jam\u00f3n dulce y Queso\t<\/a>\n<\/h3>\n<div class=\"fusion-price-rating\">\n\n\t<span class=\"price\"><span class=\"woocommerce-Price-amount amount\"><bdi>8,50&nbsp;<span class=\"woocommerce-Price-currencySymbol\">&euro;<\/span><\/bdi><\/span><\/span>\n\t\t<\/div>\n\t<\/div>\n<\/div>\n\n\t<\/div> \n\n\n<\/div>\n<\/li>\n<li class=\"product type-product post-5156 status-publish instock product_cat-ternera-vaca-y-buey has-post-thumbnail taxable shipping-taxable purchasable product-type-simple product-grid-view\">\n\t<div class=\"fusion-product-wrapper\">\n\n<div class=\"fusion-clean-product-image-wrapper \">\n\t<div  class=\"fusion-image-wrapper fusion-image-size-fixed\" aria-haspopup=\"true\">\n\t\t\t\t<img decoding=\"async\" width=\"500\" height=\"350\" src=\"https:\/\/labotigadecarnsbertran.cat\/wp-content\/uploads\/2024\/05\/11027.1-500x350.jpg\" class=\"attachment-woocommerce_thumbnail size-woocommerce_thumbnail lazyload wp-post-image\" alt=\"\" srcset=\"data:image\/svg+xml,%3Csvg%20xmlns%3D%27http%3A%2F%2Fwww.w3.org%2F2000%2Fsvg%27%20width%3D%27612%27%20height%3D%27428%27%20viewBox%3D%270%200%20612%20428%27%3E%3Crect%20width%3D%27612%27%20height%3D%27428%27%20fill-opacity%3D%220%22%2F%3E%3C%2Fsvg%3E\" data-orig-src=\"https:\/\/labotigadecarnsbertran.cat\/wp-content\/uploads\/2024\/05\/11027.1-500x350.jpg\" data-srcset=\"https:\/\/labotigadecarnsbertran.cat\/wp-content\/uploads\/2024\/05\/11027.1-200x140.jpg 200w, https:\/\/labotigadecarnsbertran.cat\/wp-content\/uploads\/2024\/05\/11027.1-300x210.jpg 300w, https:\/\/labotigadecarnsbertran.cat\/wp-content\/uploads\/2024\/05\/11027.1-400x280.jpg 400w, https:\/\/labotigadecarnsbertran.cat\/wp-content\/uploads\/2024\/05\/11027.1-500x350.jpg 500w, https:\/\/labotigadecarnsbertran.cat\/wp-content\/uploads\/2024\/05\/11027.1-600x420.jpg 600w, https:\/\/labotigadecarnsbertran.cat\/wp-content\/uploads\/2024\/05\/11027.1.jpg 612w\" data-sizes=\"auto\" \/><div class=\"fusion-rollover\">\n\t<div class=\"fusion-rollover-content\">\n\n\t\t\t\t\n\t\t\n\t\t\t\t\t\t\t\t\n\t\t\t\t\t\t\t\t\n\t\t\n\t\t\t\t\t\t\t\t\t\t\t\t\t\t\t\n\t\t\t\t\t\t\n\t\t\t\t\t\t\t\t\t\t<div class=\"fusion-product-buttons\">\n\t\t\t\t\t<a href=\"https:\/\/labotigadecarnsbertran.cat\/es\/producto\/cachopo\/\" data-quantity=\"1\" class=\"button product_type_simple add_to_cart_button \" data-product_id=\"5156\" data-product_sku=\"11027\" aria-label=\"A\u00f1adir al carrito: &ldquo;Cachopo&rdquo;\" rel=\"nofollow\">Select options<\/a>\t<span id=\"woocommerce_loop_add_to_cart_link_describedby_5156\" class=\"screen-reader-text\">\n\t\t\t<\/span>\n<span class=\"fusion-rollover-linebreak\">\n\t\/<\/span>\n\n<a href=\"https:\/\/labotigadecarnsbertran.cat\/es\/producto\/cachopo\/\" class=\"show_details_button\">\n\tDetails<\/a>\n\n\t\t\t\t<\/div>\n\t\t\t\t\t\t\t\t\t<a class=\"fusion-link-wrapper\" href=\"https:\/\/labotigadecarnsbertran.cat\/es\/producto\/cachopo\/\" aria-label=\"Cachopo\"><\/a>\n\t<\/div>\n<\/div>\n<\/div>\n<\/div>\n<div class=\"fusion-product-content\">\n\t<div class=\"product-details\">\n\t\t<div class=\"product-details-container\">\n<h3 class=\"product-title\">\n\t<a href=\"https:\/\/labotigadecarnsbertran.cat\/es\/producto\/cachopo\/\">\n\t\tCachopo\t<\/a>\n<\/h3>\n<div class=\"fusion-price-rating\">\n\n\t<span class=\"price\"><span class=\"woocommerce-Price-amount amount\"><bdi>18,00&nbsp;<span class=\"woocommerce-Price-currencySymbol\">&euro;<\/span><\/bdi><\/span><\/span>\n\t\t<\/div>\n\t<\/div>\n<\/div>\n\n\t<\/div> \n\n\n<\/div>\n<\/li>\n<li class=\"product type-product post-5344 status-publish last instock product_cat-charcuteria-y-quesos product_cat-jamon has-post-thumbnail taxable shipping-taxable purchasable product-type-variable product-grid-view\">\n\t<div class=\"fusion-product-wrapper\">\n\n<div class=\"fusion-clean-product-image-wrapper \">\n\t<div  class=\"fusion-image-wrapper fusion-image-size-fixed\" aria-haspopup=\"true\">\n\t\t\t\t<img decoding=\"async\" width=\"500\" height=\"333\" src=\"https:\/\/labotigadecarnsbertran.cat\/wp-content\/uploads\/2025\/02\/MG_9237-500x333.jpg\" class=\"attachment-woocommerce_thumbnail size-woocommerce_thumbnail lazyload wp-post-image\" alt=\"Pernil enceball 50% Ib\u00e8ric de Guijuelo al tall\" srcset=\"data:image\/svg+xml,%3Csvg%20xmlns%3D%27http%3A%2F%2Fwww.w3.org%2F2000%2Fsvg%27%20width%3D%271200%27%20height%3D%27800%27%20viewBox%3D%270%200%201200%20800%27%3E%3Crect%20width%3D%271200%27%20height%3D%27800%27%20fill-opacity%3D%220%22%2F%3E%3C%2Fsvg%3E\" data-orig-src=\"https:\/\/labotigadecarnsbertran.cat\/wp-content\/uploads\/2025\/02\/MG_9237-500x333.jpg\" data-srcset=\"https:\/\/labotigadecarnsbertran.cat\/wp-content\/uploads\/2025\/02\/MG_9237-200x133.jpg 200w, https:\/\/labotigadecarnsbertran.cat\/wp-content\/uploads\/2025\/02\/MG_9237-300x200.jpg 300w, https:\/\/labotigadecarnsbertran.cat\/wp-content\/uploads\/2025\/02\/MG_9237-400x267.jpg 400w, https:\/\/labotigadecarnsbertran.cat\/wp-content\/uploads\/2025\/02\/MG_9237-500x333.jpg 500w, https:\/\/labotigadecarnsbertran.cat\/wp-content\/uploads\/2025\/02\/MG_9237-600x400.jpg 600w, https:\/\/labotigadecarnsbertran.cat\/wp-content\/uploads\/2025\/02\/MG_9237-700x467.jpg 700w, https:\/\/labotigadecarnsbertran.cat\/wp-content\/uploads\/2025\/02\/MG_9237-768x512.jpg 768w, https:\/\/labotigadecarnsbertran.cat\/wp-content\/uploads\/2025\/02\/MG_9237-800x533.jpg 800w, https:\/\/labotigadecarnsbertran.cat\/wp-content\/uploads\/2025\/02\/MG_9237-1024x683.jpg 1024w, https:\/\/labotigadecarnsbertran.cat\/wp-content\/uploads\/2025\/02\/MG_9237.jpg 1200w\" data-sizes=\"auto\" \/><div class=\"fusion-rollover\">\n\t<div class=\"fusion-rollover-content\">\n\n\t\t\t\t\n\t\t\n\t\t\t\t\t\t\t\t\n\t\t\t\t\t\t\t\t\n\t\t\n\t\t\t\t\t\t\t\t\t\t\t\t\t\t\t\n\t\t\t\t\t\t\n\t\t\t\t\t\t\t\t\t\t<div class=\"fusion-product-buttons\">\n\t\t\t\t\t<a href=\"https:\/\/labotigadecarnsbertran.cat\/es\/producto\/jamon-cebo-50-iberico-guijuelo\/\" aria-describedby=\"woocommerce_loop_add_to_cart_link_describedby_5344\" data-quantity=\"1\" class=\"button product_type_variable add_to_cart_button\" data-product_id=\"5344\" data-product_sku=\"30507\" aria-label=\"Elige las opciones para &ldquo;Jam\u00f3n de recebo 50% Ib\u00e9rico Guijuelo corte a mano&rdquo;\" rel=\"nofollow\">Select options<\/a>\t<span id=\"woocommerce_loop_add_to_cart_link_describedby_5344\" class=\"screen-reader-text\">\n\t\tEste producto tiene m\u00faltiples variantes. Las opciones se pueden elegir en la p\u00e1gina de producto\t<\/span>\n<span class=\"fusion-rollover-linebreak\">\n\t\/<\/span>\n\n<a href=\"https:\/\/labotigadecarnsbertran.cat\/es\/producto\/jamon-cebo-50-iberico-guijuelo\/\" class=\"show_details_button\">\n\tDetails<\/a>\n\n\t\t\t\t<\/div>\n\t\t\t\t\t\t\t\t\t<a class=\"fusion-link-wrapper\" href=\"https:\/\/labotigadecarnsbertran.cat\/es\/producto\/jamon-cebo-50-iberico-guijuelo\/\" aria-label=\"Jam\u00f3n de recebo 50% Ib\u00e9rico Guijuelo corte a mano\"><\/a>\n\t<\/div>\n<\/div>\n<\/div>\n<\/div>\n<div class=\"fusion-product-content\">\n\t<div class=\"product-details\">\n\t\t<div class=\"product-details-container\">\n<h3 class=\"product-title\">\n\t<a href=\"https:\/\/labotigadecarnsbertran.cat\/es\/producto\/jamon-cebo-50-iberico-guijuelo\/\">\n\t\tJam\u00f3n de recebo 50% Ib\u00e9rico Guijuelo corte a mano\t<\/a>\n<\/h3>\n<div class=\"fusion-price-rating\">\n\n\t<span class=\"price\"><span class=\"woocommerce-Price-amount amount\" aria-hidden=\"true\"><bdi>8,70&nbsp;<span class=\"woocommerce-Price-currencySymbol\">&euro;<\/span><\/bdi><\/span> <span aria-hidden=\"true\">-<\/span> <span class=\"woocommerce-Price-amount amount\" aria-hidden=\"true\"><bdi>17,50&nbsp;<span class=\"woocommerce-Price-currencySymbol\">&euro;<\/span><\/bdi><\/span><span class=\"screen-reader-text\">Rango de precios: desde 8,70&nbsp;&euro; hasta 17,50&nbsp;&euro;<\/span><\/span>\n\t\t<\/div>\n\t<\/div>\n<\/div>\n\n\t<\/div> \n\n\n<\/div>\n<\/li>\n<li class=\"product type-product post-5967 status-publish first instock product_cat-pollo-y-aves has-post-thumbnail taxable shipping-taxable purchasable product-type-simple product-grid-view\">\n\t<div class=\"fusion-product-wrapper\">\n\n<div class=\"fusion-clean-product-image-wrapper \">\n\t<div  class=\"fusion-image-wrapper fusion-image-size-fixed\" aria-haspopup=\"true\">\n\t\t\t\t<img decoding=\"async\" width=\"500\" height=\"333\" src=\"https:\/\/labotigadecarnsbertran.cat\/wp-content\/uploads\/2026\/03\/MG_9097-500x333.jpg\" class=\"attachment-woocommerce_thumbnail size-woocommerce_thumbnail lazyload wp-post-image\" alt=\"Broqueta de pollastre estil Oriental\" srcset=\"data:image\/svg+xml,%3Csvg%20xmlns%3D%27http%3A%2F%2Fwww.w3.org%2F2000%2Fsvg%27%20width%3D%271200%27%20height%3D%27800%27%20viewBox%3D%270%200%201200%20800%27%3E%3Crect%20width%3D%271200%27%20height%3D%27800%27%20fill-opacity%3D%220%22%2F%3E%3C%2Fsvg%3E\" data-orig-src=\"https:\/\/labotigadecarnsbertran.cat\/wp-content\/uploads\/2026\/03\/MG_9097-500x333.jpg\" data-srcset=\"https:\/\/labotigadecarnsbertran.cat\/wp-content\/uploads\/2026\/03\/MG_9097-200x133.jpg 200w, https:\/\/labotigadecarnsbertran.cat\/wp-content\/uploads\/2026\/03\/MG_9097-300x200.jpg 300w, https:\/\/labotigadecarnsbertran.cat\/wp-content\/uploads\/2026\/03\/MG_9097-400x267.jpg 400w, https:\/\/labotigadecarnsbertran.cat\/wp-content\/uploads\/2026\/03\/MG_9097-500x333.jpg 500w, https:\/\/labotigadecarnsbertran.cat\/wp-content\/uploads\/2026\/03\/MG_9097-600x400.jpg 600w, https:\/\/labotigadecarnsbertran.cat\/wp-content\/uploads\/2026\/03\/MG_9097-700x467.jpg 700w, https:\/\/labotigadecarnsbertran.cat\/wp-content\/uploads\/2026\/03\/MG_9097-768x512.jpg 768w, https:\/\/labotigadecarnsbertran.cat\/wp-content\/uploads\/2026\/03\/MG_9097-800x533.jpg 800w, https:\/\/labotigadecarnsbertran.cat\/wp-content\/uploads\/2026\/03\/MG_9097-1024x683.jpg 1024w, https:\/\/labotigadecarnsbertran.cat\/wp-content\/uploads\/2026\/03\/MG_9097.jpg 1200w\" data-sizes=\"auto\" \/><div class=\"fusion-rollover\">\n\t<div class=\"fusion-rollover-content\">\n\n\t\t\t\t\n\t\t\n\t\t\t\t\t\t\t\t\n\t\t\t\t\t\t\t\t\n\t\t\n\t\t\t\t\t\t\t\t\t\t\t\t\t\t\t\n\t\t\t\t\t\t\n\t\t\t\t\t\t\t\t\t\t<div class=\"fusion-product-buttons\">\n\t\t\t\t\t<a href=\"https:\/\/labotigadecarnsbertran.cat\/es\/producto\/brocheta-de-pollo-estilo-oriental\/\" data-quantity=\"1\" class=\"button product_type_simple add_to_cart_button \" data-product_id=\"5967\" data-product_sku=\"13108\" aria-label=\"A\u00f1adir al carrito: &ldquo;Brocheta de pollo estilo oriental&rdquo;\" rel=\"nofollow\">Select options<\/a>\t<span id=\"woocommerce_loop_add_to_cart_link_describedby_5967\" class=\"screen-reader-text\">\n\t\t\t<\/span>\n<span class=\"fusion-rollover-linebreak\">\n\t\/<\/span>\n\n<a href=\"https:\/\/labotigadecarnsbertran.cat\/es\/producto\/brocheta-de-pollo-estilo-oriental\/\" class=\"show_details_button\">\n\tDetails<\/a>\n\n\t\t\t\t<\/div>\n\t\t\t\t\t\t\t\t\t<a class=\"fusion-link-wrapper\" href=\"https:\/\/labotigadecarnsbertran.cat\/es\/producto\/brocheta-de-pollo-estilo-oriental\/\" aria-label=\"Brocheta de pollo estilo oriental\"><\/a>\n\t<\/div>\n<\/div>\n<\/div>\n<\/div>\n<div class=\"fusion-product-content\">\n\t<div class=\"product-details\">\n\t\t<div class=\"product-details-container\">\n<h3 class=\"product-title\">\n\t<a href=\"https:\/\/labotigadecarnsbertran.cat\/es\/producto\/brocheta-de-pollo-estilo-oriental\/\">\n\t\tBrocheta de pollo estilo oriental\t<\/a>\n<\/h3>\n<div class=\"fusion-price-rating\">\n\n\t<span class=\"price\"><span class=\"woocommerce-Price-amount amount\"><bdi>4,00&nbsp;<span class=\"woocommerce-Price-currencySymbol\">&euro;<\/span><\/bdi><\/span><\/span>\n\t\t<\/div>\n\t<\/div>\n<\/div>\n\n\t<\/div> \n\n\n<\/div>\n<\/li>\n<li class=\"product type-product post-5400 status-publish instock product_cat-cerdo has-post-thumbnail taxable shipping-taxable purchasable product-type-variable product-grid-view\">\n\t<div class=\"fusion-product-wrapper\">\n\n<div class=\"fusion-clean-product-image-wrapper \">\n\t<div  class=\"fusion-image-wrapper fusion-image-size-fixed\" aria-haspopup=\"true\">\n\t\t\t\t<img decoding=\"async\" width=\"500\" height=\"333\" src=\"https:\/\/labotigadecarnsbertran.cat\/wp-content\/uploads\/2022\/01\/MG_8866-500x333.jpg\" class=\"attachment-woocommerce_thumbnail size-woocommerce_thumbnail lazyload wp-post-image\" alt=\"Carn picada\" srcset=\"data:image\/svg+xml,%3Csvg%20xmlns%3D%27http%3A%2F%2Fwww.w3.org%2F2000%2Fsvg%27%20width%3D%271200%27%20height%3D%27800%27%20viewBox%3D%270%200%201200%20800%27%3E%3Crect%20width%3D%271200%27%20height%3D%27800%27%20fill-opacity%3D%220%22%2F%3E%3C%2Fsvg%3E\" data-orig-src=\"https:\/\/labotigadecarnsbertran.cat\/wp-content\/uploads\/2022\/01\/MG_8866-500x333.jpg\" data-srcset=\"https:\/\/labotigadecarnsbertran.cat\/wp-content\/uploads\/2022\/01\/MG_8866-200x133.jpg 200w, https:\/\/labotigadecarnsbertran.cat\/wp-content\/uploads\/2022\/01\/MG_8866-300x200.jpg 300w, https:\/\/labotigadecarnsbertran.cat\/wp-content\/uploads\/2022\/01\/MG_8866-400x267.jpg 400w, https:\/\/labotigadecarnsbertran.cat\/wp-content\/uploads\/2022\/01\/MG_8866-500x333.jpg 500w, https:\/\/labotigadecarnsbertran.cat\/wp-content\/uploads\/2022\/01\/MG_8866-600x400.jpg 600w, https:\/\/labotigadecarnsbertran.cat\/wp-content\/uploads\/2022\/01\/MG_8866-700x467.jpg 700w, https:\/\/labotigadecarnsbertran.cat\/wp-content\/uploads\/2022\/01\/MG_8866-768x512.jpg 768w, https:\/\/labotigadecarnsbertran.cat\/wp-content\/uploads\/2022\/01\/MG_8866-800x533.jpg 800w, https:\/\/labotigadecarnsbertran.cat\/wp-content\/uploads\/2022\/01\/MG_8866-1024x683.jpg 1024w, https:\/\/labotigadecarnsbertran.cat\/wp-content\/uploads\/2022\/01\/MG_8866.jpg 1200w\" data-sizes=\"auto\" \/><div class=\"fusion-rollover\">\n\t<div class=\"fusion-rollover-content\">\n\n\t\t\t\t\n\t\t\n\t\t\t\t\t\t\t\t\n\t\t\t\t\t\t\t\t\n\t\t\n\t\t\t\t\t\t\t\t\t\t\t\t\t\t\t\n\t\t\t\t\t\t\n\t\t\t\t\t\t\t\t\t\t<div class=\"fusion-product-buttons\">\n\t\t\t\t\t<a href=\"https:\/\/labotigadecarnsbertran.cat\/es\/producto\/picada-de-cerdo-de-payes\/\" aria-describedby=\"woocommerce_loop_add_to_cart_link_describedby_5400\" data-quantity=\"1\" class=\"button product_type_variable add_to_cart_button\" data-product_id=\"5400\" data-product_sku=\"10421\" aria-label=\"Elige las opciones para &ldquo;Picada de cerdo de pay\u00e9s&rdquo;\" rel=\"nofollow\">Select options<\/a>\t<span id=\"woocommerce_loop_add_to_cart_link_describedby_5400\" class=\"screen-reader-text\">\n\t\tEste producto tiene m\u00faltiples variantes. Las opciones se pueden elegir en la p\u00e1gina de producto\t<\/span>\n<span class=\"fusion-rollover-linebreak\">\n\t\/<\/span>\n\n<a href=\"https:\/\/labotigadecarnsbertran.cat\/es\/producto\/picada-de-cerdo-de-payes\/\" class=\"show_details_button\">\n\tDetails<\/a>\n\n\t\t\t\t<\/div>\n\t\t\t\t\t\t\t\t\t<a class=\"fusion-link-wrapper\" href=\"https:\/\/labotigadecarnsbertran.cat\/es\/producto\/picada-de-cerdo-de-payes\/\" aria-label=\"Picada de cerdo de pay\u00e9s\"><\/a>\n\t<\/div>\n<\/div>\n<\/div>\n<\/div>\n<div class=\"fusion-product-content\">\n\t<div class=\"product-details\">\n\t\t<div class=\"product-details-container\">\n<h3 class=\"product-title\">\n\t<a href=\"https:\/\/labotigadecarnsbertran.cat\/es\/producto\/picada-de-cerdo-de-payes\/\">\n\t\tPicada de cerdo de pay\u00e9s\t<\/a>\n<\/h3>\n<div class=\"fusion-price-rating\">\n\n\t<span class=\"price\"><span class=\"woocommerce-Price-amount amount\" aria-hidden=\"true\"><bdi>3,20&nbsp;<span class=\"woocommerce-Price-currencySymbol\">&euro;<\/span><\/bdi><\/span> <span aria-hidden=\"true\">-<\/span> <span class=\"woocommerce-Price-amount amount\" aria-hidden=\"true\"><bdi>6,30&nbsp;<span class=\"woocommerce-Price-currencySymbol\">&euro;<\/span><\/bdi><\/span><span class=\"screen-reader-text\">Rango de precios: desde 3,20&nbsp;&euro; hasta 6,30&nbsp;&euro;<\/span><\/span>\n\t\t<\/div>\n\t<\/div>\n<\/div>\n\n\t<\/div> \n\n\n<\/div>\n<\/li>\n<li class=\"product type-product post-5947 status-publish last instock product_cat-charcuteria-y-quesos product_cat-cocidos has-post-thumbnail taxable shipping-taxable purchasable product-type-variable product-grid-view\">\n\t<div class=\"fusion-product-wrapper\">\n\n<div class=\"fusion-clean-product-image-wrapper \">\n\t<div  class=\"fusion-image-wrapper fusion-image-size-fixed\" aria-haspopup=\"true\">\n\t\t\t\t<img decoding=\"async\" width=\"500\" height=\"333\" src=\"https:\/\/labotigadecarnsbertran.cat\/wp-content\/uploads\/2025\/12\/MG_8714-500x333.jpg\" class=\"attachment-woocommerce_thumbnail size-woocommerce_thumbnail lazyload wp-post-image\" alt=\"\" srcset=\"data:image\/svg+xml,%3Csvg%20xmlns%3D%27http%3A%2F%2Fwww.w3.org%2F2000%2Fsvg%27%20width%3D%271200%27%20height%3D%27800%27%20viewBox%3D%270%200%201200%20800%27%3E%3Crect%20width%3D%271200%27%20height%3D%27800%27%20fill-opacity%3D%220%22%2F%3E%3C%2Fsvg%3E\" data-orig-src=\"https:\/\/labotigadecarnsbertran.cat\/wp-content\/uploads\/2025\/12\/MG_8714-500x333.jpg\" data-srcset=\"https:\/\/labotigadecarnsbertran.cat\/wp-content\/uploads\/2025\/12\/MG_8714-200x133.jpg 200w, https:\/\/labotigadecarnsbertran.cat\/wp-content\/uploads\/2025\/12\/MG_8714-300x200.jpg 300w, https:\/\/labotigadecarnsbertran.cat\/wp-content\/uploads\/2025\/12\/MG_8714-400x267.jpg 400w, https:\/\/labotigadecarnsbertran.cat\/wp-content\/uploads\/2025\/12\/MG_8714-500x333.jpg 500w, https:\/\/labotigadecarnsbertran.cat\/wp-content\/uploads\/2025\/12\/MG_8714-600x400.jpg 600w, https:\/\/labotigadecarnsbertran.cat\/wp-content\/uploads\/2025\/12\/MG_8714-700x467.jpg 700w, https:\/\/labotigadecarnsbertran.cat\/wp-content\/uploads\/2025\/12\/MG_8714-768x512.jpg 768w, https:\/\/labotigadecarnsbertran.cat\/wp-content\/uploads\/2025\/12\/MG_8714-800x533.jpg 800w, https:\/\/labotigadecarnsbertran.cat\/wp-content\/uploads\/2025\/12\/MG_8714-1024x683.jpg 1024w, https:\/\/labotigadecarnsbertran.cat\/wp-content\/uploads\/2025\/12\/MG_8714.jpg 1200w\" data-sizes=\"auto\" \/><div class=\"fusion-rollover\">\n\t<div class=\"fusion-rollover-content\">\n\n\t\t\t\t\n\t\t\n\t\t\t\t\t\t\t\t\n\t\t\t\t\t\t\t\t\n\t\t\n\t\t\t\t\t\t\t\t\t\t\t\t\t\t\t\n\t\t\t\t\t\t\n\t\t\t\t\t\t\t\t\t\t<div class=\"fusion-product-buttons\">\n\t\t\t\t\t<a href=\"https:\/\/labotigadecarnsbertran.cat\/es\/producto\/bisbe-negro\/\" aria-describedby=\"woocommerce_loop_add_to_cart_link_describedby_5947\" data-quantity=\"1\" class=\"button product_type_variable add_to_cart_button\" data-product_id=\"5947\" data-product_sku=\"40004-2-1\" aria-label=\"Elige las opciones para &ldquo;Bisbe negro&rdquo;\" rel=\"nofollow\">Select options<\/a>\t<span id=\"woocommerce_loop_add_to_cart_link_describedby_5947\" class=\"screen-reader-text\">\n\t\tEste producto tiene m\u00faltiples variantes. Las opciones se pueden elegir en la p\u00e1gina de producto\t<\/span>\n<span class=\"fusion-rollover-linebreak\">\n\t\/<\/span>\n\n<a href=\"https:\/\/labotigadecarnsbertran.cat\/es\/producto\/bisbe-negro\/\" class=\"show_details_button\">\n\tDetails<\/a>\n\n\t\t\t\t<\/div>\n\t\t\t\t\t\t\t\t\t<a class=\"fusion-link-wrapper\" href=\"https:\/\/labotigadecarnsbertran.cat\/es\/producto\/bisbe-negro\/\" aria-label=\"Bisbe negro\"><\/a>\n\t<\/div>\n<\/div>\n<\/div>\n<\/div>\n<div class=\"fusion-product-content\">\n\t<div class=\"product-details\">\n\t\t<div class=\"product-details-container\">\n<h3 class=\"product-title\">\n\t<a href=\"https:\/\/labotigadecarnsbertran.cat\/es\/producto\/bisbe-negro\/\">\n\t\tBisbe negro\t<\/a>\n<\/h3>\n<div class=\"fusion-price-rating\">\n\n\t<span class=\"price\"><span class=\"woocommerce-Price-amount amount\"><bdi>2,40&nbsp;<span class=\"woocommerce-Price-currencySymbol\">&euro;<\/span><\/bdi><\/span><\/span>\n\t\t<\/div>\n\t<\/div>\n<\/div>\n\n\t<\/div> \n\n\n<\/div>\n<\/li>\n<li class=\"product type-product post-5178 status-publish first instock product_cat-cerdo has-post-thumbnail taxable shipping-taxable purchasable product-type-simple product-grid-view\">\n\t<div class=\"fusion-product-wrapper\">\n\n<div class=\"fusion-clean-product-image-wrapper \">\n\t<div  class=\"fusion-image-wrapper fusion-image-size-fixed\" aria-haspopup=\"true\">\n\t\t\t\t<img decoding=\"async\" width=\"400\" height=\"400\" src=\"https:\/\/labotigadecarnsbertran.cat\/wp-content\/uploads\/2024\/05\/10412.jpg\" class=\"attachment-woocommerce_thumbnail size-woocommerce_thumbnail lazyload wp-post-image\" alt=\"Careta de pag\u00e8s\" srcset=\"data:image\/svg+xml,%3Csvg%20xmlns%3D%27http%3A%2F%2Fwww.w3.org%2F2000%2Fsvg%27%20width%3D%27400%27%20height%3D%27400%27%20viewBox%3D%270%200%20400%20400%27%3E%3Crect%20width%3D%27400%27%20height%3D%27400%27%20fill-opacity%3D%220%22%2F%3E%3C%2Fsvg%3E\" data-orig-src=\"https:\/\/labotigadecarnsbertran.cat\/wp-content\/uploads\/2024\/05\/10412.jpg\" data-srcset=\"https:\/\/labotigadecarnsbertran.cat\/wp-content\/uploads\/2024\/05\/10412-66x66.jpg 66w, https:\/\/labotigadecarnsbertran.cat\/wp-content\/uploads\/2024\/05\/10412-100x100.jpg 100w, https:\/\/labotigadecarnsbertran.cat\/wp-content\/uploads\/2024\/05\/10412-150x150.jpg 150w, https:\/\/labotigadecarnsbertran.cat\/wp-content\/uploads\/2024\/05\/10412-200x200.jpg 200w, https:\/\/labotigadecarnsbertran.cat\/wp-content\/uploads\/2024\/05\/10412-300x300.jpg 300w, https:\/\/labotigadecarnsbertran.cat\/wp-content\/uploads\/2024\/05\/10412.jpg 400w\" data-sizes=\"auto\" \/><div class=\"fusion-rollover\">\n\t<div class=\"fusion-rollover-content\">\n\n\t\t\t\t\n\t\t\n\t\t\t\t\t\t\t\t\n\t\t\t\t\t\t\t\t\n\t\t\n\t\t\t\t\t\t\t\t\t\t\t\t\t\t\t\n\t\t\t\t\t\t\n\t\t\t\t\t\t\t\t\t\t<div class=\"fusion-product-buttons\">\n\t\t\t\t\t<a href=\"https:\/\/labotigadecarnsbertran.cat\/es\/producto\/careta-de-pages\/\" data-quantity=\"1\" class=\"button product_type_simple add_to_cart_button \" data-product_id=\"5178\" data-product_sku=\"10412\" aria-label=\"A\u00f1adir al carrito: &ldquo;Careta de pay\u00e9s&rdquo;\" rel=\"nofollow\">Select options<\/a>\t<span id=\"woocommerce_loop_add_to_cart_link_describedby_5178\" class=\"screen-reader-text\">\n\t\t\t<\/span>\n<span class=\"fusion-rollover-linebreak\">\n\t\/<\/span>\n\n<a href=\"https:\/\/labotigadecarnsbertran.cat\/es\/producto\/careta-de-pages\/\" class=\"show_details_button\">\n\tDetails<\/a>\n\n\t\t\t\t<\/div>\n\t\t\t\t\t\t\t\t\t<a class=\"fusion-link-wrapper\" href=\"https:\/\/labotigadecarnsbertran.cat\/es\/producto\/careta-de-pages\/\" aria-label=\"Careta de pay\u00e9s\"><\/a>\n\t<\/div>\n<\/div>\n<\/div>\n<\/div>\n<div class=\"fusion-product-content\">\n\t<div class=\"product-details\">\n\t\t<div class=\"product-details-container\">\n<h3 class=\"product-title\">\n\t<a href=\"https:\/\/labotigadecarnsbertran.cat\/es\/producto\/careta-de-pages\/\">\n\t\tCareta de pay\u00e9s\t<\/a>\n<\/h3>\n<div class=\"fusion-price-rating\">\n\n\t<span class=\"price\"><span class=\"woocommerce-Price-amount amount\"><bdi>4,73&nbsp;<span class=\"woocommerce-Price-currencySymbol\">&euro;<\/span><\/bdi><\/span><\/span>\n\t\t<\/div>\n\t<\/div>\n<\/div>\n\n\t<\/div> \n\n\n<\/div>\n<\/li>\n<li class=\"product type-product post-5925 status-publish instock product_cat-charcuteria-y-quesos product_cat-curados has-post-thumbnail taxable shipping-taxable purchasable product-type-variable product-grid-view\">\n\t<div class=\"fusion-product-wrapper\">\n\n<div class=\"fusion-clean-product-image-wrapper \">\n\t<div  class=\"fusion-image-wrapper fusion-image-size-fixed\" aria-haspopup=\"true\">\n\t\t\t\t<img decoding=\"async\" width=\"500\" height=\"333\" src=\"https:\/\/labotigadecarnsbertran.cat\/wp-content\/uploads\/2025\/12\/MG_8742-500x333.jpg\" class=\"attachment-woocommerce_thumbnail size-woocommerce_thumbnail lazyload wp-post-image\" alt=\"\" srcset=\"data:image\/svg+xml,%3Csvg%20xmlns%3D%27http%3A%2F%2Fwww.w3.org%2F2000%2Fsvg%27%20width%3D%271200%27%20height%3D%27800%27%20viewBox%3D%270%200%201200%20800%27%3E%3Crect%20width%3D%271200%27%20height%3D%27800%27%20fill-opacity%3D%220%22%2F%3E%3C%2Fsvg%3E\" data-orig-src=\"https:\/\/labotigadecarnsbertran.cat\/wp-content\/uploads\/2025\/12\/MG_8742-500x333.jpg\" data-srcset=\"https:\/\/labotigadecarnsbertran.cat\/wp-content\/uploads\/2025\/12\/MG_8742-200x133.jpg 200w, https:\/\/labotigadecarnsbertran.cat\/wp-content\/uploads\/2025\/12\/MG_8742-300x200.jpg 300w, https:\/\/labotigadecarnsbertran.cat\/wp-content\/uploads\/2025\/12\/MG_8742-400x267.jpg 400w, https:\/\/labotigadecarnsbertran.cat\/wp-content\/uploads\/2025\/12\/MG_8742-500x333.jpg 500w, https:\/\/labotigadecarnsbertran.cat\/wp-content\/uploads\/2025\/12\/MG_8742-600x400.jpg 600w, https:\/\/labotigadecarnsbertran.cat\/wp-content\/uploads\/2025\/12\/MG_8742-700x467.jpg 700w, https:\/\/labotigadecarnsbertran.cat\/wp-content\/uploads\/2025\/12\/MG_8742-768x512.jpg 768w, https:\/\/labotigadecarnsbertran.cat\/wp-content\/uploads\/2025\/12\/MG_8742-800x533.jpg 800w, https:\/\/labotigadecarnsbertran.cat\/wp-content\/uploads\/2025\/12\/MG_8742-1024x683.jpg 1024w, https:\/\/labotigadecarnsbertran.cat\/wp-content\/uploads\/2025\/12\/MG_8742.jpg 1200w\" data-sizes=\"auto\" \/><div class=\"fusion-rollover\">\n\t<div class=\"fusion-rollover-content\">\n\n\t\t\t\t\n\t\t\n\t\t\t\t\t\t\t\t\n\t\t\t\t\t\t\t\t\n\t\t\n\t\t\t\t\t\t\t\t\t\t\t\t\t\t\t\n\t\t\t\t\t\t\n\t\t\t\t\t\t\t\t\t\t<div class=\"fusion-product-buttons\">\n\t\t\t\t\t<a href=\"https:\/\/labotigadecarnsbertran.cat\/es\/producto\/chorizo-iberico-de-bellota\/\" aria-describedby=\"woocommerce_loop_add_to_cart_link_describedby_5925\" data-quantity=\"1\" class=\"button product_type_variable add_to_cart_button\" data-product_id=\"5925\" data-product_sku=\"31102\" aria-label=\"Elige las opciones para &ldquo;Chorizo \u200b\u200bib\u00e9rico de bellota&rdquo;\" rel=\"nofollow\">Select options<\/a>\t<span id=\"woocommerce_loop_add_to_cart_link_describedby_5925\" class=\"screen-reader-text\">\n\t\tEste producto tiene m\u00faltiples variantes. Las opciones se pueden elegir en la p\u00e1gina de producto\t<\/span>\n<span class=\"fusion-rollover-linebreak\">\n\t\/<\/span>\n\n<a href=\"https:\/\/labotigadecarnsbertran.cat\/es\/producto\/chorizo-iberico-de-bellota\/\" class=\"show_details_button\">\n\tDetails<\/a>\n\n\t\t\t\t<\/div>\n\t\t\t\t\t\t\t\t\t<a class=\"fusion-link-wrapper\" href=\"https:\/\/labotigadecarnsbertran.cat\/es\/producto\/chorizo-iberico-de-bellota\/\" aria-label=\"Chorizo \u200b\u200bib\u00e9rico de bellota\"><\/a>\n\t<\/div>\n<\/div>\n<\/div>\n<\/div>\n<div class=\"fusion-product-content\">\n\t<div class=\"product-details\">\n\t\t<div class=\"product-details-container\">\n<h3 class=\"product-title\">\n\t<a href=\"https:\/\/labotigadecarnsbertran.cat\/es\/producto\/chorizo-iberico-de-bellota\/\">\n\t\tChorizo \u200b\u200bib\u00e9rico de bellota\t<\/a>\n<\/h3>\n<div class=\"fusion-price-rating\">\n\n\t<span class=\"price\"><span class=\"woocommerce-Price-amount amount\"><bdi>4,90&nbsp;<span class=\"woocommerce-Price-currencySymbol\">&euro;<\/span><\/bdi><\/span><\/span>\n\t\t<\/div>\n\t<\/div>\n<\/div>\n\n\t<\/div> \n\n\n<\/div>\n<\/li>\n<li class=\"product type-product post-5927 status-publish last instock product_cat-charcuteria-y-quesos product_cat-curados has-post-thumbnail taxable shipping-taxable purchasable product-type-variable product-grid-view\">\n\t<div class=\"fusion-product-wrapper\">\n\n<div class=\"fusion-clean-product-image-wrapper \">\n\t<div  class=\"fusion-image-wrapper fusion-image-size-fixed\" aria-haspopup=\"true\">\n\t\t\t\t<img decoding=\"async\" width=\"500\" height=\"333\" src=\"https:\/\/labotigadecarnsbertran.cat\/wp-content\/uploads\/2025\/12\/MG_8751-500x333.jpg\" class=\"attachment-woocommerce_thumbnail size-woocommerce_thumbnail lazyload wp-post-image\" alt=\"\" srcset=\"data:image\/svg+xml,%3Csvg%20xmlns%3D%27http%3A%2F%2Fwww.w3.org%2F2000%2Fsvg%27%20width%3D%271200%27%20height%3D%27800%27%20viewBox%3D%270%200%201200%20800%27%3E%3Crect%20width%3D%271200%27%20height%3D%27800%27%20fill-opacity%3D%220%22%2F%3E%3C%2Fsvg%3E\" data-orig-src=\"https:\/\/labotigadecarnsbertran.cat\/wp-content\/uploads\/2025\/12\/MG_8751-500x333.jpg\" data-srcset=\"https:\/\/labotigadecarnsbertran.cat\/wp-content\/uploads\/2025\/12\/MG_8751-200x133.jpg 200w, https:\/\/labotigadecarnsbertran.cat\/wp-content\/uploads\/2025\/12\/MG_8751-300x200.jpg 300w, https:\/\/labotigadecarnsbertran.cat\/wp-content\/uploads\/2025\/12\/MG_8751-400x267.jpg 400w, https:\/\/labotigadecarnsbertran.cat\/wp-content\/uploads\/2025\/12\/MG_8751-500x333.jpg 500w, https:\/\/labotigadecarnsbertran.cat\/wp-content\/uploads\/2025\/12\/MG_8751-600x400.jpg 600w, https:\/\/labotigadecarnsbertran.cat\/wp-content\/uploads\/2025\/12\/MG_8751-700x467.jpg 700w, https:\/\/labotigadecarnsbertran.cat\/wp-content\/uploads\/2025\/12\/MG_8751-768x512.jpg 768w, https:\/\/labotigadecarnsbertran.cat\/wp-content\/uploads\/2025\/12\/MG_8751-800x533.jpg 800w, https:\/\/labotigadecarnsbertran.cat\/wp-content\/uploads\/2025\/12\/MG_8751-1024x683.jpg 1024w, https:\/\/labotigadecarnsbertran.cat\/wp-content\/uploads\/2025\/12\/MG_8751.jpg 1200w\" data-sizes=\"auto\" \/><div class=\"fusion-rollover\">\n\t<div class=\"fusion-rollover-content\">\n\n\t\t\t\t\n\t\t\n\t\t\t\t\t\t\t\t\n\t\t\t\t\t\t\t\t\n\t\t\n\t\t\t\t\t\t\t\t\t\t\t\t\t\t\t\n\t\t\t\t\t\t\n\t\t\t\t\t\t\t\t\t\t<div class=\"fusion-product-buttons\">\n\t\t\t\t\t<a href=\"https:\/\/labotigadecarnsbertran.cat\/es\/producto\/lomo-iberico-de-bellota\/\" aria-describedby=\"woocommerce_loop_add_to_cart_link_describedby_5927\" data-quantity=\"1\" class=\"button product_type_variable add_to_cart_button\" data-product_id=\"5927\" data-product_sku=\"31208\" aria-label=\"Elige las opciones para &ldquo;Lomo ib\u00e9rico de bellota&rdquo;\" rel=\"nofollow\">Select options<\/a>\t<span id=\"woocommerce_loop_add_to_cart_link_describedby_5927\" class=\"screen-reader-text\">\n\t\tEste producto tiene m\u00faltiples variantes. Las opciones se pueden elegir en la p\u00e1gina de producto\t<\/span>\n<span class=\"fusion-rollover-linebreak\">\n\t\/<\/span>\n\n<a href=\"https:\/\/labotigadecarnsbertran.cat\/es\/producto\/lomo-iberico-de-bellota\/\" class=\"show_details_button\">\n\tDetails<\/a>\n\n\t\t\t\t<\/div>\n\t\t\t\t\t\t\t\t\t<a class=\"fusion-link-wrapper\" href=\"https:\/\/labotigadecarnsbertran.cat\/es\/producto\/lomo-iberico-de-bellota\/\" aria-label=\"Lomo ib\u00e9rico de bellota\"><\/a>\n\t<\/div>\n<\/div>\n<\/div>\n<\/div>\n<div class=\"fusion-product-content\">\n\t<div class=\"product-details\">\n\t\t<div class=\"product-details-container\">\n<h3 class=\"product-title\">\n\t<a href=\"https:\/\/labotigadecarnsbertran.cat\/es\/producto\/lomo-iberico-de-bellota\/\">\n\t\tLomo ib\u00e9rico de bellota\t<\/a>\n<\/h3>\n<div class=\"fusion-price-rating\">\n\n\t<span class=\"price\"><span class=\"woocommerce-Price-amount amount\"><bdi>9,30&nbsp;<span class=\"woocommerce-Price-currencySymbol\">&euro;<\/span><\/bdi><\/span><\/span>\n\t\t<\/div>\n\t<\/div>\n<\/div>\n\n\t<\/div> \n\n\n<\/div>\n<\/li>\n<li class=\"product type-product post-6038 status-publish first instock product_cat-charcuteria-y-quesos product_cat-jamon has-post-thumbnail taxable shipping-taxable purchasable product-type-variable product-grid-view\">\n\t<div class=\"fusion-product-wrapper\">\n\n<div class=\"fusion-clean-product-image-wrapper \">\n\t<div  class=\"fusion-image-wrapper fusion-image-size-fixed\" aria-haspopup=\"true\">\n\t\t\t\t<img decoding=\"async\" width=\"500\" height=\"333\" src=\"https:\/\/labotigadecarnsbertran.cat\/wp-content\/uploads\/2026\/03\/MG_9249-500x333.jpg\" class=\"attachment-woocommerce_thumbnail size-woocommerce_thumbnail lazyload wp-post-image\" alt=\"\" srcset=\"data:image\/svg+xml,%3Csvg%20xmlns%3D%27http%3A%2F%2Fwww.w3.org%2F2000%2Fsvg%27%20width%3D%271200%27%20height%3D%27800%27%20viewBox%3D%270%200%201200%20800%27%3E%3Crect%20width%3D%271200%27%20height%3D%27800%27%20fill-opacity%3D%220%22%2F%3E%3C%2Fsvg%3E\" data-orig-src=\"https:\/\/labotigadecarnsbertran.cat\/wp-content\/uploads\/2026\/03\/MG_9249-500x333.jpg\" data-srcset=\"https:\/\/labotigadecarnsbertran.cat\/wp-content\/uploads\/2026\/03\/MG_9249-200x133.jpg 200w, https:\/\/labotigadecarnsbertran.cat\/wp-content\/uploads\/2026\/03\/MG_9249-300x200.jpg 300w, https:\/\/labotigadecarnsbertran.cat\/wp-content\/uploads\/2026\/03\/MG_9249-400x267.jpg 400w, https:\/\/labotigadecarnsbertran.cat\/wp-content\/uploads\/2026\/03\/MG_9249-500x333.jpg 500w, https:\/\/labotigadecarnsbertran.cat\/wp-content\/uploads\/2026\/03\/MG_9249-600x400.jpg 600w, https:\/\/labotigadecarnsbertran.cat\/wp-content\/uploads\/2026\/03\/MG_9249-700x467.jpg 700w, https:\/\/labotigadecarnsbertran.cat\/wp-content\/uploads\/2026\/03\/MG_9249-768x512.jpg 768w, https:\/\/labotigadecarnsbertran.cat\/wp-content\/uploads\/2026\/03\/MG_9249-800x533.jpg 800w, https:\/\/labotigadecarnsbertran.cat\/wp-content\/uploads\/2026\/03\/MG_9249-1024x683.jpg 1024w, https:\/\/labotigadecarnsbertran.cat\/wp-content\/uploads\/2026\/03\/MG_9249.jpg 1200w\" data-sizes=\"auto\" \/><div class=\"fusion-rollover\">\n\t<div class=\"fusion-rollover-content\">\n\n\t\t\t\t\n\t\t\n\t\t\t\t\t\t\t\t\n\t\t\t\t\t\t\t\t\n\t\t\n\t\t\t\t\t\t\t\t\t\t\t\t\t\t\t\n\t\t\t\t\t\t\n\t\t\t\t\t\t\t\t\t\t<div class=\"fusion-product-buttons\">\n\t\t\t\t\t<a href=\"https:\/\/labotigadecarnsbertran.cat\/es\/producto\/jamon-cebo-50-iberico-guijuelo-copia\/\" aria-describedby=\"woocommerce_loop_add_to_cart_link_describedby_6038\" data-quantity=\"1\" class=\"button product_type_variable add_to_cart_button\" data-product_id=\"6038\" data-product_sku=\"30302\" aria-label=\"Elige las opciones para &ldquo;Jam\u00f3n de Soria cortado a m\u00e1quina&rdquo;\" rel=\"nofollow\">Select options<\/a>\t<span id=\"woocommerce_loop_add_to_cart_link_describedby_6038\" class=\"screen-reader-text\">\n\t\tEste producto tiene m\u00faltiples variantes. Las opciones se pueden elegir en la p\u00e1gina de producto\t<\/span>\n<span class=\"fusion-rollover-linebreak\">\n\t\/<\/span>\n\n<a href=\"https:\/\/labotigadecarnsbertran.cat\/es\/producto\/jamon-cebo-50-iberico-guijuelo-copia\/\" class=\"show_details_button\">\n\tDetails<\/a>\n\n\t\t\t\t<\/div>\n\t\t\t\t\t\t\t\t\t<a class=\"fusion-link-wrapper\" href=\"https:\/\/labotigadecarnsbertran.cat\/es\/producto\/jamon-cebo-50-iberico-guijuelo-copia\/\" aria-label=\"Jam\u00f3n de Soria cortado a m\u00e1quina\"><\/a>\n\t<\/div>\n<\/div>\n<\/div>\n<\/div>\n<div class=\"fusion-product-content\">\n\t<div class=\"product-details\">\n\t\t<div class=\"product-details-container\">\n<h3 class=\"product-title\">\n\t<a href=\"https:\/\/labotigadecarnsbertran.cat\/es\/producto\/jamon-cebo-50-iberico-guijuelo-copia\/\">\n\t\tJam\u00f3n de Soria cortado a m\u00e1quina\t<\/a>\n<\/h3>\n<div class=\"fusion-price-rating\">\n\n\t<span class=\"price\"><span class=\"woocommerce-Price-amount amount\" aria-hidden=\"true\"><bdi>2,90&nbsp;<span class=\"woocommerce-Price-currencySymbol\">&euro;<\/span><\/bdi><\/span> <span aria-hidden=\"true\">-<\/span> <span class=\"woocommerce-Price-amount amount\" aria-hidden=\"true\"><bdi>5,80&nbsp;<span class=\"woocommerce-Price-currencySymbol\">&euro;<\/span><\/bdi><\/span><span class=\"screen-reader-text\">Rango de precios: desde 2,90&nbsp;&euro; hasta 5,80&nbsp;&euro;<\/span><\/span>\n\t\t<\/div>\n\t<\/div>\n<\/div>\n\n\t<\/div> \n\n\n<\/div>\n<\/li>\n<li class=\"product type-product post-5426 status-publish instock product_cat-cerdo has-post-thumbnail taxable shipping-taxable purchasable product-type-variable product-grid-view\">\n\t<div class=\"fusion-product-wrapper\">\n\n<div class=\"fusion-clean-product-image-wrapper \">\n\t<div  class=\"fusion-image-wrapper fusion-image-size-fixed\" aria-haspopup=\"true\">\n\t\t\t\t<img decoding=\"async\" width=\"500\" height=\"333\" src=\"https:\/\/labotigadecarnsbertran.cat\/wp-content\/uploads\/2022\/01\/MG_8667-500x333.jpg\" class=\"attachment-woocommerce_thumbnail size-woocommerce_thumbnail lazyload wp-post-image\" alt=\"Llibrets variats\" srcset=\"data:image\/svg+xml,%3Csvg%20xmlns%3D%27http%3A%2F%2Fwww.w3.org%2F2000%2Fsvg%27%20width%3D%271200%27%20height%3D%27800%27%20viewBox%3D%270%200%201200%20800%27%3E%3Crect%20width%3D%271200%27%20height%3D%27800%27%20fill-opacity%3D%220%22%2F%3E%3C%2Fsvg%3E\" data-orig-src=\"https:\/\/labotigadecarnsbertran.cat\/wp-content\/uploads\/2022\/01\/MG_8667-500x333.jpg\" data-srcset=\"https:\/\/labotigadecarnsbertran.cat\/wp-content\/uploads\/2022\/01\/MG_8667-200x133.jpg 200w, https:\/\/labotigadecarnsbertran.cat\/wp-content\/uploads\/2022\/01\/MG_8667-300x200.jpg 300w, https:\/\/labotigadecarnsbertran.cat\/wp-content\/uploads\/2022\/01\/MG_8667-400x267.jpg 400w, https:\/\/labotigadecarnsbertran.cat\/wp-content\/uploads\/2022\/01\/MG_8667-500x333.jpg 500w, https:\/\/labotigadecarnsbertran.cat\/wp-content\/uploads\/2022\/01\/MG_8667-600x400.jpg 600w, https:\/\/labotigadecarnsbertran.cat\/wp-content\/uploads\/2022\/01\/MG_8667-700x467.jpg 700w, https:\/\/labotigadecarnsbertran.cat\/wp-content\/uploads\/2022\/01\/MG_8667-768x512.jpg 768w, https:\/\/labotigadecarnsbertran.cat\/wp-content\/uploads\/2022\/01\/MG_8667-800x533.jpg 800w, https:\/\/labotigadecarnsbertran.cat\/wp-content\/uploads\/2022\/01\/MG_8667-1024x683.jpg 1024w, https:\/\/labotigadecarnsbertran.cat\/wp-content\/uploads\/2022\/01\/MG_8667.jpg 1200w\" data-sizes=\"auto\" \/><div class=\"fusion-rollover\">\n\t<div class=\"fusion-rollover-content\">\n\n\t\t\t\t\n\t\t\n\t\t\t\t\t\t\t\t\n\t\t\t\t\t\t\t\t\n\t\t\n\t\t\t\t\t\t\t\t\t\t\t\t\t\t\t\n\t\t\t\t\t\t\n\t\t\t\t\t\t\t\t\t\t<div class=\"fusion-product-buttons\">\n\t\t\t\t\t<a href=\"https:\/\/labotigadecarnsbertran.cat\/es\/producto\/libritos-variados\/\" aria-describedby=\"woocommerce_loop_add_to_cart_link_describedby_5426\" data-quantity=\"1\" class=\"button product_type_variable add_to_cart_button\" data-product_id=\"5426\" data-product_sku=\"10047\" aria-label=\"Elige las opciones para &ldquo;Libritos variados&rdquo;\" rel=\"nofollow\">Select options<\/a>\t<span id=\"woocommerce_loop_add_to_cart_link_describedby_5426\" class=\"screen-reader-text\">\n\t\tEste producto tiene m\u00faltiples variantes. Las opciones se pueden elegir en la p\u00e1gina de producto\t<\/span>\n<span class=\"fusion-rollover-linebreak\">\n\t\/<\/span>\n\n<a href=\"https:\/\/labotigadecarnsbertran.cat\/es\/producto\/libritos-variados\/\" class=\"show_details_button\">\n\tDetails<\/a>\n\n\t\t\t\t<\/div>\n\t\t\t\t\t\t\t\t\t<a class=\"fusion-link-wrapper\" href=\"https:\/\/labotigadecarnsbertran.cat\/es\/producto\/libritos-variados\/\" aria-label=\"Libritos variados\"><\/a>\n\t<\/div>\n<\/div>\n<\/div>\n<\/div>\n<div class=\"fusion-product-content\">\n\t<div class=\"product-details\">\n\t\t<div class=\"product-details-container\">\n<h3 class=\"product-title\">\n\t<a href=\"https:\/\/labotigadecarnsbertran.cat\/es\/producto\/libritos-variados\/\">\n\t\tLibritos variados\t<\/a>\n<\/h3>\n<div class=\"fusion-price-rating\">\n\n\t<span class=\"price\"><span class=\"woocommerce-Price-amount amount\" aria-hidden=\"true\"><bdi>8,36&nbsp;<span class=\"woocommerce-Price-currencySymbol\">&euro;<\/span><\/bdi><\/span> <span aria-hidden=\"true\">-<\/span> <span class=\"woocommerce-Price-amount amount\" aria-hidden=\"true\"><bdi>8,70&nbsp;<span class=\"woocommerce-Price-currencySymbol\">&euro;<\/span><\/bdi><\/span><span class=\"screen-reader-text\">Rango de precios: desde 8,36&nbsp;&euro; hasta 8,70&nbsp;&euro;<\/span><\/span>\n\t\t<\/div>\n\t<\/div>\n<\/div>\n\n\t<\/div> \n\n\n<\/div>\n<\/li>\n<li class=\"product type-product post-5217 status-publish last instock product_cat-ternera-vaca-y-buey has-post-thumbnail featured taxable shipping-taxable purchasable product-type-variable product-grid-view\">\n\t<div class=\"fusion-product-wrapper\">\n\n<div class=\"fusion-clean-product-image-wrapper \">\n\t<div  class=\"fusion-image-wrapper fusion-image-size-fixed\" aria-haspopup=\"true\">\n\t\t\t\t<img decoding=\"async\" width=\"500\" height=\"333\" src=\"https:\/\/labotigadecarnsbertran.cat\/wp-content\/uploads\/2022\/03\/MG_8821-500x333.jpg\" class=\"attachment-woocommerce_thumbnail size-woocommerce_thumbnail lazyload wp-post-image\" alt=\"Costella de vedella\" srcset=\"data:image\/svg+xml,%3Csvg%20xmlns%3D%27http%3A%2F%2Fwww.w3.org%2F2000%2Fsvg%27%20width%3D%271200%27%20height%3D%27800%27%20viewBox%3D%270%200%201200%20800%27%3E%3Crect%20width%3D%271200%27%20height%3D%27800%27%20fill-opacity%3D%220%22%2F%3E%3C%2Fsvg%3E\" data-orig-src=\"https:\/\/labotigadecarnsbertran.cat\/wp-content\/uploads\/2022\/03\/MG_8821-500x333.jpg\" data-srcset=\"https:\/\/labotigadecarnsbertran.cat\/wp-content\/uploads\/2022\/03\/MG_8821-200x133.jpg 200w, https:\/\/labotigadecarnsbertran.cat\/wp-content\/uploads\/2022\/03\/MG_8821-300x200.jpg 300w, https:\/\/labotigadecarnsbertran.cat\/wp-content\/uploads\/2022\/03\/MG_8821-400x267.jpg 400w, https:\/\/labotigadecarnsbertran.cat\/wp-content\/uploads\/2022\/03\/MG_8821-500x333.jpg 500w, https:\/\/labotigadecarnsbertran.cat\/wp-content\/uploads\/2022\/03\/MG_8821-600x400.jpg 600w, https:\/\/labotigadecarnsbertran.cat\/wp-content\/uploads\/2022\/03\/MG_8821-700x467.jpg 700w, https:\/\/labotigadecarnsbertran.cat\/wp-content\/uploads\/2022\/03\/MG_8821-768x512.jpg 768w, https:\/\/labotigadecarnsbertran.cat\/wp-content\/uploads\/2022\/03\/MG_8821-800x533.jpg 800w, https:\/\/labotigadecarnsbertran.cat\/wp-content\/uploads\/2022\/03\/MG_8821-1024x683.jpg 1024w, https:\/\/labotigadecarnsbertran.cat\/wp-content\/uploads\/2022\/03\/MG_8821.jpg 1200w\" data-sizes=\"auto\" \/><div class=\"fusion-rollover\">\n\t<div class=\"fusion-rollover-content\">\n\n\t\t\t\t\n\t\t\n\t\t\t\t\t\t\t\t\n\t\t\t\t\t\t\t\t\n\t\t\n\t\t\t\t\t\t\t\t\t\t\t\t\t\t\t\n\t\t\t\t\t\t\n\t\t\t\t\t\t\t\t\t\t<div class=\"fusion-product-buttons\">\n\t\t\t\t\t<a href=\"https:\/\/labotigadecarnsbertran.cat\/es\/producto\/costilla-de-ternera\/\" aria-describedby=\"woocommerce_loop_add_to_cart_link_describedby_5217\" data-quantity=\"1\" class=\"button product_type_variable add_to_cart_button\" data-product_id=\"5217\" data-product_sku=\"11007\" aria-label=\"Elige las opciones para &ldquo;Costilla de ternera&rdquo;\" rel=\"nofollow\">Select options<\/a>\t<span id=\"woocommerce_loop_add_to_cart_link_describedby_5217\" class=\"screen-reader-text\">\n\t\tEste producto tiene m\u00faltiples variantes. Las opciones se pueden elegir en la p\u00e1gina de producto\t<\/span>\n<span class=\"fusion-rollover-linebreak\">\n\t\/<\/span>\n\n<a href=\"https:\/\/labotigadecarnsbertran.cat\/es\/producto\/costilla-de-ternera\/\" class=\"show_details_button\">\n\tDetails<\/a>\n\n\t\t\t\t<\/div>\n\t\t\t\t\t\t\t\t\t<a class=\"fusion-link-wrapper\" href=\"https:\/\/labotigadecarnsbertran.cat\/es\/producto\/costilla-de-ternera\/\" aria-label=\"Costilla de ternera\"><\/a>\n\t<\/div>\n<\/div>\n<\/div>\n<\/div>\n<div class=\"fusion-product-content\">\n\t<div class=\"product-details\">\n\t\t<div class=\"product-details-container\">\n<h3 class=\"product-title\">\n\t<a href=\"https:\/\/labotigadecarnsbertran.cat\/es\/producto\/costilla-de-ternera\/\">\n\t\tCostilla de ternera\t<\/a>\n<\/h3>\n<div class=\"fusion-price-rating\">\n\n\t<span class=\"price\"><span class=\"woocommerce-Price-amount amount\" aria-hidden=\"true\"><bdi>3,85&nbsp;<span class=\"woocommerce-Price-currencySymbol\">&euro;<\/span><\/bdi><\/span> <span aria-hidden=\"true\">-<\/span> <span class=\"woocommerce-Price-amount amount\" aria-hidden=\"true\"><bdi>7,70&nbsp;<span class=\"woocommerce-Price-currencySymbol\">&euro;<\/span><\/bdi><\/span><span class=\"screen-reader-text\">Rango de precios: desde 3,85&nbsp;&euro; hasta 7,70&nbsp;&euro;<\/span><\/span>\n\t\t<\/div>\n\t<\/div>\n<\/div>\n\n\t<\/div> \n\n\n<\/div>\n<\/li>\n<li class=\"product type-product post-5415 status-publish first instock product_cat-cerdo has-post-thumbnail featured taxable shipping-taxable purchasable product-type-variable product-grid-view\">\n\t<div class=\"fusion-product-wrapper\">\n\n<div class=\"fusion-clean-product-image-wrapper \">\n\t<div  class=\"fusion-image-wrapper fusion-image-size-fixed\" aria-haspopup=\"true\">\n\t\t\t\t<img decoding=\"async\" width=\"500\" height=\"333\" src=\"https:\/\/labotigadecarnsbertran.cat\/wp-content\/uploads\/2022\/01\/MG_8154-500x333.jpg\" class=\"attachment-woocommerce_thumbnail size-woocommerce_thumbnail lazyload wp-post-image\" alt=\"\" srcset=\"data:image\/svg+xml,%3Csvg%20xmlns%3D%27http%3A%2F%2Fwww.w3.org%2F2000%2Fsvg%27%20width%3D%271200%27%20height%3D%27800%27%20viewBox%3D%270%200%201200%20800%27%3E%3Crect%20width%3D%271200%27%20height%3D%27800%27%20fill-opacity%3D%220%22%2F%3E%3C%2Fsvg%3E\" data-orig-src=\"https:\/\/labotigadecarnsbertran.cat\/wp-content\/uploads\/2022\/01\/MG_8154-500x333.jpg\" data-srcset=\"https:\/\/labotigadecarnsbertran.cat\/wp-content\/uploads\/2022\/01\/MG_8154-200x133.jpg 200w, https:\/\/labotigadecarnsbertran.cat\/wp-content\/uploads\/2022\/01\/MG_8154-300x200.jpg 300w, https:\/\/labotigadecarnsbertran.cat\/wp-content\/uploads\/2022\/01\/MG_8154-400x267.jpg 400w, https:\/\/labotigadecarnsbertran.cat\/wp-content\/uploads\/2022\/01\/MG_8154-500x333.jpg 500w, https:\/\/labotigadecarnsbertran.cat\/wp-content\/uploads\/2022\/01\/MG_8154-600x400.jpg 600w, https:\/\/labotigadecarnsbertran.cat\/wp-content\/uploads\/2022\/01\/MG_8154-700x467.jpg 700w, https:\/\/labotigadecarnsbertran.cat\/wp-content\/uploads\/2022\/01\/MG_8154-768x512.jpg 768w, https:\/\/labotigadecarnsbertran.cat\/wp-content\/uploads\/2022\/01\/MG_8154-800x533.jpg 800w, https:\/\/labotigadecarnsbertran.cat\/wp-content\/uploads\/2022\/01\/MG_8154-1024x683.jpg 1024w, https:\/\/labotigadecarnsbertran.cat\/wp-content\/uploads\/2022\/01\/MG_8154.jpg 1200w\" data-sizes=\"auto\" \/><div class=\"fusion-rollover\">\n\t<div class=\"fusion-rollover-content\">\n\n\t\t\t\t\n\t\t\n\t\t\t\t\t\t\t\t\n\t\t\t\t\t\t\t\t\n\t\t\n\t\t\t\t\t\t\t\t\t\t\t\t\t\t\t\n\t\t\t\t\t\t\n\t\t\t\t\t\t\t\t\t\t<div class=\"fusion-product-buttons\">\n\t\t\t\t\t<a href=\"https:\/\/labotigadecarnsbertran.cat\/es\/producto\/longaniza-de-cerdo\/\" aria-describedby=\"woocommerce_loop_add_to_cart_link_describedby_5415\" data-quantity=\"1\" class=\"button product_type_variable add_to_cart_button\" data-product_id=\"5415\" data-product_sku=\"10007\" aria-label=\"Elige las opciones para &ldquo;Longaniza de cerdo&rdquo;\" rel=\"nofollow\">Select options<\/a>\t<span id=\"woocommerce_loop_add_to_cart_link_describedby_5415\" class=\"screen-reader-text\">\n\t\tEste producto tiene m\u00faltiples variantes. Las opciones se pueden elegir en la p\u00e1gina de producto\t<\/span>\n<span class=\"fusion-rollover-linebreak\">\n\t\/<\/span>\n\n<a href=\"https:\/\/labotigadecarnsbertran.cat\/es\/producto\/longaniza-de-cerdo\/\" class=\"show_details_button\">\n\tDetails<\/a>\n\n\t\t\t\t<\/div>\n\t\t\t\t\t\t\t\t\t<a class=\"fusion-link-wrapper\" href=\"https:\/\/labotigadecarnsbertran.cat\/es\/producto\/longaniza-de-cerdo\/\" aria-label=\"Longaniza de cerdo\"><\/a>\n\t<\/div>\n<\/div>\n<\/div>\n<\/div>\n<div class=\"fusion-product-content\">\n\t<div class=\"product-details\">\n\t\t<div class=\"product-details-container\">\n<h3 class=\"product-title\">\n\t<a href=\"https:\/\/labotigadecarnsbertran.cat\/es\/producto\/longaniza-de-cerdo\/\">\n\t\tLonganiza de cerdo\t<\/a>\n<\/h3>\n<div class=\"fusion-price-rating\">\n\n\t<span class=\"price\"><span class=\"woocommerce-Price-amount amount\" aria-hidden=\"true\"><bdi>4,20&nbsp;<span class=\"woocommerce-Price-currencySymbol\">&euro;<\/span><\/bdi><\/span> <span aria-hidden=\"true\">-<\/span> <span class=\"woocommerce-Price-amount amount\" aria-hidden=\"true\"><bdi>8,30&nbsp;<span class=\"woocommerce-Price-currencySymbol\">&euro;<\/span><\/bdi><\/span><span class=\"screen-reader-text\">Rango de precios: desde 4,20&nbsp;&euro; hasta 8,30&nbsp;&euro;<\/span><\/span>\n\t\t<\/div>\n\t<\/div>\n<\/div>\n\n\t<\/div> \n\n\n<\/div>\n<\/li>\n<li class=\"product type-product post-5369 status-publish instock product_cat-cordero-y-cabrito has-post-thumbnail taxable shipping-taxable purchasable product-type-simple product-grid-view\">\n\t<div class=\"fusion-product-wrapper\">\n\n<div class=\"fusion-clean-product-image-wrapper \">\n\t<div  class=\"fusion-image-wrapper fusion-image-size-fixed\" aria-haspopup=\"true\">\n\t\t\t\t<img decoding=\"async\" width=\"500\" height=\"333\" src=\"https:\/\/labotigadecarnsbertran.cat\/wp-content\/uploads\/2022\/01\/MG_8229-500x333.jpg\" class=\"attachment-woocommerce_thumbnail size-woocommerce_thumbnail lazyload wp-post-image\" alt=\"Mig cabrit tallat per arrebossar\" srcset=\"data:image\/svg+xml,%3Csvg%20xmlns%3D%27http%3A%2F%2Fwww.w3.org%2F2000%2Fsvg%27%20width%3D%271200%27%20height%3D%27800%27%20viewBox%3D%270%200%201200%20800%27%3E%3Crect%20width%3D%271200%27%20height%3D%27800%27%20fill-opacity%3D%220%22%2F%3E%3C%2Fsvg%3E\" data-orig-src=\"https:\/\/labotigadecarnsbertran.cat\/wp-content\/uploads\/2022\/01\/MG_8229-500x333.jpg\" data-srcset=\"https:\/\/labotigadecarnsbertran.cat\/wp-content\/uploads\/2022\/01\/MG_8229-200x133.jpg 200w, https:\/\/labotigadecarnsbertran.cat\/wp-content\/uploads\/2022\/01\/MG_8229-300x200.jpg 300w, https:\/\/labotigadecarnsbertran.cat\/wp-content\/uploads\/2022\/01\/MG_8229-400x267.jpg 400w, https:\/\/labotigadecarnsbertran.cat\/wp-content\/uploads\/2022\/01\/MG_8229-500x333.jpg 500w, https:\/\/labotigadecarnsbertran.cat\/wp-content\/uploads\/2022\/01\/MG_8229-600x400.jpg 600w, https:\/\/labotigadecarnsbertran.cat\/wp-content\/uploads\/2022\/01\/MG_8229-700x467.jpg 700w, https:\/\/labotigadecarnsbertran.cat\/wp-content\/uploads\/2022\/01\/MG_8229-768x512.jpg 768w, https:\/\/labotigadecarnsbertran.cat\/wp-content\/uploads\/2022\/01\/MG_8229-800x533.jpg 800w, https:\/\/labotigadecarnsbertran.cat\/wp-content\/uploads\/2022\/01\/MG_8229-1024x683.jpg 1024w, https:\/\/labotigadecarnsbertran.cat\/wp-content\/uploads\/2022\/01\/MG_8229.jpg 1200w\" data-sizes=\"auto\" \/><div class=\"fusion-rollover\">\n\t<div class=\"fusion-rollover-content\">\n\n\t\t\t\t\n\t\t\n\t\t\t\t\t\t\t\t\n\t\t\t\t\t\t\t\t\n\t\t\n\t\t\t\t\t\t\t\t\t\t\t\t\t\t\t\n\t\t\t\t\t\t\n\t\t\t\t\t\t\t\t\t\t<div class=\"fusion-product-buttons\">\n\t\t\t\t\t<a href=\"https:\/\/labotigadecarnsbertran.cat\/es\/producto\/medio-cabrito-cortado-para-rebozar\/\" data-quantity=\"1\" class=\"button product_type_simple add_to_cart_button \" data-product_id=\"5369\" data-product_sku=\"12100\" aria-label=\"A\u00f1adir al carrito: &ldquo;Medio cabrito cortado para rebozar&rdquo;\" rel=\"nofollow\">Select options<\/a>\t<span id=\"woocommerce_loop_add_to_cart_link_describedby_5369\" class=\"screen-reader-text\">\n\t\t\t<\/span>\n<span class=\"fusion-rollover-linebreak\">\n\t\/<\/span>\n\n<a href=\"https:\/\/labotigadecarnsbertran.cat\/es\/producto\/medio-cabrito-cortado-para-rebozar\/\" class=\"show_details_button\">\n\tDetails<\/a>\n\n\t\t\t\t<\/div>\n\t\t\t\t\t\t\t\t\t<a class=\"fusion-link-wrapper\" href=\"https:\/\/labotigadecarnsbertran.cat\/es\/producto\/medio-cabrito-cortado-para-rebozar\/\" aria-label=\"Medio cabrito cortado para rebozar\"><\/a>\n\t<\/div>\n<\/div>\n<\/div>\n<\/div>\n<div class=\"fusion-product-content\">\n\t<div class=\"product-details\">\n\t\t<div class=\"product-details-container\">\n<h3 class=\"product-title\">\n\t<a href=\"https:\/\/labotigadecarnsbertran.cat\/es\/producto\/medio-cabrito-cortado-para-rebozar\/\">\n\t\tMedio cabrito cortado para rebozar\t<\/a>\n<\/h3>\n<div class=\"fusion-price-rating\">\n\n\t<span class=\"price\"><span class=\"woocommerce-Price-amount amount\"><bdi>41,90&nbsp;<span class=\"woocommerce-Price-currencySymbol\">&euro;<\/span><\/bdi><\/span><\/span>\n\t\t<\/div>\n\t<\/div>\n<\/div>\n\n\t<\/div> \n\n\n<\/div>\n<\/li>\n<li class=\"product type-product post-5382 status-publish last instock product_cat-ternera-vaca-y-buey has-post-thumbnail taxable shipping-taxable purchasable product-type-variable product-grid-view\">\n\t<div class=\"fusion-product-wrapper\">\n\n<div class=\"fusion-clean-product-image-wrapper \">\n\t<div  class=\"fusion-image-wrapper fusion-image-size-fixed\" aria-haspopup=\"true\">\n\t\t\t\t<img decoding=\"async\" width=\"500\" height=\"333\" src=\"https:\/\/labotigadecarnsbertran.cat\/wp-content\/uploads\/2022\/01\/MG_8864-500x333.jpg\" class=\"attachment-woocommerce_thumbnail size-woocommerce_thumbnail lazyload wp-post-image\" alt=\"Picada de vedella\" srcset=\"data:image\/svg+xml,%3Csvg%20xmlns%3D%27http%3A%2F%2Fwww.w3.org%2F2000%2Fsvg%27%20width%3D%271200%27%20height%3D%27800%27%20viewBox%3D%270%200%201200%20800%27%3E%3Crect%20width%3D%271200%27%20height%3D%27800%27%20fill-opacity%3D%220%22%2F%3E%3C%2Fsvg%3E\" data-orig-src=\"https:\/\/labotigadecarnsbertran.cat\/wp-content\/uploads\/2022\/01\/MG_8864-500x333.jpg\" data-srcset=\"https:\/\/labotigadecarnsbertran.cat\/wp-content\/uploads\/2022\/01\/MG_8864-200x133.jpg 200w, https:\/\/labotigadecarnsbertran.cat\/wp-content\/uploads\/2022\/01\/MG_8864-300x200.jpg 300w, https:\/\/labotigadecarnsbertran.cat\/wp-content\/uploads\/2022\/01\/MG_8864-400x267.jpg 400w, https:\/\/labotigadecarnsbertran.cat\/wp-content\/uploads\/2022\/01\/MG_8864-500x333.jpg 500w, https:\/\/labotigadecarnsbertran.cat\/wp-content\/uploads\/2022\/01\/MG_8864-600x400.jpg 600w, https:\/\/labotigadecarnsbertran.cat\/wp-content\/uploads\/2022\/01\/MG_8864-700x467.jpg 700w, https:\/\/labotigadecarnsbertran.cat\/wp-content\/uploads\/2022\/01\/MG_8864-768x512.jpg 768w, https:\/\/labotigadecarnsbertran.cat\/wp-content\/uploads\/2022\/01\/MG_8864-800x533.jpg 800w, https:\/\/labotigadecarnsbertran.cat\/wp-content\/uploads\/2022\/01\/MG_8864-1024x683.jpg 1024w, https:\/\/labotigadecarnsbertran.cat\/wp-content\/uploads\/2022\/01\/MG_8864.jpg 1200w\" data-sizes=\"auto\" \/><div class=\"fusion-rollover\">\n\t<div class=\"fusion-rollover-content\">\n\n\t\t\t\t\n\t\t\n\t\t\t\t\t\t\t\t\n\t\t\t\t\t\t\t\t\n\t\t\n\t\t\t\t\t\t\t\t\t\t\t\t\t\t\t\n\t\t\t\t\t\t\n\t\t\t\t\t\t\t\t\t\t<div class=\"fusion-product-buttons\">\n\t\t\t\t\t<a href=\"https:\/\/labotigadecarnsbertran.cat\/es\/producto\/picadura-de-ternera\/\" aria-describedby=\"woocommerce_loop_add_to_cart_link_describedby_5382\" data-quantity=\"1\" class=\"button product_type_variable add_to_cart_button\" data-product_id=\"5382\" data-product_sku=\"11013\" aria-label=\"Elige las opciones para &ldquo;Picadura de Ternera&rdquo;\" rel=\"nofollow\">Select options<\/a>\t<span id=\"woocommerce_loop_add_to_cart_link_describedby_5382\" class=\"screen-reader-text\">\n\t\tEste producto tiene m\u00faltiples variantes. Las opciones se pueden elegir en la p\u00e1gina de producto\t<\/span>\n<span class=\"fusion-rollover-linebreak\">\n\t\/<\/span>\n\n<a href=\"https:\/\/labotigadecarnsbertran.cat\/es\/producto\/picadura-de-ternera\/\" class=\"show_details_button\">\n\tDetails<\/a>\n\n\t\t\t\t<\/div>\n\t\t\t\t\t\t\t\t\t<a class=\"fusion-link-wrapper\" href=\"https:\/\/labotigadecarnsbertran.cat\/es\/producto\/picadura-de-ternera\/\" aria-label=\"Picadura de Ternera\"><\/a>\n\t<\/div>\n<\/div>\n<\/div>\n<\/div>\n<div class=\"fusion-product-content\">\n\t<div class=\"product-details\">\n\t\t<div class=\"product-details-container\">\n<h3 class=\"product-title\">\n\t<a href=\"https:\/\/labotigadecarnsbertran.cat\/es\/producto\/picadura-de-ternera\/\">\n\t\tPicadura de Ternera\t<\/a>\n<\/h3>\n<div class=\"fusion-price-rating\">\n\n\t<span class=\"price\"><span class=\"woocommerce-Price-amount amount\" aria-hidden=\"true\"><bdi>4,80&nbsp;<span class=\"woocommerce-Price-currencySymbol\">&euro;<\/span><\/bdi><\/span> <span aria-hidden=\"true\">-<\/span> <span class=\"woocommerce-Price-amount amount\" aria-hidden=\"true\"><bdi>9,50&nbsp;<span class=\"woocommerce-Price-currencySymbol\">&euro;<\/span><\/bdi><\/span><span class=\"screen-reader-text\">Rango de precios: desde 4,80&nbsp;&euro; hasta 9,50&nbsp;&euro;<\/span><\/span>\n\t\t<\/div>\n\t<\/div>\n<\/div>\n\n\t<\/div> \n\n\n<\/div>\n<\/li>\n<li class=\"product type-product post-5776 status-publish first instock product_cat-pollo-y-aves has-post-thumbnail taxable shipping-taxable purchasable product-type-simple product-grid-view\">\n\t<div class=\"fusion-product-wrapper\">\n\n<div class=\"fusion-clean-product-image-wrapper \">\n\t<div  class=\"fusion-image-wrapper fusion-image-size-fixed\" aria-haspopup=\"true\">\n\t\t\t\t<img decoding=\"async\" width=\"500\" height=\"333\" src=\"https:\/\/labotigadecarnsbertran.cat\/wp-content\/uploads\/2025\/12\/MG_9061-500x333.jpg\" class=\"attachment-woocommerce_thumbnail size-woocommerce_thumbnail lazyload wp-post-image\" alt=\"\" srcset=\"data:image\/svg+xml,%3Csvg%20xmlns%3D%27http%3A%2F%2Fwww.w3.org%2F2000%2Fsvg%27%20width%3D%27750%27%20height%3D%27500%27%20viewBox%3D%270%200%20750%20500%27%3E%3Crect%20width%3D%27750%27%20height%3D%27500%27%20fill-opacity%3D%220%22%2F%3E%3C%2Fsvg%3E\" data-orig-src=\"https:\/\/labotigadecarnsbertran.cat\/wp-content\/uploads\/2025\/12\/MG_9061-500x333.jpg\" data-srcset=\"https:\/\/labotigadecarnsbertran.cat\/wp-content\/uploads\/2025\/12\/MG_9061-200x133.jpg 200w, https:\/\/labotigadecarnsbertran.cat\/wp-content\/uploads\/2025\/12\/MG_9061-300x200.jpg 300w, https:\/\/labotigadecarnsbertran.cat\/wp-content\/uploads\/2025\/12\/MG_9061-400x267.jpg 400w, https:\/\/labotigadecarnsbertran.cat\/wp-content\/uploads\/2025\/12\/MG_9061-500x333.jpg 500w, https:\/\/labotigadecarnsbertran.cat\/wp-content\/uploads\/2025\/12\/MG_9061-600x400.jpg 600w, https:\/\/labotigadecarnsbertran.cat\/wp-content\/uploads\/2025\/12\/MG_9061-700x467.jpg 700w, https:\/\/labotigadecarnsbertran.cat\/wp-content\/uploads\/2025\/12\/MG_9061.jpg 750w\" data-sizes=\"auto\" \/><div class=\"fusion-rollover\">\n\t<div class=\"fusion-rollover-content\">\n\n\t\t\t\t\n\t\t\n\t\t\t\t\t\t\t\t\n\t\t\t\t\t\t\t\t\n\t\t\n\t\t\t\t\t\t\t\t\t\t\t\t\t\t\t\n\t\t\t\t\t\t\n\t\t\t\t\t\t\t\t\t\t<div class=\"fusion-product-buttons\">\n\t\t\t\t\t<a href=\"https:\/\/labotigadecarnsbertran.cat\/es\/producto\/paquete-al-vacio-jamon-75-iberico-de-bellota-guijuelo-copia-copia-copia-copia-copia-copia-copia-copia-copia-copia-copia\/\" data-quantity=\"1\" class=\"button product_type_simple add_to_cart_button \" data-product_id=\"5776\" data-product_sku=\"13103\" aria-label=\"A\u00f1adir al carrito: &ldquo;Brocheta de pavo&rdquo;\" rel=\"nofollow\">Select options<\/a>\t<span id=\"woocommerce_loop_add_to_cart_link_describedby_5776\" class=\"screen-reader-text\">\n\t\t\t<\/span>\n<span class=\"fusion-rollover-linebreak\">\n\t\/<\/span>\n\n<a href=\"https:\/\/labotigadecarnsbertran.cat\/es\/producto\/paquete-al-vacio-jamon-75-iberico-de-bellota-guijuelo-copia-copia-copia-copia-copia-copia-copia-copia-copia-copia-copia\/\" class=\"show_details_button\">\n\tDetails<\/a>\n\n\t\t\t\t<\/div>\n\t\t\t\t\t\t\t\t\t<a class=\"fusion-link-wrapper\" href=\"https:\/\/labotigadecarnsbertran.cat\/es\/producto\/paquete-al-vacio-jamon-75-iberico-de-bellota-guijuelo-copia-copia-copia-copia-copia-copia-copia-copia-copia-copia-copia\/\" aria-label=\"Brocheta de pavo\"><\/a>\n\t<\/div>\n<\/div>\n<\/div>\n<\/div>\n<div class=\"fusion-product-content\">\n\t<div class=\"product-details\">\n\t\t<div class=\"product-details-container\">\n<h3 class=\"product-title\">\n\t<a href=\"https:\/\/labotigadecarnsbertran.cat\/es\/producto\/paquete-al-vacio-jamon-75-iberico-de-bellota-guijuelo-copia-copia-copia-copia-copia-copia-copia-copia-copia-copia-copia\/\">\n\t\tBrocheta de pavo\t<\/a>\n<\/h3>\n<div class=\"fusion-price-rating\">\n\n\t<span class=\"price\"><span class=\"woocommerce-Price-amount amount\"><bdi>4,60&nbsp;<span class=\"woocommerce-Price-currencySymbol\">&euro;<\/span><\/bdi><\/span><\/span>\n\t\t<\/div>\n\t<\/div>\n<\/div>\n\n\t<\/div> \n\n\n<\/div>\n<\/li>\n<li class=\"product type-product post-5392 status-publish instock product_cat-ternera-vaca-y-buey has-post-thumbnail taxable shipping-taxable purchasable product-type-variable product-grid-view\">\n\t<div class=\"fusion-product-wrapper\">\n\n<div class=\"fusion-clean-product-image-wrapper \">\n\t<div  class=\"fusion-image-wrapper fusion-image-size-fixed\" aria-haspopup=\"true\">\n\t\t\t\t<img decoding=\"async\" width=\"500\" height=\"333\" src=\"https:\/\/labotigadecarnsbertran.cat\/wp-content\/uploads\/2022\/01\/MG_8938-500x333.jpg\" class=\"attachment-woocommerce_thumbnail size-woocommerce_thumbnail lazyload wp-post-image\" alt=\"Filet de Vedella\" srcset=\"data:image\/svg+xml,%3Csvg%20xmlns%3D%27http%3A%2F%2Fwww.w3.org%2F2000%2Fsvg%27%20width%3D%271200%27%20height%3D%27800%27%20viewBox%3D%270%200%201200%20800%27%3E%3Crect%20width%3D%271200%27%20height%3D%27800%27%20fill-opacity%3D%220%22%2F%3E%3C%2Fsvg%3E\" data-orig-src=\"https:\/\/labotigadecarnsbertran.cat\/wp-content\/uploads\/2022\/01\/MG_8938-500x333.jpg\" data-srcset=\"https:\/\/labotigadecarnsbertran.cat\/wp-content\/uploads\/2022\/01\/MG_8938-200x133.jpg 200w, https:\/\/labotigadecarnsbertran.cat\/wp-content\/uploads\/2022\/01\/MG_8938-300x200.jpg 300w, https:\/\/labotigadecarnsbertran.cat\/wp-content\/uploads\/2022\/01\/MG_8938-400x267.jpg 400w, https:\/\/labotigadecarnsbertran.cat\/wp-content\/uploads\/2022\/01\/MG_8938-500x333.jpg 500w, https:\/\/labotigadecarnsbertran.cat\/wp-content\/uploads\/2022\/01\/MG_8938-600x400.jpg 600w, https:\/\/labotigadecarnsbertran.cat\/wp-content\/uploads\/2022\/01\/MG_8938-700x467.jpg 700w, https:\/\/labotigadecarnsbertran.cat\/wp-content\/uploads\/2022\/01\/MG_8938-768x512.jpg 768w, https:\/\/labotigadecarnsbertran.cat\/wp-content\/uploads\/2022\/01\/MG_8938-800x533.jpg 800w, https:\/\/labotigadecarnsbertran.cat\/wp-content\/uploads\/2022\/01\/MG_8938-1024x683.jpg 1024w, https:\/\/labotigadecarnsbertran.cat\/wp-content\/uploads\/2022\/01\/MG_8938.jpg 1200w\" data-sizes=\"auto\" \/><div class=\"fusion-rollover\">\n\t<div class=\"fusion-rollover-content\">\n\n\t\t\t\t\n\t\t\n\t\t\t\t\t\t\t\t\n\t\t\t\t\t\t\t\t\n\t\t\n\t\t\t\t\t\t\t\t\t\t\t\t\t\t\t\n\t\t\t\t\t\t\n\t\t\t\t\t\t\t\t\t\t<div class=\"fusion-product-buttons\">\n\t\t\t\t\t<a href=\"https:\/\/labotigadecarnsbertran.cat\/es\/producto\/solomillo-de-ternera\/\" aria-describedby=\"woocommerce_loop_add_to_cart_link_describedby_5392\" data-quantity=\"1\" class=\"button product_type_variable add_to_cart_button\" data-product_id=\"5392\" data-product_sku=\"11003\" aria-label=\"Elige las opciones para &ldquo;Solomillo de ternera&rdquo;\" rel=\"nofollow\">Select options<\/a>\t<span id=\"woocommerce_loop_add_to_cart_link_describedby_5392\" class=\"screen-reader-text\">\n\t\tEste producto tiene m\u00faltiples variantes. Las opciones se pueden elegir en la p\u00e1gina de producto\t<\/span>\n<span class=\"fusion-rollover-linebreak\">\n\t\/<\/span>\n\n<a href=\"https:\/\/labotigadecarnsbertran.cat\/es\/producto\/solomillo-de-ternera\/\" class=\"show_details_button\">\n\tDetails<\/a>\n\n\t\t\t\t<\/div>\n\t\t\t\t\t\t\t\t\t<a class=\"fusion-link-wrapper\" href=\"https:\/\/labotigadecarnsbertran.cat\/es\/producto\/solomillo-de-ternera\/\" aria-label=\"Solomillo de ternera\"><\/a>\n\t<\/div>\n<\/div>\n<\/div>\n<\/div>\n<div class=\"fusion-product-content\">\n\t<div class=\"product-details\">\n\t\t<div class=\"product-details-container\">\n<h3 class=\"product-title\">\n\t<a href=\"https:\/\/labotigadecarnsbertran.cat\/es\/producto\/solomillo-de-ternera\/\">\n\t\tSolomillo de ternera\t<\/a>\n<\/h3>\n<div class=\"fusion-price-rating\">\n\n\t<span class=\"price\"><span class=\"woocommerce-Price-amount amount\" aria-hidden=\"true\"><bdi>13,70&nbsp;<span class=\"woocommerce-Price-currencySymbol\">&euro;<\/span><\/bdi><\/span> <span aria-hidden=\"true\">-<\/span> <span class=\"woocommerce-Price-amount amount\" aria-hidden=\"true\"><bdi>27,30&nbsp;<span class=\"woocommerce-Price-currencySymbol\">&euro;<\/span><\/bdi><\/span><span class=\"screen-reader-text\">Rango de precios: desde 13,70&nbsp;&euro; hasta 27,30&nbsp;&euro;<\/span><\/span>\n\t\t<\/div>\n\t<\/div>\n<\/div>\n\n\t<\/div> \n\n\n<\/div>\n<\/li>\n<li class=\"product type-product post-5922 status-publish last instock product_cat-charcuteria-y-quesos product_cat-curados has-post-thumbnail taxable shipping-taxable purchasable product-type-simple product-grid-view\">\n\t<div class=\"fusion-product-wrapper\">\n\n<div class=\"fusion-clean-product-image-wrapper \">\n\t<div  class=\"fusion-image-wrapper fusion-image-size-fixed\" aria-haspopup=\"true\">\n\t\t\t\t<img decoding=\"async\" width=\"500\" height=\"333\" src=\"https:\/\/labotigadecarnsbertran.cat\/wp-content\/uploads\/2025\/12\/MG_9196-500x333.jpg\" class=\"attachment-woocommerce_thumbnail size-woocommerce_thumbnail lazyload wp-post-image\" alt=\"\" srcset=\"data:image\/svg+xml,%3Csvg%20xmlns%3D%27http%3A%2F%2Fwww.w3.org%2F2000%2Fsvg%27%20width%3D%271200%27%20height%3D%27800%27%20viewBox%3D%270%200%201200%20800%27%3E%3Crect%20width%3D%271200%27%20height%3D%27800%27%20fill-opacity%3D%220%22%2F%3E%3C%2Fsvg%3E\" data-orig-src=\"https:\/\/labotigadecarnsbertran.cat\/wp-content\/uploads\/2025\/12\/MG_9196-500x333.jpg\" data-srcset=\"https:\/\/labotigadecarnsbertran.cat\/wp-content\/uploads\/2025\/12\/MG_9196-200x133.jpg 200w, https:\/\/labotigadecarnsbertran.cat\/wp-content\/uploads\/2025\/12\/MG_9196-300x200.jpg 300w, https:\/\/labotigadecarnsbertran.cat\/wp-content\/uploads\/2025\/12\/MG_9196-400x267.jpg 400w, https:\/\/labotigadecarnsbertran.cat\/wp-content\/uploads\/2025\/12\/MG_9196-500x333.jpg 500w, https:\/\/labotigadecarnsbertran.cat\/wp-content\/uploads\/2025\/12\/MG_9196-600x400.jpg 600w, https:\/\/labotigadecarnsbertran.cat\/wp-content\/uploads\/2025\/12\/MG_9196-700x467.jpg 700w, https:\/\/labotigadecarnsbertran.cat\/wp-content\/uploads\/2025\/12\/MG_9196-768x512.jpg 768w, https:\/\/labotigadecarnsbertran.cat\/wp-content\/uploads\/2025\/12\/MG_9196-800x533.jpg 800w, https:\/\/labotigadecarnsbertran.cat\/wp-content\/uploads\/2025\/12\/MG_9196-1024x683.jpg 1024w, https:\/\/labotigadecarnsbertran.cat\/wp-content\/uploads\/2025\/12\/MG_9196.jpg 1200w\" data-sizes=\"auto\" \/><div class=\"fusion-rollover\">\n\t<div class=\"fusion-rollover-content\">\n\n\t\t\t\t\n\t\t\n\t\t\t\t\t\t\t\t\n\t\t\t\t\t\t\t\t\n\t\t\n\t\t\t\t\t\t\t\t\t\t\t\t\t\t\t\n\t\t\t\t\t\t\n\t\t\t\t\t\t\t\t\t\t<div class=\"fusion-product-buttons\">\n\t\t\t\t\t<a href=\"https:\/\/labotigadecarnsbertran.cat\/es\/producto\/longaniza-curada-de-pavo\/\" data-quantity=\"1\" class=\"button product_type_simple add_to_cart_button \" data-product_id=\"5922\" data-product_sku=\"31014\" aria-label=\"A\u00f1adir al carrito: &ldquo;Longaniza curada de pavo&rdquo;\" rel=\"nofollow\">Select options<\/a>\t<span id=\"woocommerce_loop_add_to_cart_link_describedby_5922\" class=\"screen-reader-text\">\n\t\t\t<\/span>\n<span class=\"fusion-rollover-linebreak\">\n\t\/<\/span>\n\n<a href=\"https:\/\/labotigadecarnsbertran.cat\/es\/producto\/longaniza-curada-de-pavo\/\" class=\"show_details_button\">\n\tDetails<\/a>\n\n\t\t\t\t<\/div>\n\t\t\t\t\t\t\t\t\t<a class=\"fusion-link-wrapper\" href=\"https:\/\/labotigadecarnsbertran.cat\/es\/producto\/longaniza-curada-de-pavo\/\" aria-label=\"Longaniza curada de pavo\"><\/a>\n\t<\/div>\n<\/div>\n<\/div>\n<\/div>\n<div class=\"fusion-product-content\">\n\t<div class=\"product-details\">\n\t\t<div class=\"product-details-container\">\n<h3 class=\"product-title\">\n\t<a href=\"https:\/\/labotigadecarnsbertran.cat\/es\/producto\/longaniza-curada-de-pavo\/\">\n\t\tLonganiza curada de pavo\t<\/a>\n<\/h3>\n<div class=\"fusion-price-rating\">\n\n\t<span class=\"price\"><span class=\"woocommerce-Price-amount amount\"><bdi>9,30&nbsp;<span class=\"woocommerce-Price-currencySymbol\">&euro;<\/span><\/bdi><\/span><\/span>\n\t\t<\/div>\n\t<\/div>\n<\/div>\n\n\t<\/div> \n\n\n<\/div>\n<\/li>\n<li class=\"product type-product post-6119 status-publish first outofstock product_cat-cerdo has-post-thumbnail taxable shipping-taxable purchasable product-type-variable product-grid-view\">\n\t<div class=\"fusion-product-wrapper\">\n<div class=\"fusion-woo-badges-wrapper\">\n\t<div class=\"fusion-out-of-stock\">\n\t\t<div class=\"fusion-position-text\">\n\t\t\tOut of stock\t\t<\/div>\n\t<\/div>\n<\/div><div class=\"fusion-clean-product-image-wrapper \">\n\t<div  class=\"fusion-image-wrapper fusion-image-size-fixed\" aria-haspopup=\"true\">\n\t\t\t\t<img decoding=\"async\" width=\"500\" height=\"333\" src=\"https:\/\/labotigadecarnsbertran.cat\/wp-content\/uploads\/2022\/01\/MG_8221-500x333.jpg\" class=\"attachment-woocommerce_thumbnail size-woocommerce_thumbnail lazyload wp-post-image\" alt=\"\" srcset=\"data:image\/svg+xml,%3Csvg%20xmlns%3D%27http%3A%2F%2Fwww.w3.org%2F2000%2Fsvg%27%20width%3D%271200%27%20height%3D%27800%27%20viewBox%3D%270%200%201200%20800%27%3E%3Crect%20width%3D%271200%27%20height%3D%27800%27%20fill-opacity%3D%220%22%2F%3E%3C%2Fsvg%3E\" data-orig-src=\"https:\/\/labotigadecarnsbertran.cat\/wp-content\/uploads\/2022\/01\/MG_8221-500x333.jpg\" data-srcset=\"https:\/\/labotigadecarnsbertran.cat\/wp-content\/uploads\/2022\/01\/MG_8221-200x133.jpg 200w, https:\/\/labotigadecarnsbertran.cat\/wp-content\/uploads\/2022\/01\/MG_8221-300x200.jpg 300w, https:\/\/labotigadecarnsbertran.cat\/wp-content\/uploads\/2022\/01\/MG_8221-400x267.jpg 400w, https:\/\/labotigadecarnsbertran.cat\/wp-content\/uploads\/2022\/01\/MG_8221-500x333.jpg 500w, https:\/\/labotigadecarnsbertran.cat\/wp-content\/uploads\/2022\/01\/MG_8221-600x400.jpg 600w, https:\/\/labotigadecarnsbertran.cat\/wp-content\/uploads\/2022\/01\/MG_8221-700x467.jpg 700w, https:\/\/labotigadecarnsbertran.cat\/wp-content\/uploads\/2022\/01\/MG_8221-768x512.jpg 768w, https:\/\/labotigadecarnsbertran.cat\/wp-content\/uploads\/2022\/01\/MG_8221-800x533.jpg 800w, https:\/\/labotigadecarnsbertran.cat\/wp-content\/uploads\/2022\/01\/MG_8221-1024x683.jpg 1024w, https:\/\/labotigadecarnsbertran.cat\/wp-content\/uploads\/2022\/01\/MG_8221.jpg 1200w\" data-sizes=\"auto\" \/><div class=\"fusion-rollover\">\n\t<div class=\"fusion-rollover-content\">\n\n\t\t\t\t\n\t\t\n\t\t\t\t\t\t\t\t\n\t\t\t\t\t\t\t\t\n\t\t\n\t\t\t\t\t\t\t\t\t\t\t\t\t\t\t\n\t\t\t\t\t\t\n\t\t\t\t\t\t\t\t\t\t<div class=\"fusion-product-buttons\">\n\t\t\t\t\t\n<a href=\"https:\/\/labotigadecarnsbertran.cat\/es\/producto\/longaniza-extra\/\" class=\"show_details_button\" style=\"float:none;max-width:none;text-align:center;\">\n\tDetails<\/a>\n\n\t\t\t\t<\/div>\n\t\t\t\t\t\t\t\t\t<a class=\"fusion-link-wrapper\" href=\"https:\/\/labotigadecarnsbertran.cat\/es\/producto\/longaniza-extra\/\" aria-label=\"Longaniza extra\"><\/a>\n\t<\/div>\n<\/div>\n<\/div>\n<\/div>\n<div class=\"fusion-product-content\">\n\t<div class=\"product-details\">\n\t\t<div class=\"product-details-container\">\n<h3 class=\"product-title\">\n\t<a href=\"https:\/\/labotigadecarnsbertran.cat\/es\/producto\/longaniza-extra\/\">\n\t\tLonganiza extra\t<\/a>\n<\/h3>\n<div class=\"fusion-price-rating\">\n\n\t<span class=\"price\"><span class=\"woocommerce-Price-amount amount\" aria-hidden=\"true\"><bdi>4,30&nbsp;<span class=\"woocommerce-Price-currencySymbol\">&euro;<\/span><\/bdi><\/span> <span aria-hidden=\"true\">-<\/span> <span class=\"woocommerce-Price-amount amount\" aria-hidden=\"true\"><bdi>17,10&nbsp;<span class=\"woocommerce-Price-currencySymbol\">&euro;<\/span><\/bdi><\/span><span class=\"screen-reader-text\">Rango de precios: desde 4,30&nbsp;&euro; hasta 17,10&nbsp;&euro;<\/span><\/span>\n\t\t<\/div>\n\t<\/div>\n<\/div>\n\n\t<\/div> \n\n\n<\/div>\n<\/li>\n<li class=\"product type-product post-5939 status-publish instock product_cat-butifarras product_cat-charcuteria-y-quesos has-post-thumbnail taxable shipping-taxable purchasable product-type-simple product-grid-view\">\n\t<div class=\"fusion-product-wrapper\">\n\n<div class=\"fusion-clean-product-image-wrapper \">\n\t<div  class=\"fusion-image-wrapper fusion-image-size-fixed\" aria-haspopup=\"true\">\n\t\t\t\t<img decoding=\"async\" width=\"500\" height=\"333\" src=\"https:\/\/labotigadecarnsbertran.cat\/wp-content\/uploads\/2025\/12\/MG_8655-500x333.jpg\" class=\"attachment-woocommerce_thumbnail size-woocommerce_thumbnail lazyload wp-post-image\" alt=\"\" srcset=\"data:image\/svg+xml,%3Csvg%20xmlns%3D%27http%3A%2F%2Fwww.w3.org%2F2000%2Fsvg%27%20width%3D%271200%27%20height%3D%27800%27%20viewBox%3D%270%200%201200%20800%27%3E%3Crect%20width%3D%271200%27%20height%3D%27800%27%20fill-opacity%3D%220%22%2F%3E%3C%2Fsvg%3E\" data-orig-src=\"https:\/\/labotigadecarnsbertran.cat\/wp-content\/uploads\/2025\/12\/MG_8655-500x333.jpg\" data-srcset=\"https:\/\/labotigadecarnsbertran.cat\/wp-content\/uploads\/2025\/12\/MG_8655-200x133.jpg 200w, https:\/\/labotigadecarnsbertran.cat\/wp-content\/uploads\/2025\/12\/MG_8655-300x200.jpg 300w, https:\/\/labotigadecarnsbertran.cat\/wp-content\/uploads\/2025\/12\/MG_8655-400x267.jpg 400w, https:\/\/labotigadecarnsbertran.cat\/wp-content\/uploads\/2025\/12\/MG_8655-500x333.jpg 500w, https:\/\/labotigadecarnsbertran.cat\/wp-content\/uploads\/2025\/12\/MG_8655-600x400.jpg 600w, https:\/\/labotigadecarnsbertran.cat\/wp-content\/uploads\/2025\/12\/MG_8655-700x467.jpg 700w, https:\/\/labotigadecarnsbertran.cat\/wp-content\/uploads\/2025\/12\/MG_8655-768x512.jpg 768w, https:\/\/labotigadecarnsbertran.cat\/wp-content\/uploads\/2025\/12\/MG_8655-800x533.jpg 800w, https:\/\/labotigadecarnsbertran.cat\/wp-content\/uploads\/2025\/12\/MG_8655-1024x683.jpg 1024w, https:\/\/labotigadecarnsbertran.cat\/wp-content\/uploads\/2025\/12\/MG_8655.jpg 1200w\" data-sizes=\"auto\" \/><div class=\"fusion-rollover\">\n\t<div class=\"fusion-rollover-content\">\n\n\t\t\t\t\n\t\t\n\t\t\t\t\t\t\t\t\n\t\t\t\t\t\t\t\t\n\t\t\n\t\t\t\t\t\t\t\t\t\t\t\t\t\t\t\n\t\t\t\t\t\t\n\t\t\t\t\t\t\t\t\t\t<div class=\"fusion-product-buttons\">\n\t\t\t\t\t<a href=\"https:\/\/labotigadecarnsbertran.cat\/es\/producto\/butifarra-blanca-de-collar\/\" data-quantity=\"1\" class=\"button product_type_simple add_to_cart_button \" data-product_id=\"5939\" data-product_sku=\"40000\" aria-label=\"A\u00f1adir al carrito: &ldquo;Butifarra blanca de collar&rdquo;\" rel=\"nofollow\">Select options<\/a>\t<span id=\"woocommerce_loop_add_to_cart_link_describedby_5939\" class=\"screen-reader-text\">\n\t\t\t<\/span>\n<span class=\"fusion-rollover-linebreak\">\n\t\/<\/span>\n\n<a href=\"https:\/\/labotigadecarnsbertran.cat\/es\/producto\/butifarra-blanca-de-collar\/\" class=\"show_details_button\">\n\tDetails<\/a>\n\n\t\t\t\t<\/div>\n\t\t\t\t\t\t\t\t\t<a class=\"fusion-link-wrapper\" href=\"https:\/\/labotigadecarnsbertran.cat\/es\/producto\/butifarra-blanca-de-collar\/\" aria-label=\"Butifarra blanca de collar\"><\/a>\n\t<\/div>\n<\/div>\n<\/div>\n<\/div>\n<div class=\"fusion-product-content\">\n\t<div class=\"product-details\">\n\t\t<div class=\"product-details-container\">\n<h3 class=\"product-title\">\n\t<a href=\"https:\/\/labotigadecarnsbertran.cat\/es\/producto\/butifarra-blanca-de-collar\/\">\n\t\tButifarra blanca de collar\t<\/a>\n<\/h3>\n<div class=\"fusion-price-rating\">\n\n\t<span class=\"price\"><span class=\"woocommerce-Price-amount amount\"><bdi>3,90&nbsp;<span class=\"woocommerce-Price-currencySymbol\">&euro;<\/span><\/bdi><\/span><\/span>\n\t\t<\/div>\n\t<\/div>\n<\/div>\n\n\t<\/div> \n\n\n<\/div>\n<\/li>\n<li class=\"product type-product post-5378 status-publish last instock product_cat-ternera-vaca-y-buey has-post-thumbnail featured taxable shipping-taxable purchasable product-type-variable product-grid-view\">\n\t<div class=\"fusion-product-wrapper\">\n\n<div class=\"fusion-clean-product-image-wrapper \">\n\t<div  class=\"fusion-image-wrapper fusion-image-size-fixed\" aria-haspopup=\"true\">\n\t\t\t\t<img decoding=\"async\" width=\"500\" height=\"333\" src=\"https:\/\/labotigadecarnsbertran.cat\/wp-content\/uploads\/2022\/01\/MG_8352-500x333.jpg\" class=\"attachment-woocommerce_thumbnail size-woocommerce_thumbnail lazyload wp-post-image\" alt=\"Hamburguesa extra\" srcset=\"data:image\/svg+xml,%3Csvg%20xmlns%3D%27http%3A%2F%2Fwww.w3.org%2F2000%2Fsvg%27%20width%3D%271200%27%20height%3D%27800%27%20viewBox%3D%270%200%201200%20800%27%3E%3Crect%20width%3D%271200%27%20height%3D%27800%27%20fill-opacity%3D%220%22%2F%3E%3C%2Fsvg%3E\" data-orig-src=\"https:\/\/labotigadecarnsbertran.cat\/wp-content\/uploads\/2022\/01\/MG_8352-500x333.jpg\" data-srcset=\"https:\/\/labotigadecarnsbertran.cat\/wp-content\/uploads\/2022\/01\/MG_8352-200x133.jpg 200w, https:\/\/labotigadecarnsbertran.cat\/wp-content\/uploads\/2022\/01\/MG_8352-300x200.jpg 300w, https:\/\/labotigadecarnsbertran.cat\/wp-content\/uploads\/2022\/01\/MG_8352-400x267.jpg 400w, https:\/\/labotigadecarnsbertran.cat\/wp-content\/uploads\/2022\/01\/MG_8352-500x333.jpg 500w, https:\/\/labotigadecarnsbertran.cat\/wp-content\/uploads\/2022\/01\/MG_8352-600x400.jpg 600w, https:\/\/labotigadecarnsbertran.cat\/wp-content\/uploads\/2022\/01\/MG_8352-700x467.jpg 700w, https:\/\/labotigadecarnsbertran.cat\/wp-content\/uploads\/2022\/01\/MG_8352-768x512.jpg 768w, https:\/\/labotigadecarnsbertran.cat\/wp-content\/uploads\/2022\/01\/MG_8352-800x533.jpg 800w, https:\/\/labotigadecarnsbertran.cat\/wp-content\/uploads\/2022\/01\/MG_8352-1024x683.jpg 1024w, https:\/\/labotigadecarnsbertran.cat\/wp-content\/uploads\/2022\/01\/MG_8352.jpg 1200w\" data-sizes=\"auto\" \/><div class=\"fusion-rollover\">\n\t<div class=\"fusion-rollover-content\">\n\n\t\t\t\t\n\t\t\n\t\t\t\t\t\t\t\t\n\t\t\t\t\t\t\t\t\n\t\t\n\t\t\t\t\t\t\t\t\t\t\t\t\t\t\t\n\t\t\t\t\t\t\n\t\t\t\t\t\t\t\t\t\t<div class=\"fusion-product-buttons\">\n\t\t\t\t\t<a href=\"https:\/\/labotigadecarnsbertran.cat\/es\/producto\/hamburguesa-extra\/\" aria-describedby=\"woocommerce_loop_add_to_cart_link_describedby_5378\" data-quantity=\"1\" class=\"button product_type_variable add_to_cart_button\" data-product_id=\"5378\" data-product_sku=\"11021\" aria-label=\"Elige las opciones para &ldquo;Hamburguesa extra&rdquo;\" rel=\"nofollow\">Select options<\/a>\t<span id=\"woocommerce_loop_add_to_cart_link_describedby_5378\" class=\"screen-reader-text\">\n\t\tEste producto tiene m\u00faltiples variantes. Las opciones se pueden elegir en la p\u00e1gina de producto\t<\/span>\n<span class=\"fusion-rollover-linebreak\">\n\t\/<\/span>\n\n<a href=\"https:\/\/labotigadecarnsbertran.cat\/es\/producto\/hamburguesa-extra\/\" class=\"show_details_button\">\n\tDetails<\/a>\n\n\t\t\t\t<\/div>\n\t\t\t\t\t\t\t\t\t<a class=\"fusion-link-wrapper\" href=\"https:\/\/labotigadecarnsbertran.cat\/es\/producto\/hamburguesa-extra\/\" aria-label=\"Hamburguesa extra\"><\/a>\n\t<\/div>\n<\/div>\n<\/div>\n<\/div>\n<div class=\"fusion-product-content\">\n\t<div class=\"product-details\">\n\t\t<div class=\"product-details-container\">\n<h3 class=\"product-title\">\n\t<a href=\"https:\/\/labotigadecarnsbertran.cat\/es\/producto\/hamburguesa-extra\/\">\n\t\tHamburguesa extra\t<\/a>\n<\/h3>\n<div class=\"fusion-price-rating\">\n\n\t<span class=\"price\"><span class=\"woocommerce-Price-amount amount\" aria-hidden=\"true\"><bdi>5,10&nbsp;<span class=\"woocommerce-Price-currencySymbol\">&euro;<\/span><\/bdi><\/span> <span aria-hidden=\"true\">-<\/span> <span class=\"woocommerce-Price-amount amount\" aria-hidden=\"true\"><bdi>10,30&nbsp;<span class=\"woocommerce-Price-currencySymbol\">&euro;<\/span><\/bdi><\/span><span class=\"screen-reader-text\">Rango de precios: desde 5,10&nbsp;&euro; hasta 10,30&nbsp;&euro;<\/span><\/span>\n\t\t<\/div>\n\t<\/div>\n<\/div>\n\n\t<\/div> \n\n\n<\/div>\n<\/li>\n<li class=\"product type-product post-5377 status-publish first instock product_cat-ternera-vaca-y-buey has-post-thumbnail featured taxable shipping-taxable purchasable product-type-simple product-grid-view\">\n\t<div class=\"fusion-product-wrapper\">\n\n<div class=\"fusion-clean-product-image-wrapper \">\n\t<div  class=\"fusion-image-wrapper fusion-image-size-fixed\" aria-haspopup=\"true\">\n\t\t\t\t<img decoding=\"async\" width=\"500\" height=\"333\" src=\"https:\/\/labotigadecarnsbertran.cat\/wp-content\/uploads\/2022\/01\/MG_9284-500x333.jpg\" class=\"attachment-woocommerce_thumbnail size-woocommerce_thumbnail lazyload wp-post-image\" alt=\"Cues de vedella\" srcset=\"data:image\/svg+xml,%3Csvg%20xmlns%3D%27http%3A%2F%2Fwww.w3.org%2F2000%2Fsvg%27%20width%3D%271200%27%20height%3D%27800%27%20viewBox%3D%270%200%201200%20800%27%3E%3Crect%20width%3D%271200%27%20height%3D%27800%27%20fill-opacity%3D%220%22%2F%3E%3C%2Fsvg%3E\" data-orig-src=\"https:\/\/labotigadecarnsbertran.cat\/wp-content\/uploads\/2022\/01\/MG_9284-500x333.jpg\" data-srcset=\"https:\/\/labotigadecarnsbertran.cat\/wp-content\/uploads\/2022\/01\/MG_9284-200x133.jpg 200w, https:\/\/labotigadecarnsbertran.cat\/wp-content\/uploads\/2022\/01\/MG_9284-300x200.jpg 300w, https:\/\/labotigadecarnsbertran.cat\/wp-content\/uploads\/2022\/01\/MG_9284-400x267.jpg 400w, https:\/\/labotigadecarnsbertran.cat\/wp-content\/uploads\/2022\/01\/MG_9284-500x333.jpg 500w, https:\/\/labotigadecarnsbertran.cat\/wp-content\/uploads\/2022\/01\/MG_9284-600x400.jpg 600w, https:\/\/labotigadecarnsbertran.cat\/wp-content\/uploads\/2022\/01\/MG_9284-700x467.jpg 700w, https:\/\/labotigadecarnsbertran.cat\/wp-content\/uploads\/2022\/01\/MG_9284-768x512.jpg 768w, https:\/\/labotigadecarnsbertran.cat\/wp-content\/uploads\/2022\/01\/MG_9284-800x533.jpg 800w, https:\/\/labotigadecarnsbertran.cat\/wp-content\/uploads\/2022\/01\/MG_9284-1024x683.jpg 1024w, https:\/\/labotigadecarnsbertran.cat\/wp-content\/uploads\/2022\/01\/MG_9284.jpg 1200w\" data-sizes=\"auto\" \/><div class=\"fusion-rollover\">\n\t<div class=\"fusion-rollover-content\">\n\n\t\t\t\t\n\t\t\n\t\t\t\t\t\t\t\t\n\t\t\t\t\t\t\t\t\n\t\t\n\t\t\t\t\t\t\t\t\t\t\t\t\t\t\t\n\t\t\t\t\t\t\n\t\t\t\t\t\t\t\t\t\t<div class=\"fusion-product-buttons\">\n\t\t\t\t\t<a href=\"https:\/\/labotigadecarnsbertran.cat\/es\/producto\/rabo-de-ternera\/\" data-quantity=\"1\" class=\"button product_type_simple add_to_cart_button \" data-product_id=\"5377\" data-product_sku=\"11024\" aria-label=\"A\u00f1adir al carrito: &ldquo;Rabo de ternera&rdquo;\" rel=\"nofollow\">Select options<\/a>\t<span id=\"woocommerce_loop_add_to_cart_link_describedby_5377\" class=\"screen-reader-text\">\n\t\t\t<\/span>\n<span class=\"fusion-rollover-linebreak\">\n\t\/<\/span>\n\n<a href=\"https:\/\/labotigadecarnsbertran.cat\/es\/producto\/rabo-de-ternera\/\" class=\"show_details_button\">\n\tDetails<\/a>\n\n\t\t\t\t<\/div>\n\t\t\t\t\t\t\t\t\t<a class=\"fusion-link-wrapper\" href=\"https:\/\/labotigadecarnsbertran.cat\/es\/producto\/rabo-de-ternera\/\" aria-label=\"Rabo de ternera\"><\/a>\n\t<\/div>\n<\/div>\n<\/div>\n<\/div>\n<div class=\"fusion-product-content\">\n\t<div class=\"product-details\">\n\t\t<div class=\"product-details-container\">\n<h3 class=\"product-title\">\n\t<a href=\"https:\/\/labotigadecarnsbertran.cat\/es\/producto\/rabo-de-ternera\/\">\n\t\tRabo de ternera\t<\/a>\n<\/h3>\n<div class=\"fusion-price-rating\">\n\n\t<span class=\"price\"><span class=\"woocommerce-Price-amount amount\"><bdi>28,90&nbsp;<span class=\"woocommerce-Price-currencySymbol\">&euro;<\/span><\/bdi><\/span><\/span>\n\t\t<\/div>\n\t<\/div>\n<\/div>\n\n\t<\/div> \n\n\n<\/div>\n<\/li>\n<li class=\"product type-product post-5403 status-publish instock product_cat-cerdo has-post-thumbnail taxable shipping-taxable purchasable product-type-simple product-grid-view\">\n\t<div class=\"fusion-product-wrapper\">\n\n<div class=\"fusion-clean-product-image-wrapper \">\n\t<div  class=\"fusion-image-wrapper fusion-image-size-fixed\" aria-haspopup=\"true\">\n\t\t\t\t<img decoding=\"async\" width=\"500\" height=\"333\" src=\"https:\/\/labotigadecarnsbertran.cat\/wp-content\/uploads\/2022\/01\/MG_8790-500x333.jpg\" class=\"attachment-woocommerce_thumbnail size-woocommerce_thumbnail lazyload wp-post-image\" alt=\"Broquetes de porc de pag\u00e8s\" srcset=\"data:image\/svg+xml,%3Csvg%20xmlns%3D%27http%3A%2F%2Fwww.w3.org%2F2000%2Fsvg%27%20width%3D%271200%27%20height%3D%27800%27%20viewBox%3D%270%200%201200%20800%27%3E%3Crect%20width%3D%271200%27%20height%3D%27800%27%20fill-opacity%3D%220%22%2F%3E%3C%2Fsvg%3E\" data-orig-src=\"https:\/\/labotigadecarnsbertran.cat\/wp-content\/uploads\/2022\/01\/MG_8790-500x333.jpg\" data-srcset=\"https:\/\/labotigadecarnsbertran.cat\/wp-content\/uploads\/2022\/01\/MG_8790-200x133.jpg 200w, https:\/\/labotigadecarnsbertran.cat\/wp-content\/uploads\/2022\/01\/MG_8790-300x200.jpg 300w, https:\/\/labotigadecarnsbertran.cat\/wp-content\/uploads\/2022\/01\/MG_8790-400x267.jpg 400w, https:\/\/labotigadecarnsbertran.cat\/wp-content\/uploads\/2022\/01\/MG_8790-500x333.jpg 500w, https:\/\/labotigadecarnsbertran.cat\/wp-content\/uploads\/2022\/01\/MG_8790-600x400.jpg 600w, https:\/\/labotigadecarnsbertran.cat\/wp-content\/uploads\/2022\/01\/MG_8790-700x467.jpg 700w, https:\/\/labotigadecarnsbertran.cat\/wp-content\/uploads\/2022\/01\/MG_8790-768x512.jpg 768w, https:\/\/labotigadecarnsbertran.cat\/wp-content\/uploads\/2022\/01\/MG_8790-800x533.jpg 800w, https:\/\/labotigadecarnsbertran.cat\/wp-content\/uploads\/2022\/01\/MG_8790-1024x683.jpg 1024w, https:\/\/labotigadecarnsbertran.cat\/wp-content\/uploads\/2022\/01\/MG_8790.jpg 1200w\" data-sizes=\"auto\" \/><div class=\"fusion-rollover\">\n\t<div class=\"fusion-rollover-content\">\n\n\t\t\t\t\n\t\t\n\t\t\t\t\t\t\t\t\n\t\t\t\t\t\t\t\t\n\t\t\n\t\t\t\t\t\t\t\t\t\t\t\t\t\t\t\n\t\t\t\t\t\t\n\t\t\t\t\t\t\t\t\t\t<div class=\"fusion-product-buttons\">\n\t\t\t\t\t<a href=\"https:\/\/labotigadecarnsbertran.cat\/es\/producto\/brocheta-de-cerdo-de-payes\/\" data-quantity=\"1\" class=\"button product_type_simple add_to_cart_button \" data-product_id=\"5403\" data-product_sku=\"10422\" aria-label=\"A\u00f1adir al carrito: &ldquo;Brocheta de cerdo de pay\u00e9s&rdquo;\" rel=\"nofollow\">Select options<\/a>\t<span id=\"woocommerce_loop_add_to_cart_link_describedby_5403\" class=\"screen-reader-text\">\n\t\t\t<\/span>\n<span class=\"fusion-rollover-linebreak\">\n\t\/<\/span>\n\n<a href=\"https:\/\/labotigadecarnsbertran.cat\/es\/producto\/brocheta-de-cerdo-de-payes\/\" class=\"show_details_button\">\n\tDetails<\/a>\n\n\t\t\t\t<\/div>\n\t\t\t\t\t\t\t\t\t<a class=\"fusion-link-wrapper\" href=\"https:\/\/labotigadecarnsbertran.cat\/es\/producto\/brocheta-de-cerdo-de-payes\/\" aria-label=\"Brocheta de cerdo de pay\u00e9s\"><\/a>\n\t<\/div>\n<\/div>\n<\/div>\n<\/div>\n<div class=\"fusion-product-content\">\n\t<div class=\"product-details\">\n\t\t<div class=\"product-details-container\">\n<h3 class=\"product-title\">\n\t<a href=\"https:\/\/labotigadecarnsbertran.cat\/es\/producto\/brocheta-de-cerdo-de-payes\/\">\n\t\tBrocheta de cerdo de pay\u00e9s\t<\/a>\n<\/h3>\n<div class=\"fusion-price-rating\">\n\n\t<span class=\"price\"><span class=\"woocommerce-Price-amount amount\"><bdi>6,12&nbsp;<span class=\"woocommerce-Price-currencySymbol\">&euro;<\/span><\/bdi><\/span><\/span>\n\t\t<\/div>\n\t<\/div>\n<\/div>\n\n\t<\/div> \n\n\n<\/div>\n<\/li>\n<li class=\"product type-product post-5746 status-publish last instock product_cat-pollo-y-aves has-post-thumbnail taxable shipping-taxable purchasable product-type-simple product-grid-view\">\n\t<div class=\"fusion-product-wrapper\">\n\n<div class=\"fusion-clean-product-image-wrapper \">\n\t<div  class=\"fusion-image-wrapper fusion-image-size-fixed\" aria-haspopup=\"true\">\n\t\t\t\t<img decoding=\"async\" width=\"500\" height=\"333\" src=\"https:\/\/labotigadecarnsbertran.cat\/wp-content\/uploads\/2025\/12\/MG_9258-500x333.jpg\" class=\"attachment-woocommerce_thumbnail size-woocommerce_thumbnail lazyload wp-post-image\" alt=\"\" srcset=\"data:image\/svg+xml,%3Csvg%20xmlns%3D%27http%3A%2F%2Fwww.w3.org%2F2000%2Fsvg%27%20width%3D%27750%27%20height%3D%27500%27%20viewBox%3D%270%200%20750%20500%27%3E%3Crect%20width%3D%27750%27%20height%3D%27500%27%20fill-opacity%3D%220%22%2F%3E%3C%2Fsvg%3E\" data-orig-src=\"https:\/\/labotigadecarnsbertran.cat\/wp-content\/uploads\/2025\/12\/MG_9258-500x333.jpg\" data-srcset=\"https:\/\/labotigadecarnsbertran.cat\/wp-content\/uploads\/2025\/12\/MG_9258-200x133.jpg 200w, https:\/\/labotigadecarnsbertran.cat\/wp-content\/uploads\/2025\/12\/MG_9258-300x200.jpg 300w, https:\/\/labotigadecarnsbertran.cat\/wp-content\/uploads\/2025\/12\/MG_9258-400x267.jpg 400w, https:\/\/labotigadecarnsbertran.cat\/wp-content\/uploads\/2025\/12\/MG_9258-500x333.jpg 500w, https:\/\/labotigadecarnsbertran.cat\/wp-content\/uploads\/2025\/12\/MG_9258-600x400.jpg 600w, https:\/\/labotigadecarnsbertran.cat\/wp-content\/uploads\/2025\/12\/MG_9258-700x467.jpg 700w, https:\/\/labotigadecarnsbertran.cat\/wp-content\/uploads\/2025\/12\/MG_9258.jpg 750w\" data-sizes=\"auto\" \/><div class=\"fusion-rollover\">\n\t<div class=\"fusion-rollover-content\">\n\n\t\t\t\t\n\t\t\n\t\t\t\t\t\t\t\t\n\t\t\t\t\t\t\t\t\n\t\t\n\t\t\t\t\t\t\t\t\t\t\t\t\t\t\t\n\t\t\t\t\t\t\n\t\t\t\t\t\t\t\t\t\t<div class=\"fusion-product-buttons\">\n\t\t\t\t\t<a href=\"https:\/\/labotigadecarnsbertran.cat\/es\/producto\/paquete-al-vacio-jamon-75-iberico-de-bellota-guijuelo-copia-copia-copia-copia-copia-copia-2\/\" data-quantity=\"1\" class=\"button product_type_simple add_to_cart_button \" data-product_id=\"5746\" data-product_sku=\"13020\" aria-label=\"A\u00f1adir al carrito: &ldquo;Longaniza de pollo&rdquo;\" rel=\"nofollow\">Select options<\/a>\t<span id=\"woocommerce_loop_add_to_cart_link_describedby_5746\" class=\"screen-reader-text\">\n\t\t\t<\/span>\n<span class=\"fusion-rollover-linebreak\">\n\t\/<\/span>\n\n<a href=\"https:\/\/labotigadecarnsbertran.cat\/es\/producto\/paquete-al-vacio-jamon-75-iberico-de-bellota-guijuelo-copia-copia-copia-copia-copia-copia-2\/\" class=\"show_details_button\">\n\tDetails<\/a>\n\n\t\t\t\t<\/div>\n\t\t\t\t\t\t\t\t\t<a class=\"fusion-link-wrapper\" href=\"https:\/\/labotigadecarnsbertran.cat\/es\/producto\/paquete-al-vacio-jamon-75-iberico-de-bellota-guijuelo-copia-copia-copia-copia-copia-copia-2\/\" aria-label=\"Longaniza de pollo\"><\/a>\n\t<\/div>\n<\/div>\n<\/div>\n<\/div>\n<div class=\"fusion-product-content\">\n\t<div class=\"product-details\">\n\t\t<div class=\"product-details-container\">\n<h3 class=\"product-title\">\n\t<a href=\"https:\/\/labotigadecarnsbertran.cat\/es\/producto\/paquete-al-vacio-jamon-75-iberico-de-bellota-guijuelo-copia-copia-copia-copia-copia-copia-2\/\">\n\t\tLonganiza de pollo\t<\/a>\n<\/h3>\n<div class=\"fusion-price-rating\">\n\n\t<span class=\"price\"><span class=\"woocommerce-Price-amount amount\"><bdi>4,80&nbsp;<span class=\"woocommerce-Price-currencySymbol\">&euro;<\/span><\/bdi><\/span><\/span>\n\t\t<\/div>\n\t<\/div>\n<\/div>\n\n\t<\/div> \n\n\n<\/div>\n<\/li>\n<li class=\"product type-product post-5410 status-publish first instock product_cat-cerdo has-post-thumbnail featured taxable shipping-taxable purchasable product-type-variable product-grid-view\">\n\t<div class=\"fusion-product-wrapper\">\n\n<div class=\"fusion-clean-product-image-wrapper \">\n\t<div  class=\"fusion-image-wrapper fusion-image-size-fixed\" aria-haspopup=\"true\">\n\t\t\t\t<img decoding=\"async\" width=\"500\" height=\"333\" src=\"https:\/\/labotigadecarnsbertran.cat\/wp-content\/uploads\/2022\/01\/MG_8086-1-500x333.jpg\" class=\"attachment-woocommerce_thumbnail size-woocommerce_thumbnail lazyload wp-post-image\" alt=\"Secret de porc de pag\u00e8s\" srcset=\"data:image\/svg+xml,%3Csvg%20xmlns%3D%27http%3A%2F%2Fwww.w3.org%2F2000%2Fsvg%27%20width%3D%271200%27%20height%3D%27800%27%20viewBox%3D%270%200%201200%20800%27%3E%3Crect%20width%3D%271200%27%20height%3D%27800%27%20fill-opacity%3D%220%22%2F%3E%3C%2Fsvg%3E\" data-orig-src=\"https:\/\/labotigadecarnsbertran.cat\/wp-content\/uploads\/2022\/01\/MG_8086-1-500x333.jpg\" data-srcset=\"https:\/\/labotigadecarnsbertran.cat\/wp-content\/uploads\/2022\/01\/MG_8086-1-200x133.jpg 200w, https:\/\/labotigadecarnsbertran.cat\/wp-content\/uploads\/2022\/01\/MG_8086-1-300x200.jpg 300w, https:\/\/labotigadecarnsbertran.cat\/wp-content\/uploads\/2022\/01\/MG_8086-1-400x267.jpg 400w, https:\/\/labotigadecarnsbertran.cat\/wp-content\/uploads\/2022\/01\/MG_8086-1-500x333.jpg 500w, https:\/\/labotigadecarnsbertran.cat\/wp-content\/uploads\/2022\/01\/MG_8086-1-600x400.jpg 600w, https:\/\/labotigadecarnsbertran.cat\/wp-content\/uploads\/2022\/01\/MG_8086-1-700x467.jpg 700w, https:\/\/labotigadecarnsbertran.cat\/wp-content\/uploads\/2022\/01\/MG_8086-1-768x512.jpg 768w, https:\/\/labotigadecarnsbertran.cat\/wp-content\/uploads\/2022\/01\/MG_8086-1-800x533.jpg 800w, https:\/\/labotigadecarnsbertran.cat\/wp-content\/uploads\/2022\/01\/MG_8086-1-1024x683.jpg 1024w, https:\/\/labotigadecarnsbertran.cat\/wp-content\/uploads\/2022\/01\/MG_8086-1.jpg 1200w\" data-sizes=\"auto\" \/><div class=\"fusion-rollover\">\n\t<div class=\"fusion-rollover-content\">\n\n\t\t\t\t\n\t\t\n\t\t\t\t\t\t\t\t\n\t\t\t\t\t\t\t\t\n\t\t\n\t\t\t\t\t\t\t\t\t\t\t\t\t\t\t\n\t\t\t\t\t\t\n\t\t\t\t\t\t\t\t\t\t<div class=\"fusion-product-buttons\">\n\t\t\t\t\t<a href=\"https:\/\/labotigadecarnsbertran.cat\/es\/producto\/secreto-de-cerdo-de-labrador-entero\/\" aria-describedby=\"woocommerce_loop_add_to_cart_link_describedby_5410\" data-quantity=\"1\" class=\"button product_type_variable add_to_cart_button\" data-product_id=\"5410\" data-product_sku=\"10400\" aria-label=\"Elige las opciones para &ldquo;Secreto de cerdo de labrador entero&rdquo;\" rel=\"nofollow\">Select options<\/a>\t<span id=\"woocommerce_loop_add_to_cart_link_describedby_5410\" class=\"screen-reader-text\">\n\t\tEste producto tiene m\u00faltiples variantes. Las opciones se pueden elegir en la p\u00e1gina de producto\t<\/span>\n<span class=\"fusion-rollover-linebreak\">\n\t\/<\/span>\n\n<a href=\"https:\/\/labotigadecarnsbertran.cat\/es\/producto\/secreto-de-cerdo-de-labrador-entero\/\" class=\"show_details_button\">\n\tDetails<\/a>\n\n\t\t\t\t<\/div>\n\t\t\t\t\t\t\t\t\t<a class=\"fusion-link-wrapper\" href=\"https:\/\/labotigadecarnsbertran.cat\/es\/producto\/secreto-de-cerdo-de-labrador-entero\/\" aria-label=\"Secreto de cerdo de labrador entero\"><\/a>\n\t<\/div>\n<\/div>\n<\/div>\n<\/div>\n<div class=\"fusion-product-content\">\n\t<div class=\"product-details\">\n\t\t<div class=\"product-details-container\">\n<h3 class=\"product-title\">\n\t<a href=\"https:\/\/labotigadecarnsbertran.cat\/es\/producto\/secreto-de-cerdo-de-labrador-entero\/\">\n\t\tSecreto de cerdo de labrador entero\t<\/a>\n<\/h3>\n<div class=\"fusion-price-rating\">\n\n\t<span class=\"price\"><span class=\"woocommerce-Price-amount amount\"><bdi>7,70&nbsp;<span class=\"woocommerce-Price-currencySymbol\">&euro;<\/span><\/bdi><\/span><\/span>\n\t\t<\/div>\n\t<\/div>\n<\/div>\n\n\t<\/div> \n\n\n<\/div>\n<\/li>\n<li class=\"product type-product post-5641 status-publish instock product_cat-pollo-y-aves has-post-thumbnail taxable shipping-taxable purchasable product-type-variable product-grid-view\">\n\t<div class=\"fusion-product-wrapper\">\n\n<div class=\"fusion-clean-product-image-wrapper \">\n\t<div  class=\"fusion-image-wrapper fusion-image-size-fixed\" aria-haspopup=\"true\">\n\t\t\t\t<img decoding=\"async\" width=\"500\" height=\"333\" src=\"https:\/\/labotigadecarnsbertran.cat\/wp-content\/uploads\/2025\/12\/MG_9095-13-500x333.jpg\" class=\"attachment-woocommerce_thumbnail size-woocommerce_thumbnail lazyload wp-post-image\" alt=\"\" srcset=\"data:image\/svg+xml,%3Csvg%20xmlns%3D%27http%3A%2F%2Fwww.w3.org%2F2000%2Fsvg%27%20width%3D%27750%27%20height%3D%27500%27%20viewBox%3D%270%200%20750%20500%27%3E%3Crect%20width%3D%27750%27%20height%3D%27500%27%20fill-opacity%3D%220%22%2F%3E%3C%2Fsvg%3E\" data-orig-src=\"https:\/\/labotigadecarnsbertran.cat\/wp-content\/uploads\/2025\/12\/MG_9095-13-500x333.jpg\" data-srcset=\"https:\/\/labotigadecarnsbertran.cat\/wp-content\/uploads\/2025\/12\/MG_9095-13-200x133.jpg 200w, https:\/\/labotigadecarnsbertran.cat\/wp-content\/uploads\/2025\/12\/MG_9095-13-300x200.jpg 300w, https:\/\/labotigadecarnsbertran.cat\/wp-content\/uploads\/2025\/12\/MG_9095-13-400x267.jpg 400w, https:\/\/labotigadecarnsbertran.cat\/wp-content\/uploads\/2025\/12\/MG_9095-13-500x333.jpg 500w, https:\/\/labotigadecarnsbertran.cat\/wp-content\/uploads\/2025\/12\/MG_9095-13-600x400.jpg 600w, https:\/\/labotigadecarnsbertran.cat\/wp-content\/uploads\/2025\/12\/MG_9095-13-700x467.jpg 700w, https:\/\/labotigadecarnsbertran.cat\/wp-content\/uploads\/2025\/12\/MG_9095-13.jpg 750w\" data-sizes=\"auto\" \/><div class=\"fusion-rollover\">\n\t<div class=\"fusion-rollover-content\">\n\n\t\t\t\t\n\t\t\n\t\t\t\t\t\t\t\t\n\t\t\t\t\t\t\t\t\n\t\t\n\t\t\t\t\t\t\t\t\t\t\t\t\t\t\t\n\t\t\t\t\t\t\n\t\t\t\t\t\t\t\t\t\t<div class=\"fusion-product-buttons\">\n\t\t\t\t\t<a href=\"https:\/\/labotigadecarnsbertran.cat\/es\/producto\/paquete-al-vacio-jamon-75-iberico-de-bellota-guijuelo-copia\/\" aria-describedby=\"woocommerce_loop_add_to_cart_link_describedby_5641\" data-quantity=\"1\" class=\"button product_type_variable add_to_cart_button\" data-product_id=\"5641\" data-product_sku=\"13000\" aria-label=\"Elige las opciones para &ldquo;Pollo de alimentaci\u00f3n 100% vegetal&rdquo;\" rel=\"nofollow\">Select options<\/a>\t<span id=\"woocommerce_loop_add_to_cart_link_describedby_5641\" class=\"screen-reader-text\">\n\t\tEste producto tiene m\u00faltiples variantes. Las opciones se pueden elegir en la p\u00e1gina de producto\t<\/span>\n<span class=\"fusion-rollover-linebreak\">\n\t\/<\/span>\n\n<a href=\"https:\/\/labotigadecarnsbertran.cat\/es\/producto\/paquete-al-vacio-jamon-75-iberico-de-bellota-guijuelo-copia\/\" class=\"show_details_button\">\n\tDetails<\/a>\n\n\t\t\t\t<\/div>\n\t\t\t\t\t\t\t\t\t<a class=\"fusion-link-wrapper\" href=\"https:\/\/labotigadecarnsbertran.cat\/es\/producto\/paquete-al-vacio-jamon-75-iberico-de-bellota-guijuelo-copia\/\" aria-label=\"Pollo de alimentaci\u00f3n 100% vegetal\"><\/a>\n\t<\/div>\n<\/div>\n<\/div>\n<\/div>\n<div class=\"fusion-product-content\">\n\t<div class=\"product-details\">\n\t\t<div class=\"product-details-container\">\n<h3 class=\"product-title\">\n\t<a href=\"https:\/\/labotigadecarnsbertran.cat\/es\/producto\/paquete-al-vacio-jamon-75-iberico-de-bellota-guijuelo-copia\/\">\n\t\tPollo de alimentaci\u00f3n 100% vegetal\t<\/a>\n<\/h3>\n<div class=\"fusion-price-rating\">\n\n\t<span class=\"price\"><span class=\"woocommerce-Price-amount amount\"><bdi>8,90&nbsp;<span class=\"woocommerce-Price-currencySymbol\">&euro;<\/span><\/bdi><\/span><\/span>\n\t\t<\/div>\n\t<\/div>\n<\/div>\n\n\t<\/div> \n\n\n<\/div>\n<\/li>\n<li class=\"product type-product post-5214 status-publish last instock product_cat-ternera-vaca-y-buey has-post-thumbnail featured taxable shipping-taxable purchasable product-type-simple product-grid-view\">\n\t<div class=\"fusion-product-wrapper\">\n\n<div class=\"fusion-clean-product-image-wrapper \">\n\t<div  class=\"fusion-image-wrapper fusion-image-size-fixed\" aria-haspopup=\"true\">\n\t\t\t\t<img decoding=\"async\" width=\"500\" height=\"333\" src=\"https:\/\/labotigadecarnsbertran.cat\/wp-content\/uploads\/2022\/03\/MG_8780-500x333.jpg\" class=\"attachment-woocommerce_thumbnail size-woocommerce_thumbnail lazyload wp-post-image\" alt=\"Broqueta de vedella teriyaki\" srcset=\"data:image\/svg+xml,%3Csvg%20xmlns%3D%27http%3A%2F%2Fwww.w3.org%2F2000%2Fsvg%27%20width%3D%271200%27%20height%3D%27800%27%20viewBox%3D%270%200%201200%20800%27%3E%3Crect%20width%3D%271200%27%20height%3D%27800%27%20fill-opacity%3D%220%22%2F%3E%3C%2Fsvg%3E\" data-orig-src=\"https:\/\/labotigadecarnsbertran.cat\/wp-content\/uploads\/2022\/03\/MG_8780-500x333.jpg\" data-srcset=\"https:\/\/labotigadecarnsbertran.cat\/wp-content\/uploads\/2022\/03\/MG_8780-200x133.jpg 200w, https:\/\/labotigadecarnsbertran.cat\/wp-content\/uploads\/2022\/03\/MG_8780-300x200.jpg 300w, https:\/\/labotigadecarnsbertran.cat\/wp-content\/uploads\/2022\/03\/MG_8780-400x267.jpg 400w, https:\/\/labotigadecarnsbertran.cat\/wp-content\/uploads\/2022\/03\/MG_8780-500x333.jpg 500w, https:\/\/labotigadecarnsbertran.cat\/wp-content\/uploads\/2022\/03\/MG_8780-600x400.jpg 600w, https:\/\/labotigadecarnsbertran.cat\/wp-content\/uploads\/2022\/03\/MG_8780-700x467.jpg 700w, https:\/\/labotigadecarnsbertran.cat\/wp-content\/uploads\/2022\/03\/MG_8780-768x512.jpg 768w, https:\/\/labotigadecarnsbertran.cat\/wp-content\/uploads\/2022\/03\/MG_8780-800x533.jpg 800w, https:\/\/labotigadecarnsbertran.cat\/wp-content\/uploads\/2022\/03\/MG_8780-1024x683.jpg 1024w, https:\/\/labotigadecarnsbertran.cat\/wp-content\/uploads\/2022\/03\/MG_8780.jpg 1200w\" data-sizes=\"auto\" \/><div class=\"fusion-rollover\">\n\t<div class=\"fusion-rollover-content\">\n\n\t\t\t\t\n\t\t\n\t\t\t\t\t\t\t\t\n\t\t\t\t\t\t\t\t\n\t\t\n\t\t\t\t\t\t\t\t\t\t\t\t\t\t\t\n\t\t\t\t\t\t\n\t\t\t\t\t\t\t\t\t\t<div class=\"fusion-product-buttons\">\n\t\t\t\t\t<a href=\"https:\/\/labotigadecarnsbertran.cat\/es\/producto\/brocheta-de-ternera-teryaki\/\" data-quantity=\"1\" class=\"button product_type_simple add_to_cart_button \" data-product_id=\"5214\" data-product_sku=\"11016.2\" aria-label=\"A\u00f1adir al carrito: &ldquo;Brocheta de ternera teriyaki&rdquo;\" rel=\"nofollow\">Select options<\/a>\t<span id=\"woocommerce_loop_add_to_cart_link_describedby_5214\" class=\"screen-reader-text\">\n\t\t\t<\/span>\n<span class=\"fusion-rollover-linebreak\">\n\t\/<\/span>\n\n<a href=\"https:\/\/labotigadecarnsbertran.cat\/es\/producto\/brocheta-de-ternera-teryaki\/\" class=\"show_details_button\">\n\tDetails<\/a>\n\n\t\t\t\t<\/div>\n\t\t\t\t\t\t\t\t\t<a class=\"fusion-link-wrapper\" href=\"https:\/\/labotigadecarnsbertran.cat\/es\/producto\/brocheta-de-ternera-teryaki\/\" aria-label=\"Brocheta de ternera teriyaki\"><\/a>\n\t<\/div>\n<\/div>\n<\/div>\n<\/div>\n<div class=\"fusion-product-content\">\n\t<div class=\"product-details\">\n\t\t<div class=\"product-details-container\">\n<h3 class=\"product-title\">\n\t<a href=\"https:\/\/labotigadecarnsbertran.cat\/es\/producto\/brocheta-de-ternera-teryaki\/\">\n\t\tBrocheta de ternera teriyaki\t<\/a>\n<\/h3>\n<div class=\"fusion-price-rating\">\n\n\t<span class=\"price\"><span class=\"woocommerce-Price-amount amount\"><bdi>10,60&nbsp;<span class=\"woocommerce-Price-currencySymbol\">&euro;<\/span><\/bdi><\/span><\/span>\n\t\t<\/div>\n\t<\/div>\n<\/div>\n\n\t<\/div> \n\n\n<\/div>\n<\/li>\n<li class=\"product type-product post-5404 status-publish first instock product_cat-cerdo has-post-thumbnail featured taxable shipping-taxable purchasable product-type-variable product-grid-view\">\n\t<div class=\"fusion-product-wrapper\">\n\n<div class=\"fusion-clean-product-image-wrapper \">\n\t<div  class=\"fusion-image-wrapper fusion-image-size-fixed\" aria-haspopup=\"true\">\n\t\t\t\t<img decoding=\"async\" width=\"500\" height=\"333\" src=\"https:\/\/labotigadecarnsbertran.cat\/wp-content\/uploads\/2022\/01\/MG_8075-500x333.jpg\" class=\"attachment-woocommerce_thumbnail size-woocommerce_thumbnail lazyload wp-post-image\" alt=\"Lomo de cerdo 2 colores\" srcset=\"data:image\/svg+xml,%3Csvg%20xmlns%3D%27http%3A%2F%2Fwww.w3.org%2F2000%2Fsvg%27%20width%3D%271200%27%20height%3D%27800%27%20viewBox%3D%270%200%201200%20800%27%3E%3Crect%20width%3D%271200%27%20height%3D%27800%27%20fill-opacity%3D%220%22%2F%3E%3C%2Fsvg%3E\" data-orig-src=\"https:\/\/labotigadecarnsbertran.cat\/wp-content\/uploads\/2022\/01\/MG_8075-500x333.jpg\" data-srcset=\"https:\/\/labotigadecarnsbertran.cat\/wp-content\/uploads\/2022\/01\/MG_8075-200x133.jpg 200w, https:\/\/labotigadecarnsbertran.cat\/wp-content\/uploads\/2022\/01\/MG_8075-300x200.jpg 300w, https:\/\/labotigadecarnsbertran.cat\/wp-content\/uploads\/2022\/01\/MG_8075-400x267.jpg 400w, https:\/\/labotigadecarnsbertran.cat\/wp-content\/uploads\/2022\/01\/MG_8075-500x333.jpg 500w, https:\/\/labotigadecarnsbertran.cat\/wp-content\/uploads\/2022\/01\/MG_8075-600x400.jpg 600w, https:\/\/labotigadecarnsbertran.cat\/wp-content\/uploads\/2022\/01\/MG_8075-700x467.jpg 700w, https:\/\/labotigadecarnsbertran.cat\/wp-content\/uploads\/2022\/01\/MG_8075-768x512.jpg 768w, https:\/\/labotigadecarnsbertran.cat\/wp-content\/uploads\/2022\/01\/MG_8075-800x533.jpg 800w, https:\/\/labotigadecarnsbertran.cat\/wp-content\/uploads\/2022\/01\/MG_8075-1024x683.jpg 1024w, https:\/\/labotigadecarnsbertran.cat\/wp-content\/uploads\/2022\/01\/MG_8075.jpg 1200w\" data-sizes=\"auto\" \/><div class=\"fusion-rollover\">\n\t<div class=\"fusion-rollover-content\">\n\n\t\t\t\t\n\t\t\n\t\t\t\t\t\t\t\t\n\t\t\t\t\t\t\t\t\n\t\t\n\t\t\t\t\t\t\t\t\t\t\t\t\t\t\t\n\t\t\t\t\t\t\n\t\t\t\t\t\t\t\t\t\t<div class=\"fusion-product-buttons\">\n\t\t\t\t\t<a href=\"https:\/\/labotigadecarnsbertran.cat\/es\/producto\/lomo-de-payes-2-colores\/\" aria-describedby=\"woocommerce_loop_add_to_cart_link_describedby_5404\" data-quantity=\"1\" class=\"button product_type_variable add_to_cart_button\" data-product_id=\"5404\" data-product_sku=\"10423\" aria-label=\"Elige las opciones para &ldquo;Lomo de pay\u00e9s 2 colores&rdquo;\" rel=\"nofollow\">Select options<\/a>\t<span id=\"woocommerce_loop_add_to_cart_link_describedby_5404\" class=\"screen-reader-text\">\n\t\tEste producto tiene m\u00faltiples variantes. Las opciones se pueden elegir en la p\u00e1gina de producto\t<\/span>\n<span class=\"fusion-rollover-linebreak\">\n\t\/<\/span>\n\n<a href=\"https:\/\/labotigadecarnsbertran.cat\/es\/producto\/lomo-de-payes-2-colores\/\" class=\"show_details_button\">\n\tDetails<\/a>\n\n\t\t\t\t<\/div>\n\t\t\t\t\t\t\t\t\t<a class=\"fusion-link-wrapper\" href=\"https:\/\/labotigadecarnsbertran.cat\/es\/producto\/lomo-de-payes-2-colores\/\" aria-label=\"Lomo de pay\u00e9s 2 colores\"><\/a>\n\t<\/div>\n<\/div>\n<\/div>\n<\/div>\n<div class=\"fusion-product-content\">\n\t<div class=\"product-details\">\n\t\t<div class=\"product-details-container\">\n<h3 class=\"product-title\">\n\t<a href=\"https:\/\/labotigadecarnsbertran.cat\/es\/producto\/lomo-de-payes-2-colores\/\">\n\t\tLomo de pay\u00e9s 2 colores\t<\/a>\n<\/h3>\n<div class=\"fusion-price-rating\">\n\n\t<span class=\"price\"><span class=\"woocommerce-Price-amount amount\"><bdi>5,40&nbsp;<span class=\"woocommerce-Price-currencySymbol\">&euro;<\/span><\/bdi><\/span><\/span>\n\t\t<\/div>\n\t<\/div>\n<\/div>\n\n\t<\/div> \n\n\n<\/div>\n<\/li>\n<li class=\"product type-product post-5168 status-publish instock product_cat-ternera-vaca-y-buey has-post-thumbnail taxable shipping-taxable purchasable product-type-simple product-grid-view\">\n\t<div class=\"fusion-product-wrapper\">\n\n<div class=\"fusion-clean-product-image-wrapper \">\n\t<div  class=\"fusion-image-wrapper fusion-image-size-fixed\" aria-haspopup=\"true\">\n\t\t\t\t<img decoding=\"async\" width=\"500\" height=\"332\" src=\"https:\/\/labotigadecarnsbertran.cat\/wp-content\/uploads\/2024\/05\/11014-scaled-e1716225014839-500x332.jpg\" class=\"attachment-woocommerce_thumbnail size-woocommerce_thumbnail lazyload wp-post-image\" alt=\"Carpaccio de vedella\" srcset=\"data:image\/svg+xml,%3Csvg%20xmlns%3D%27http%3A%2F%2Fwww.w3.org%2F2000%2Fsvg%27%20width%3D%271200%27%20height%3D%27797%27%20viewBox%3D%270%200%201200%20797%27%3E%3Crect%20width%3D%271200%27%20height%3D%27797%27%20fill-opacity%3D%220%22%2F%3E%3C%2Fsvg%3E\" data-orig-src=\"https:\/\/labotigadecarnsbertran.cat\/wp-content\/uploads\/2024\/05\/11014-scaled-e1716225014839-500x332.jpg\" data-srcset=\"https:\/\/labotigadecarnsbertran.cat\/wp-content\/uploads\/2024\/05\/11014-scaled-e1716225014839-500x332.jpg 500w, https:\/\/labotigadecarnsbertran.cat\/wp-content\/uploads\/2024\/05\/11014-scaled-e1716225014839-700x465.jpg 700w, https:\/\/labotigadecarnsbertran.cat\/wp-content\/uploads\/2024\/05\/11014-scaled-e1716225014839.jpg 1200w\" data-sizes=\"auto\" \/><div class=\"fusion-rollover\">\n\t<div class=\"fusion-rollover-content\">\n\n\t\t\t\t\n\t\t\n\t\t\t\t\t\t\t\t\n\t\t\t\t\t\t\t\t\n\t\t\n\t\t\t\t\t\t\t\t\t\t\t\t\t\t\t\n\t\t\t\t\t\t\n\t\t\t\t\t\t\t\t\t\t<div class=\"fusion-product-buttons\">\n\t\t\t\t\t<a href=\"https:\/\/labotigadecarnsbertran.cat\/es\/producto\/carpaccio-de-ternera\/\" data-quantity=\"1\" class=\"button product_type_simple add_to_cart_button \" data-product_id=\"5168\" data-product_sku=\"11014\" aria-label=\"A\u00f1adir al carrito: &ldquo;Carpaccio de ternera&rdquo;\" rel=\"nofollow\">Select options<\/a>\t<span id=\"woocommerce_loop_add_to_cart_link_describedby_5168\" class=\"screen-reader-text\">\n\t\t\t<\/span>\n<span class=\"fusion-rollover-linebreak\">\n\t\/<\/span>\n\n<a href=\"https:\/\/labotigadecarnsbertran.cat\/es\/producto\/carpaccio-de-ternera\/\" class=\"show_details_button\">\n\tDetails<\/a>\n\n\t\t\t\t<\/div>\n\t\t\t\t\t\t\t\t\t<a class=\"fusion-link-wrapper\" href=\"https:\/\/labotigadecarnsbertran.cat\/es\/producto\/carpaccio-de-ternera\/\" aria-label=\"Carpaccio de ternera\"><\/a>\n\t<\/div>\n<\/div>\n<\/div>\n<\/div>\n<div class=\"fusion-product-content\">\n\t<div class=\"product-details\">\n\t\t<div class=\"product-details-container\">\n<h3 class=\"product-title\">\n\t<a href=\"https:\/\/labotigadecarnsbertran.cat\/es\/producto\/carpaccio-de-ternera\/\">\n\t\tCarpaccio de ternera\t<\/a>\n<\/h3>\n<div class=\"fusion-price-rating\">\n\n\t<span class=\"price\"><span class=\"woocommerce-Price-amount amount\"><bdi>11,90&nbsp;<span class=\"woocommerce-Price-currencySymbol\">&euro;<\/span><\/bdi><\/span><\/span>\n\t\t<\/div>\n\t<\/div>\n<\/div>\n\n\t<\/div> \n\n\n<\/div>\n<\/li>\n<li class=\"product type-product post-5942 status-publish last instock product_cat-butifarras product_cat-charcuteria-y-quesos has-post-thumbnail taxable shipping-taxable purchasable product-type-simple product-grid-view\">\n\t<div class=\"fusion-product-wrapper\">\n\n<div class=\"fusion-clean-product-image-wrapper \">\n\t<div  class=\"fusion-image-wrapper fusion-image-size-fixed\" aria-haspopup=\"true\">\n\t\t\t\t<img decoding=\"async\" width=\"500\" height=\"333\" src=\"https:\/\/labotigadecarnsbertran.cat\/wp-content\/uploads\/2025\/12\/MG_8649-500x333.jpg\" class=\"attachment-woocommerce_thumbnail size-woocommerce_thumbnail lazyload wp-post-image\" alt=\"\" srcset=\"data:image\/svg+xml,%3Csvg%20xmlns%3D%27http%3A%2F%2Fwww.w3.org%2F2000%2Fsvg%27%20width%3D%271200%27%20height%3D%27800%27%20viewBox%3D%270%200%201200%20800%27%3E%3Crect%20width%3D%271200%27%20height%3D%27800%27%20fill-opacity%3D%220%22%2F%3E%3C%2Fsvg%3E\" data-orig-src=\"https:\/\/labotigadecarnsbertran.cat\/wp-content\/uploads\/2025\/12\/MG_8649-500x333.jpg\" data-srcset=\"https:\/\/labotigadecarnsbertran.cat\/wp-content\/uploads\/2025\/12\/MG_8649-200x133.jpg 200w, https:\/\/labotigadecarnsbertran.cat\/wp-content\/uploads\/2025\/12\/MG_8649-300x200.jpg 300w, https:\/\/labotigadecarnsbertran.cat\/wp-content\/uploads\/2025\/12\/MG_8649-400x267.jpg 400w, https:\/\/labotigadecarnsbertran.cat\/wp-content\/uploads\/2025\/12\/MG_8649-500x333.jpg 500w, https:\/\/labotigadecarnsbertran.cat\/wp-content\/uploads\/2025\/12\/MG_8649-600x400.jpg 600w, https:\/\/labotigadecarnsbertran.cat\/wp-content\/uploads\/2025\/12\/MG_8649-700x467.jpg 700w, https:\/\/labotigadecarnsbertran.cat\/wp-content\/uploads\/2025\/12\/MG_8649-768x512.jpg 768w, https:\/\/labotigadecarnsbertran.cat\/wp-content\/uploads\/2025\/12\/MG_8649-800x533.jpg 800w, https:\/\/labotigadecarnsbertran.cat\/wp-content\/uploads\/2025\/12\/MG_8649-1024x683.jpg 1024w, https:\/\/labotigadecarnsbertran.cat\/wp-content\/uploads\/2025\/12\/MG_8649.jpg 1200w\" data-sizes=\"auto\" \/><div class=\"fusion-rollover\">\n\t<div class=\"fusion-rollover-content\">\n\n\t\t\t\t\n\t\t\n\t\t\t\t\t\t\t\t\n\t\t\t\t\t\t\t\t\n\t\t\n\t\t\t\t\t\t\t\t\t\t\t\t\t\t\t\n\t\t\t\t\t\t\n\t\t\t\t\t\t\t\t\t\t<div class=\"fusion-product-buttons\">\n\t\t\t\t\t<a href=\"https:\/\/labotigadecarnsbertran.cat\/es\/producto\/butifarra-culana-negra\/\" data-quantity=\"1\" class=\"button product_type_simple add_to_cart_button \" data-product_id=\"5942\" data-product_sku=\"40003\" aria-label=\"A\u00f1adir al carrito: &ldquo;Butifarra culana negra&rdquo;\" rel=\"nofollow\">Select options<\/a>\t<span id=\"woocommerce_loop_add_to_cart_link_describedby_5942\" class=\"screen-reader-text\">\n\t\t\t<\/span>\n<span class=\"fusion-rollover-linebreak\">\n\t\/<\/span>\n\n<a href=\"https:\/\/labotigadecarnsbertran.cat\/es\/producto\/butifarra-culana-negra\/\" class=\"show_details_button\">\n\tDetails<\/a>\n\n\t\t\t\t<\/div>\n\t\t\t\t\t\t\t\t\t<a class=\"fusion-link-wrapper\" href=\"https:\/\/labotigadecarnsbertran.cat\/es\/producto\/butifarra-culana-negra\/\" aria-label=\"Butifarra culana negra\"><\/a>\n\t<\/div>\n<\/div>\n<\/div>\n<\/div>\n<div class=\"fusion-product-content\">\n\t<div class=\"product-details\">\n\t\t<div class=\"product-details-container\">\n<h3 class=\"product-title\">\n\t<a href=\"https:\/\/labotigadecarnsbertran.cat\/es\/producto\/butifarra-culana-negra\/\">\n\t\tButifarra culana negra\t<\/a>\n<\/h3>\n<div class=\"fusion-price-rating\">\n\n\t<span class=\"price\"><span class=\"woocommerce-Price-amount amount\"><bdi>3,20&nbsp;<span class=\"woocommerce-Price-currencySymbol\">&euro;<\/span><\/bdi><\/span><\/span>\n\t\t<\/div>\n\t<\/div>\n<\/div>\n\n\t<\/div> \n\n\n<\/div>\n<\/li>\n<li class=\"product type-product post-5381 status-publish first instock product_cat-ternera-vaca-y-buey has-post-thumbnail taxable shipping-taxable purchasable product-type-simple product-grid-view\">\n\t<div class=\"fusion-product-wrapper\">\n\n<div class=\"fusion-clean-product-image-wrapper \">\n\t<div  class=\"fusion-image-wrapper fusion-image-size-fixed\" aria-haspopup=\"true\">\n\t\t\t\t<img decoding=\"async\" width=\"500\" height=\"333\" src=\"https:\/\/labotigadecarnsbertran.cat\/wp-content\/uploads\/2022\/01\/MG_8788-500x333.jpg\" class=\"attachment-woocommerce_thumbnail size-woocommerce_thumbnail lazyload wp-post-image\" alt=\"Broqueta de vedella\" srcset=\"data:image\/svg+xml,%3Csvg%20xmlns%3D%27http%3A%2F%2Fwww.w3.org%2F2000%2Fsvg%27%20width%3D%271200%27%20height%3D%27800%27%20viewBox%3D%270%200%201200%20800%27%3E%3Crect%20width%3D%271200%27%20height%3D%27800%27%20fill-opacity%3D%220%22%2F%3E%3C%2Fsvg%3E\" data-orig-src=\"https:\/\/labotigadecarnsbertran.cat\/wp-content\/uploads\/2022\/01\/MG_8788-500x333.jpg\" data-srcset=\"https:\/\/labotigadecarnsbertran.cat\/wp-content\/uploads\/2022\/01\/MG_8788-200x133.jpg 200w, https:\/\/labotigadecarnsbertran.cat\/wp-content\/uploads\/2022\/01\/MG_8788-300x200.jpg 300w, https:\/\/labotigadecarnsbertran.cat\/wp-content\/uploads\/2022\/01\/MG_8788-400x267.jpg 400w, https:\/\/labotigadecarnsbertran.cat\/wp-content\/uploads\/2022\/01\/MG_8788-500x333.jpg 500w, https:\/\/labotigadecarnsbertran.cat\/wp-content\/uploads\/2022\/01\/MG_8788-600x400.jpg 600w, https:\/\/labotigadecarnsbertran.cat\/wp-content\/uploads\/2022\/01\/MG_8788-700x467.jpg 700w, https:\/\/labotigadecarnsbertran.cat\/wp-content\/uploads\/2022\/01\/MG_8788-768x512.jpg 768w, https:\/\/labotigadecarnsbertran.cat\/wp-content\/uploads\/2022\/01\/MG_8788-800x533.jpg 800w, https:\/\/labotigadecarnsbertran.cat\/wp-content\/uploads\/2022\/01\/MG_8788-1024x683.jpg 1024w, https:\/\/labotigadecarnsbertran.cat\/wp-content\/uploads\/2022\/01\/MG_8788.jpg 1200w\" data-sizes=\"auto\" \/><div class=\"fusion-rollover\">\n\t<div class=\"fusion-rollover-content\">\n\n\t\t\t\t\n\t\t\n\t\t\t\t\t\t\t\t\n\t\t\t\t\t\t\t\t\n\t\t\n\t\t\t\t\t\t\t\t\t\t\t\t\t\t\t\n\t\t\t\t\t\t\n\t\t\t\t\t\t\t\t\t\t<div class=\"fusion-product-buttons\">\n\t\t\t\t\t<a href=\"https:\/\/labotigadecarnsbertran.cat\/es\/producto\/brocheta-de-ternera\/\" data-quantity=\"1\" class=\"button product_type_simple add_to_cart_button \" data-product_id=\"5381\" data-product_sku=\"11016\" aria-label=\"A\u00f1adir al carrito: &ldquo;Brocheta de Ternera&rdquo;\" rel=\"nofollow\">Select options<\/a>\t<span id=\"woocommerce_loop_add_to_cart_link_describedby_5381\" class=\"screen-reader-text\">\n\t\t\t<\/span>\n<span class=\"fusion-rollover-linebreak\">\n\t\/<\/span>\n\n<a href=\"https:\/\/labotigadecarnsbertran.cat\/es\/producto\/brocheta-de-ternera\/\" class=\"show_details_button\">\n\tDetails<\/a>\n\n\t\t\t\t<\/div>\n\t\t\t\t\t\t\t\t\t<a class=\"fusion-link-wrapper\" href=\"https:\/\/labotigadecarnsbertran.cat\/es\/producto\/brocheta-de-ternera\/\" aria-label=\"Brocheta de Ternera\"><\/a>\n\t<\/div>\n<\/div>\n<\/div>\n<\/div>\n<div class=\"fusion-product-content\">\n\t<div class=\"product-details\">\n\t\t<div class=\"product-details-container\">\n<h3 class=\"product-title\">\n\t<a href=\"https:\/\/labotigadecarnsbertran.cat\/es\/producto\/brocheta-de-ternera\/\">\n\t\tBrocheta de Ternera\t<\/a>\n<\/h3>\n<div class=\"fusion-price-rating\">\n\n\t<span class=\"price\"><span class=\"woocommerce-Price-amount amount\"><bdi>11,80&nbsp;<span class=\"woocommerce-Price-currencySymbol\">&euro;<\/span><\/bdi><\/span><\/span>\n\t\t<\/div>\n\t<\/div>\n<\/div>\n\n\t<\/div> \n\n\n<\/div>\n<\/li>\n<li class=\"product type-product post-5931 status-publish instock product_cat-charcuteria-y-quesos product_cat-cocidos has-post-thumbnail taxable shipping-taxable purchasable product-type-variable product-grid-view\">\n\t<div class=\"fusion-product-wrapper\">\n\n<div class=\"fusion-clean-product-image-wrapper \">\n\t<div  class=\"fusion-image-wrapper fusion-image-size-fixed\" aria-haspopup=\"true\">\n\t\t\t\t<img decoding=\"async\" width=\"500\" height=\"333\" src=\"https:\/\/labotigadecarnsbertran.cat\/wp-content\/uploads\/2025\/12\/MG_8635-500x333.jpg\" class=\"attachment-woocommerce_thumbnail size-woocommerce_thumbnail lazyload wp-post-image\" alt=\"\" srcset=\"data:image\/svg+xml,%3Csvg%20xmlns%3D%27http%3A%2F%2Fwww.w3.org%2F2000%2Fsvg%27%20width%3D%271200%27%20height%3D%27800%27%20viewBox%3D%270%200%201200%20800%27%3E%3Crect%20width%3D%271200%27%20height%3D%27800%27%20fill-opacity%3D%220%22%2F%3E%3C%2Fsvg%3E\" data-orig-src=\"https:\/\/labotigadecarnsbertran.cat\/wp-content\/uploads\/2025\/12\/MG_8635-500x333.jpg\" data-srcset=\"https:\/\/labotigadecarnsbertran.cat\/wp-content\/uploads\/2025\/12\/MG_8635-200x133.jpg 200w, https:\/\/labotigadecarnsbertran.cat\/wp-content\/uploads\/2025\/12\/MG_8635-300x200.jpg 300w, https:\/\/labotigadecarnsbertran.cat\/wp-content\/uploads\/2025\/12\/MG_8635-400x267.jpg 400w, https:\/\/labotigadecarnsbertran.cat\/wp-content\/uploads\/2025\/12\/MG_8635-500x333.jpg 500w, https:\/\/labotigadecarnsbertran.cat\/wp-content\/uploads\/2025\/12\/MG_8635-600x400.jpg 600w, https:\/\/labotigadecarnsbertran.cat\/wp-content\/uploads\/2025\/12\/MG_8635-700x467.jpg 700w, https:\/\/labotigadecarnsbertran.cat\/wp-content\/uploads\/2025\/12\/MG_8635-768x512.jpg 768w, https:\/\/labotigadecarnsbertran.cat\/wp-content\/uploads\/2025\/12\/MG_8635-800x533.jpg 800w, https:\/\/labotigadecarnsbertran.cat\/wp-content\/uploads\/2025\/12\/MG_8635-1024x683.jpg 1024w, https:\/\/labotigadecarnsbertran.cat\/wp-content\/uploads\/2025\/12\/MG_8635.jpg 1200w\" data-sizes=\"auto\" \/><div class=\"fusion-rollover\">\n\t<div class=\"fusion-rollover-content\">\n\n\t\t\t\t\n\t\t\n\t\t\t\t\t\t\t\t\n\t\t\t\t\t\t\t\t\n\t\t\n\t\t\t\t\t\t\t\t\t\t\t\t\t\t\t\n\t\t\t\t\t\t\n\t\t\t\t\t\t\t\t\t\t<div class=\"fusion-product-buttons\">\n\t\t\t\t\t<a href=\"https:\/\/labotigadecarnsbertran.cat\/es\/producto\/pastrami-de-pavo\/\" aria-describedby=\"woocommerce_loop_add_to_cart_link_describedby_5931\" data-quantity=\"1\" class=\"button product_type_variable add_to_cart_button\" data-product_id=\"5931\" data-product_sku=\"32104\" aria-label=\"Elige las opciones para &ldquo;Pastrami de pavo&rdquo;\" rel=\"nofollow\">Select options<\/a>\t<span id=\"woocommerce_loop_add_to_cart_link_describedby_5931\" class=\"screen-reader-text\">\n\t\tEste producto tiene m\u00faltiples variantes. Las opciones se pueden elegir en la p\u00e1gina de producto\t<\/span>\n<span class=\"fusion-rollover-linebreak\">\n\t\/<\/span>\n\n<a href=\"https:\/\/labotigadecarnsbertran.cat\/es\/producto\/pastrami-de-pavo\/\" class=\"show_details_button\">\n\tDetails<\/a>\n\n\t\t\t\t<\/div>\n\t\t\t\t\t\t\t\t\t<a class=\"fusion-link-wrapper\" href=\"https:\/\/labotigadecarnsbertran.cat\/es\/producto\/pastrami-de-pavo\/\" aria-label=\"Pastrami de pavo\"><\/a>\n\t<\/div>\n<\/div>\n<\/div>\n<\/div>\n<div class=\"fusion-product-content\">\n\t<div class=\"product-details\">\n\t\t<div class=\"product-details-container\">\n<h3 class=\"product-title\">\n\t<a href=\"https:\/\/labotigadecarnsbertran.cat\/es\/producto\/pastrami-de-pavo\/\">\n\t\tPastrami de pavo\t<\/a>\n<\/h3>\n<div class=\"fusion-price-rating\">\n\n\t<span class=\"price\"><span class=\"woocommerce-Price-amount amount\"><bdi>3,00&nbsp;<span class=\"woocommerce-Price-currencySymbol\">&euro;<\/span><\/bdi><\/span><\/span>\n\t\t<\/div>\n\t<\/div>\n<\/div>\n\n\t<\/div> \n\n\n<\/div>\n<\/li>\n<li class=\"product type-product post-5321 status-publish last instock product_cat-charcuteria-y-quesos product_cat-jamon has-post-thumbnail taxable shipping-taxable purchasable product-type-variable product-grid-view\">\n\t<div class=\"fusion-product-wrapper\">\n\n<div class=\"fusion-clean-product-image-wrapper \">\n\t<div  class=\"fusion-image-wrapper fusion-image-size-fixed\" aria-haspopup=\"true\">\n\t\t\t\t<img decoding=\"async\" width=\"500\" height=\"333\" src=\"https:\/\/labotigadecarnsbertran.cat\/wp-content\/uploads\/2025\/02\/MG_9222-500x333.jpg\" class=\"attachment-woocommerce_thumbnail size-woocommerce_thumbnail lazyload wp-post-image\" alt=\"Pernil 75% Ib\u00e8ric de gl\u00e0 Guijuelo al tall\" srcset=\"data:image\/svg+xml,%3Csvg%20xmlns%3D%27http%3A%2F%2Fwww.w3.org%2F2000%2Fsvg%27%20width%3D%271200%27%20height%3D%27800%27%20viewBox%3D%270%200%201200%20800%27%3E%3Crect%20width%3D%271200%27%20height%3D%27800%27%20fill-opacity%3D%220%22%2F%3E%3C%2Fsvg%3E\" data-orig-src=\"https:\/\/labotigadecarnsbertran.cat\/wp-content\/uploads\/2025\/02\/MG_9222-500x333.jpg\" data-srcset=\"https:\/\/labotigadecarnsbertran.cat\/wp-content\/uploads\/2025\/02\/MG_9222-200x133.jpg 200w, https:\/\/labotigadecarnsbertran.cat\/wp-content\/uploads\/2025\/02\/MG_9222-300x200.jpg 300w, https:\/\/labotigadecarnsbertran.cat\/wp-content\/uploads\/2025\/02\/MG_9222-400x267.jpg 400w, https:\/\/labotigadecarnsbertran.cat\/wp-content\/uploads\/2025\/02\/MG_9222-500x333.jpg 500w, https:\/\/labotigadecarnsbertran.cat\/wp-content\/uploads\/2025\/02\/MG_9222-600x400.jpg 600w, https:\/\/labotigadecarnsbertran.cat\/wp-content\/uploads\/2025\/02\/MG_9222-700x467.jpg 700w, https:\/\/labotigadecarnsbertran.cat\/wp-content\/uploads\/2025\/02\/MG_9222-768x512.jpg 768w, https:\/\/labotigadecarnsbertran.cat\/wp-content\/uploads\/2025\/02\/MG_9222-800x533.jpg 800w, https:\/\/labotigadecarnsbertran.cat\/wp-content\/uploads\/2025\/02\/MG_9222-1024x683.jpg 1024w, https:\/\/labotigadecarnsbertran.cat\/wp-content\/uploads\/2025\/02\/MG_9222.jpg 1200w\" data-sizes=\"auto\" \/><div class=\"fusion-rollover\">\n\t<div class=\"fusion-rollover-content\">\n\n\t\t\t\t\n\t\t\n\t\t\t\t\t\t\t\t\n\t\t\t\t\t\t\t\t\n\t\t\n\t\t\t\t\t\t\t\t\t\t\t\t\t\t\t\n\t\t\t\t\t\t\n\t\t\t\t\t\t\t\t\t\t<div class=\"fusion-product-buttons\">\n\t\t\t\t\t<a href=\"https:\/\/labotigadecarnsbertran.cat\/es\/producto\/jamon-75-iberico-de-bellota-guijuelo-al-corte\/\" aria-describedby=\"woocommerce_loop_add_to_cart_link_describedby_5321\" data-quantity=\"1\" class=\"button product_type_variable add_to_cart_button\" data-product_id=\"5321\" data-product_sku=\"30211\" aria-label=\"Elige las opciones para &ldquo;Jam\u00f3n 75% Ib\u00e9rico de Bellota Guijuelo corte a mano&rdquo;\" rel=\"nofollow\">Select options<\/a>\t<span id=\"woocommerce_loop_add_to_cart_link_describedby_5321\" class=\"screen-reader-text\">\n\t\tEste producto tiene m\u00faltiples variantes. Las opciones se pueden elegir en la p\u00e1gina de producto\t<\/span>\n<span class=\"fusion-rollover-linebreak\">\n\t\/<\/span>\n\n<a href=\"https:\/\/labotigadecarnsbertran.cat\/es\/producto\/jamon-75-iberico-de-bellota-guijuelo-al-corte\/\" class=\"show_details_button\">\n\tDetails<\/a>\n\n\t\t\t\t<\/div>\n\t\t\t\t\t\t\t\t\t<a class=\"fusion-link-wrapper\" href=\"https:\/\/labotigadecarnsbertran.cat\/es\/producto\/jamon-75-iberico-de-bellota-guijuelo-al-corte\/\" aria-label=\"Jam\u00f3n 75% Ib\u00e9rico de Bellota Guijuelo corte a mano\"><\/a>\n\t<\/div>\n<\/div>\n<\/div>\n<\/div>\n<div class=\"fusion-product-content\">\n\t<div class=\"product-details\">\n\t\t<div class=\"product-details-container\">\n<h3 class=\"product-title\">\n\t<a href=\"https:\/\/labotigadecarnsbertran.cat\/es\/producto\/jamon-75-iberico-de-bellota-guijuelo-al-corte\/\">\n\t\tJam\u00f3n 75% Ib\u00e9rico de Bellota Guijuelo corte a mano\t<\/a>\n<\/h3>\n<div class=\"fusion-price-rating\">\n\n\t<span class=\"price\"><span class=\"woocommerce-Price-amount amount\" aria-hidden=\"true\"><bdi>12,80&nbsp;<span class=\"woocommerce-Price-currencySymbol\">&euro;<\/span><\/bdi><\/span> <span aria-hidden=\"true\">-<\/span> <span class=\"woocommerce-Price-amount amount\" aria-hidden=\"true\"><bdi>25,60&nbsp;<span class=\"woocommerce-Price-currencySymbol\">&euro;<\/span><\/bdi><\/span><span class=\"screen-reader-text\">Rango de precios: desde 12,80&nbsp;&euro; hasta 25,60&nbsp;&euro;<\/span><\/span>\n\t\t<\/div>\n\t<\/div>\n<\/div>\n\n\t<\/div> \n\n\n<\/div>\n<\/li>\n<li class=\"product type-product post-5181 status-publish first instock product_cat-ternera-vaca-y-buey has-post-thumbnail featured taxable shipping-taxable purchasable product-type-variable product-grid-view\">\n\t<div class=\"fusion-product-wrapper\">\n\n<div class=\"fusion-clean-product-image-wrapper \">\n\t<div  class=\"fusion-image-wrapper fusion-image-size-fixed\" aria-haspopup=\"true\">\n\t\t\t\t<img decoding=\"async\" width=\"500\" height=\"333\" src=\"https:\/\/labotigadecarnsbertran.cat\/wp-content\/uploads\/2024\/04\/MG_8997-500x333.jpg\" class=\"attachment-woocommerce_thumbnail size-woocommerce_thumbnail lazyload wp-post-image\" alt=\"Mitjana de vaca\" srcset=\"data:image\/svg+xml,%3Csvg%20xmlns%3D%27http%3A%2F%2Fwww.w3.org%2F2000%2Fsvg%27%20width%3D%271200%27%20height%3D%27800%27%20viewBox%3D%270%200%201200%20800%27%3E%3Crect%20width%3D%271200%27%20height%3D%27800%27%20fill-opacity%3D%220%22%2F%3E%3C%2Fsvg%3E\" data-orig-src=\"https:\/\/labotigadecarnsbertran.cat\/wp-content\/uploads\/2024\/04\/MG_8997-500x333.jpg\" data-srcset=\"https:\/\/labotigadecarnsbertran.cat\/wp-content\/uploads\/2024\/04\/MG_8997-200x133.jpg 200w, https:\/\/labotigadecarnsbertran.cat\/wp-content\/uploads\/2024\/04\/MG_8997-300x200.jpg 300w, https:\/\/labotigadecarnsbertran.cat\/wp-content\/uploads\/2024\/04\/MG_8997-400x267.jpg 400w, https:\/\/labotigadecarnsbertran.cat\/wp-content\/uploads\/2024\/04\/MG_8997-500x333.jpg 500w, https:\/\/labotigadecarnsbertran.cat\/wp-content\/uploads\/2024\/04\/MG_8997-600x400.jpg 600w, https:\/\/labotigadecarnsbertran.cat\/wp-content\/uploads\/2024\/04\/MG_8997-700x467.jpg 700w, https:\/\/labotigadecarnsbertran.cat\/wp-content\/uploads\/2024\/04\/MG_8997-768x512.jpg 768w, https:\/\/labotigadecarnsbertran.cat\/wp-content\/uploads\/2024\/04\/MG_8997-800x533.jpg 800w, https:\/\/labotigadecarnsbertran.cat\/wp-content\/uploads\/2024\/04\/MG_8997-1024x683.jpg 1024w, https:\/\/labotigadecarnsbertran.cat\/wp-content\/uploads\/2024\/04\/MG_8997.jpg 1200w\" data-sizes=\"auto\" \/><div class=\"fusion-rollover\">\n\t<div class=\"fusion-rollover-content\">\n\n\t\t\t\t\n\t\t\n\t\t\t\t\t\t\t\t\n\t\t\t\t\t\t\t\t\n\t\t\n\t\t\t\t\t\t\t\t\t\t\t\t\t\t\t\n\t\t\t\t\t\t\n\t\t\t\t\t\t\t\t\t\t<div class=\"fusion-product-buttons\">\n\t\t\t\t\t<a href=\"https:\/\/labotigadecarnsbertran.cat\/es\/producto\/entrecot-de-vaca\/\" aria-describedby=\"woocommerce_loop_add_to_cart_link_describedby_5181\" data-quantity=\"1\" class=\"button product_type_variable add_to_cart_button\" data-product_id=\"5181\" data-product_sku=\"11203\" aria-label=\"Elige las opciones para &ldquo;Entrecot de vaca&rdquo;\" rel=\"nofollow\">Select options<\/a>\t<span id=\"woocommerce_loop_add_to_cart_link_describedby_5181\" class=\"screen-reader-text\">\n\t\tEste producto tiene m\u00faltiples variantes. Las opciones se pueden elegir en la p\u00e1gina de producto\t<\/span>\n<span class=\"fusion-rollover-linebreak\">\n\t\/<\/span>\n\n<a href=\"https:\/\/labotigadecarnsbertran.cat\/es\/producto\/entrecot-de-vaca\/\" class=\"show_details_button\">\n\tDetails<\/a>\n\n\t\t\t\t<\/div>\n\t\t\t\t\t\t\t\t\t<a class=\"fusion-link-wrapper\" href=\"https:\/\/labotigadecarnsbertran.cat\/es\/producto\/entrecot-de-vaca\/\" aria-label=\"Entrecot de vaca\"><\/a>\n\t<\/div>\n<\/div>\n<\/div>\n<\/div>\n<div class=\"fusion-product-content\">\n\t<div class=\"product-details\">\n\t\t<div class=\"product-details-container\">\n<h3 class=\"product-title\">\n\t<a href=\"https:\/\/labotigadecarnsbertran.cat\/es\/producto\/entrecot-de-vaca\/\">\n\t\tEntrecot de vaca\t<\/a>\n<\/h3>\n<div class=\"fusion-price-rating\">\n\n\t<span class=\"price\"><span class=\"woocommerce-Price-amount amount\"><bdi>24,70&nbsp;<span class=\"woocommerce-Price-currencySymbol\">&euro;<\/span><\/bdi><\/span><\/span>\n\t\t<\/div>\n\t<\/div>\n<\/div>\n\n\t<\/div> \n\n\n<\/div>\n<\/li>\n<li class=\"product type-product post-5388 status-publish instock product_cat-ternera-vaca-y-buey has-post-thumbnail taxable shipping-taxable purchasable product-type-variable product-grid-view\">\n\t<div class=\"fusion-product-wrapper\">\n\n<div class=\"fusion-clean-product-image-wrapper \">\n\t<div  class=\"fusion-image-wrapper fusion-image-size-fixed\" aria-haspopup=\"true\">\n\t\t\t\t<img decoding=\"async\" width=\"500\" height=\"333\" src=\"https:\/\/labotigadecarnsbertran.cat\/wp-content\/uploads\/2022\/01\/MG_8831-500x333.jpg\" class=\"attachment-woocommerce_thumbnail size-woocommerce_thumbnail lazyload wp-post-image\" alt=\"Jarret de vedella\" srcset=\"data:image\/svg+xml,%3Csvg%20xmlns%3D%27http%3A%2F%2Fwww.w3.org%2F2000%2Fsvg%27%20width%3D%271200%27%20height%3D%27800%27%20viewBox%3D%270%200%201200%20800%27%3E%3Crect%20width%3D%271200%27%20height%3D%27800%27%20fill-opacity%3D%220%22%2F%3E%3C%2Fsvg%3E\" data-orig-src=\"https:\/\/labotigadecarnsbertran.cat\/wp-content\/uploads\/2022\/01\/MG_8831-500x333.jpg\" data-srcset=\"https:\/\/labotigadecarnsbertran.cat\/wp-content\/uploads\/2022\/01\/MG_8831-200x133.jpg 200w, https:\/\/labotigadecarnsbertran.cat\/wp-content\/uploads\/2022\/01\/MG_8831-300x200.jpg 300w, https:\/\/labotigadecarnsbertran.cat\/wp-content\/uploads\/2022\/01\/MG_8831-400x267.jpg 400w, https:\/\/labotigadecarnsbertran.cat\/wp-content\/uploads\/2022\/01\/MG_8831-500x333.jpg 500w, https:\/\/labotigadecarnsbertran.cat\/wp-content\/uploads\/2022\/01\/MG_8831-600x400.jpg 600w, https:\/\/labotigadecarnsbertran.cat\/wp-content\/uploads\/2022\/01\/MG_8831-700x467.jpg 700w, https:\/\/labotigadecarnsbertran.cat\/wp-content\/uploads\/2022\/01\/MG_8831-768x512.jpg 768w, https:\/\/labotigadecarnsbertran.cat\/wp-content\/uploads\/2022\/01\/MG_8831-800x533.jpg 800w, https:\/\/labotigadecarnsbertran.cat\/wp-content\/uploads\/2022\/01\/MG_8831-1024x683.jpg 1024w, https:\/\/labotigadecarnsbertran.cat\/wp-content\/uploads\/2022\/01\/MG_8831.jpg 1200w\" data-sizes=\"auto\" \/><div class=\"fusion-rollover\">\n\t<div class=\"fusion-rollover-content\">\n\n\t\t\t\t\n\t\t\n\t\t\t\t\t\t\t\t\n\t\t\t\t\t\t\t\t\n\t\t\n\t\t\t\t\t\t\t\t\t\t\t\t\t\t\t\n\t\t\t\t\t\t\n\t\t\t\t\t\t\t\t\t\t<div class=\"fusion-product-buttons\">\n\t\t\t\t\t<a href=\"https:\/\/labotigadecarnsbertran.cat\/es\/producto\/jarrete-de-ternera\/\" aria-describedby=\"woocommerce_loop_add_to_cart_link_describedby_5388\" data-quantity=\"1\" class=\"button product_type_variable add_to_cart_button\" data-product_id=\"5388\" data-product_sku=\"11004\" aria-label=\"Elige las opciones para &ldquo;Jarrete de Ternera&rdquo;\" rel=\"nofollow\">Select options<\/a>\t<span id=\"woocommerce_loop_add_to_cart_link_describedby_5388\" class=\"screen-reader-text\">\n\t\tEste producto tiene m\u00faltiples variantes. Las opciones se pueden elegir en la p\u00e1gina de producto\t<\/span>\n<span class=\"fusion-rollover-linebreak\">\n\t\/<\/span>\n\n<a href=\"https:\/\/labotigadecarnsbertran.cat\/es\/producto\/jarrete-de-ternera\/\" class=\"show_details_button\">\n\tDetails<\/a>\n\n\t\t\t\t<\/div>\n\t\t\t\t\t\t\t\t\t<a class=\"fusion-link-wrapper\" href=\"https:\/\/labotigadecarnsbertran.cat\/es\/producto\/jarrete-de-ternera\/\" aria-label=\"Jarrete de Ternera\"><\/a>\n\t<\/div>\n<\/div>\n<\/div>\n<\/div>\n<div class=\"fusion-product-content\">\n\t<div class=\"product-details\">\n\t\t<div class=\"product-details-container\">\n<h3 class=\"product-title\">\n\t<a href=\"https:\/\/labotigadecarnsbertran.cat\/es\/producto\/jarrete-de-ternera\/\">\n\t\tJarrete de Ternera\t<\/a>\n<\/h3>\n<div class=\"fusion-price-rating\">\n\n\t<span class=\"price\"><span class=\"woocommerce-Price-amount amount\"><bdi>10,90&nbsp;<span class=\"woocommerce-Price-currencySymbol\">&euro;<\/span><\/bdi><\/span><\/span>\n\t\t<\/div>\n\t<\/div>\n<\/div>\n\n\t<\/div> \n\n\n<\/div>\n<\/li>\n<li class=\"product type-product post-5372 status-publish last instock product_cat-cordero-y-cabrito has-post-thumbnail taxable shipping-taxable purchasable product-type-simple product-grid-view\">\n\t<div class=\"fusion-product-wrapper\">\n\n<div class=\"fusion-clean-product-image-wrapper \">\n\t<div  class=\"fusion-image-wrapper fusion-image-size-fixed\" aria-haspopup=\"true\">\n\t\t\t\t<img decoding=\"async\" width=\"500\" height=\"333\" src=\"https:\/\/labotigadecarnsbertran.cat\/wp-content\/uploads\/2022\/01\/MG_8332-500x333.jpg\" class=\"attachment-woocommerce_thumbnail size-woocommerce_thumbnail lazyload wp-post-image\" alt=\"Cuixa sencera de xai\" srcset=\"data:image\/svg+xml,%3Csvg%20xmlns%3D%27http%3A%2F%2Fwww.w3.org%2F2000%2Fsvg%27%20width%3D%271200%27%20height%3D%27800%27%20viewBox%3D%270%200%201200%20800%27%3E%3Crect%20width%3D%271200%27%20height%3D%27800%27%20fill-opacity%3D%220%22%2F%3E%3C%2Fsvg%3E\" data-orig-src=\"https:\/\/labotigadecarnsbertran.cat\/wp-content\/uploads\/2022\/01\/MG_8332-500x333.jpg\" data-srcset=\"https:\/\/labotigadecarnsbertran.cat\/wp-content\/uploads\/2022\/01\/MG_8332-200x133.jpg 200w, https:\/\/labotigadecarnsbertran.cat\/wp-content\/uploads\/2022\/01\/MG_8332-300x200.jpg 300w, https:\/\/labotigadecarnsbertran.cat\/wp-content\/uploads\/2022\/01\/MG_8332-400x267.jpg 400w, https:\/\/labotigadecarnsbertran.cat\/wp-content\/uploads\/2022\/01\/MG_8332-500x333.jpg 500w, https:\/\/labotigadecarnsbertran.cat\/wp-content\/uploads\/2022\/01\/MG_8332-600x400.jpg 600w, https:\/\/labotigadecarnsbertran.cat\/wp-content\/uploads\/2022\/01\/MG_8332-700x467.jpg 700w, https:\/\/labotigadecarnsbertran.cat\/wp-content\/uploads\/2022\/01\/MG_8332-768x512.jpg 768w, https:\/\/labotigadecarnsbertran.cat\/wp-content\/uploads\/2022\/01\/MG_8332-800x533.jpg 800w, https:\/\/labotigadecarnsbertran.cat\/wp-content\/uploads\/2022\/01\/MG_8332-1024x683.jpg 1024w, https:\/\/labotigadecarnsbertran.cat\/wp-content\/uploads\/2022\/01\/MG_8332.jpg 1200w\" data-sizes=\"auto\" \/><div class=\"fusion-rollover\">\n\t<div class=\"fusion-rollover-content\">\n\n\t\t\t\t\n\t\t\n\t\t\t\t\t\t\t\t\n\t\t\t\t\t\t\t\t\n\t\t\n\t\t\t\t\t\t\t\t\t\t\t\t\t\t\t\n\t\t\t\t\t\t\n\t\t\t\t\t\t\t\t\t\t<div class=\"fusion-product-buttons\">\n\t\t\t\t\t<a href=\"https:\/\/labotigadecarnsbertran.cat\/es\/producto\/muslo-entero-de-cordero\/\" data-quantity=\"1\" class=\"button product_type_simple add_to_cart_button \" data-product_id=\"5372\" data-product_sku=\"12002\" aria-label=\"A\u00f1adir al carrito: &ldquo;Muslo entero de cordero&rdquo;\" rel=\"nofollow\">Select options<\/a>\t<span id=\"woocommerce_loop_add_to_cart_link_describedby_5372\" class=\"screen-reader-text\">\n\t\t\t<\/span>\n<span class=\"fusion-rollover-linebreak\">\n\t\/<\/span>\n\n<a href=\"https:\/\/labotigadecarnsbertran.cat\/es\/producto\/muslo-entero-de-cordero\/\" class=\"show_details_button\">\n\tDetails<\/a>\n\n\t\t\t\t<\/div>\n\t\t\t\t\t\t\t\t\t<a class=\"fusion-link-wrapper\" href=\"https:\/\/labotigadecarnsbertran.cat\/es\/producto\/muslo-entero-de-cordero\/\" aria-label=\"Muslo entero de cordero\"><\/a>\n\t<\/div>\n<\/div>\n<\/div>\n<\/div>\n<div class=\"fusion-product-content\">\n\t<div class=\"product-details\">\n\t\t<div class=\"product-details-container\">\n<h3 class=\"product-title\">\n\t<a href=\"https:\/\/labotigadecarnsbertran.cat\/es\/producto\/muslo-entero-de-cordero\/\">\n\t\tMuslo entero de cordero\t<\/a>\n<\/h3>\n<div class=\"fusion-price-rating\">\n\n\t<span class=\"price\"><span class=\"woocommerce-Price-amount amount\"><bdi>31,40&nbsp;<span class=\"woocommerce-Price-currencySymbol\">&euro;<\/span><\/bdi><\/span><\/span>\n\t\t<\/div>\n\t<\/div>\n<\/div>\n\n\t<\/div> \n\n\n<\/div>\n<\/li>\n<li class=\"product type-product post-5371 status-publish first instock product_cat-cordero-y-cabrito has-post-thumbnail featured taxable shipping-taxable purchasable product-type-simple product-grid-view\">\n\t<div class=\"fusion-product-wrapper\">\n\n<div class=\"fusion-clean-product-image-wrapper \">\n\t<div  class=\"fusion-image-wrapper fusion-image-size-fixed\" aria-haspopup=\"true\">\n\t\t\t\t<img decoding=\"async\" width=\"500\" height=\"333\" src=\"https:\/\/labotigadecarnsbertran.cat\/wp-content\/uploads\/2022\/01\/MG_8335-500x333.jpg\" class=\"attachment-woocommerce_thumbnail size-woocommerce_thumbnail lazyload wp-post-image\" alt=\"Espatlla sencera de xai\" srcset=\"data:image\/svg+xml,%3Csvg%20xmlns%3D%27http%3A%2F%2Fwww.w3.org%2F2000%2Fsvg%27%20width%3D%271200%27%20height%3D%27800%27%20viewBox%3D%270%200%201200%20800%27%3E%3Crect%20width%3D%271200%27%20height%3D%27800%27%20fill-opacity%3D%220%22%2F%3E%3C%2Fsvg%3E\" data-orig-src=\"https:\/\/labotigadecarnsbertran.cat\/wp-content\/uploads\/2022\/01\/MG_8335-500x333.jpg\" data-srcset=\"https:\/\/labotigadecarnsbertran.cat\/wp-content\/uploads\/2022\/01\/MG_8335-200x133.jpg 200w, https:\/\/labotigadecarnsbertran.cat\/wp-content\/uploads\/2022\/01\/MG_8335-300x200.jpg 300w, https:\/\/labotigadecarnsbertran.cat\/wp-content\/uploads\/2022\/01\/MG_8335-400x267.jpg 400w, https:\/\/labotigadecarnsbertran.cat\/wp-content\/uploads\/2022\/01\/MG_8335-500x333.jpg 500w, https:\/\/labotigadecarnsbertran.cat\/wp-content\/uploads\/2022\/01\/MG_8335-600x400.jpg 600w, https:\/\/labotigadecarnsbertran.cat\/wp-content\/uploads\/2022\/01\/MG_8335-700x467.jpg 700w, https:\/\/labotigadecarnsbertran.cat\/wp-content\/uploads\/2022\/01\/MG_8335-768x512.jpg 768w, https:\/\/labotigadecarnsbertran.cat\/wp-content\/uploads\/2022\/01\/MG_8335-800x533.jpg 800w, https:\/\/labotigadecarnsbertran.cat\/wp-content\/uploads\/2022\/01\/MG_8335-1024x683.jpg 1024w, https:\/\/labotigadecarnsbertran.cat\/wp-content\/uploads\/2022\/01\/MG_8335.jpg 1200w\" data-sizes=\"auto\" \/><div class=\"fusion-rollover\">\n\t<div class=\"fusion-rollover-content\">\n\n\t\t\t\t\n\t\t\n\t\t\t\t\t\t\t\t\n\t\t\t\t\t\t\t\t\n\t\t\n\t\t\t\t\t\t\t\t\t\t\t\t\t\t\t\n\t\t\t\t\t\t\n\t\t\t\t\t\t\t\t\t\t<div class=\"fusion-product-buttons\">\n\t\t\t\t\t<a href=\"https:\/\/labotigadecarnsbertran.cat\/es\/producto\/5371\/\" data-quantity=\"1\" class=\"button product_type_simple add_to_cart_button \" data-product_id=\"5371\" data-product_sku=\"12004\" aria-label=\"A\u00f1adir al carrito: &ldquo;Espalda entera de cordero&rdquo;\" rel=\"nofollow\">Select options<\/a>\t<span id=\"woocommerce_loop_add_to_cart_link_describedby_5371\" class=\"screen-reader-text\">\n\t\t\t<\/span>\n<span class=\"fusion-rollover-linebreak\">\n\t\/<\/span>\n\n<a href=\"https:\/\/labotigadecarnsbertran.cat\/es\/producto\/5371\/\" class=\"show_details_button\">\n\tDetails<\/a>\n\n\t\t\t\t<\/div>\n\t\t\t\t\t\t\t\t\t<a class=\"fusion-link-wrapper\" href=\"https:\/\/labotigadecarnsbertran.cat\/es\/producto\/5371\/\" aria-label=\"Espalda entera de cordero\"><\/a>\n\t<\/div>\n<\/div>\n<\/div>\n<\/div>\n<div class=\"fusion-product-content\">\n\t<div class=\"product-details\">\n\t\t<div class=\"product-details-container\">\n<h3 class=\"product-title\">\n\t<a href=\"https:\/\/labotigadecarnsbertran.cat\/es\/producto\/5371\/\">\n\t\tEspalda entera de cordero\t<\/a>\n<\/h3>\n<div class=\"fusion-price-rating\">\n\n\t<span class=\"price\"><span class=\"woocommerce-Price-amount amount\"><bdi>29,90&nbsp;<span class=\"woocommerce-Price-currencySymbol\">&euro;<\/span><\/bdi><\/span><\/span>\n\t\t<\/div>\n\t<\/div>\n<\/div>\n\n\t<\/div> \n\n\n<\/div>\n<\/li>\n<li class=\"product type-product post-5182 status-publish instock product_cat-ternera-vaca-y-buey has-post-thumbnail taxable shipping-taxable purchasable product-type-simple product-grid-view\">\n\t<div class=\"fusion-product-wrapper\">\n\n<div class=\"fusion-clean-product-image-wrapper \">\n\t<div  class=\"fusion-image-wrapper fusion-image-size-fixed\" aria-haspopup=\"true\">\n\t\t\t\t<img decoding=\"async\" width=\"500\" height=\"333\" src=\"https:\/\/labotigadecarnsbertran.cat\/wp-content\/uploads\/2022\/03\/MG_8824-500x333.jpg\" class=\"attachment-woocommerce_thumbnail size-woocommerce_thumbnail lazyload wp-post-image\" alt=\"Ossobucco de vedella\" srcset=\"data:image\/svg+xml,%3Csvg%20xmlns%3D%27http%3A%2F%2Fwww.w3.org%2F2000%2Fsvg%27%20width%3D%271200%27%20height%3D%27800%27%20viewBox%3D%270%200%201200%20800%27%3E%3Crect%20width%3D%271200%27%20height%3D%27800%27%20fill-opacity%3D%220%22%2F%3E%3C%2Fsvg%3E\" data-orig-src=\"https:\/\/labotigadecarnsbertran.cat\/wp-content\/uploads\/2022\/03\/MG_8824-500x333.jpg\" data-srcset=\"https:\/\/labotigadecarnsbertran.cat\/wp-content\/uploads\/2022\/03\/MG_8824-200x133.jpg 200w, https:\/\/labotigadecarnsbertran.cat\/wp-content\/uploads\/2022\/03\/MG_8824-300x200.jpg 300w, https:\/\/labotigadecarnsbertran.cat\/wp-content\/uploads\/2022\/03\/MG_8824-400x267.jpg 400w, https:\/\/labotigadecarnsbertran.cat\/wp-content\/uploads\/2022\/03\/MG_8824-500x333.jpg 500w, https:\/\/labotigadecarnsbertran.cat\/wp-content\/uploads\/2022\/03\/MG_8824-600x400.jpg 600w, https:\/\/labotigadecarnsbertran.cat\/wp-content\/uploads\/2022\/03\/MG_8824-700x467.jpg 700w, https:\/\/labotigadecarnsbertran.cat\/wp-content\/uploads\/2022\/03\/MG_8824-768x512.jpg 768w, https:\/\/labotigadecarnsbertran.cat\/wp-content\/uploads\/2022\/03\/MG_8824-800x533.jpg 800w, https:\/\/labotigadecarnsbertran.cat\/wp-content\/uploads\/2022\/03\/MG_8824-1024x683.jpg 1024w, https:\/\/labotigadecarnsbertran.cat\/wp-content\/uploads\/2022\/03\/MG_8824.jpg 1200w\" data-sizes=\"auto\" \/><div class=\"fusion-rollover\">\n\t<div class=\"fusion-rollover-content\">\n\n\t\t\t\t\n\t\t\n\t\t\t\t\t\t\t\t\n\t\t\t\t\t\t\t\t\n\t\t\n\t\t\t\t\t\t\t\t\t\t\t\t\t\t\t\n\t\t\t\t\t\t\n\t\t\t\t\t\t\t\t\t\t<div class=\"fusion-product-buttons\">\n\t\t\t\t\t<a href=\"https:\/\/labotigadecarnsbertran.cat\/es\/producto\/ossobucco-de-ternera\/\" data-quantity=\"1\" class=\"button product_type_simple add_to_cart_button \" data-product_id=\"5182\" data-product_sku=\"11019\" aria-label=\"A\u00f1adir al carrito: &ldquo;Ossobucco de ternera&rdquo;\" rel=\"nofollow\">Select options<\/a>\t<span id=\"woocommerce_loop_add_to_cart_link_describedby_5182\" class=\"screen-reader-text\">\n\t\t\t<\/span>\n<span class=\"fusion-rollover-linebreak\">\n\t\/<\/span>\n\n<a href=\"https:\/\/labotigadecarnsbertran.cat\/es\/producto\/ossobucco-de-ternera\/\" class=\"show_details_button\">\n\tDetails<\/a>\n\n\t\t\t\t<\/div>\n\t\t\t\t\t\t\t\t\t<a class=\"fusion-link-wrapper\" href=\"https:\/\/labotigadecarnsbertran.cat\/es\/producto\/ossobucco-de-ternera\/\" aria-label=\"Ossobucco de ternera\"><\/a>\n\t<\/div>\n<\/div>\n<\/div>\n<\/div>\n<div class=\"fusion-product-content\">\n\t<div class=\"product-details\">\n\t\t<div class=\"product-details-container\">\n<h3 class=\"product-title\">\n\t<a href=\"https:\/\/labotigadecarnsbertran.cat\/es\/producto\/ossobucco-de-ternera\/\">\n\t\tOssobucco de ternera\t<\/a>\n<\/h3>\n<div class=\"fusion-price-rating\">\n\n\t<span class=\"price\"><span class=\"woocommerce-Price-amount amount\"><bdi>20,10&nbsp;<span class=\"woocommerce-Price-currencySymbol\">&euro;<\/span><\/bdi><\/span><\/span>\n\t\t<\/div>\n\t<\/div>\n<\/div>\n\n\t<\/div> \n\n\n<\/div>\n<\/li>\n<li class=\"product type-product post-5552 status-publish last instock product_cat-ternera-vaca-y-buey has-post-thumbnail taxable shipping-taxable purchasable product-type-variable product-grid-view\">\n\t<div class=\"fusion-product-wrapper\">\n\n<div class=\"fusion-clean-product-image-wrapper \">\n\t<div  class=\"fusion-image-wrapper fusion-image-size-fixed\" aria-haspopup=\"true\">\n\t\t\t\t<img decoding=\"async\" width=\"500\" height=\"333\" src=\"https:\/\/labotigadecarnsbertran.cat\/wp-content\/uploads\/2022\/01\/MG_8282-500x333.jpg\" class=\"attachment-woocommerce_thumbnail size-woocommerce_thumbnail lazyload wp-post-image\" alt=\"Mini hamburgueses\" srcset=\"data:image\/svg+xml,%3Csvg%20xmlns%3D%27http%3A%2F%2Fwww.w3.org%2F2000%2Fsvg%27%20width%3D%271200%27%20height%3D%27800%27%20viewBox%3D%270%200%201200%20800%27%3E%3Crect%20width%3D%271200%27%20height%3D%27800%27%20fill-opacity%3D%220%22%2F%3E%3C%2Fsvg%3E\" data-orig-src=\"https:\/\/labotigadecarnsbertran.cat\/wp-content\/uploads\/2022\/01\/MG_8282-500x333.jpg\" data-srcset=\"https:\/\/labotigadecarnsbertran.cat\/wp-content\/uploads\/2022\/01\/MG_8282-200x133.jpg 200w, https:\/\/labotigadecarnsbertran.cat\/wp-content\/uploads\/2022\/01\/MG_8282-300x200.jpg 300w, https:\/\/labotigadecarnsbertran.cat\/wp-content\/uploads\/2022\/01\/MG_8282-400x267.jpg 400w, https:\/\/labotigadecarnsbertran.cat\/wp-content\/uploads\/2022\/01\/MG_8282-500x333.jpg 500w, https:\/\/labotigadecarnsbertran.cat\/wp-content\/uploads\/2022\/01\/MG_8282-600x400.jpg 600w, https:\/\/labotigadecarnsbertran.cat\/wp-content\/uploads\/2022\/01\/MG_8282-700x467.jpg 700w, https:\/\/labotigadecarnsbertran.cat\/wp-content\/uploads\/2022\/01\/MG_8282-768x512.jpg 768w, https:\/\/labotigadecarnsbertran.cat\/wp-content\/uploads\/2022\/01\/MG_8282-800x533.jpg 800w, https:\/\/labotigadecarnsbertran.cat\/wp-content\/uploads\/2022\/01\/MG_8282-1024x683.jpg 1024w, https:\/\/labotigadecarnsbertran.cat\/wp-content\/uploads\/2022\/01\/MG_8282.jpg 1200w\" data-sizes=\"auto\" \/><div class=\"fusion-rollover\">\n\t<div class=\"fusion-rollover-content\">\n\n\t\t\t\t\n\t\t\n\t\t\t\t\t\t\t\t\n\t\t\t\t\t\t\t\t\n\t\t\n\t\t\t\t\t\t\t\t\t\t\t\t\t\t\t\n\t\t\t\t\t\t\n\t\t\t\t\t\t\t\t\t\t<div class=\"fusion-product-buttons\">\n\t\t\t\t\t<a href=\"https:\/\/labotigadecarnsbertran.cat\/es\/producto\/mini-hamburguesas\/\" aria-describedby=\"woocommerce_loop_add_to_cart_link_describedby_5552\" data-quantity=\"1\" class=\"button product_type_variable add_to_cart_button\" data-product_id=\"5552\" data-product_sku=\"11020\" aria-label=\"Elige las opciones para &ldquo;Mini hamburguesas&rdquo;\" rel=\"nofollow\">Select options<\/a>\t<span id=\"woocommerce_loop_add_to_cart_link_describedby_5552\" class=\"screen-reader-text\">\n\t\tEste producto tiene m\u00faltiples variantes. Las opciones se pueden elegir en la p\u00e1gina de producto\t<\/span>\n<span class=\"fusion-rollover-linebreak\">\n\t\/<\/span>\n\n<a href=\"https:\/\/labotigadecarnsbertran.cat\/es\/producto\/mini-hamburguesas\/\" class=\"show_details_button\">\n\tDetails<\/a>\n\n\t\t\t\t<\/div>\n\t\t\t\t\t\t\t\t\t<a class=\"fusion-link-wrapper\" href=\"https:\/\/labotigadecarnsbertran.cat\/es\/producto\/mini-hamburguesas\/\" aria-label=\"Mini hamburguesas\"><\/a>\n\t<\/div>\n<\/div>\n<\/div>\n<\/div>\n<div class=\"fusion-product-content\">\n\t<div class=\"product-details\">\n\t\t<div class=\"product-details-container\">\n<h3 class=\"product-title\">\n\t<a href=\"https:\/\/labotigadecarnsbertran.cat\/es\/producto\/mini-hamburguesas\/\">\n\t\tMini hamburguesas\t<\/a>\n<\/h3>\n<div class=\"fusion-price-rating\">\n\n\t<span class=\"price\"><span class=\"woocommerce-Price-amount amount\"><bdi>9,80&nbsp;<span class=\"woocommerce-Price-currencySymbol\">&euro;<\/span><\/bdi><\/span><\/span>\n\t\t<\/div>\n\t<\/div>\n<\/div>\n\n\t<\/div> \n\n\n<\/div>\n<\/li>\n<li class=\"product type-product post-5686 status-publish first instock product_cat-pollo-y-aves has-post-thumbnail taxable shipping-taxable purchasable product-type-variable product-grid-view\">\n\t<div class=\"fusion-product-wrapper\">\n\n<div class=\"fusion-clean-product-image-wrapper \">\n\t<div  class=\"fusion-image-wrapper fusion-image-size-fixed\" aria-haspopup=\"true\">\n\t\t\t\t<img decoding=\"async\" width=\"500\" height=\"333\" src=\"https:\/\/labotigadecarnsbertran.cat\/wp-content\/uploads\/2025\/12\/MG_9048-500x333.jpg\" class=\"attachment-woocommerce_thumbnail size-woocommerce_thumbnail lazyload wp-post-image\" alt=\"\" srcset=\"data:image\/svg+xml,%3Csvg%20xmlns%3D%27http%3A%2F%2Fwww.w3.org%2F2000%2Fsvg%27%20width%3D%27750%27%20height%3D%27500%27%20viewBox%3D%270%200%20750%20500%27%3E%3Crect%20width%3D%27750%27%20height%3D%27500%27%20fill-opacity%3D%220%22%2F%3E%3C%2Fsvg%3E\" data-orig-src=\"https:\/\/labotigadecarnsbertran.cat\/wp-content\/uploads\/2025\/12\/MG_9048-500x333.jpg\" data-srcset=\"https:\/\/labotigadecarnsbertran.cat\/wp-content\/uploads\/2025\/12\/MG_9048-200x133.jpg 200w, https:\/\/labotigadecarnsbertran.cat\/wp-content\/uploads\/2025\/12\/MG_9048-300x200.jpg 300w, https:\/\/labotigadecarnsbertran.cat\/wp-content\/uploads\/2025\/12\/MG_9048-400x267.jpg 400w, https:\/\/labotigadecarnsbertran.cat\/wp-content\/uploads\/2025\/12\/MG_9048-500x333.jpg 500w, https:\/\/labotigadecarnsbertran.cat\/wp-content\/uploads\/2025\/12\/MG_9048-600x400.jpg 600w, https:\/\/labotigadecarnsbertran.cat\/wp-content\/uploads\/2025\/12\/MG_9048-700x467.jpg 700w, https:\/\/labotigadecarnsbertran.cat\/wp-content\/uploads\/2025\/12\/MG_9048.jpg 750w\" data-sizes=\"auto\" \/><div class=\"fusion-rollover\">\n\t<div class=\"fusion-rollover-content\">\n\n\t\t\t\t\n\t\t\n\t\t\t\t\t\t\t\t\n\t\t\t\t\t\t\t\t\n\t\t\n\t\t\t\t\t\t\t\t\t\t\t\t\t\t\t\n\t\t\t\t\t\t\n\t\t\t\t\t\t\t\t\t\t<div class=\"fusion-product-buttons\">\n\t\t\t\t\t<a href=\"https:\/\/labotigadecarnsbertran.cat\/es\/producto\/paquete-al-vacio-jamon-75-iberico-de-bellota-guijuelo-copia-copia\/\" aria-describedby=\"woocommerce_loop_add_to_cart_link_describedby_5686\" data-quantity=\"1\" class=\"button product_type_variable add_to_cart_button\" data-product_id=\"5686\" data-product_sku=\"13002\" aria-label=\"Elige las opciones para &ldquo;Pechuga de pollo 100% alimentaci\u00f3n vegetal&rdquo;\" rel=\"nofollow\">Select options<\/a>\t<span id=\"woocommerce_loop_add_to_cart_link_describedby_5686\" class=\"screen-reader-text\">\n\t\tEste producto tiene m\u00faltiples variantes. Las opciones se pueden elegir en la p\u00e1gina de producto\t<\/span>\n<span class=\"fusion-rollover-linebreak\">\n\t\/<\/span>\n\n<a href=\"https:\/\/labotigadecarnsbertran.cat\/es\/producto\/paquete-al-vacio-jamon-75-iberico-de-bellota-guijuelo-copia-copia\/\" class=\"show_details_button\">\n\tDetails<\/a>\n\n\t\t\t\t<\/div>\n\t\t\t\t\t\t\t\t\t<a class=\"fusion-link-wrapper\" href=\"https:\/\/labotigadecarnsbertran.cat\/es\/producto\/paquete-al-vacio-jamon-75-iberico-de-bellota-guijuelo-copia-copia\/\" aria-label=\"Pechuga de pollo 100% alimentaci\u00f3n vegetal\"><\/a>\n\t<\/div>\n<\/div>\n<\/div>\n<\/div>\n<div class=\"fusion-product-content\">\n\t<div class=\"product-details\">\n\t\t<div class=\"product-details-container\">\n<h3 class=\"product-title\">\n\t<a href=\"https:\/\/labotigadecarnsbertran.cat\/es\/producto\/paquete-al-vacio-jamon-75-iberico-de-bellota-guijuelo-copia-copia\/\">\n\t\tPechuga de pollo 100% alimentaci\u00f3n vegetal\t<\/a>\n<\/h3>\n<div class=\"fusion-price-rating\">\n\n\t<span class=\"price\"><span class=\"woocommerce-Price-amount amount\"><bdi>2,80&nbsp;<span class=\"woocommerce-Price-currencySymbol\">&euro;<\/span><\/bdi><\/span><\/span>\n\t\t<\/div>\n\t<\/div>\n<\/div>\n\n\t<\/div> \n\n\n<\/div>\n<\/li>\n<li class=\"product type-product post-5294 status-publish instock product_cat-charcuteria-y-quesos product_cat-jamon has-post-thumbnail taxable shipping-taxable purchasable product-type-variable product-grid-view\">\n\t<div class=\"fusion-product-wrapper\">\n\n<div class=\"fusion-clean-product-image-wrapper \">\n\t<div  class=\"fusion-image-wrapper fusion-image-size-fixed\" aria-haspopup=\"true\">\n\t\t\t\t<img decoding=\"async\" width=\"500\" height=\"333\" src=\"https:\/\/labotigadecarnsbertran.cat\/wp-content\/uploads\/2025\/02\/MG_9245-500x333.jpg\" class=\"attachment-woocommerce_thumbnail size-woocommerce_thumbnail lazyload wp-post-image\" alt=\"Espatlla enceball 50% ib\u00e8rica\" srcset=\"data:image\/svg+xml,%3Csvg%20xmlns%3D%27http%3A%2F%2Fwww.w3.org%2F2000%2Fsvg%27%20width%3D%271200%27%20height%3D%27800%27%20viewBox%3D%270%200%201200%20800%27%3E%3Crect%20width%3D%271200%27%20height%3D%27800%27%20fill-opacity%3D%220%22%2F%3E%3C%2Fsvg%3E\" data-orig-src=\"https:\/\/labotigadecarnsbertran.cat\/wp-content\/uploads\/2025\/02\/MG_9245-500x333.jpg\" data-srcset=\"https:\/\/labotigadecarnsbertran.cat\/wp-content\/uploads\/2025\/02\/MG_9245-200x133.jpg 200w, https:\/\/labotigadecarnsbertran.cat\/wp-content\/uploads\/2025\/02\/MG_9245-300x200.jpg 300w, https:\/\/labotigadecarnsbertran.cat\/wp-content\/uploads\/2025\/02\/MG_9245-400x267.jpg 400w, https:\/\/labotigadecarnsbertran.cat\/wp-content\/uploads\/2025\/02\/MG_9245-500x333.jpg 500w, https:\/\/labotigadecarnsbertran.cat\/wp-content\/uploads\/2025\/02\/MG_9245-600x400.jpg 600w, https:\/\/labotigadecarnsbertran.cat\/wp-content\/uploads\/2025\/02\/MG_9245-700x467.jpg 700w, https:\/\/labotigadecarnsbertran.cat\/wp-content\/uploads\/2025\/02\/MG_9245-768x512.jpg 768w, https:\/\/labotigadecarnsbertran.cat\/wp-content\/uploads\/2025\/02\/MG_9245-800x533.jpg 800w, https:\/\/labotigadecarnsbertran.cat\/wp-content\/uploads\/2025\/02\/MG_9245-1024x683.jpg 1024w, https:\/\/labotigadecarnsbertran.cat\/wp-content\/uploads\/2025\/02\/MG_9245.jpg 1200w\" data-sizes=\"auto\" \/><div class=\"fusion-rollover\">\n\t<div class=\"fusion-rollover-content\">\n\n\t\t\t\t\n\t\t\n\t\t\t\t\t\t\t\t\n\t\t\t\t\t\t\t\t\n\t\t\n\t\t\t\t\t\t\t\t\t\t\t\t\t\t\t\n\t\t\t\t\t\t\n\t\t\t\t\t\t\t\t\t\t<div class=\"fusion-product-buttons\">\n\t\t\t\t\t<a href=\"https:\/\/labotigadecarnsbertran.cat\/es\/producto\/paleta-cebo-50-iberica\/\" aria-describedby=\"woocommerce_loop_add_to_cart_link_describedby_5294\" data-quantity=\"1\" class=\"button product_type_variable add_to_cart_button\" data-product_id=\"5294\" data-product_sku=\"30203\" aria-label=\"Elige las opciones para &ldquo;Paleta de recebo 50% Ib\u00e9rica corte a m\u00e1quina&rdquo;\" rel=\"nofollow\">Select options<\/a>\t<span id=\"woocommerce_loop_add_to_cart_link_describedby_5294\" class=\"screen-reader-text\">\n\t\tEste producto tiene m\u00faltiples variantes. Las opciones se pueden elegir en la p\u00e1gina de producto\t<\/span>\n<span class=\"fusion-rollover-linebreak\">\n\t\/<\/span>\n\n<a href=\"https:\/\/labotigadecarnsbertran.cat\/es\/producto\/paleta-cebo-50-iberica\/\" class=\"show_details_button\">\n\tDetails<\/a>\n\n\t\t\t\t<\/div>\n\t\t\t\t\t\t\t\t\t<a class=\"fusion-link-wrapper\" href=\"https:\/\/labotigadecarnsbertran.cat\/es\/producto\/paleta-cebo-50-iberica\/\" aria-label=\"Paleta de recebo 50% Ib\u00e9rica corte a m\u00e1quina\"><\/a>\n\t<\/div>\n<\/div>\n<\/div>\n<\/div>\n<div class=\"fusion-product-content\">\n\t<div class=\"product-details\">\n\t\t<div class=\"product-details-container\">\n<h3 class=\"product-title\">\n\t<a href=\"https:\/\/labotigadecarnsbertran.cat\/es\/producto\/paleta-cebo-50-iberica\/\">\n\t\tPaleta de recebo 50% Ib\u00e9rica corte a m\u00e1quina\t<\/a>\n<\/h3>\n<div class=\"fusion-price-rating\">\n\n\t<span class=\"price\"><span class=\"woocommerce-Price-amount amount\" aria-hidden=\"true\"><bdi>8,50&nbsp;<span class=\"woocommerce-Price-currencySymbol\">&euro;<\/span><\/bdi><\/span> <span aria-hidden=\"true\">-<\/span> <span class=\"woocommerce-Price-amount amount\" aria-hidden=\"true\"><bdi>17,10&nbsp;<span class=\"woocommerce-Price-currencySymbol\">&euro;<\/span><\/bdi><\/span><span class=\"screen-reader-text\">Rango de precios: desde 8,50&nbsp;&euro; hasta 17,10&nbsp;&euro;<\/span><\/span>\n\t\t<\/div>\n\t<\/div>\n<\/div>\n\n\t<\/div> \n\n\n<\/div>\n<\/li>\n<li class=\"product type-product post-5754 status-publish last instock product_cat-pollo-y-aves has-post-thumbnail taxable shipping-taxable purchasable product-type-simple product-grid-view\">\n\t<div class=\"fusion-product-wrapper\">\n\n<div class=\"fusion-clean-product-image-wrapper \">\n\t<div  class=\"fusion-image-wrapper fusion-image-size-fixed\" aria-haspopup=\"true\">\n\t\t\t\t<img decoding=\"async\" width=\"500\" height=\"333\" src=\"https:\/\/labotigadecarnsbertran.cat\/wp-content\/uploads\/2025\/12\/MG_9081-500x333.jpg\" class=\"attachment-woocommerce_thumbnail size-woocommerce_thumbnail lazyload wp-post-image\" alt=\"\" srcset=\"data:image\/svg+xml,%3Csvg%20xmlns%3D%27http%3A%2F%2Fwww.w3.org%2F2000%2Fsvg%27%20width%3D%27750%27%20height%3D%27500%27%20viewBox%3D%270%200%20750%20500%27%3E%3Crect%20width%3D%27750%27%20height%3D%27500%27%20fill-opacity%3D%220%22%2F%3E%3C%2Fsvg%3E\" data-orig-src=\"https:\/\/labotigadecarnsbertran.cat\/wp-content\/uploads\/2025\/12\/MG_9081-500x333.jpg\" data-srcset=\"https:\/\/labotigadecarnsbertran.cat\/wp-content\/uploads\/2025\/12\/MG_9081-200x133.jpg 200w, https:\/\/labotigadecarnsbertran.cat\/wp-content\/uploads\/2025\/12\/MG_9081-300x200.jpg 300w, https:\/\/labotigadecarnsbertran.cat\/wp-content\/uploads\/2025\/12\/MG_9081-400x267.jpg 400w, https:\/\/labotigadecarnsbertran.cat\/wp-content\/uploads\/2025\/12\/MG_9081-500x333.jpg 500w, https:\/\/labotigadecarnsbertran.cat\/wp-content\/uploads\/2025\/12\/MG_9081-600x400.jpg 600w, https:\/\/labotigadecarnsbertran.cat\/wp-content\/uploads\/2025\/12\/MG_9081-700x467.jpg 700w, https:\/\/labotigadecarnsbertran.cat\/wp-content\/uploads\/2025\/12\/MG_9081.jpg 750w\" data-sizes=\"auto\" \/><div class=\"fusion-rollover\">\n\t<div class=\"fusion-rollover-content\">\n\n\t\t\t\t\n\t\t\n\t\t\t\t\t\t\t\t\n\t\t\t\t\t\t\t\t\n\t\t\n\t\t\t\t\t\t\t\t\t\t\t\t\t\t\t\n\t\t\t\t\t\t\n\t\t\t\t\t\t\t\t\t\t<div class=\"fusion-product-buttons\">\n\t\t\t\t\t<a href=\"https:\/\/labotigadecarnsbertran.cat\/es\/producto\/paquete-al-vacio-jamon-75-iberico-de-bellota-guijuelo-copia-copia-copia-copia-copia-copia-copia-copia-2\/\" data-quantity=\"1\" class=\"button product_type_simple add_to_cart_button \" data-product_id=\"5754\" data-product_sku=\"13026\" aria-label=\"A\u00f1adir al carrito: &ldquo;Muslo adobado sin hueso&rdquo;\" rel=\"nofollow\">Select options<\/a>\t<span id=\"woocommerce_loop_add_to_cart_link_describedby_5754\" class=\"screen-reader-text\">\n\t\t\t<\/span>\n<span class=\"fusion-rollover-linebreak\">\n\t\/<\/span>\n\n<a href=\"https:\/\/labotigadecarnsbertran.cat\/es\/producto\/paquete-al-vacio-jamon-75-iberico-de-bellota-guijuelo-copia-copia-copia-copia-copia-copia-copia-copia-2\/\" class=\"show_details_button\">\n\tDetails<\/a>\n\n\t\t\t\t<\/div>\n\t\t\t\t\t\t\t\t\t<a class=\"fusion-link-wrapper\" href=\"https:\/\/labotigadecarnsbertran.cat\/es\/producto\/paquete-al-vacio-jamon-75-iberico-de-bellota-guijuelo-copia-copia-copia-copia-copia-copia-copia-copia-2\/\" aria-label=\"Muslo adobado sin hueso\"><\/a>\n\t<\/div>\n<\/div>\n<\/div>\n<\/div>\n<div class=\"fusion-product-content\">\n\t<div class=\"product-details\">\n\t\t<div class=\"product-details-container\">\n<h3 class=\"product-title\">\n\t<a href=\"https:\/\/labotigadecarnsbertran.cat\/es\/producto\/paquete-al-vacio-jamon-75-iberico-de-bellota-guijuelo-copia-copia-copia-copia-copia-copia-copia-copia-2\/\">\n\t\tMuslo adobado sin hueso\t<\/a>\n<\/h3>\n<div class=\"fusion-price-rating\">\n\n\t<span class=\"price\"><span class=\"woocommerce-Price-amount amount\"><bdi>2,90&nbsp;<span class=\"woocommerce-Price-currencySymbol\">&euro;<\/span><\/bdi><\/span><\/span>\n\t\t<\/div>\n\t<\/div>\n<\/div>\n\n\t<\/div> \n\n\n<\/div>\n<\/li>\n<li class=\"product type-product post-5921 status-publish first instock product_cat-charcuteria-y-quesos product_cat-curados has-post-thumbnail taxable shipping-taxable purchasable product-type-simple product-grid-view\">\n\t<div class=\"fusion-product-wrapper\">\n\n<div class=\"fusion-clean-product-image-wrapper \">\n\t<div  class=\"fusion-image-wrapper fusion-image-size-fixed\" aria-haspopup=\"true\">\n\t\t\t\t<img decoding=\"async\" width=\"500\" height=\"333\" src=\"https:\/\/labotigadecarnsbertran.cat\/wp-content\/uploads\/2025\/12\/MG_8592-500x333.jpg\" class=\"attachment-woocommerce_thumbnail size-woocommerce_thumbnail lazyload wp-post-image\" alt=\"\" srcset=\"data:image\/svg+xml,%3Csvg%20xmlns%3D%27http%3A%2F%2Fwww.w3.org%2F2000%2Fsvg%27%20width%3D%271200%27%20height%3D%27800%27%20viewBox%3D%270%200%201200%20800%27%3E%3Crect%20width%3D%271200%27%20height%3D%27800%27%20fill-opacity%3D%220%22%2F%3E%3C%2Fsvg%3E\" data-orig-src=\"https:\/\/labotigadecarnsbertran.cat\/wp-content\/uploads\/2025\/12\/MG_8592-500x333.jpg\" data-srcset=\"https:\/\/labotigadecarnsbertran.cat\/wp-content\/uploads\/2025\/12\/MG_8592-200x133.jpg 200w, https:\/\/labotigadecarnsbertran.cat\/wp-content\/uploads\/2025\/12\/MG_8592-300x200.jpg 300w, https:\/\/labotigadecarnsbertran.cat\/wp-content\/uploads\/2025\/12\/MG_8592-400x267.jpg 400w, https:\/\/labotigadecarnsbertran.cat\/wp-content\/uploads\/2025\/12\/MG_8592-500x333.jpg 500w, https:\/\/labotigadecarnsbertran.cat\/wp-content\/uploads\/2025\/12\/MG_8592-600x400.jpg 600w, https:\/\/labotigadecarnsbertran.cat\/wp-content\/uploads\/2025\/12\/MG_8592-700x467.jpg 700w, https:\/\/labotigadecarnsbertran.cat\/wp-content\/uploads\/2025\/12\/MG_8592-768x512.jpg 768w, https:\/\/labotigadecarnsbertran.cat\/wp-content\/uploads\/2025\/12\/MG_8592-800x533.jpg 800w, https:\/\/labotigadecarnsbertran.cat\/wp-content\/uploads\/2025\/12\/MG_8592-1024x683.jpg 1024w, https:\/\/labotigadecarnsbertran.cat\/wp-content\/uploads\/2025\/12\/MG_8592.jpg 1200w\" data-sizes=\"auto\" \/><div class=\"fusion-rollover\">\n\t<div class=\"fusion-rollover-content\">\n\n\t\t\t\t\n\t\t\n\t\t\t\t\t\t\t\t\n\t\t\t\t\t\t\t\t\n\t\t\n\t\t\t\t\t\t\t\t\t\t\t\t\t\t\t\n\t\t\t\t\t\t\n\t\t\t\t\t\t\t\t\t\t<div class=\"fusion-product-buttons\">\n\t\t\t\t\t<a href=\"https:\/\/labotigadecarnsbertran.cat\/es\/producto\/fuet-casero\/\" data-quantity=\"1\" class=\"button product_type_simple add_to_cart_button \" data-product_id=\"5921\" data-product_sku=\"31005-1\" aria-label=\"A\u00f1adir al carrito: &ldquo;Fuet casero&rdquo;\" rel=\"nofollow\">Select options<\/a>\t<span id=\"woocommerce_loop_add_to_cart_link_describedby_5921\" class=\"screen-reader-text\">\n\t\t\t<\/span>\n<span class=\"fusion-rollover-linebreak\">\n\t\/<\/span>\n\n<a href=\"https:\/\/labotigadecarnsbertran.cat\/es\/producto\/fuet-casero\/\" class=\"show_details_button\">\n\tDetails<\/a>\n\n\t\t\t\t<\/div>\n\t\t\t\t\t\t\t\t\t<a class=\"fusion-link-wrapper\" href=\"https:\/\/labotigadecarnsbertran.cat\/es\/producto\/fuet-casero\/\" aria-label=\"Fuet casero\"><\/a>\n\t<\/div>\n<\/div>\n<\/div>\n<\/div>\n<div class=\"fusion-product-content\">\n\t<div class=\"product-details\">\n\t\t<div class=\"product-details-container\">\n<h3 class=\"product-title\">\n\t<a href=\"https:\/\/labotigadecarnsbertran.cat\/es\/producto\/fuet-casero\/\">\n\t\tFuet casero\t<\/a>\n<\/h3>\n<div class=\"fusion-price-rating\">\n\n\t<span class=\"price\"><span class=\"woocommerce-Price-amount amount\"><bdi>5,20&nbsp;<span class=\"woocommerce-Price-currencySymbol\">&euro;<\/span><\/bdi><\/span><\/span>\n\t\t<\/div>\n\t<\/div>\n<\/div>\n\n\t<\/div> \n\n\n<\/div>\n<\/li>\n<li class=\"product type-product post-5418 status-publish instock product_cat-cerdo has-post-thumbnail taxable shipping-taxable purchasable product-type-variable product-grid-view\">\n\t<div class=\"fusion-product-wrapper\">\n\n<div class=\"fusion-clean-product-image-wrapper \">\n\t<div  class=\"fusion-image-wrapper fusion-image-size-fixed\" aria-haspopup=\"true\">\n\t\t\t\t<img decoding=\"async\" width=\"500\" height=\"333\" src=\"https:\/\/labotigadecarnsbertran.cat\/wp-content\/uploads\/2022\/01\/MG_8090-500x333.jpg\" class=\"attachment-woocommerce_thumbnail size-woocommerce_thumbnail lazyload wp-post-image\" alt=\"Filet de porc de pag\u00e8s\" srcset=\"data:image\/svg+xml,%3Csvg%20xmlns%3D%27http%3A%2F%2Fwww.w3.org%2F2000%2Fsvg%27%20width%3D%271200%27%20height%3D%27800%27%20viewBox%3D%270%200%201200%20800%27%3E%3Crect%20width%3D%271200%27%20height%3D%27800%27%20fill-opacity%3D%220%22%2F%3E%3C%2Fsvg%3E\" data-orig-src=\"https:\/\/labotigadecarnsbertran.cat\/wp-content\/uploads\/2022\/01\/MG_8090-500x333.jpg\" data-srcset=\"https:\/\/labotigadecarnsbertran.cat\/wp-content\/uploads\/2022\/01\/MG_8090-200x133.jpg 200w, https:\/\/labotigadecarnsbertran.cat\/wp-content\/uploads\/2022\/01\/MG_8090-300x200.jpg 300w, https:\/\/labotigadecarnsbertran.cat\/wp-content\/uploads\/2022\/01\/MG_8090-400x267.jpg 400w, https:\/\/labotigadecarnsbertran.cat\/wp-content\/uploads\/2022\/01\/MG_8090-500x333.jpg 500w, https:\/\/labotigadecarnsbertran.cat\/wp-content\/uploads\/2022\/01\/MG_8090-600x400.jpg 600w, https:\/\/labotigadecarnsbertran.cat\/wp-content\/uploads\/2022\/01\/MG_8090-700x467.jpg 700w, https:\/\/labotigadecarnsbertran.cat\/wp-content\/uploads\/2022\/01\/MG_8090-768x512.jpg 768w, https:\/\/labotigadecarnsbertran.cat\/wp-content\/uploads\/2022\/01\/MG_8090-800x533.jpg 800w, https:\/\/labotigadecarnsbertran.cat\/wp-content\/uploads\/2022\/01\/MG_8090-1024x683.jpg 1024w, https:\/\/labotigadecarnsbertran.cat\/wp-content\/uploads\/2022\/01\/MG_8090.jpg 1200w\" data-sizes=\"auto\" \/><div class=\"fusion-rollover\">\n\t<div class=\"fusion-rollover-content\">\n\n\t\t\t\t\n\t\t\n\t\t\t\t\t\t\t\t\n\t\t\t\t\t\t\t\t\n\t\t\n\t\t\t\t\t\t\t\t\t\t\t\t\t\t\t\n\t\t\t\t\t\t\n\t\t\t\t\t\t\t\t\t\t<div class=\"fusion-product-buttons\">\n\t\t\t\t\t<a href=\"https:\/\/labotigadecarnsbertran.cat\/es\/producto\/solomillo-de-cerdo-de-payes\/\" aria-describedby=\"woocommerce_loop_add_to_cart_link_describedby_5418\" data-quantity=\"1\" class=\"button product_type_variable add_to_cart_button\" data-product_id=\"5418\" data-product_sku=\"10403\" aria-label=\"Elige las opciones para &ldquo;Solomillo de cerdo de pay\u00e9s&rdquo;\" rel=\"nofollow\">Select options<\/a>\t<span id=\"woocommerce_loop_add_to_cart_link_describedby_5418\" class=\"screen-reader-text\">\n\t\tEste producto tiene m\u00faltiples variantes. Las opciones se pueden elegir en la p\u00e1gina de producto\t<\/span>\n<span class=\"fusion-rollover-linebreak\">\n\t\/<\/span>\n\n<a href=\"https:\/\/labotigadecarnsbertran.cat\/es\/producto\/solomillo-de-cerdo-de-payes\/\" class=\"show_details_button\">\n\tDetails<\/a>\n\n\t\t\t\t<\/div>\n\t\t\t\t\t\t\t\t\t<a class=\"fusion-link-wrapper\" href=\"https:\/\/labotigadecarnsbertran.cat\/es\/producto\/solomillo-de-cerdo-de-payes\/\" aria-label=\"Solomillo de cerdo de pay\u00e9s\"><\/a>\n\t<\/div>\n<\/div>\n<\/div>\n<\/div>\n<div class=\"fusion-product-content\">\n\t<div class=\"product-details\">\n\t\t<div class=\"product-details-container\">\n<h3 class=\"product-title\">\n\t<a href=\"https:\/\/labotigadecarnsbertran.cat\/es\/producto\/solomillo-de-cerdo-de-payes\/\">\n\t\tSolomillo de cerdo de pay\u00e9s\t<\/a>\n<\/h3>\n<div class=\"fusion-price-rating\">\n\n\t<span class=\"price\"><span class=\"woocommerce-Price-amount amount\"><bdi>7,60&nbsp;<span class=\"woocommerce-Price-currencySymbol\">&euro;<\/span><\/bdi><\/span><\/span>\n\t\t<\/div>\n\t<\/div>\n<\/div>\n\n\t<\/div> \n\n\n<\/div>\n<\/li>\n<li class=\"product type-product post-5397 status-publish last instock product_cat-cerdo has-post-thumbnail featured taxable shipping-taxable purchasable product-type-variable product-grid-view\">\n\t<div class=\"fusion-product-wrapper\">\n\n<div class=\"fusion-clean-product-image-wrapper \">\n\t<div  class=\"fusion-image-wrapper fusion-image-size-fixed\" aria-haspopup=\"true\">\n\t\t\t\t<img decoding=\"async\" width=\"500\" height=\"333\" src=\"https:\/\/labotigadecarnsbertran.cat\/wp-content\/uploads\/2022\/01\/MG_8131-500x333.jpg\" class=\"attachment-woocommerce_thumbnail size-woocommerce_thumbnail lazyload wp-post-image\" alt=\"Panxeta de porc de pages\" srcset=\"data:image\/svg+xml,%3Csvg%20xmlns%3D%27http%3A%2F%2Fwww.w3.org%2F2000%2Fsvg%27%20width%3D%271200%27%20height%3D%27800%27%20viewBox%3D%270%200%201200%20800%27%3E%3Crect%20width%3D%271200%27%20height%3D%27800%27%20fill-opacity%3D%220%22%2F%3E%3C%2Fsvg%3E\" data-orig-src=\"https:\/\/labotigadecarnsbertran.cat\/wp-content\/uploads\/2022\/01\/MG_8131-500x333.jpg\" data-srcset=\"https:\/\/labotigadecarnsbertran.cat\/wp-content\/uploads\/2022\/01\/MG_8131-200x133.jpg 200w, https:\/\/labotigadecarnsbertran.cat\/wp-content\/uploads\/2022\/01\/MG_8131-300x200.jpg 300w, https:\/\/labotigadecarnsbertran.cat\/wp-content\/uploads\/2022\/01\/MG_8131-400x267.jpg 400w, https:\/\/labotigadecarnsbertran.cat\/wp-content\/uploads\/2022\/01\/MG_8131-500x333.jpg 500w, https:\/\/labotigadecarnsbertran.cat\/wp-content\/uploads\/2022\/01\/MG_8131-600x400.jpg 600w, https:\/\/labotigadecarnsbertran.cat\/wp-content\/uploads\/2022\/01\/MG_8131-700x467.jpg 700w, https:\/\/labotigadecarnsbertran.cat\/wp-content\/uploads\/2022\/01\/MG_8131-768x512.jpg 768w, https:\/\/labotigadecarnsbertran.cat\/wp-content\/uploads\/2022\/01\/MG_8131-800x533.jpg 800w, https:\/\/labotigadecarnsbertran.cat\/wp-content\/uploads\/2022\/01\/MG_8131-1024x683.jpg 1024w, https:\/\/labotigadecarnsbertran.cat\/wp-content\/uploads\/2022\/01\/MG_8131.jpg 1200w\" data-sizes=\"auto\" \/><div class=\"fusion-rollover\">\n\t<div class=\"fusion-rollover-content\">\n\n\t\t\t\t\n\t\t\n\t\t\t\t\t\t\t\t\n\t\t\t\t\t\t\t\t\n\t\t\n\t\t\t\t\t\t\t\t\t\t\t\t\t\t\t\n\t\t\t\t\t\t\n\t\t\t\t\t\t\t\t\t\t<div class=\"fusion-product-buttons\">\n\t\t\t\t\t<a href=\"https:\/\/labotigadecarnsbertran.cat\/es\/producto\/panceta-de-cerdo-de-payes\/\" aria-describedby=\"woocommerce_loop_add_to_cart_link_describedby_5397\" data-quantity=\"1\" class=\"button product_type_variable add_to_cart_button\" data-product_id=\"5397\" data-product_sku=\"10407\" aria-label=\"Elige las opciones para &ldquo;Panceta de cerdo de pay\u00e9s&rdquo;\" rel=\"nofollow\">Select options<\/a>\t<span id=\"woocommerce_loop_add_to_cart_link_describedby_5397\" class=\"screen-reader-text\">\n\t\tEste producto tiene m\u00faltiples variantes. Las opciones se pueden elegir en la p\u00e1gina de producto\t<\/span>\n<span class=\"fusion-rollover-linebreak\">\n\t\/<\/span>\n\n<a href=\"https:\/\/labotigadecarnsbertran.cat\/es\/producto\/panceta-de-cerdo-de-payes\/\" class=\"show_details_button\">\n\tDetails<\/a>\n\n\t\t\t\t<\/div>\n\t\t\t\t\t\t\t\t\t<a class=\"fusion-link-wrapper\" href=\"https:\/\/labotigadecarnsbertran.cat\/es\/producto\/panceta-de-cerdo-de-payes\/\" aria-label=\"Panceta de cerdo de pay\u00e9s\"><\/a>\n\t<\/div>\n<\/div>\n<\/div>\n<\/div>\n<div class=\"fusion-product-content\">\n\t<div class=\"product-details\">\n\t\t<div class=\"product-details-container\">\n<h3 class=\"product-title\">\n\t<a href=\"https:\/\/labotigadecarnsbertran.cat\/es\/producto\/panceta-de-cerdo-de-payes\/\">\n\t\tPanceta de cerdo de pay\u00e9s\t<\/a>\n<\/h3>\n<div class=\"fusion-price-rating\">\n\n\t<span class=\"price\"><span class=\"woocommerce-Price-amount amount\" aria-hidden=\"true\"><bdi>2,50&nbsp;<span class=\"woocommerce-Price-currencySymbol\">&euro;<\/span><\/bdi><\/span> <span aria-hidden=\"true\">-<\/span> <span class=\"woocommerce-Price-amount amount\" aria-hidden=\"true\"><bdi>5,10&nbsp;<span class=\"woocommerce-Price-currencySymbol\">&euro;<\/span><\/bdi><\/span><span class=\"screen-reader-text\">Rango de precios: desde 2,50&nbsp;&euro; hasta 5,10&nbsp;&euro;<\/span><\/span>\n\t\t<\/div>\n\t<\/div>\n<\/div>\n\n\t<\/div> \n\n\n<\/div>\n<\/li>\n<li class=\"product type-product post-5424 status-publish first instock product_cat-cerdo has-post-thumbnail taxable shipping-taxable purchasable product-type-simple product-grid-view\">\n\t<div class=\"fusion-product-wrapper\">\n\n<div class=\"fusion-clean-product-image-wrapper \">\n\t<div  class=\"fusion-image-wrapper fusion-image-size-fixed\" aria-haspopup=\"true\">\n\t\t\t\t<img decoding=\"async\" width=\"500\" height=\"333\" src=\"https:\/\/labotigadecarnsbertran.cat\/wp-content\/uploads\/2022\/01\/MG_8318-500x333.jpg\" class=\"attachment-woocommerce_thumbnail size-woocommerce_thumbnail lazyload wp-post-image\" alt=\"Mini mandonguilles\" srcset=\"data:image\/svg+xml,%3Csvg%20xmlns%3D%27http%3A%2F%2Fwww.w3.org%2F2000%2Fsvg%27%20width%3D%271200%27%20height%3D%27800%27%20viewBox%3D%270%200%201200%20800%27%3E%3Crect%20width%3D%271200%27%20height%3D%27800%27%20fill-opacity%3D%220%22%2F%3E%3C%2Fsvg%3E\" data-orig-src=\"https:\/\/labotigadecarnsbertran.cat\/wp-content\/uploads\/2022\/01\/MG_8318-500x333.jpg\" data-srcset=\"https:\/\/labotigadecarnsbertran.cat\/wp-content\/uploads\/2022\/01\/MG_8318-200x133.jpg 200w, https:\/\/labotigadecarnsbertran.cat\/wp-content\/uploads\/2022\/01\/MG_8318-300x200.jpg 300w, https:\/\/labotigadecarnsbertran.cat\/wp-content\/uploads\/2022\/01\/MG_8318-400x267.jpg 400w, https:\/\/labotigadecarnsbertran.cat\/wp-content\/uploads\/2022\/01\/MG_8318-500x333.jpg 500w, https:\/\/labotigadecarnsbertran.cat\/wp-content\/uploads\/2022\/01\/MG_8318-600x400.jpg 600w, https:\/\/labotigadecarnsbertran.cat\/wp-content\/uploads\/2022\/01\/MG_8318-700x467.jpg 700w, https:\/\/labotigadecarnsbertran.cat\/wp-content\/uploads\/2022\/01\/MG_8318-768x512.jpg 768w, https:\/\/labotigadecarnsbertran.cat\/wp-content\/uploads\/2022\/01\/MG_8318-800x533.jpg 800w, https:\/\/labotigadecarnsbertran.cat\/wp-content\/uploads\/2022\/01\/MG_8318-1024x683.jpg 1024w, https:\/\/labotigadecarnsbertran.cat\/wp-content\/uploads\/2022\/01\/MG_8318.jpg 1200w\" data-sizes=\"auto\" \/><div class=\"fusion-rollover\">\n\t<div class=\"fusion-rollover-content\">\n\n\t\t\t\t\n\t\t\n\t\t\t\t\t\t\t\t\n\t\t\t\t\t\t\t\t\n\t\t\n\t\t\t\t\t\t\t\t\t\t\t\t\t\t\t\n\t\t\t\t\t\t\n\t\t\t\t\t\t\t\t\t\t<div class=\"fusion-product-buttons\">\n\t\t\t\t\t<a href=\"https:\/\/labotigadecarnsbertran.cat\/es\/producto\/mini-albondigas\/\" data-quantity=\"1\" class=\"button product_type_simple add_to_cart_button \" data-product_id=\"5424\" data-product_sku=\"10034\" aria-label=\"A\u00f1adir al carrito: &ldquo;Mini alb\u00f3ndigas&rdquo;\" rel=\"nofollow\">Select options<\/a>\t<span id=\"woocommerce_loop_add_to_cart_link_describedby_5424\" class=\"screen-reader-text\">\n\t\t\t<\/span>\n<span class=\"fusion-rollover-linebreak\">\n\t\/<\/span>\n\n<a href=\"https:\/\/labotigadecarnsbertran.cat\/es\/producto\/mini-albondigas\/\" class=\"show_details_button\">\n\tDetails<\/a>\n\n\t\t\t\t<\/div>\n\t\t\t\t\t\t\t\t\t<a class=\"fusion-link-wrapper\" href=\"https:\/\/labotigadecarnsbertran.cat\/es\/producto\/mini-albondigas\/\" aria-label=\"Mini alb\u00f3ndigas\"><\/a>\n\t<\/div>\n<\/div>\n<\/div>\n<\/div>\n<div class=\"fusion-product-content\">\n\t<div class=\"product-details\">\n\t\t<div class=\"product-details-container\">\n<h3 class=\"product-title\">\n\t<a href=\"https:\/\/labotigadecarnsbertran.cat\/es\/producto\/mini-albondigas\/\">\n\t\tMini alb\u00f3ndigas\t<\/a>\n<\/h3>\n<div class=\"fusion-price-rating\">\n\n\t<span class=\"price\"><span class=\"woocommerce-Price-amount amount\"><bdi>7,90&nbsp;<span class=\"woocommerce-Price-currencySymbol\">&euro;<\/span><\/bdi><\/span><\/span>\n\t\t<\/div>\n\t<\/div>\n<\/div>\n\n\t<\/div> \n\n\n<\/div>\n<\/li>\n<li class=\"product type-product post-5725 status-publish instock product_cat-pollo-y-aves has-post-thumbnail taxable shipping-taxable purchasable product-type-simple product-grid-view\">\n\t<div class=\"fusion-product-wrapper\">\n\n<div class=\"fusion-clean-product-image-wrapper \">\n\t<div  class=\"fusion-image-wrapper fusion-image-size-fixed\" aria-haspopup=\"true\">\n\t\t\t\t<img decoding=\"async\" width=\"500\" height=\"333\" src=\"https:\/\/labotigadecarnsbertran.cat\/wp-content\/uploads\/2025\/12\/MG_9058-500x333.jpg\" class=\"attachment-woocommerce_thumbnail size-woocommerce_thumbnail lazyload wp-post-image\" alt=\"\" srcset=\"data:image\/svg+xml,%3Csvg%20xmlns%3D%27http%3A%2F%2Fwww.w3.org%2F2000%2Fsvg%27%20width%3D%27750%27%20height%3D%27500%27%20viewBox%3D%270%200%20750%20500%27%3E%3Crect%20width%3D%27750%27%20height%3D%27500%27%20fill-opacity%3D%220%22%2F%3E%3C%2Fsvg%3E\" data-orig-src=\"https:\/\/labotigadecarnsbertran.cat\/wp-content\/uploads\/2025\/12\/MG_9058-500x333.jpg\" data-srcset=\"https:\/\/labotigadecarnsbertran.cat\/wp-content\/uploads\/2025\/12\/MG_9058-200x133.jpg 200w, https:\/\/labotigadecarnsbertran.cat\/wp-content\/uploads\/2025\/12\/MG_9058-300x200.jpg 300w, https:\/\/labotigadecarnsbertran.cat\/wp-content\/uploads\/2025\/12\/MG_9058-400x267.jpg 400w, https:\/\/labotigadecarnsbertran.cat\/wp-content\/uploads\/2025\/12\/MG_9058-500x333.jpg 500w, https:\/\/labotigadecarnsbertran.cat\/wp-content\/uploads\/2025\/12\/MG_9058-600x400.jpg 600w, https:\/\/labotigadecarnsbertran.cat\/wp-content\/uploads\/2025\/12\/MG_9058-700x467.jpg 700w, https:\/\/labotigadecarnsbertran.cat\/wp-content\/uploads\/2025\/12\/MG_9058.jpg 750w\" data-sizes=\"auto\" \/><div class=\"fusion-rollover\">\n\t<div class=\"fusion-rollover-content\">\n\n\t\t\t\t\n\t\t\n\t\t\t\t\t\t\t\t\n\t\t\t\t\t\t\t\t\n\t\t\n\t\t\t\t\t\t\t\t\t\t\t\t\t\t\t\n\t\t\t\t\t\t\n\t\t\t\t\t\t\t\t\t\t<div class=\"fusion-product-buttons\">\n\t\t\t\t\t<a href=\"https:\/\/labotigadecarnsbertran.cat\/es\/producto\/paquete-al-vacio-jamon-75-iberico-de-bellota-guijuelo-copia-copia-copia-copia-copia\/\" data-quantity=\"1\" class=\"button product_type_simple add_to_cart_button \" data-product_id=\"5725\" data-product_sku=\"13010\" aria-label=\"A\u00f1adir al carrito: &ldquo;Hamburguesa de pollo&rdquo;\" rel=\"nofollow\">Select options<\/a>\t<span id=\"woocommerce_loop_add_to_cart_link_describedby_5725\" class=\"screen-reader-text\">\n\t\t\t<\/span>\n<span class=\"fusion-rollover-linebreak\">\n\t\/<\/span>\n\n<a href=\"https:\/\/labotigadecarnsbertran.cat\/es\/producto\/paquete-al-vacio-jamon-75-iberico-de-bellota-guijuelo-copia-copia-copia-copia-copia\/\" class=\"show_details_button\">\n\tDetails<\/a>\n\n\t\t\t\t<\/div>\n\t\t\t\t\t\t\t\t\t<a class=\"fusion-link-wrapper\" href=\"https:\/\/labotigadecarnsbertran.cat\/es\/producto\/paquete-al-vacio-jamon-75-iberico-de-bellota-guijuelo-copia-copia-copia-copia-copia\/\" aria-label=\"Hamburguesa de pollo\"><\/a>\n\t<\/div>\n<\/div>\n<\/div>\n<\/div>\n<div class=\"fusion-product-content\">\n\t<div class=\"product-details\">\n\t\t<div class=\"product-details-container\">\n<h3 class=\"product-title\">\n\t<a href=\"https:\/\/labotigadecarnsbertran.cat\/es\/producto\/paquete-al-vacio-jamon-75-iberico-de-bellota-guijuelo-copia-copia-copia-copia-copia\/\">\n\t\tHamburguesa de pollo\t<\/a>\n<\/h3>\n<div class=\"fusion-price-rating\">\n\n\t<span class=\"price\"><span class=\"woocommerce-Price-amount amount\"><bdi>7,50&nbsp;<span class=\"woocommerce-Price-currencySymbol\">&euro;<\/span><\/bdi><\/span><\/span>\n\t\t<\/div>\n\t<\/div>\n<\/div>\n\n\t<\/div> \n\n\n<\/div>\n<\/li>\n<li class=\"product type-product post-5929 status-publish last instock product_cat-charcuteria-y-quesos has-post-thumbnail taxable shipping-taxable purchasable product-type-variable product-grid-view\">\n\t<div class=\"fusion-product-wrapper\">\n\n<div class=\"fusion-clean-product-image-wrapper \">\n\t<div  class=\"fusion-image-wrapper fusion-image-size-fixed\" aria-haspopup=\"true\">\n\t\t\t\t<img decoding=\"async\" width=\"500\" height=\"333\" src=\"https:\/\/labotigadecarnsbertran.cat\/wp-content\/uploads\/2025\/12\/MG_8638-500x333.jpg\" class=\"attachment-woocommerce_thumbnail size-woocommerce_thumbnail lazyload wp-post-image\" alt=\"\" srcset=\"data:image\/svg+xml,%3Csvg%20xmlns%3D%27http%3A%2F%2Fwww.w3.org%2F2000%2Fsvg%27%20width%3D%271200%27%20height%3D%27800%27%20viewBox%3D%270%200%201200%20800%27%3E%3Crect%20width%3D%271200%27%20height%3D%27800%27%20fill-opacity%3D%220%22%2F%3E%3C%2Fsvg%3E\" data-orig-src=\"https:\/\/labotigadecarnsbertran.cat\/wp-content\/uploads\/2025\/12\/MG_8638-500x333.jpg\" data-srcset=\"https:\/\/labotigadecarnsbertran.cat\/wp-content\/uploads\/2025\/12\/MG_8638-200x133.jpg 200w, https:\/\/labotigadecarnsbertran.cat\/wp-content\/uploads\/2025\/12\/MG_8638-300x200.jpg 300w, https:\/\/labotigadecarnsbertran.cat\/wp-content\/uploads\/2025\/12\/MG_8638-400x267.jpg 400w, https:\/\/labotigadecarnsbertran.cat\/wp-content\/uploads\/2025\/12\/MG_8638-500x333.jpg 500w, https:\/\/labotigadecarnsbertran.cat\/wp-content\/uploads\/2025\/12\/MG_8638-600x400.jpg 600w, https:\/\/labotigadecarnsbertran.cat\/wp-content\/uploads\/2025\/12\/MG_8638-700x467.jpg 700w, https:\/\/labotigadecarnsbertran.cat\/wp-content\/uploads\/2025\/12\/MG_8638-768x512.jpg 768w, https:\/\/labotigadecarnsbertran.cat\/wp-content\/uploads\/2025\/12\/MG_8638-800x533.jpg 800w, https:\/\/labotigadecarnsbertran.cat\/wp-content\/uploads\/2025\/12\/MG_8638-1024x683.jpg 1024w, https:\/\/labotigadecarnsbertran.cat\/wp-content\/uploads\/2025\/12\/MG_8638.jpg 1200w\" data-sizes=\"auto\" \/><div class=\"fusion-rollover\">\n\t<div class=\"fusion-rollover-content\">\n\n\t\t\t\t\n\t\t\n\t\t\t\t\t\t\t\t\n\t\t\t\t\t\t\t\t\n\t\t\n\t\t\t\t\t\t\t\t\t\t\t\t\t\t\t\n\t\t\t\t\t\t\n\t\t\t\t\t\t\t\t\t\t<div class=\"fusion-product-buttons\">\n\t\t\t\t\t<a href=\"https:\/\/labotigadecarnsbertran.cat\/es\/producto\/jamon-cocido-natural-en-lata\/\" aria-describedby=\"woocommerce_loop_add_to_cart_link_describedby_5929\" data-quantity=\"1\" class=\"button product_type_variable add_to_cart_button\" data-product_id=\"5929\" data-product_sku=\"32000\" aria-label=\"Elige las opciones para &ldquo;Jam\u00f3n cocido natural en lata&rdquo;\" rel=\"nofollow\">Select options<\/a>\t<span id=\"woocommerce_loop_add_to_cart_link_describedby_5929\" class=\"screen-reader-text\">\n\t\tEste producto tiene m\u00faltiples variantes. Las opciones se pueden elegir en la p\u00e1gina de producto\t<\/span>\n<span class=\"fusion-rollover-linebreak\">\n\t\/<\/span>\n\n<a href=\"https:\/\/labotigadecarnsbertran.cat\/es\/producto\/jamon-cocido-natural-en-lata\/\" class=\"show_details_button\">\n\tDetails<\/a>\n\n\t\t\t\t<\/div>\n\t\t\t\t\t\t\t\t\t<a class=\"fusion-link-wrapper\" href=\"https:\/\/labotigadecarnsbertran.cat\/es\/producto\/jamon-cocido-natural-en-lata\/\" aria-label=\"Jam\u00f3n cocido natural en lata\"><\/a>\n\t<\/div>\n<\/div>\n<\/div>\n<\/div>\n<div class=\"fusion-product-content\">\n\t<div class=\"product-details\">\n\t\t<div class=\"product-details-container\">\n<h3 class=\"product-title\">\n\t<a href=\"https:\/\/labotigadecarnsbertran.cat\/es\/producto\/jamon-cocido-natural-en-lata\/\">\n\t\tJam\u00f3n cocido natural en lata\t<\/a>\n<\/h3>\n<div class=\"fusion-price-rating\">\n\n\t<span class=\"price\"><span class=\"woocommerce-Price-amount amount\"><bdi>2,40&nbsp;<span class=\"woocommerce-Price-currencySymbol\">&euro;<\/span><\/bdi><\/span><\/span>\n\t\t<\/div>\n\t<\/div>\n<\/div>\n\n\t<\/div> \n\n\n<\/div>\n<\/li>\n<li class=\"product type-product post-5225 status-publish first instock product_cat-cerdo has-post-thumbnail taxable shipping-taxable purchasable product-type-variable product-grid-view\">\n\t<div class=\"fusion-product-wrapper\">\n\n<div class=\"fusion-clean-product-image-wrapper \">\n\t<div  class=\"fusion-image-wrapper fusion-image-size-fixed\" aria-haspopup=\"true\">\n\t\t\t\t<img decoding=\"async\" width=\"500\" height=\"333\" src=\"https:\/\/labotigadecarnsbertran.cat\/wp-content\/uploads\/2022\/03\/MG_9118-1-500x333.jpg\" class=\"attachment-woocommerce_thumbnail size-woocommerce_thumbnail lazyload wp-post-image\" alt=\"Pinxos de porc de pag\u00e8s\" srcset=\"data:image\/svg+xml,%3Csvg%20xmlns%3D%27http%3A%2F%2Fwww.w3.org%2F2000%2Fsvg%27%20width%3D%271200%27%20height%3D%27800%27%20viewBox%3D%270%200%201200%20800%27%3E%3Crect%20width%3D%271200%27%20height%3D%27800%27%20fill-opacity%3D%220%22%2F%3E%3C%2Fsvg%3E\" data-orig-src=\"https:\/\/labotigadecarnsbertran.cat\/wp-content\/uploads\/2022\/03\/MG_9118-1-500x333.jpg\" data-srcset=\"https:\/\/labotigadecarnsbertran.cat\/wp-content\/uploads\/2022\/03\/MG_9118-1-200x133.jpg 200w, https:\/\/labotigadecarnsbertran.cat\/wp-content\/uploads\/2022\/03\/MG_9118-1-300x200.jpg 300w, https:\/\/labotigadecarnsbertran.cat\/wp-content\/uploads\/2022\/03\/MG_9118-1-400x267.jpg 400w, https:\/\/labotigadecarnsbertran.cat\/wp-content\/uploads\/2022\/03\/MG_9118-1-500x333.jpg 500w, https:\/\/labotigadecarnsbertran.cat\/wp-content\/uploads\/2022\/03\/MG_9118-1-600x400.jpg 600w, https:\/\/labotigadecarnsbertran.cat\/wp-content\/uploads\/2022\/03\/MG_9118-1-700x467.jpg 700w, https:\/\/labotigadecarnsbertran.cat\/wp-content\/uploads\/2022\/03\/MG_9118-1-768x512.jpg 768w, https:\/\/labotigadecarnsbertran.cat\/wp-content\/uploads\/2022\/03\/MG_9118-1-800x533.jpg 800w, https:\/\/labotigadecarnsbertran.cat\/wp-content\/uploads\/2022\/03\/MG_9118-1-1024x683.jpg 1024w, https:\/\/labotigadecarnsbertran.cat\/wp-content\/uploads\/2022\/03\/MG_9118-1.jpg 1200w\" data-sizes=\"auto\" \/><div class=\"fusion-rollover\">\n\t<div class=\"fusion-rollover-content\">\n\n\t\t\t\t\n\t\t\n\t\t\t\t\t\t\t\t\n\t\t\t\t\t\t\t\t\n\t\t\n\t\t\t\t\t\t\t\t\t\t\t\t\t\t\t\n\t\t\t\t\t\t\n\t\t\t\t\t\t\t\t\t\t<div class=\"fusion-product-buttons\">\n\t\t\t\t\t<a href=\"https:\/\/labotigadecarnsbertran.cat\/es\/producto\/pinchos-de-cerdo-de-payes\/\" aria-describedby=\"woocommerce_loop_add_to_cart_link_describedby_5225\" data-quantity=\"1\" class=\"button product_type_variable add_to_cart_button\" data-product_id=\"5225\" data-product_sku=\"10434\" aria-label=\"Elige las opciones para &ldquo;Pinchos de cerdo de pay\u00e9s&rdquo;\" rel=\"nofollow\">Select options<\/a>\t<span id=\"woocommerce_loop_add_to_cart_link_describedby_5225\" class=\"screen-reader-text\">\n\t\tEste producto tiene m\u00faltiples variantes. Las opciones se pueden elegir en la p\u00e1gina de producto\t<\/span>\n<span class=\"fusion-rollover-linebreak\">\n\t\/<\/span>\n\n<a href=\"https:\/\/labotigadecarnsbertran.cat\/es\/producto\/pinchos-de-cerdo-de-payes\/\" class=\"show_details_button\">\n\tDetails<\/a>\n\n\t\t\t\t<\/div>\n\t\t\t\t\t\t\t\t\t<a class=\"fusion-link-wrapper\" href=\"https:\/\/labotigadecarnsbertran.cat\/es\/producto\/pinchos-de-cerdo-de-payes\/\" aria-label=\"Pinchos de cerdo de pay\u00e9s\"><\/a>\n\t<\/div>\n<\/div>\n<\/div>\n<\/div>\n<div class=\"fusion-product-content\">\n\t<div class=\"product-details\">\n\t\t<div class=\"product-details-container\">\n<h3 class=\"product-title\">\n\t<a href=\"https:\/\/labotigadecarnsbertran.cat\/es\/producto\/pinchos-de-cerdo-de-payes\/\">\n\t\tPinchos de cerdo de pay\u00e9s\t<\/a>\n<\/h3>\n<div class=\"fusion-price-rating\">\n\n\t<span class=\"price\"><span class=\"woocommerce-Price-amount amount\" aria-hidden=\"true\"><bdi>3,40&nbsp;<span class=\"woocommerce-Price-currencySymbol\">&euro;<\/span><\/bdi><\/span> <span aria-hidden=\"true\">-<\/span> <span class=\"woocommerce-Price-amount amount\" aria-hidden=\"true\"><bdi>6,80&nbsp;<span class=\"woocommerce-Price-currencySymbol\">&euro;<\/span><\/bdi><\/span><span class=\"screen-reader-text\">Rango de precios: desde 3,40&nbsp;&euro; hasta 6,80&nbsp;&euro;<\/span><\/span>\n\t\t<\/div>\n\t<\/div>\n<\/div>\n\n\t<\/div> \n\n\n<\/div>\n<\/li>\n<li class=\"product type-product post-5729 status-publish instock product_cat-pollo-y-aves has-post-thumbnail taxable shipping-taxable purchasable product-type-variable product-grid-view\">\n\t<div class=\"fusion-product-wrapper\">\n\n<div class=\"fusion-clean-product-image-wrapper \">\n\t<div  class=\"fusion-image-wrapper fusion-image-size-fixed\" aria-haspopup=\"true\">\n\t\t\t\t<img decoding=\"async\" width=\"500\" height=\"333\" src=\"https:\/\/labotigadecarnsbertran.cat\/wp-content\/uploads\/2025\/12\/MG_9265-500x333.jpg\" class=\"attachment-woocommerce_thumbnail size-woocommerce_thumbnail lazyload wp-post-image\" alt=\"\" srcset=\"data:image\/svg+xml,%3Csvg%20xmlns%3D%27http%3A%2F%2Fwww.w3.org%2F2000%2Fsvg%27%20width%3D%27750%27%20height%3D%27500%27%20viewBox%3D%270%200%20750%20500%27%3E%3Crect%20width%3D%27750%27%20height%3D%27500%27%20fill-opacity%3D%220%22%2F%3E%3C%2Fsvg%3E\" data-orig-src=\"https:\/\/labotigadecarnsbertran.cat\/wp-content\/uploads\/2025\/12\/MG_9265-500x333.jpg\" data-srcset=\"https:\/\/labotigadecarnsbertran.cat\/wp-content\/uploads\/2025\/12\/MG_9265-200x133.jpg 200w, https:\/\/labotigadecarnsbertran.cat\/wp-content\/uploads\/2025\/12\/MG_9265-300x200.jpg 300w, https:\/\/labotigadecarnsbertran.cat\/wp-content\/uploads\/2025\/12\/MG_9265-400x267.jpg 400w, https:\/\/labotigadecarnsbertran.cat\/wp-content\/uploads\/2025\/12\/MG_9265-500x333.jpg 500w, https:\/\/labotigadecarnsbertran.cat\/wp-content\/uploads\/2025\/12\/MG_9265-600x400.jpg 600w, https:\/\/labotigadecarnsbertran.cat\/wp-content\/uploads\/2025\/12\/MG_9265-700x467.jpg 700w, https:\/\/labotigadecarnsbertran.cat\/wp-content\/uploads\/2025\/12\/MG_9265.jpg 750w\" data-sizes=\"auto\" \/><div class=\"fusion-rollover\">\n\t<div class=\"fusion-rollover-content\">\n\n\t\t\t\t\n\t\t\n\t\t\t\t\t\t\t\t\n\t\t\t\t\t\t\t\t\n\t\t\n\t\t\t\t\t\t\t\t\t\t\t\t\t\t\t\n\t\t\t\t\t\t\n\t\t\t\t\t\t\t\t\t\t<div class=\"fusion-product-buttons\">\n\t\t\t\t\t<a href=\"https:\/\/labotigadecarnsbertran.cat\/es\/producto\/paquete-al-vacio-jamon-75-iberico-de-bellota-guijuelo-copia-copia-copia-copia-copia-copia\/\" aria-describedby=\"woocommerce_loop_add_to_cart_link_describedby_5729\" data-quantity=\"1\" class=\"button product_type_variable add_to_cart_button\" data-product_id=\"5729\" data-product_sku=\"13013\" aria-label=\"Elige las opciones para &ldquo;Codornices&rdquo;\" rel=\"nofollow\">Select options<\/a>\t<span id=\"woocommerce_loop_add_to_cart_link_describedby_5729\" class=\"screen-reader-text\">\n\t\tEste producto tiene m\u00faltiples variantes. Las opciones se pueden elegir en la p\u00e1gina de producto\t<\/span>\n<span class=\"fusion-rollover-linebreak\">\n\t\/<\/span>\n\n<a href=\"https:\/\/labotigadecarnsbertran.cat\/es\/producto\/paquete-al-vacio-jamon-75-iberico-de-bellota-guijuelo-copia-copia-copia-copia-copia-copia\/\" class=\"show_details_button\">\n\tDetails<\/a>\n\n\t\t\t\t<\/div>\n\t\t\t\t\t\t\t\t\t<a class=\"fusion-link-wrapper\" href=\"https:\/\/labotigadecarnsbertran.cat\/es\/producto\/paquete-al-vacio-jamon-75-iberico-de-bellota-guijuelo-copia-copia-copia-copia-copia-copia\/\" aria-label=\"Codornices\"><\/a>\n\t<\/div>\n<\/div>\n<\/div>\n<\/div>\n<div class=\"fusion-product-content\">\n\t<div class=\"product-details\">\n\t\t<div class=\"product-details-container\">\n<h3 class=\"product-title\">\n\t<a href=\"https:\/\/labotigadecarnsbertran.cat\/es\/producto\/paquete-al-vacio-jamon-75-iberico-de-bellota-guijuelo-copia-copia-copia-copia-copia-copia\/\">\n\t\tCodornices\t<\/a>\n<\/h3>\n<div class=\"fusion-price-rating\">\n\n\t<span class=\"price\"><span class=\"woocommerce-Price-amount amount\"><bdi>2,90&nbsp;<span class=\"woocommerce-Price-currencySymbol\">&euro;<\/span><\/bdi><\/span><\/span>\n\t\t<\/div>\n\t<\/div>\n<\/div>\n\n\t<\/div> \n\n\n<\/div>\n<\/li>\n<li class=\"product type-product post-5420 status-publish last instock product_cat-cerdo has-post-thumbnail taxable shipping-taxable purchasable product-type-variable product-grid-view\">\n\t<div class=\"fusion-product-wrapper\">\n\n<div class=\"fusion-clean-product-image-wrapper \">\n\t<div  class=\"fusion-image-wrapper fusion-image-size-fixed\" aria-haspopup=\"true\">\n\t\t\t\t<img decoding=\"async\" width=\"500\" height=\"333\" src=\"https:\/\/labotigadecarnsbertran.cat\/wp-content\/uploads\/2022\/01\/MG_8174-500x333.jpg\" class=\"attachment-woocommerce_thumbnail size-woocommerce_thumbnail lazyload wp-post-image\" alt=\"Galtes de porc de pag\u00e8s\" srcset=\"data:image\/svg+xml,%3Csvg%20xmlns%3D%27http%3A%2F%2Fwww.w3.org%2F2000%2Fsvg%27%20width%3D%271200%27%20height%3D%27800%27%20viewBox%3D%270%200%201200%20800%27%3E%3Crect%20width%3D%271200%27%20height%3D%27800%27%20fill-opacity%3D%220%22%2F%3E%3C%2Fsvg%3E\" data-orig-src=\"https:\/\/labotigadecarnsbertran.cat\/wp-content\/uploads\/2022\/01\/MG_8174-500x333.jpg\" data-srcset=\"https:\/\/labotigadecarnsbertran.cat\/wp-content\/uploads\/2022\/01\/MG_8174-200x133.jpg 200w, https:\/\/labotigadecarnsbertran.cat\/wp-content\/uploads\/2022\/01\/MG_8174-300x200.jpg 300w, https:\/\/labotigadecarnsbertran.cat\/wp-content\/uploads\/2022\/01\/MG_8174-400x267.jpg 400w, https:\/\/labotigadecarnsbertran.cat\/wp-content\/uploads\/2022\/01\/MG_8174-500x333.jpg 500w, https:\/\/labotigadecarnsbertran.cat\/wp-content\/uploads\/2022\/01\/MG_8174-600x400.jpg 600w, https:\/\/labotigadecarnsbertran.cat\/wp-content\/uploads\/2022\/01\/MG_8174-700x467.jpg 700w, https:\/\/labotigadecarnsbertran.cat\/wp-content\/uploads\/2022\/01\/MG_8174-768x512.jpg 768w, https:\/\/labotigadecarnsbertran.cat\/wp-content\/uploads\/2022\/01\/MG_8174-800x533.jpg 800w, https:\/\/labotigadecarnsbertran.cat\/wp-content\/uploads\/2022\/01\/MG_8174-1024x683.jpg 1024w, https:\/\/labotigadecarnsbertran.cat\/wp-content\/uploads\/2022\/01\/MG_8174.jpg 1200w\" data-sizes=\"auto\" \/><div class=\"fusion-rollover\">\n\t<div class=\"fusion-rollover-content\">\n\n\t\t\t\t\n\t\t\n\t\t\t\t\t\t\t\t\n\t\t\t\t\t\t\t\t\n\t\t\n\t\t\t\t\t\t\t\t\t\t\t\t\t\t\t\n\t\t\t\t\t\t\n\t\t\t\t\t\t\t\t\t\t<div class=\"fusion-product-buttons\">\n\t\t\t\t\t<a href=\"https:\/\/labotigadecarnsbertran.cat\/es\/producto\/carrilleras-de-cerdo-de-payes\/\" aria-describedby=\"woocommerce_loop_add_to_cart_link_describedby_5420\" data-quantity=\"1\" class=\"button product_type_variable add_to_cart_button\" data-product_id=\"5420\" data-product_sku=\"10404\" aria-label=\"Elige las opciones para &ldquo;Carrilleras de cerdo de pay\u00e9s&rdquo;\" rel=\"nofollow\">Select options<\/a>\t<span id=\"woocommerce_loop_add_to_cart_link_describedby_5420\" class=\"screen-reader-text\">\n\t\tEste producto tiene m\u00faltiples variantes. Las opciones se pueden elegir en la p\u00e1gina de producto\t<\/span>\n<span class=\"fusion-rollover-linebreak\">\n\t\/<\/span>\n\n<a href=\"https:\/\/labotigadecarnsbertran.cat\/es\/producto\/carrilleras-de-cerdo-de-payes\/\" class=\"show_details_button\">\n\tDetails<\/a>\n\n\t\t\t\t<\/div>\n\t\t\t\t\t\t\t\t\t<a class=\"fusion-link-wrapper\" href=\"https:\/\/labotigadecarnsbertran.cat\/es\/producto\/carrilleras-de-cerdo-de-payes\/\" aria-label=\"Carrilleras de cerdo de pay\u00e9s\"><\/a>\n\t<\/div>\n<\/div>\n<\/div>\n<\/div>\n<div class=\"fusion-product-content\">\n\t<div class=\"product-details\">\n\t\t<div class=\"product-details-container\">\n<h3 class=\"product-title\">\n\t<a href=\"https:\/\/labotigadecarnsbertran.cat\/es\/producto\/carrilleras-de-cerdo-de-payes\/\">\n\t\tCarrilleras de cerdo de pay\u00e9s\t<\/a>\n<\/h3>\n<div class=\"fusion-price-rating\">\n\n\t<span class=\"price\"><span class=\"woocommerce-Price-amount amount\" aria-hidden=\"true\"><bdi>7,10&nbsp;<span class=\"woocommerce-Price-currencySymbol\">&euro;<\/span><\/bdi><\/span> <span aria-hidden=\"true\">-<\/span> <span class=\"woocommerce-Price-amount amount\" aria-hidden=\"true\"><bdi>14,30&nbsp;<span class=\"woocommerce-Price-currencySymbol\">&euro;<\/span><\/bdi><\/span><span class=\"screen-reader-text\">Rango de precios: desde 7,10&nbsp;&euro; hasta 14,30&nbsp;&euro;<\/span><\/span>\n\t\t<\/div>\n\t<\/div>\n<\/div>\n\n\t<\/div> \n\n\n<\/div>\n<\/li>\n<li class=\"product type-product post-5423 status-publish first instock product_cat-cerdo has-post-thumbnail featured taxable shipping-taxable purchasable product-type-simple product-grid-view\">\n\t<div class=\"fusion-product-wrapper\">\n\n<div class=\"fusion-clean-product-image-wrapper \">\n\t<div  class=\"fusion-image-wrapper fusion-image-size-fixed\" aria-haspopup=\"true\">\n\t\t\t\t<img decoding=\"async\" width=\"500\" height=\"333\" src=\"https:\/\/labotigadecarnsbertran.cat\/wp-content\/uploads\/2022\/01\/MG_8210-500x333.jpg\" class=\"attachment-woocommerce_thumbnail size-woocommerce_thumbnail lazyload wp-post-image\" alt=\"Mandonguilles crues\" srcset=\"data:image\/svg+xml,%3Csvg%20xmlns%3D%27http%3A%2F%2Fwww.w3.org%2F2000%2Fsvg%27%20width%3D%271200%27%20height%3D%27800%27%20viewBox%3D%270%200%201200%20800%27%3E%3Crect%20width%3D%271200%27%20height%3D%27800%27%20fill-opacity%3D%220%22%2F%3E%3C%2Fsvg%3E\" data-orig-src=\"https:\/\/labotigadecarnsbertran.cat\/wp-content\/uploads\/2022\/01\/MG_8210-500x333.jpg\" data-srcset=\"https:\/\/labotigadecarnsbertran.cat\/wp-content\/uploads\/2022\/01\/MG_8210-200x133.jpg 200w, https:\/\/labotigadecarnsbertran.cat\/wp-content\/uploads\/2022\/01\/MG_8210-300x200.jpg 300w, https:\/\/labotigadecarnsbertran.cat\/wp-content\/uploads\/2022\/01\/MG_8210-400x267.jpg 400w, https:\/\/labotigadecarnsbertran.cat\/wp-content\/uploads\/2022\/01\/MG_8210-500x333.jpg 500w, https:\/\/labotigadecarnsbertran.cat\/wp-content\/uploads\/2022\/01\/MG_8210-600x400.jpg 600w, https:\/\/labotigadecarnsbertran.cat\/wp-content\/uploads\/2022\/01\/MG_8210-700x467.jpg 700w, https:\/\/labotigadecarnsbertran.cat\/wp-content\/uploads\/2022\/01\/MG_8210-768x512.jpg 768w, https:\/\/labotigadecarnsbertran.cat\/wp-content\/uploads\/2022\/01\/MG_8210-800x533.jpg 800w, https:\/\/labotigadecarnsbertran.cat\/wp-content\/uploads\/2022\/01\/MG_8210-1024x683.jpg 1024w, https:\/\/labotigadecarnsbertran.cat\/wp-content\/uploads\/2022\/01\/MG_8210.jpg 1200w\" data-sizes=\"auto\" \/><div class=\"fusion-rollover\">\n\t<div class=\"fusion-rollover-content\">\n\n\t\t\t\t\n\t\t\n\t\t\t\t\t\t\t\t\n\t\t\t\t\t\t\t\t\n\t\t\n\t\t\t\t\t\t\t\t\t\t\t\t\t\t\t\n\t\t\t\t\t\t\n\t\t\t\t\t\t\t\t\t\t<div class=\"fusion-product-buttons\">\n\t\t\t\t\t<a href=\"https:\/\/labotigadecarnsbertran.cat\/es\/producto\/albondigas-crudas\/\" data-quantity=\"1\" class=\"button product_type_simple add_to_cart_button \" data-product_id=\"5423\" data-product_sku=\"10033\" aria-label=\"A\u00f1adir al carrito: &ldquo;Alb\u00f3ndigas crudas&rdquo;\" rel=\"nofollow\">Select options<\/a>\t<span id=\"woocommerce_loop_add_to_cart_link_describedby_5423\" class=\"screen-reader-text\">\n\t\t\t<\/span>\n<span class=\"fusion-rollover-linebreak\">\n\t\/<\/span>\n\n<a href=\"https:\/\/labotigadecarnsbertran.cat\/es\/producto\/albondigas-crudas\/\" class=\"show_details_button\">\n\tDetails<\/a>\n\n\t\t\t\t<\/div>\n\t\t\t\t\t\t\t\t\t<a class=\"fusion-link-wrapper\" href=\"https:\/\/labotigadecarnsbertran.cat\/es\/producto\/albondigas-crudas\/\" aria-label=\"Alb\u00f3ndigas crudas\"><\/a>\n\t<\/div>\n<\/div>\n<\/div>\n<\/div>\n<div class=\"fusion-product-content\">\n\t<div class=\"product-details\">\n\t\t<div class=\"product-details-container\">\n<h3 class=\"product-title\">\n\t<a href=\"https:\/\/labotigadecarnsbertran.cat\/es\/producto\/albondigas-crudas\/\">\n\t\tAlb\u00f3ndigas crudas\t<\/a>\n<\/h3>\n<div class=\"fusion-price-rating\">\n\n\t<span class=\"price\"><span class=\"woocommerce-Price-amount amount\"><bdi>9,40&nbsp;<span class=\"woocommerce-Price-currencySymbol\">&euro;<\/span><\/bdi><\/span><\/span>\n\t\t<\/div>\n\t<\/div>\n<\/div>\n\n\t<\/div> \n\n\n<\/div>\n<\/li>\n<li class=\"product type-product post-5919 status-publish instock product_cat-charcuteria-y-quesos product_cat-curados has-post-thumbnail taxable shipping-taxable purchasable product-type-simple product-grid-view\">\n\t<div class=\"fusion-product-wrapper\">\n\n<div class=\"fusion-clean-product-image-wrapper \">\n\t<div  class=\"fusion-image-wrapper fusion-image-size-fixed\" aria-haspopup=\"true\">\n\t\t\t\t<img decoding=\"async\" width=\"500\" height=\"333\" src=\"https:\/\/labotigadecarnsbertran.cat\/wp-content\/uploads\/2025\/12\/MG_8624-500x333.jpg\" class=\"attachment-woocommerce_thumbnail size-woocommerce_thumbnail lazyload wp-post-image\" alt=\"\" srcset=\"data:image\/svg+xml,%3Csvg%20xmlns%3D%27http%3A%2F%2Fwww.w3.org%2F2000%2Fsvg%27%20width%3D%271200%27%20height%3D%27800%27%20viewBox%3D%270%200%201200%20800%27%3E%3Crect%20width%3D%271200%27%20height%3D%27800%27%20fill-opacity%3D%220%22%2F%3E%3C%2Fsvg%3E\" data-orig-src=\"https:\/\/labotigadecarnsbertran.cat\/wp-content\/uploads\/2025\/12\/MG_8624-500x333.jpg\" data-srcset=\"https:\/\/labotigadecarnsbertran.cat\/wp-content\/uploads\/2025\/12\/MG_8624-200x133.jpg 200w, https:\/\/labotigadecarnsbertran.cat\/wp-content\/uploads\/2025\/12\/MG_8624-300x200.jpg 300w, https:\/\/labotigadecarnsbertran.cat\/wp-content\/uploads\/2025\/12\/MG_8624-400x267.jpg 400w, https:\/\/labotigadecarnsbertran.cat\/wp-content\/uploads\/2025\/12\/MG_8624-500x333.jpg 500w, https:\/\/labotigadecarnsbertran.cat\/wp-content\/uploads\/2025\/12\/MG_8624-600x400.jpg 600w, https:\/\/labotigadecarnsbertran.cat\/wp-content\/uploads\/2025\/12\/MG_8624-700x467.jpg 700w, https:\/\/labotigadecarnsbertran.cat\/wp-content\/uploads\/2025\/12\/MG_8624-768x512.jpg 768w, https:\/\/labotigadecarnsbertran.cat\/wp-content\/uploads\/2025\/12\/MG_8624-800x533.jpg 800w, https:\/\/labotigadecarnsbertran.cat\/wp-content\/uploads\/2025\/12\/MG_8624-1024x683.jpg 1024w, https:\/\/labotigadecarnsbertran.cat\/wp-content\/uploads\/2025\/12\/MG_8624.jpg 1200w\" data-sizes=\"auto\" \/><div class=\"fusion-rollover\">\n\t<div class=\"fusion-rollover-content\">\n\n\t\t\t\t\n\t\t\n\t\t\t\t\t\t\t\t\n\t\t\t\t\t\t\t\t\n\t\t\n\t\t\t\t\t\t\t\t\t\t\t\t\t\t\t\n\t\t\t\t\t\t\n\t\t\t\t\t\t\t\t\t\t<div class=\"fusion-product-buttons\">\n\t\t\t\t\t<a href=\"https:\/\/labotigadecarnsbertran.cat\/es\/producto\/longaniza-de-payes-curada-y-picantita\/\" data-quantity=\"1\" class=\"button product_type_simple add_to_cart_button \" data-product_id=\"5919\" data-product_sku=\"31003-1\" aria-label=\"A\u00f1adir al carrito: &ldquo;Longaniza de pay\u00e9s curada y picantita&rdquo;\" rel=\"nofollow\">Select options<\/a>\t<span id=\"woocommerce_loop_add_to_cart_link_describedby_5919\" class=\"screen-reader-text\">\n\t\t\t<\/span>\n<span class=\"fusion-rollover-linebreak\">\n\t\/<\/span>\n\n<a href=\"https:\/\/labotigadecarnsbertran.cat\/es\/producto\/longaniza-de-payes-curada-y-picantita\/\" class=\"show_details_button\">\n\tDetails<\/a>\n\n\t\t\t\t<\/div>\n\t\t\t\t\t\t\t\t\t<a class=\"fusion-link-wrapper\" href=\"https:\/\/labotigadecarnsbertran.cat\/es\/producto\/longaniza-de-payes-curada-y-picantita\/\" aria-label=\"Longaniza de pay\u00e9s curada y picantita\"><\/a>\n\t<\/div>\n<\/div>\n<\/div>\n<\/div>\n<div class=\"fusion-product-content\">\n\t<div class=\"product-details\">\n\t\t<div class=\"product-details-container\">\n<h3 class=\"product-title\">\n\t<a href=\"https:\/\/labotigadecarnsbertran.cat\/es\/producto\/longaniza-de-payes-curada-y-picantita\/\">\n\t\tLonganiza de pay\u00e9s curada y picantita\t<\/a>\n<\/h3>\n<div class=\"fusion-price-rating\">\n\n\t<span class=\"price\"><span class=\"woocommerce-Price-amount amount\"><bdi>8,30&nbsp;<span class=\"woocommerce-Price-currencySymbol\">&euro;<\/span><\/bdi><\/span><\/span>\n\t\t<\/div>\n\t<\/div>\n<\/div>\n\n\t<\/div> \n\n\n<\/div>\n<\/li>\n<li class=\"product type-product post-5375 status-publish last instock product_cat-ternera-vaca-y-buey has-post-thumbnail featured taxable shipping-taxable purchasable product-type-simple product-grid-view\">\n\t<div class=\"fusion-product-wrapper\">\n\n<div class=\"fusion-clean-product-image-wrapper \">\n\t<div  class=\"fusion-image-wrapper fusion-image-size-fixed\" aria-haspopup=\"true\">\n\t\t\t\t<img decoding=\"async\" width=\"500\" height=\"333\" src=\"https:\/\/labotigadecarnsbertran.cat\/wp-content\/uploads\/2022\/01\/MG_8338-500x333.jpg\" class=\"attachment-woocommerce_thumbnail size-woocommerce_thumbnail lazyload wp-post-image\" alt=\"Hamburguesa de bou\" srcset=\"data:image\/svg+xml,%3Csvg%20xmlns%3D%27http%3A%2F%2Fwww.w3.org%2F2000%2Fsvg%27%20width%3D%271200%27%20height%3D%27799%27%20viewBox%3D%270%200%201200%20799%27%3E%3Crect%20width%3D%271200%27%20height%3D%27799%27%20fill-opacity%3D%220%22%2F%3E%3C%2Fsvg%3E\" data-orig-src=\"https:\/\/labotigadecarnsbertran.cat\/wp-content\/uploads\/2022\/01\/MG_8338-500x333.jpg\" data-srcset=\"https:\/\/labotigadecarnsbertran.cat\/wp-content\/uploads\/2022\/01\/MG_8338-200x133.jpg 200w, https:\/\/labotigadecarnsbertran.cat\/wp-content\/uploads\/2022\/01\/MG_8338-300x200.jpg 300w, https:\/\/labotigadecarnsbertran.cat\/wp-content\/uploads\/2022\/01\/MG_8338-400x266.jpg 400w, https:\/\/labotigadecarnsbertran.cat\/wp-content\/uploads\/2022\/01\/MG_8338-500x333.jpg 500w, https:\/\/labotigadecarnsbertran.cat\/wp-content\/uploads\/2022\/01\/MG_8338-600x400.jpg 600w, https:\/\/labotigadecarnsbertran.cat\/wp-content\/uploads\/2022\/01\/MG_8338-700x466.jpg 700w, https:\/\/labotigadecarnsbertran.cat\/wp-content\/uploads\/2022\/01\/MG_8338-768x511.jpg 768w, https:\/\/labotigadecarnsbertran.cat\/wp-content\/uploads\/2022\/01\/MG_8338-800x533.jpg 800w, https:\/\/labotigadecarnsbertran.cat\/wp-content\/uploads\/2022\/01\/MG_8338-1024x682.jpg 1024w, https:\/\/labotigadecarnsbertran.cat\/wp-content\/uploads\/2022\/01\/MG_8338.jpg 1200w\" data-sizes=\"auto\" \/><div class=\"fusion-rollover\">\n\t<div class=\"fusion-rollover-content\">\n\n\t\t\t\t\n\t\t\n\t\t\t\t\t\t\t\t\n\t\t\t\t\t\t\t\t\n\t\t\n\t\t\t\t\t\t\t\t\t\t\t\t\t\t\t\n\t\t\t\t\t\t\n\t\t\t\t\t\t\t\t\t\t<div class=\"fusion-product-buttons\">\n\t\t\t\t\t<a href=\"https:\/\/labotigadecarnsbertran.cat\/es\/producto\/hamburguesa-de-vaca\/\" data-quantity=\"1\" class=\"button product_type_simple add_to_cart_button \" data-product_id=\"5375\" data-product_sku=\"11207\" aria-label=\"A\u00f1adir al carrito: &ldquo;Hamburguesa de vaca&rdquo;\" rel=\"nofollow\">Select options<\/a>\t<span id=\"woocommerce_loop_add_to_cart_link_describedby_5375\" class=\"screen-reader-text\">\n\t\t\t<\/span>\n<span class=\"fusion-rollover-linebreak\">\n\t\/<\/span>\n\n<a href=\"https:\/\/labotigadecarnsbertran.cat\/es\/producto\/hamburguesa-de-vaca\/\" class=\"show_details_button\">\n\tDetails<\/a>\n\n\t\t\t\t<\/div>\n\t\t\t\t\t\t\t\t\t<a class=\"fusion-link-wrapper\" href=\"https:\/\/labotigadecarnsbertran.cat\/es\/producto\/hamburguesa-de-vaca\/\" aria-label=\"Hamburguesa de vaca\"><\/a>\n\t<\/div>\n<\/div>\n<\/div>\n<\/div>\n<div class=\"fusion-product-content\">\n\t<div class=\"product-details\">\n\t\t<div class=\"product-details-container\">\n<h3 class=\"product-title\">\n\t<a href=\"https:\/\/labotigadecarnsbertran.cat\/es\/producto\/hamburguesa-de-vaca\/\">\n\t\tHamburguesa de vaca\t<\/a>\n<\/h3>\n<div class=\"fusion-price-rating\">\n\n\t<span class=\"price\"><span class=\"woocommerce-Price-amount amount\"><bdi>9,10&nbsp;<span class=\"woocommerce-Price-currencySymbol\">&euro;<\/span><\/bdi><\/span><\/span>\n\t\t<\/div>\n\t<\/div>\n<\/div>\n\n\t<\/div> \n\n\n<\/div>\n<\/li>\n<li class=\"product type-product post-5386 status-publish first instock product_cat-ternera-vaca-y-buey has-post-thumbnail taxable shipping-taxable purchasable product-type-variable product-grid-view\">\n\t<div class=\"fusion-product-wrapper\">\n\n<div class=\"fusion-clean-product-image-wrapper \">\n\t<div  class=\"fusion-image-wrapper fusion-image-size-fixed\" aria-haspopup=\"true\">\n\t\t\t\t<img decoding=\"async\" width=\"500\" height=\"333\" src=\"https:\/\/labotigadecarnsbertran.cat\/wp-content\/uploads\/2022\/01\/MG_8801-500x333.jpg\" class=\"attachment-woocommerce_thumbnail size-woocommerce_thumbnail lazyload wp-post-image\" alt=\"Estofat de vedella\" srcset=\"data:image\/svg+xml,%3Csvg%20xmlns%3D%27http%3A%2F%2Fwww.w3.org%2F2000%2Fsvg%27%20width%3D%271200%27%20height%3D%27800%27%20viewBox%3D%270%200%201200%20800%27%3E%3Crect%20width%3D%271200%27%20height%3D%27800%27%20fill-opacity%3D%220%22%2F%3E%3C%2Fsvg%3E\" data-orig-src=\"https:\/\/labotigadecarnsbertran.cat\/wp-content\/uploads\/2022\/01\/MG_8801-500x333.jpg\" data-srcset=\"https:\/\/labotigadecarnsbertran.cat\/wp-content\/uploads\/2022\/01\/MG_8801-200x133.jpg 200w, https:\/\/labotigadecarnsbertran.cat\/wp-content\/uploads\/2022\/01\/MG_8801-300x200.jpg 300w, https:\/\/labotigadecarnsbertran.cat\/wp-content\/uploads\/2022\/01\/MG_8801-400x267.jpg 400w, https:\/\/labotigadecarnsbertran.cat\/wp-content\/uploads\/2022\/01\/MG_8801-500x333.jpg 500w, https:\/\/labotigadecarnsbertran.cat\/wp-content\/uploads\/2022\/01\/MG_8801-600x400.jpg 600w, https:\/\/labotigadecarnsbertran.cat\/wp-content\/uploads\/2022\/01\/MG_8801-700x467.jpg 700w, https:\/\/labotigadecarnsbertran.cat\/wp-content\/uploads\/2022\/01\/MG_8801-768x512.jpg 768w, https:\/\/labotigadecarnsbertran.cat\/wp-content\/uploads\/2022\/01\/MG_8801-800x533.jpg 800w, https:\/\/labotigadecarnsbertran.cat\/wp-content\/uploads\/2022\/01\/MG_8801-1024x683.jpg 1024w, https:\/\/labotigadecarnsbertran.cat\/wp-content\/uploads\/2022\/01\/MG_8801.jpg 1200w\" data-sizes=\"auto\" \/><div class=\"fusion-rollover\">\n\t<div class=\"fusion-rollover-content\">\n\n\t\t\t\t\n\t\t\n\t\t\t\t\t\t\t\t\n\t\t\t\t\t\t\t\t\n\t\t\n\t\t\t\t\t\t\t\t\t\t\t\t\t\t\t\n\t\t\t\t\t\t\n\t\t\t\t\t\t\t\t\t\t<div class=\"fusion-product-buttons\">\n\t\t\t\t\t<a href=\"https:\/\/labotigadecarnsbertran.cat\/es\/producto\/estofado-de-ternera\/\" aria-describedby=\"woocommerce_loop_add_to_cart_link_describedby_5386\" data-quantity=\"1\" class=\"button product_type_variable add_to_cart_button\" data-product_id=\"5386\" data-product_sku=\"11005\" aria-label=\"Elige las opciones para &ldquo;Estofado de Ternera&rdquo;\" rel=\"nofollow\">Select options<\/a>\t<span id=\"woocommerce_loop_add_to_cart_link_describedby_5386\" class=\"screen-reader-text\">\n\t\tEste producto tiene m\u00faltiples variantes. Las opciones se pueden elegir en la p\u00e1gina de producto\t<\/span>\n<span class=\"fusion-rollover-linebreak\">\n\t\/<\/span>\n\n<a href=\"https:\/\/labotigadecarnsbertran.cat\/es\/producto\/estofado-de-ternera\/\" class=\"show_details_button\">\n\tDetails<\/a>\n\n\t\t\t\t<\/div>\n\t\t\t\t\t\t\t\t\t<a class=\"fusion-link-wrapper\" href=\"https:\/\/labotigadecarnsbertran.cat\/es\/producto\/estofado-de-ternera\/\" aria-label=\"Estofado de Ternera\"><\/a>\n\t<\/div>\n<\/div>\n<\/div>\n<\/div>\n<div class=\"fusion-product-content\">\n\t<div class=\"product-details\">\n\t\t<div class=\"product-details-container\">\n<h3 class=\"product-title\">\n\t<a href=\"https:\/\/labotigadecarnsbertran.cat\/es\/producto\/estofado-de-ternera\/\">\n\t\tEstofado de Ternera\t<\/a>\n<\/h3>\n<div class=\"fusion-price-rating\">\n\n\t<span class=\"price\"><span class=\"woocommerce-Price-amount amount\"><bdi>9,50&nbsp;<span class=\"woocommerce-Price-currencySymbol\">&euro;<\/span><\/bdi><\/span><\/span>\n\t\t<\/div>\n\t<\/div>\n<\/div>\n\n\t<\/div> \n\n\n<\/div>\n<\/li>\n<li class=\"product type-product post-5933 status-publish instock product_cat-charcuteria-y-quesos product_cat-cocidos has-post-thumbnail taxable shipping-taxable purchasable product-type-variable product-grid-view\">\n\t<div class=\"fusion-product-wrapper\">\n\n<div class=\"fusion-clean-product-image-wrapper \">\n\t<div  class=\"fusion-image-wrapper fusion-image-size-fixed\" aria-haspopup=\"true\">\n\t\t\t\t<img decoding=\"async\" width=\"500\" height=\"333\" src=\"https:\/\/labotigadecarnsbertran.cat\/wp-content\/uploads\/2025\/12\/MG_8469-2-500x333.jpg\" class=\"attachment-woocommerce_thumbnail size-woocommerce_thumbnail lazyload wp-post-image\" alt=\"\" srcset=\"data:image\/svg+xml,%3Csvg%20xmlns%3D%27http%3A%2F%2Fwww.w3.org%2F2000%2Fsvg%27%20width%3D%271200%27%20height%3D%27800%27%20viewBox%3D%270%200%201200%20800%27%3E%3Crect%20width%3D%271200%27%20height%3D%27800%27%20fill-opacity%3D%220%22%2F%3E%3C%2Fsvg%3E\" data-orig-src=\"https:\/\/labotigadecarnsbertran.cat\/wp-content\/uploads\/2025\/12\/MG_8469-2-500x333.jpg\" data-srcset=\"https:\/\/labotigadecarnsbertran.cat\/wp-content\/uploads\/2025\/12\/MG_8469-2-200x133.jpg 200w, https:\/\/labotigadecarnsbertran.cat\/wp-content\/uploads\/2025\/12\/MG_8469-2-300x200.jpg 300w, https:\/\/labotigadecarnsbertran.cat\/wp-content\/uploads\/2025\/12\/MG_8469-2-400x267.jpg 400w, https:\/\/labotigadecarnsbertran.cat\/wp-content\/uploads\/2025\/12\/MG_8469-2-500x333.jpg 500w, https:\/\/labotigadecarnsbertran.cat\/wp-content\/uploads\/2025\/12\/MG_8469-2-600x400.jpg 600w, https:\/\/labotigadecarnsbertran.cat\/wp-content\/uploads\/2025\/12\/MG_8469-2-700x467.jpg 700w, https:\/\/labotigadecarnsbertran.cat\/wp-content\/uploads\/2025\/12\/MG_8469-2-768x512.jpg 768w, https:\/\/labotigadecarnsbertran.cat\/wp-content\/uploads\/2025\/12\/MG_8469-2-800x533.jpg 800w, https:\/\/labotigadecarnsbertran.cat\/wp-content\/uploads\/2025\/12\/MG_8469-2-1024x683.jpg 1024w, https:\/\/labotigadecarnsbertran.cat\/wp-content\/uploads\/2025\/12\/MG_8469-2.jpg 1200w\" data-sizes=\"auto\" \/><div class=\"fusion-rollover\">\n\t<div class=\"fusion-rollover-content\">\n\n\t\t\t\t\n\t\t\n\t\t\t\t\t\t\t\t\n\t\t\t\t\t\t\t\t\n\t\t\n\t\t\t\t\t\t\t\t\t\t\t\t\t\t\t\n\t\t\t\t\t\t\n\t\t\t\t\t\t\t\t\t\t<div class=\"fusion-product-buttons\">\n\t\t\t\t\t<a href=\"https:\/\/labotigadecarnsbertran.cat\/es\/producto\/pavo-cocido\/\" aria-describedby=\"woocommerce_loop_add_to_cart_link_describedby_5933\" data-quantity=\"1\" class=\"button product_type_variable add_to_cart_button\" data-product_id=\"5933\" data-product_sku=\"32107\" aria-label=\"Elige las opciones para &ldquo;Pavo cocido&rdquo;\" rel=\"nofollow\">Select options<\/a>\t<span id=\"woocommerce_loop_add_to_cart_link_describedby_5933\" class=\"screen-reader-text\">\n\t\tEste producto tiene m\u00faltiples variantes. Las opciones se pueden elegir en la p\u00e1gina de producto\t<\/span>\n<span class=\"fusion-rollover-linebreak\">\n\t\/<\/span>\n\n<a href=\"https:\/\/labotigadecarnsbertran.cat\/es\/producto\/pavo-cocido\/\" class=\"show_details_button\">\n\tDetails<\/a>\n\n\t\t\t\t<\/div>\n\t\t\t\t\t\t\t\t\t<a class=\"fusion-link-wrapper\" href=\"https:\/\/labotigadecarnsbertran.cat\/es\/producto\/pavo-cocido\/\" aria-label=\"Pavo cocido\"><\/a>\n\t<\/div>\n<\/div>\n<\/div>\n<\/div>\n<div class=\"fusion-product-content\">\n\t<div class=\"product-details\">\n\t\t<div class=\"product-details-container\">\n<h3 class=\"product-title\">\n\t<a href=\"https:\/\/labotigadecarnsbertran.cat\/es\/producto\/pavo-cocido\/\">\n\t\tPavo cocido\t<\/a>\n<\/h3>\n<div class=\"fusion-price-rating\">\n\n\t<span class=\"price\"><span class=\"woocommerce-Price-amount amount\"><bdi>1,90&nbsp;<span class=\"woocommerce-Price-currencySymbol\">&euro;<\/span><\/bdi><\/span><\/span>\n\t\t<\/div>\n\t<\/div>\n<\/div>\n\n\t<\/div> \n\n\n<\/div>\n<\/li>\n<li class=\"product type-product post-5169 status-publish last instock product_cat-cerdo has-post-thumbnail taxable shipping-taxable purchasable product-type-variable product-grid-view\">\n\t<div class=\"fusion-product-wrapper\">\n\n<div class=\"fusion-clean-product-image-wrapper \">\n\t<div  class=\"fusion-image-wrapper fusion-image-size-fixed\" aria-haspopup=\"true\">\n\t\t\t\t<img decoding=\"async\" width=\"500\" height=\"400\" src=\"https:\/\/labotigadecarnsbertran.cat\/wp-content\/uploads\/2024\/05\/10448-LLOM-ADOBAT-e1716224538468-500x400.jpeg\" class=\"attachment-woocommerce_thumbnail size-woocommerce_thumbnail lazyload wp-post-image\" alt=\"Llom adobat de pag\u00e8s\" srcset=\"data:image\/svg+xml,%3Csvg%20xmlns%3D%27http%3A%2F%2Fwww.w3.org%2F2000%2Fsvg%27%20width%3D%271078%27%20height%3D%27863%27%20viewBox%3D%270%200%201078%20863%27%3E%3Crect%20width%3D%271078%27%20height%3D%27863%27%20fill-opacity%3D%220%22%2F%3E%3C%2Fsvg%3E\" data-orig-src=\"https:\/\/labotigadecarnsbertran.cat\/wp-content\/uploads\/2024\/05\/10448-LLOM-ADOBAT-e1716224538468-500x400.jpeg\" data-srcset=\"https:\/\/labotigadecarnsbertran.cat\/wp-content\/uploads\/2024\/05\/10448-LLOM-ADOBAT-e1716224538468-500x400.jpeg 500w, https:\/\/labotigadecarnsbertran.cat\/wp-content\/uploads\/2024\/05\/10448-LLOM-ADOBAT-e1716224538468-700x560.jpeg 700w, https:\/\/labotigadecarnsbertran.cat\/wp-content\/uploads\/2024\/05\/10448-LLOM-ADOBAT-e1716224538468.jpeg 1078w\" data-sizes=\"auto\" \/><div class=\"fusion-rollover\">\n\t<div class=\"fusion-rollover-content\">\n\n\t\t\t\t\n\t\t\n\t\t\t\t\t\t\t\t\n\t\t\t\t\t\t\t\t\n\t\t\n\t\t\t\t\t\t\t\t\t\t\t\t\t\t\t\n\t\t\t\t\t\t\n\t\t\t\t\t\t\t\t\t\t<div class=\"fusion-product-buttons\">\n\t\t\t\t\t<a href=\"https:\/\/labotigadecarnsbertran.cat\/es\/producto\/lomo-adobado-de-pages\/\" aria-describedby=\"woocommerce_loop_add_to_cart_link_describedby_5169\" data-quantity=\"1\" class=\"button product_type_variable add_to_cart_button\" data-product_id=\"5169\" data-product_sku=\"10448\" aria-label=\"Elige las opciones para &ldquo;Lomo adobado de pay\u00e9s&rdquo;\" rel=\"nofollow\">Select options<\/a>\t<span id=\"woocommerce_loop_add_to_cart_link_describedby_5169\" class=\"screen-reader-text\">\n\t\tEste producto tiene m\u00faltiples variantes. Las opciones se pueden elegir en la p\u00e1gina de producto\t<\/span>\n<span class=\"fusion-rollover-linebreak\">\n\t\/<\/span>\n\n<a href=\"https:\/\/labotigadecarnsbertran.cat\/es\/producto\/lomo-adobado-de-pages\/\" class=\"show_details_button\">\n\tDetails<\/a>\n\n\t\t\t\t<\/div>\n\t\t\t\t\t\t\t\t\t<a class=\"fusion-link-wrapper\" href=\"https:\/\/labotigadecarnsbertran.cat\/es\/producto\/lomo-adobado-de-pages\/\" aria-label=\"Lomo adobado de pay\u00e9s\"><\/a>\n\t<\/div>\n<\/div>\n<\/div>\n<\/div>\n<div class=\"fusion-product-content\">\n\t<div class=\"product-details\">\n\t\t<div class=\"product-details-container\">\n<h3 class=\"product-title\">\n\t<a href=\"https:\/\/labotigadecarnsbertran.cat\/es\/producto\/lomo-adobado-de-pages\/\">\n\t\tLomo adobado de pay\u00e9s\t<\/a>\n<\/h3>\n<div class=\"fusion-price-rating\">\n\n\t<span class=\"price\"><span class=\"woocommerce-Price-amount amount\" aria-hidden=\"true\"><bdi>6,00&nbsp;<span class=\"woocommerce-Price-currencySymbol\">&euro;<\/span><\/bdi><\/span> <span aria-hidden=\"true\">-<\/span> <span class=\"woocommerce-Price-amount amount\" aria-hidden=\"true\"><bdi>12,10&nbsp;<span class=\"woocommerce-Price-currencySymbol\">&euro;<\/span><\/bdi><\/span><span class=\"screen-reader-text\">Rango de precios: desde 6,00&nbsp;&euro; hasta 12,10&nbsp;&euro;<\/span><\/span>\n\t\t<\/div>\n\t<\/div>\n<\/div>\n\n\t<\/div> \n\n\n<\/div>\n<\/li>\n<li class=\"product type-product post-5941 status-publish first instock product_cat-butifarras product_cat-charcuteria-y-quesos has-post-thumbnail taxable shipping-taxable purchasable product-type-simple product-grid-view\">\n\t<div class=\"fusion-product-wrapper\">\n\n<div class=\"fusion-clean-product-image-wrapper \">\n\t<div  class=\"fusion-image-wrapper fusion-image-size-fixed\" aria-haspopup=\"true\">\n\t\t\t\t<img decoding=\"async\" width=\"500\" height=\"333\" src=\"https:\/\/labotigadecarnsbertran.cat\/wp-content\/uploads\/2025\/12\/MG_8657-500x333.jpg\" class=\"attachment-woocommerce_thumbnail size-woocommerce_thumbnail lazyload wp-post-image\" alt=\"\" srcset=\"data:image\/svg+xml,%3Csvg%20xmlns%3D%27http%3A%2F%2Fwww.w3.org%2F2000%2Fsvg%27%20width%3D%271200%27%20height%3D%27800%27%20viewBox%3D%270%200%201200%20800%27%3E%3Crect%20width%3D%271200%27%20height%3D%27800%27%20fill-opacity%3D%220%22%2F%3E%3C%2Fsvg%3E\" data-orig-src=\"https:\/\/labotigadecarnsbertran.cat\/wp-content\/uploads\/2025\/12\/MG_8657-500x333.jpg\" data-srcset=\"https:\/\/labotigadecarnsbertran.cat\/wp-content\/uploads\/2025\/12\/MG_8657-200x133.jpg 200w, https:\/\/labotigadecarnsbertran.cat\/wp-content\/uploads\/2025\/12\/MG_8657-300x200.jpg 300w, https:\/\/labotigadecarnsbertran.cat\/wp-content\/uploads\/2025\/12\/MG_8657-400x267.jpg 400w, https:\/\/labotigadecarnsbertran.cat\/wp-content\/uploads\/2025\/12\/MG_8657-500x333.jpg 500w, https:\/\/labotigadecarnsbertran.cat\/wp-content\/uploads\/2025\/12\/MG_8657-600x400.jpg 600w, https:\/\/labotigadecarnsbertran.cat\/wp-content\/uploads\/2025\/12\/MG_8657-700x467.jpg 700w, https:\/\/labotigadecarnsbertran.cat\/wp-content\/uploads\/2025\/12\/MG_8657-768x512.jpg 768w, https:\/\/labotigadecarnsbertran.cat\/wp-content\/uploads\/2025\/12\/MG_8657-800x533.jpg 800w, https:\/\/labotigadecarnsbertran.cat\/wp-content\/uploads\/2025\/12\/MG_8657-1024x683.jpg 1024w, https:\/\/labotigadecarnsbertran.cat\/wp-content\/uploads\/2025\/12\/MG_8657.jpg 1200w\" data-sizes=\"auto\" \/><div class=\"fusion-rollover\">\n\t<div class=\"fusion-rollover-content\">\n\n\t\t\t\t\n\t\t\n\t\t\t\t\t\t\t\t\n\t\t\t\t\t\t\t\t\n\t\t\n\t\t\t\t\t\t\t\t\t\t\t\t\t\t\t\n\t\t\t\t\t\t\n\t\t\t\t\t\t\t\t\t\t<div class=\"fusion-product-buttons\">\n\t\t\t\t\t<a href=\"https:\/\/labotigadecarnsbertran.cat\/es\/producto\/butifarra-culana-blanca\/\" data-quantity=\"1\" class=\"button product_type_simple add_to_cart_button \" data-product_id=\"5941\" data-product_sku=\"40002\" aria-label=\"A\u00f1adir al carrito: &ldquo;Butifarra culana blanca&rdquo;\" rel=\"nofollow\">Select options<\/a>\t<span id=\"woocommerce_loop_add_to_cart_link_describedby_5941\" class=\"screen-reader-text\">\n\t\t\t<\/span>\n<span class=\"fusion-rollover-linebreak\">\n\t\/<\/span>\n\n<a href=\"https:\/\/labotigadecarnsbertran.cat\/es\/producto\/butifarra-culana-blanca\/\" class=\"show_details_button\">\n\tDetails<\/a>\n\n\t\t\t\t<\/div>\n\t\t\t\t\t\t\t\t\t<a class=\"fusion-link-wrapper\" href=\"https:\/\/labotigadecarnsbertran.cat\/es\/producto\/butifarra-culana-blanca\/\" aria-label=\"Butifarra culana blanca\"><\/a>\n\t<\/div>\n<\/div>\n<\/div>\n<\/div>\n<div class=\"fusion-product-content\">\n\t<div class=\"product-details\">\n\t\t<div class=\"product-details-container\">\n<h3 class=\"product-title\">\n\t<a href=\"https:\/\/labotigadecarnsbertran.cat\/es\/producto\/butifarra-culana-blanca\/\">\n\t\tButifarra culana blanca\t<\/a>\n<\/h3>\n<div class=\"fusion-price-rating\">\n\n\t<span class=\"price\"><span class=\"woocommerce-Price-amount amount\"><bdi>3,20&nbsp;<span class=\"woocommerce-Price-currencySymbol\">&euro;<\/span><\/bdi><\/span><\/span>\n\t\t<\/div>\n\t<\/div>\n<\/div>\n\n\t<\/div> \n\n\n<\/div>\n<\/li>\n<li class=\"product type-product post-5373 status-publish instock product_cat-cordero-y-cabrito has-post-thumbnail taxable shipping-taxable purchasable product-type-simple product-grid-view\">\n\t<div class=\"fusion-product-wrapper\">\n\n<div class=\"fusion-clean-product-image-wrapper \">\n\t<div  class=\"fusion-image-wrapper fusion-image-size-fixed\" aria-haspopup=\"true\">\n\t\t\t\t<img decoding=\"async\" width=\"500\" height=\"333\" src=\"https:\/\/labotigadecarnsbertran.cat\/wp-content\/uploads\/2022\/01\/MG_9127-500x333.jpg\" class=\"attachment-woocommerce_thumbnail size-woocommerce_thumbnail lazyload wp-post-image\" alt=\"Cuixa al tall\" srcset=\"data:image\/svg+xml,%3Csvg%20xmlns%3D%27http%3A%2F%2Fwww.w3.org%2F2000%2Fsvg%27%20width%3D%271200%27%20height%3D%27800%27%20viewBox%3D%270%200%201200%20800%27%3E%3Crect%20width%3D%271200%27%20height%3D%27800%27%20fill-opacity%3D%220%22%2F%3E%3C%2Fsvg%3E\" data-orig-src=\"https:\/\/labotigadecarnsbertran.cat\/wp-content\/uploads\/2022\/01\/MG_9127-500x333.jpg\" data-srcset=\"https:\/\/labotigadecarnsbertran.cat\/wp-content\/uploads\/2022\/01\/MG_9127-200x133.jpg 200w, https:\/\/labotigadecarnsbertran.cat\/wp-content\/uploads\/2022\/01\/MG_9127-300x200.jpg 300w, https:\/\/labotigadecarnsbertran.cat\/wp-content\/uploads\/2022\/01\/MG_9127-400x267.jpg 400w, https:\/\/labotigadecarnsbertran.cat\/wp-content\/uploads\/2022\/01\/MG_9127-500x333.jpg 500w, https:\/\/labotigadecarnsbertran.cat\/wp-content\/uploads\/2022\/01\/MG_9127-600x400.jpg 600w, https:\/\/labotigadecarnsbertran.cat\/wp-content\/uploads\/2022\/01\/MG_9127-700x467.jpg 700w, https:\/\/labotigadecarnsbertran.cat\/wp-content\/uploads\/2022\/01\/MG_9127-768x512.jpg 768w, https:\/\/labotigadecarnsbertran.cat\/wp-content\/uploads\/2022\/01\/MG_9127-800x533.jpg 800w, https:\/\/labotigadecarnsbertran.cat\/wp-content\/uploads\/2022\/01\/MG_9127-1024x683.jpg 1024w, https:\/\/labotigadecarnsbertran.cat\/wp-content\/uploads\/2022\/01\/MG_9127.jpg 1200w\" data-sizes=\"auto\" \/><div class=\"fusion-rollover\">\n\t<div class=\"fusion-rollover-content\">\n\n\t\t\t\t\n\t\t\n\t\t\t\t\t\t\t\t\n\t\t\t\t\t\t\t\t\n\t\t\n\t\t\t\t\t\t\t\t\t\t\t\t\t\t\t\n\t\t\t\t\t\t\n\t\t\t\t\t\t\t\t\t\t<div class=\"fusion-product-buttons\">\n\t\t\t\t\t<a href=\"https:\/\/labotigadecarnsbertran.cat\/es\/producto\/muslo-en-el-corte\/\" data-quantity=\"1\" class=\"button product_type_simple add_to_cart_button \" data-product_id=\"5373\" data-product_sku=\"12001\" aria-label=\"A\u00f1adir al carrito: &ldquo;Muslo en el corte&rdquo;\" rel=\"nofollow\">Select options<\/a>\t<span id=\"woocommerce_loop_add_to_cart_link_describedby_5373\" class=\"screen-reader-text\">\n\t\t\t<\/span>\n<span class=\"fusion-rollover-linebreak\">\n\t\/<\/span>\n\n<a href=\"https:\/\/labotigadecarnsbertran.cat\/es\/producto\/muslo-en-el-corte\/\" class=\"show_details_button\">\n\tDetails<\/a>\n\n\t\t\t\t<\/div>\n\t\t\t\t\t\t\t\t\t<a class=\"fusion-link-wrapper\" href=\"https:\/\/labotigadecarnsbertran.cat\/es\/producto\/muslo-en-el-corte\/\" aria-label=\"Muslo en el corte\"><\/a>\n\t<\/div>\n<\/div>\n<\/div>\n<\/div>\n<div class=\"fusion-product-content\">\n\t<div class=\"product-details\">\n\t\t<div class=\"product-details-container\">\n<h3 class=\"product-title\">\n\t<a href=\"https:\/\/labotigadecarnsbertran.cat\/es\/producto\/muslo-en-el-corte\/\">\n\t\tMuslo en el corte\t<\/a>\n<\/h3>\n<div class=\"fusion-price-rating\">\n\n\t<span class=\"price\"><span class=\"woocommerce-Price-amount amount\"><bdi>16,70&nbsp;<span class=\"woocommerce-Price-currencySymbol\">&euro;<\/span><\/bdi><\/span><\/span>\n\t\t<\/div>\n\t<\/div>\n<\/div>\n\n\t<\/div> \n\n\n<\/div>\n<\/li>\n<li class=\"product type-product post-6053 status-publish last instock product_cat-charcuteria-y-quesos product_cat-jamon has-post-thumbnail taxable shipping-taxable purchasable product-type-variable product-grid-view\">\n\t<div class=\"fusion-product-wrapper\">\n\n<div class=\"fusion-clean-product-image-wrapper \">\n\t<div  class=\"fusion-image-wrapper fusion-image-size-fixed\" aria-haspopup=\"true\">\n\t\t\t\t<img decoding=\"async\" width=\"500\" height=\"333\" src=\"https:\/\/labotigadecarnsbertran.cat\/wp-content\/uploads\/2026\/03\/MG_9251-500x333.jpg\" class=\"attachment-woocommerce_thumbnail size-woocommerce_thumbnail lazyload wp-post-image\" alt=\"\" srcset=\"data:image\/svg+xml,%3Csvg%20xmlns%3D%27http%3A%2F%2Fwww.w3.org%2F2000%2Fsvg%27%20width%3D%271200%27%20height%3D%27800%27%20viewBox%3D%270%200%201200%20800%27%3E%3Crect%20width%3D%271200%27%20height%3D%27800%27%20fill-opacity%3D%220%22%2F%3E%3C%2Fsvg%3E\" data-orig-src=\"https:\/\/labotigadecarnsbertran.cat\/wp-content\/uploads\/2026\/03\/MG_9251-500x333.jpg\" data-srcset=\"https:\/\/labotigadecarnsbertran.cat\/wp-content\/uploads\/2026\/03\/MG_9251-200x133.jpg 200w, https:\/\/labotigadecarnsbertran.cat\/wp-content\/uploads\/2026\/03\/MG_9251-300x200.jpg 300w, https:\/\/labotigadecarnsbertran.cat\/wp-content\/uploads\/2026\/03\/MG_9251-400x267.jpg 400w, https:\/\/labotigadecarnsbertran.cat\/wp-content\/uploads\/2026\/03\/MG_9251-500x333.jpg 500w, https:\/\/labotigadecarnsbertran.cat\/wp-content\/uploads\/2026\/03\/MG_9251-600x400.jpg 600w, https:\/\/labotigadecarnsbertran.cat\/wp-content\/uploads\/2026\/03\/MG_9251-700x467.jpg 700w, https:\/\/labotigadecarnsbertran.cat\/wp-content\/uploads\/2026\/03\/MG_9251-768x512.jpg 768w, https:\/\/labotigadecarnsbertran.cat\/wp-content\/uploads\/2026\/03\/MG_9251-800x533.jpg 800w, https:\/\/labotigadecarnsbertran.cat\/wp-content\/uploads\/2026\/03\/MG_9251-1024x683.jpg 1024w, https:\/\/labotigadecarnsbertran.cat\/wp-content\/uploads\/2026\/03\/MG_9251.jpg 1200w\" data-sizes=\"auto\" \/><div class=\"fusion-rollover\">\n\t<div class=\"fusion-rollover-content\">\n\n\t\t\t\t\n\t\t\n\t\t\t\t\t\t\t\t\n\t\t\t\t\t\t\t\t\n\t\t\n\t\t\t\t\t\t\t\t\t\t\t\t\t\t\t\n\t\t\t\t\t\t\n\t\t\t\t\t\t\t\t\t\t<div class=\"fusion-product-buttons\">\n\t\t\t\t\t<a href=\"https:\/\/labotigadecarnsbertran.cat\/es\/producto\/jamon-de-teruel-cortado-a-maquina\/\" aria-describedby=\"woocommerce_loop_add_to_cart_link_describedby_6053\" data-quantity=\"1\" class=\"button product_type_variable add_to_cart_button\" data-product_id=\"6053\" data-product_sku=\"30303\" aria-label=\"Elige las opciones para &ldquo;Jam\u00f3n de Teruel cortado a m\u00e1quina&rdquo;\" rel=\"nofollow\">Select options<\/a>\t<span id=\"woocommerce_loop_add_to_cart_link_describedby_6053\" class=\"screen-reader-text\">\n\t\tEste producto tiene m\u00faltiples variantes. Las opciones se pueden elegir en la p\u00e1gina de producto\t<\/span>\n<span class=\"fusion-rollover-linebreak\">\n\t\/<\/span>\n\n<a href=\"https:\/\/labotigadecarnsbertran.cat\/es\/producto\/jamon-de-teruel-cortado-a-maquina\/\" class=\"show_details_button\">\n\tDetails<\/a>\n\n\t\t\t\t<\/div>\n\t\t\t\t\t\t\t\t\t<a class=\"fusion-link-wrapper\" href=\"https:\/\/labotigadecarnsbertran.cat\/es\/producto\/jamon-de-teruel-cortado-a-maquina\/\" aria-label=\"Jam\u00f3n de Teruel cortado a m\u00e1quina\"><\/a>\n\t<\/div>\n<\/div>\n<\/div>\n<\/div>\n<div class=\"fusion-product-content\">\n\t<div class=\"product-details\">\n\t\t<div class=\"product-details-container\">\n<h3 class=\"product-title\">\n\t<a href=\"https:\/\/labotigadecarnsbertran.cat\/es\/producto\/jamon-de-teruel-cortado-a-maquina\/\">\n\t\tJam\u00f3n de Teruel cortado a m\u00e1quina\t<\/a>\n<\/h3>\n<div class=\"fusion-price-rating\">\n\n\t<span class=\"price\"><span class=\"woocommerce-Price-amount amount\" aria-hidden=\"true\"><bdi>3,70&nbsp;<span class=\"woocommerce-Price-currencySymbol\">&euro;<\/span><\/bdi><\/span> <span aria-hidden=\"true\">-<\/span> <span class=\"woocommerce-Price-amount amount\" aria-hidden=\"true\"><bdi>7,40&nbsp;<span class=\"woocommerce-Price-currencySymbol\">&euro;<\/span><\/bdi><\/span><span class=\"screen-reader-text\">Rango de precios: desde 3,70&nbsp;&euro; hasta 7,40&nbsp;&euro;<\/span><\/span>\n\t\t<\/div>\n\t<\/div>\n<\/div>\n\n\t<\/div> \n\n\n<\/div>\n<\/li>\n<li class=\"product type-product post-5183 status-publish first instock product_cat-ternera-vaca-y-buey has-post-thumbnail featured taxable shipping-taxable purchasable product-type-simple product-grid-view\">\n\t<div class=\"fusion-product-wrapper\">\n\n<div class=\"fusion-clean-product-image-wrapper \">\n\t<div  class=\"fusion-image-wrapper fusion-image-size-fixed\" aria-haspopup=\"true\">\n\t\t\t\t<img decoding=\"async\" width=\"500\" height=\"333\" src=\"https:\/\/labotigadecarnsbertran.cat\/wp-content\/uploads\/2022\/03\/MG_8905-500x333.jpg\" class=\"attachment-woocommerce_thumbnail size-woocommerce_thumbnail lazyload wp-post-image\" alt=\"Brinsa de vedella\" srcset=\"data:image\/svg+xml,%3Csvg%20xmlns%3D%27http%3A%2F%2Fwww.w3.org%2F2000%2Fsvg%27%20width%3D%271200%27%20height%3D%27800%27%20viewBox%3D%270%200%201200%20800%27%3E%3Crect%20width%3D%271200%27%20height%3D%27800%27%20fill-opacity%3D%220%22%2F%3E%3C%2Fsvg%3E\" data-orig-src=\"https:\/\/labotigadecarnsbertran.cat\/wp-content\/uploads\/2022\/03\/MG_8905-500x333.jpg\" data-srcset=\"https:\/\/labotigadecarnsbertran.cat\/wp-content\/uploads\/2022\/03\/MG_8905-200x133.jpg 200w, https:\/\/labotigadecarnsbertran.cat\/wp-content\/uploads\/2022\/03\/MG_8905-300x200.jpg 300w, https:\/\/labotigadecarnsbertran.cat\/wp-content\/uploads\/2022\/03\/MG_8905-400x267.jpg 400w, https:\/\/labotigadecarnsbertran.cat\/wp-content\/uploads\/2022\/03\/MG_8905-500x333.jpg 500w, https:\/\/labotigadecarnsbertran.cat\/wp-content\/uploads\/2022\/03\/MG_8905-600x400.jpg 600w, https:\/\/labotigadecarnsbertran.cat\/wp-content\/uploads\/2022\/03\/MG_8905-700x467.jpg 700w, https:\/\/labotigadecarnsbertran.cat\/wp-content\/uploads\/2022\/03\/MG_8905-768x512.jpg 768w, https:\/\/labotigadecarnsbertran.cat\/wp-content\/uploads\/2022\/03\/MG_8905-800x533.jpg 800w, https:\/\/labotigadecarnsbertran.cat\/wp-content\/uploads\/2022\/03\/MG_8905-1024x683.jpg 1024w, https:\/\/labotigadecarnsbertran.cat\/wp-content\/uploads\/2022\/03\/MG_8905.jpg 1200w\" data-sizes=\"auto\" \/><div class=\"fusion-rollover\">\n\t<div class=\"fusion-rollover-content\">\n\n\t\t\t\t\n\t\t\n\t\t\t\t\t\t\t\t\n\t\t\t\t\t\t\t\t\n\t\t\n\t\t\t\t\t\t\t\t\t\t\t\t\t\t\t\n\t\t\t\t\t\t\n\t\t\t\t\t\t\t\t\t\t<div class=\"fusion-product-buttons\">\n\t\t\t\t\t<a href=\"https:\/\/labotigadecarnsbertran.cat\/es\/producto\/entranya-de-ternera\/\" data-quantity=\"1\" class=\"button product_type_simple add_to_cart_button \" data-product_id=\"5183\" data-product_sku=\"11017\" aria-label=\"A\u00f1adir al carrito: &ldquo;Entra\u00f1a de ternera&rdquo;\" rel=\"nofollow\">Select options<\/a>\t<span id=\"woocommerce_loop_add_to_cart_link_describedby_5183\" class=\"screen-reader-text\">\n\t\t\t<\/span>\n<span class=\"fusion-rollover-linebreak\">\n\t\/<\/span>\n\n<a href=\"https:\/\/labotigadecarnsbertran.cat\/es\/producto\/entranya-de-ternera\/\" class=\"show_details_button\">\n\tDetails<\/a>\n\n\t\t\t\t<\/div>\n\t\t\t\t\t\t\t\t\t<a class=\"fusion-link-wrapper\" href=\"https:\/\/labotigadecarnsbertran.cat\/es\/producto\/entranya-de-ternera\/\" aria-label=\"Entra\u00f1a de ternera\"><\/a>\n\t<\/div>\n<\/div>\n<\/div>\n<\/div>\n<div class=\"fusion-product-content\">\n\t<div class=\"product-details\">\n\t\t<div class=\"product-details-container\">\n<h3 class=\"product-title\">\n\t<a href=\"https:\/\/labotigadecarnsbertran.cat\/es\/producto\/entranya-de-ternera\/\">\n\t\tEntra\u00f1a de ternera\t<\/a>\n<\/h3>\n<div class=\"fusion-price-rating\">\n\n\t<span class=\"price\"><span class=\"woocommerce-Price-amount amount\"><bdi>10,20&nbsp;<span class=\"woocommerce-Price-currencySymbol\">&euro;<\/span><\/bdi><\/span><\/span>\n\t\t<\/div>\n\t<\/div>\n<\/div>\n\n\t<\/div> \n\n\n<\/div>\n<\/li>\n<li class=\"product type-product post-5945 status-publish instock product_cat-charcuteria-y-quesos product_cat-cocidos has-post-thumbnail taxable shipping-taxable purchasable product-type-variable product-grid-view\">\n\t<div class=\"fusion-product-wrapper\">\n\n<div class=\"fusion-clean-product-image-wrapper \">\n\t<div  class=\"fusion-image-wrapper fusion-image-size-fixed\" aria-haspopup=\"true\">\n\t\t\t\t<img decoding=\"async\" width=\"500\" height=\"333\" src=\"https:\/\/labotigadecarnsbertran.cat\/wp-content\/uploads\/2025\/12\/MG_8704-500x333.jpg\" class=\"attachment-woocommerce_thumbnail size-woocommerce_thumbnail lazyload wp-post-image\" alt=\"\" srcset=\"data:image\/svg+xml,%3Csvg%20xmlns%3D%27http%3A%2F%2Fwww.w3.org%2F2000%2Fsvg%27%20width%3D%271200%27%20height%3D%27800%27%20viewBox%3D%270%200%201200%20800%27%3E%3Crect%20width%3D%271200%27%20height%3D%27800%27%20fill-opacity%3D%220%22%2F%3E%3C%2Fsvg%3E\" data-orig-src=\"https:\/\/labotigadecarnsbertran.cat\/wp-content\/uploads\/2025\/12\/MG_8704-500x333.jpg\" data-srcset=\"https:\/\/labotigadecarnsbertran.cat\/wp-content\/uploads\/2025\/12\/MG_8704-200x133.jpg 200w, https:\/\/labotigadecarnsbertran.cat\/wp-content\/uploads\/2025\/12\/MG_8704-300x200.jpg 300w, https:\/\/labotigadecarnsbertran.cat\/wp-content\/uploads\/2025\/12\/MG_8704-400x267.jpg 400w, https:\/\/labotigadecarnsbertran.cat\/wp-content\/uploads\/2025\/12\/MG_8704-500x333.jpg 500w, https:\/\/labotigadecarnsbertran.cat\/wp-content\/uploads\/2025\/12\/MG_8704-600x400.jpg 600w, https:\/\/labotigadecarnsbertran.cat\/wp-content\/uploads\/2025\/12\/MG_8704-700x467.jpg 700w, https:\/\/labotigadecarnsbertran.cat\/wp-content\/uploads\/2025\/12\/MG_8704-768x512.jpg 768w, https:\/\/labotigadecarnsbertran.cat\/wp-content\/uploads\/2025\/12\/MG_8704-800x533.jpg 800w, https:\/\/labotigadecarnsbertran.cat\/wp-content\/uploads\/2025\/12\/MG_8704-1024x683.jpg 1024w, https:\/\/labotigadecarnsbertran.cat\/wp-content\/uploads\/2025\/12\/MG_8704.jpg 1200w\" data-sizes=\"auto\" \/><div class=\"fusion-rollover\">\n\t<div class=\"fusion-rollover-content\">\n\n\t\t\t\t\n\t\t\n\t\t\t\t\t\t\t\t\n\t\t\t\t\t\t\t\t\n\t\t\n\t\t\t\t\t\t\t\t\t\t\t\t\t\t\t\n\t\t\t\t\t\t\n\t\t\t\t\t\t\t\t\t\t<div class=\"fusion-product-buttons\">\n\t\t\t\t\t<a href=\"https:\/\/labotigadecarnsbertran.cat\/es\/producto\/bisbe-blanco\/\" aria-describedby=\"woocommerce_loop_add_to_cart_link_describedby_5945\" data-quantity=\"1\" class=\"button product_type_variable add_to_cart_button\" data-product_id=\"5945\" data-product_sku=\"40004-2\" aria-label=\"Elige las opciones para &ldquo;Bisbe blanco&rdquo;\" rel=\"nofollow\">Select options<\/a>\t<span id=\"woocommerce_loop_add_to_cart_link_describedby_5945\" class=\"screen-reader-text\">\n\t\tEste producto tiene m\u00faltiples variantes. Las opciones se pueden elegir en la p\u00e1gina de producto\t<\/span>\n<span class=\"fusion-rollover-linebreak\">\n\t\/<\/span>\n\n<a href=\"https:\/\/labotigadecarnsbertran.cat\/es\/producto\/bisbe-blanco\/\" class=\"show_details_button\">\n\tDetails<\/a>\n\n\t\t\t\t<\/div>\n\t\t\t\t\t\t\t\t\t<a class=\"fusion-link-wrapper\" href=\"https:\/\/labotigadecarnsbertran.cat\/es\/producto\/bisbe-blanco\/\" aria-label=\"Bisbe blanco\"><\/a>\n\t<\/div>\n<\/div>\n<\/div>\n<\/div>\n<div class=\"fusion-product-content\">\n\t<div class=\"product-details\">\n\t\t<div class=\"product-details-container\">\n<h3 class=\"product-title\">\n\t<a href=\"https:\/\/labotigadecarnsbertran.cat\/es\/producto\/bisbe-blanco\/\">\n\t\tBisbe blanco\t<\/a>\n<\/h3>\n<div class=\"fusion-price-rating\">\n\n\t<span class=\"price\"><span class=\"woocommerce-Price-amount amount\"><bdi>2,40&nbsp;<span class=\"woocommerce-Price-currencySymbol\">&euro;<\/span><\/bdi><\/span><\/span>\n\t\t<\/div>\n\t<\/div>\n<\/div>\n\n\t<\/div> \n\n\n<\/div>\n<\/li>\n<li class=\"product type-product post-5937 status-publish last instock product_cat-charcuteria-y-quesos product_cat-cocidos has-post-thumbnail taxable shipping-taxable purchasable product-type-variable product-grid-view\">\n\t<div class=\"fusion-product-wrapper\">\n\n<div class=\"fusion-clean-product-image-wrapper \">\n\t<div  class=\"fusion-image-wrapper fusion-image-size-fixed\" aria-haspopup=\"true\">\n\t\t\t\t<img decoding=\"async\" width=\"500\" height=\"333\" src=\"https:\/\/labotigadecarnsbertran.cat\/wp-content\/uploads\/2025\/12\/MG_8465-2-500x333.jpg\" class=\"attachment-woocommerce_thumbnail size-woocommerce_thumbnail lazyload wp-post-image\" alt=\"\" srcset=\"data:image\/svg+xml,%3Csvg%20xmlns%3D%27http%3A%2F%2Fwww.w3.org%2F2000%2Fsvg%27%20width%3D%271200%27%20height%3D%27800%27%20viewBox%3D%270%200%201200%20800%27%3E%3Crect%20width%3D%271200%27%20height%3D%27800%27%20fill-opacity%3D%220%22%2F%3E%3C%2Fsvg%3E\" data-orig-src=\"https:\/\/labotigadecarnsbertran.cat\/wp-content\/uploads\/2025\/12\/MG_8465-2-500x333.jpg\" data-srcset=\"https:\/\/labotigadecarnsbertran.cat\/wp-content\/uploads\/2025\/12\/MG_8465-2-200x133.jpg 200w, https:\/\/labotigadecarnsbertran.cat\/wp-content\/uploads\/2025\/12\/MG_8465-2-300x200.jpg 300w, https:\/\/labotigadecarnsbertran.cat\/wp-content\/uploads\/2025\/12\/MG_8465-2-400x267.jpg 400w, https:\/\/labotigadecarnsbertran.cat\/wp-content\/uploads\/2025\/12\/MG_8465-2-500x333.jpg 500w, https:\/\/labotigadecarnsbertran.cat\/wp-content\/uploads\/2025\/12\/MG_8465-2-600x400.jpg 600w, https:\/\/labotigadecarnsbertran.cat\/wp-content\/uploads\/2025\/12\/MG_8465-2-700x467.jpg 700w, https:\/\/labotigadecarnsbertran.cat\/wp-content\/uploads\/2025\/12\/MG_8465-2-768x512.jpg 768w, https:\/\/labotigadecarnsbertran.cat\/wp-content\/uploads\/2025\/12\/MG_8465-2-800x533.jpg 800w, https:\/\/labotigadecarnsbertran.cat\/wp-content\/uploads\/2025\/12\/MG_8465-2-1024x683.jpg 1024w, https:\/\/labotigadecarnsbertran.cat\/wp-content\/uploads\/2025\/12\/MG_8465-2.jpg 1200w\" data-sizes=\"auto\" \/><div class=\"fusion-rollover\">\n\t<div class=\"fusion-rollover-content\">\n\n\t\t\t\t\n\t\t\n\t\t\t\t\t\t\t\t\n\t\t\t\t\t\t\t\t\n\t\t\n\t\t\t\t\t\t\t\t\t\t\t\t\t\t\t\n\t\t\t\t\t\t\n\t\t\t\t\t\t\t\t\t\t<div class=\"fusion-product-buttons\">\n\t\t\t\t\t<a href=\"https:\/\/labotigadecarnsbertran.cat\/es\/producto\/pavo-al-horno-reducido-en-sal\/\" aria-describedby=\"woocommerce_loop_add_to_cart_link_describedby_5937\" data-quantity=\"1\" class=\"button product_type_variable add_to_cart_button\" data-product_id=\"5937\" data-product_sku=\"32108-2\" aria-label=\"Elige las opciones para &ldquo;Pavo al horno reducido en sal&rdquo;\" rel=\"nofollow\">Select options<\/a>\t<span id=\"woocommerce_loop_add_to_cart_link_describedby_5937\" class=\"screen-reader-text\">\n\t\tEste producto tiene m\u00faltiples variantes. Las opciones se pueden elegir en la p\u00e1gina de producto\t<\/span>\n<span class=\"fusion-rollover-linebreak\">\n\t\/<\/span>\n\n<a href=\"https:\/\/labotigadecarnsbertran.cat\/es\/producto\/pavo-al-horno-reducido-en-sal\/\" class=\"show_details_button\">\n\tDetails<\/a>\n\n\t\t\t\t<\/div>\n\t\t\t\t\t\t\t\t\t<a class=\"fusion-link-wrapper\" href=\"https:\/\/labotigadecarnsbertran.cat\/es\/producto\/pavo-al-horno-reducido-en-sal\/\" aria-label=\"Pavo al horno reducido en sal\"><\/a>\n\t<\/div>\n<\/div>\n<\/div>\n<\/div>\n<div class=\"fusion-product-content\">\n\t<div class=\"product-details\">\n\t\t<div class=\"product-details-container\">\n<h3 class=\"product-title\">\n\t<a href=\"https:\/\/labotigadecarnsbertran.cat\/es\/producto\/pavo-al-horno-reducido-en-sal\/\">\n\t\tPavo al horno reducido en sal\t<\/a>\n<\/h3>\n<div class=\"fusion-price-rating\">\n\n\t<span class=\"price\"><span class=\"woocommerce-Price-amount amount\"><bdi>3,10&nbsp;<span class=\"woocommerce-Price-currencySymbol\">&euro;<\/span><\/bdi><\/span><\/span>\n\t\t<\/div>\n\t<\/div>\n<\/div>\n\n\t<\/div> \n\n\n<\/div>\n<\/li>\n<li class=\"product type-product post-5374 status-publish first instock product_cat-cordero-y-cabrito has-post-thumbnail featured taxable shipping-taxable purchasable product-type-simple product-grid-view\">\n\t<div class=\"fusion-product-wrapper\">\n\n<div class=\"fusion-clean-product-image-wrapper \">\n\t<div  class=\"fusion-image-wrapper fusion-image-size-fixed\" aria-haspopup=\"true\">\n\t\t\t\t<img decoding=\"async\" width=\"500\" height=\"333\" src=\"https:\/\/labotigadecarnsbertran.cat\/wp-content\/uploads\/2022\/01\/MG_8325-1-500x333.jpg\" class=\"attachment-woocommerce_thumbnail size-woocommerce_thumbnail lazyload wp-post-image\" alt=\"Costelles de xai\" srcset=\"data:image\/svg+xml,%3Csvg%20xmlns%3D%27http%3A%2F%2Fwww.w3.org%2F2000%2Fsvg%27%20width%3D%271200%27%20height%3D%27800%27%20viewBox%3D%270%200%201200%20800%27%3E%3Crect%20width%3D%271200%27%20height%3D%27800%27%20fill-opacity%3D%220%22%2F%3E%3C%2Fsvg%3E\" data-orig-src=\"https:\/\/labotigadecarnsbertran.cat\/wp-content\/uploads\/2022\/01\/MG_8325-1-500x333.jpg\" data-srcset=\"https:\/\/labotigadecarnsbertran.cat\/wp-content\/uploads\/2022\/01\/MG_8325-1-200x133.jpg 200w, https:\/\/labotigadecarnsbertran.cat\/wp-content\/uploads\/2022\/01\/MG_8325-1-300x200.jpg 300w, https:\/\/labotigadecarnsbertran.cat\/wp-content\/uploads\/2022\/01\/MG_8325-1-400x267.jpg 400w, https:\/\/labotigadecarnsbertran.cat\/wp-content\/uploads\/2022\/01\/MG_8325-1-500x333.jpg 500w, https:\/\/labotigadecarnsbertran.cat\/wp-content\/uploads\/2022\/01\/MG_8325-1-600x400.jpg 600w, https:\/\/labotigadecarnsbertran.cat\/wp-content\/uploads\/2022\/01\/MG_8325-1-700x467.jpg 700w, https:\/\/labotigadecarnsbertran.cat\/wp-content\/uploads\/2022\/01\/MG_8325-1-768x512.jpg 768w, https:\/\/labotigadecarnsbertran.cat\/wp-content\/uploads\/2022\/01\/MG_8325-1-800x533.jpg 800w, https:\/\/labotigadecarnsbertran.cat\/wp-content\/uploads\/2022\/01\/MG_8325-1-1024x683.jpg 1024w, https:\/\/labotigadecarnsbertran.cat\/wp-content\/uploads\/2022\/01\/MG_8325-1.jpg 1200w\" data-sizes=\"auto\" \/><div class=\"fusion-rollover\">\n\t<div class=\"fusion-rollover-content\">\n\n\t\t\t\t\n\t\t\n\t\t\t\t\t\t\t\t\n\t\t\t\t\t\t\t\t\n\t\t\n\t\t\t\t\t\t\t\t\t\t\t\t\t\t\t\n\t\t\t\t\t\t\n\t\t\t\t\t\t\t\t\t\t<div class=\"fusion-product-buttons\">\n\t\t\t\t\t<a href=\"https:\/\/labotigadecarnsbertran.cat\/es\/producto\/costillas-de-cordero\/\" data-quantity=\"1\" class=\"button product_type_simple add_to_cart_button \" data-product_id=\"5374\" data-product_sku=\"12000\" aria-label=\"A\u00f1adir al carrito: &ldquo;Costillas de cordero&rdquo;\" rel=\"nofollow\">Select options<\/a>\t<span id=\"woocommerce_loop_add_to_cart_link_describedby_5374\" class=\"screen-reader-text\">\n\t\t\t<\/span>\n<span class=\"fusion-rollover-linebreak\">\n\t\/<\/span>\n\n<a href=\"https:\/\/labotigadecarnsbertran.cat\/es\/producto\/costillas-de-cordero\/\" class=\"show_details_button\">\n\tDetails<\/a>\n\n\t\t\t\t<\/div>\n\t\t\t\t\t\t\t\t\t<a class=\"fusion-link-wrapper\" href=\"https:\/\/labotigadecarnsbertran.cat\/es\/producto\/costillas-de-cordero\/\" aria-label=\"Costillas de cordero\"><\/a>\n\t<\/div>\n<\/div>\n<\/div>\n<\/div>\n<div class=\"fusion-product-content\">\n\t<div class=\"product-details\">\n\t\t<div class=\"product-details-container\">\n<h3 class=\"product-title\">\n\t<a href=\"https:\/\/labotigadecarnsbertran.cat\/es\/producto\/costillas-de-cordero\/\">\n\t\tCostillas de cordero\t<\/a>\n<\/h3>\n<div class=\"fusion-price-rating\">\n\n\t<span class=\"price\"><span class=\"woocommerce-Price-amount amount\"><bdi>22,80&nbsp;<span class=\"woocommerce-Price-currencySymbol\">&euro;<\/span><\/bdi><\/span><\/span>\n\t\t<\/div>\n\t<\/div>\n<\/div>\n\n\t<\/div> \n\n\n<\/div>\n<\/li>\n<li class=\"product type-product post-5940 status-publish instock product_cat-butifarras product_cat-charcuteria-y-quesos has-post-thumbnail taxable shipping-taxable purchasable product-type-simple product-grid-view\">\n\t<div class=\"fusion-product-wrapper\">\n\n<div class=\"fusion-clean-product-image-wrapper \">\n\t<div  class=\"fusion-image-wrapper fusion-image-size-fixed\" aria-haspopup=\"true\">\n\t\t\t\t<img decoding=\"async\" width=\"500\" height=\"333\" src=\"https:\/\/labotigadecarnsbertran.cat\/wp-content\/uploads\/2025\/12\/MG_8678-500x333.jpg\" class=\"attachment-woocommerce_thumbnail size-woocommerce_thumbnail lazyload wp-post-image\" alt=\"\" srcset=\"data:image\/svg+xml,%3Csvg%20xmlns%3D%27http%3A%2F%2Fwww.w3.org%2F2000%2Fsvg%27%20width%3D%271200%27%20height%3D%27800%27%20viewBox%3D%270%200%201200%20800%27%3E%3Crect%20width%3D%271200%27%20height%3D%27800%27%20fill-opacity%3D%220%22%2F%3E%3C%2Fsvg%3E\" data-orig-src=\"https:\/\/labotigadecarnsbertran.cat\/wp-content\/uploads\/2025\/12\/MG_8678-500x333.jpg\" data-srcset=\"https:\/\/labotigadecarnsbertran.cat\/wp-content\/uploads\/2025\/12\/MG_8678-200x133.jpg 200w, https:\/\/labotigadecarnsbertran.cat\/wp-content\/uploads\/2025\/12\/MG_8678-300x200.jpg 300w, https:\/\/labotigadecarnsbertran.cat\/wp-content\/uploads\/2025\/12\/MG_8678-400x267.jpg 400w, https:\/\/labotigadecarnsbertran.cat\/wp-content\/uploads\/2025\/12\/MG_8678-500x333.jpg 500w, https:\/\/labotigadecarnsbertran.cat\/wp-content\/uploads\/2025\/12\/MG_8678-600x400.jpg 600w, https:\/\/labotigadecarnsbertran.cat\/wp-content\/uploads\/2025\/12\/MG_8678-700x467.jpg 700w, https:\/\/labotigadecarnsbertran.cat\/wp-content\/uploads\/2025\/12\/MG_8678-768x512.jpg 768w, https:\/\/labotigadecarnsbertran.cat\/wp-content\/uploads\/2025\/12\/MG_8678-800x533.jpg 800w, https:\/\/labotigadecarnsbertran.cat\/wp-content\/uploads\/2025\/12\/MG_8678-1024x683.jpg 1024w, https:\/\/labotigadecarnsbertran.cat\/wp-content\/uploads\/2025\/12\/MG_8678.jpg 1200w\" data-sizes=\"auto\" \/><div class=\"fusion-rollover\">\n\t<div class=\"fusion-rollover-content\">\n\n\t\t\t\t\n\t\t\n\t\t\t\t\t\t\t\t\n\t\t\t\t\t\t\t\t\n\t\t\n\t\t\t\t\t\t\t\t\t\t\t\t\t\t\t\n\t\t\t\t\t\t\n\t\t\t\t\t\t\t\t\t\t<div class=\"fusion-product-buttons\">\n\t\t\t\t\t<a href=\"https:\/\/labotigadecarnsbertran.cat\/es\/producto\/butifarra-negra-de-collar\/\" data-quantity=\"1\" class=\"button product_type_simple add_to_cart_button \" data-product_id=\"5940\" data-product_sku=\"40001\" aria-label=\"A\u00f1adir al carrito: &ldquo;Butifarra negra de collar&rdquo;\" rel=\"nofollow\">Select options<\/a>\t<span id=\"woocommerce_loop_add_to_cart_link_describedby_5940\" class=\"screen-reader-text\">\n\t\t\t<\/span>\n<span class=\"fusion-rollover-linebreak\">\n\t\/<\/span>\n\n<a href=\"https:\/\/labotigadecarnsbertran.cat\/es\/producto\/butifarra-negra-de-collar\/\" class=\"show_details_button\">\n\tDetails<\/a>\n\n\t\t\t\t<\/div>\n\t\t\t\t\t\t\t\t\t<a class=\"fusion-link-wrapper\" href=\"https:\/\/labotigadecarnsbertran.cat\/es\/producto\/butifarra-negra-de-collar\/\" aria-label=\"Butifarra negra de collar\"><\/a>\n\t<\/div>\n<\/div>\n<\/div>\n<\/div>\n<div class=\"fusion-product-content\">\n\t<div class=\"product-details\">\n\t\t<div class=\"product-details-container\">\n<h3 class=\"product-title\">\n\t<a href=\"https:\/\/labotigadecarnsbertran.cat\/es\/producto\/butifarra-negra-de-collar\/\">\n\t\tButifarra negra de collar\t<\/a>\n<\/h3>\n<div class=\"fusion-price-rating\">\n\n\t<span class=\"price\"><span class=\"woocommerce-Price-amount amount\"><bdi>3,90&nbsp;<span class=\"woocommerce-Price-currencySymbol\">&euro;<\/span><\/bdi><\/span><\/span>\n\t\t<\/div>\n\t<\/div>\n<\/div>\n\n\t<\/div> \n\n\n<\/div>\n<\/li>\n<li class=\"product type-product post-5390 status-publish last instock product_cat-ternera-vaca-y-buey has-post-thumbnail featured taxable shipping-taxable purchasable product-type-variable product-grid-view\">\n\t<div class=\"fusion-product-wrapper\">\n\n<div class=\"fusion-clean-product-image-wrapper \">\n\t<div  class=\"fusion-image-wrapper fusion-image-size-fixed\" aria-haspopup=\"true\">\n\t\t\t\t<img decoding=\"async\" width=\"500\" height=\"333\" src=\"https:\/\/labotigadecarnsbertran.cat\/wp-content\/uploads\/2022\/01\/MG_8885-500x333.jpg\" class=\"attachment-woocommerce_thumbnail size-woocommerce_thumbnail lazyload wp-post-image\" alt=\"Mitjana de vedella\" srcset=\"data:image\/svg+xml,%3Csvg%20xmlns%3D%27http%3A%2F%2Fwww.w3.org%2F2000%2Fsvg%27%20width%3D%271200%27%20height%3D%27800%27%20viewBox%3D%270%200%201200%20800%27%3E%3Crect%20width%3D%271200%27%20height%3D%27800%27%20fill-opacity%3D%220%22%2F%3E%3C%2Fsvg%3E\" data-orig-src=\"https:\/\/labotigadecarnsbertran.cat\/wp-content\/uploads\/2022\/01\/MG_8885-500x333.jpg\" data-srcset=\"https:\/\/labotigadecarnsbertran.cat\/wp-content\/uploads\/2022\/01\/MG_8885-200x133.jpg 200w, https:\/\/labotigadecarnsbertran.cat\/wp-content\/uploads\/2022\/01\/MG_8885-300x200.jpg 300w, https:\/\/labotigadecarnsbertran.cat\/wp-content\/uploads\/2022\/01\/MG_8885-400x267.jpg 400w, https:\/\/labotigadecarnsbertran.cat\/wp-content\/uploads\/2022\/01\/MG_8885-500x333.jpg 500w, https:\/\/labotigadecarnsbertran.cat\/wp-content\/uploads\/2022\/01\/MG_8885-600x400.jpg 600w, https:\/\/labotigadecarnsbertran.cat\/wp-content\/uploads\/2022\/01\/MG_8885-700x467.jpg 700w, https:\/\/labotigadecarnsbertran.cat\/wp-content\/uploads\/2022\/01\/MG_8885-768x512.jpg 768w, https:\/\/labotigadecarnsbertran.cat\/wp-content\/uploads\/2022\/01\/MG_8885-800x533.jpg 800w, https:\/\/labotigadecarnsbertran.cat\/wp-content\/uploads\/2022\/01\/MG_8885-1024x683.jpg 1024w, https:\/\/labotigadecarnsbertran.cat\/wp-content\/uploads\/2022\/01\/MG_8885.jpg 1200w\" data-sizes=\"auto\" \/><div class=\"fusion-rollover\">\n\t<div class=\"fusion-rollover-content\">\n\n\t\t\t\t\n\t\t\n\t\t\t\t\t\t\t\t\n\t\t\t\t\t\t\t\t\n\t\t\n\t\t\t\t\t\t\t\t\t\t\t\t\t\t\t\n\t\t\t\t\t\t\n\t\t\t\t\t\t\t\t\t\t<div class=\"fusion-product-buttons\">\n\t\t\t\t\t<a href=\"https:\/\/labotigadecarnsbertran.cat\/es\/producto\/entrecot-de-ternera\/\" aria-describedby=\"woocommerce_loop_add_to_cart_link_describedby_5390\" data-quantity=\"1\" class=\"button product_type_variable add_to_cart_button\" data-product_id=\"5390\" data-product_sku=\"11002\" aria-label=\"Elige las opciones para &ldquo;Entrecot de ternera&rdquo;\" rel=\"nofollow\">Select options<\/a>\t<span id=\"woocommerce_loop_add_to_cart_link_describedby_5390\" class=\"screen-reader-text\">\n\t\tEste producto tiene m\u00faltiples variantes. Las opciones se pueden elegir en la p\u00e1gina de producto\t<\/span>\n<span class=\"fusion-rollover-linebreak\">\n\t\/<\/span>\n\n<a href=\"https:\/\/labotigadecarnsbertran.cat\/es\/producto\/entrecot-de-ternera\/\" class=\"show_details_button\">\n\tDetails<\/a>\n\n\t\t\t\t<\/div>\n\t\t\t\t\t\t\t\t\t<a class=\"fusion-link-wrapper\" href=\"https:\/\/labotigadecarnsbertran.cat\/es\/producto\/entrecot-de-ternera\/\" aria-label=\"Entrecot de ternera\"><\/a>\n\t<\/div>\n<\/div>\n<\/div>\n<\/div>\n<div class=\"fusion-product-content\">\n\t<div class=\"product-details\">\n\t\t<div class=\"product-details-container\">\n<h3 class=\"product-title\">\n\t<a href=\"https:\/\/labotigadecarnsbertran.cat\/es\/producto\/entrecot-de-ternera\/\">\n\t\tEntrecot de ternera\t<\/a>\n<\/h3>\n<div class=\"fusion-price-rating\">\n\n\t<span class=\"price\"><span class=\"woocommerce-Price-amount amount\"><bdi>16,50&nbsp;<span class=\"woocommerce-Price-currencySymbol\">&euro;<\/span><\/bdi><\/span><\/span>\n\t\t<\/div>\n\t<\/div>\n<\/div>\n\n\t<\/div> \n\n\n<\/div>\n<\/li>\n<li class=\"product type-product post-5362 status-publish first instock product_cat-cerdo has-post-thumbnail taxable shipping-taxable purchasable product-type-variable product-grid-view\">\n\t<div class=\"fusion-product-wrapper\">\n\n<div class=\"fusion-clean-product-image-wrapper \">\n\t<div  class=\"fusion-image-wrapper fusion-image-size-fixed\" aria-haspopup=\"true\">\n\t\t\t\t<img decoding=\"async\" width=\"500\" height=\"333\" src=\"https:\/\/labotigadecarnsbertran.cat\/wp-content\/uploads\/2022\/03\/MG_8189-500x333.jpg\" class=\"attachment-woocommerce_thumbnail size-woocommerce_thumbnail lazyload wp-post-image\" alt=\"Mans de porc de pag\u00e8s\" srcset=\"data:image\/svg+xml,%3Csvg%20xmlns%3D%27http%3A%2F%2Fwww.w3.org%2F2000%2Fsvg%27%20width%3D%271200%27%20height%3D%27800%27%20viewBox%3D%270%200%201200%20800%27%3E%3Crect%20width%3D%271200%27%20height%3D%27800%27%20fill-opacity%3D%220%22%2F%3E%3C%2Fsvg%3E\" data-orig-src=\"https:\/\/labotigadecarnsbertran.cat\/wp-content\/uploads\/2022\/03\/MG_8189-500x333.jpg\" data-srcset=\"https:\/\/labotigadecarnsbertran.cat\/wp-content\/uploads\/2022\/03\/MG_8189-200x133.jpg 200w, https:\/\/labotigadecarnsbertran.cat\/wp-content\/uploads\/2022\/03\/MG_8189-300x200.jpg 300w, https:\/\/labotigadecarnsbertran.cat\/wp-content\/uploads\/2022\/03\/MG_8189-400x267.jpg 400w, https:\/\/labotigadecarnsbertran.cat\/wp-content\/uploads\/2022\/03\/MG_8189-500x333.jpg 500w, https:\/\/labotigadecarnsbertran.cat\/wp-content\/uploads\/2022\/03\/MG_8189-600x400.jpg 600w, https:\/\/labotigadecarnsbertran.cat\/wp-content\/uploads\/2022\/03\/MG_8189-700x467.jpg 700w, https:\/\/labotigadecarnsbertran.cat\/wp-content\/uploads\/2022\/03\/MG_8189-768x512.jpg 768w, https:\/\/labotigadecarnsbertran.cat\/wp-content\/uploads\/2022\/03\/MG_8189-800x533.jpg 800w, https:\/\/labotigadecarnsbertran.cat\/wp-content\/uploads\/2022\/03\/MG_8189-1024x683.jpg 1024w, https:\/\/labotigadecarnsbertran.cat\/wp-content\/uploads\/2022\/03\/MG_8189.jpg 1200w\" data-sizes=\"auto\" \/><div class=\"fusion-rollover\">\n\t<div class=\"fusion-rollover-content\">\n\n\t\t\t\t\n\t\t\n\t\t\t\t\t\t\t\t\n\t\t\t\t\t\t\t\t\n\t\t\n\t\t\t\t\t\t\t\t\t\t\t\t\t\t\t\n\t\t\t\t\t\t\n\t\t\t\t\t\t\t\t\t\t<div class=\"fusion-product-buttons\">\n\t\t\t\t\t<a href=\"https:\/\/labotigadecarnsbertran.cat\/es\/producto\/manos-de-cerdo-de-payes\/\" aria-describedby=\"woocommerce_loop_add_to_cart_link_describedby_5362\" data-quantity=\"1\" class=\"button product_type_variable add_to_cart_button\" data-product_id=\"5362\" data-product_sku=\"10408-1\" aria-label=\"Elige las opciones para &ldquo;Manos de cerdo de pay\u00e9s&rdquo;\" rel=\"nofollow\">Select options<\/a>\t<span id=\"woocommerce_loop_add_to_cart_link_describedby_5362\" class=\"screen-reader-text\">\n\t\tEste producto tiene m\u00faltiples variantes. Las opciones se pueden elegir en la p\u00e1gina de producto\t<\/span>\n<span class=\"fusion-rollover-linebreak\">\n\t\/<\/span>\n\n<a href=\"https:\/\/labotigadecarnsbertran.cat\/es\/producto\/manos-de-cerdo-de-payes\/\" class=\"show_details_button\">\n\tDetails<\/a>\n\n\t\t\t\t<\/div>\n\t\t\t\t\t\t\t\t\t<a class=\"fusion-link-wrapper\" href=\"https:\/\/labotigadecarnsbertran.cat\/es\/producto\/manos-de-cerdo-de-payes\/\" aria-label=\"Manos de cerdo de pay\u00e9s\"><\/a>\n\t<\/div>\n<\/div>\n<\/div>\n<\/div>\n<div class=\"fusion-product-content\">\n\t<div class=\"product-details\">\n\t\t<div class=\"product-details-container\">\n<h3 class=\"product-title\">\n\t<a href=\"https:\/\/labotigadecarnsbertran.cat\/es\/producto\/manos-de-cerdo-de-payes\/\">\n\t\tManos de cerdo de pay\u00e9s\t<\/a>\n<\/h3>\n<div class=\"fusion-price-rating\">\n\n\t<span class=\"price\"><span class=\"woocommerce-Price-amount amount\" aria-hidden=\"true\"><bdi>3,60&nbsp;<span class=\"woocommerce-Price-currencySymbol\">&euro;<\/span><\/bdi><\/span> <span aria-hidden=\"true\">-<\/span> <span class=\"woocommerce-Price-amount amount\" aria-hidden=\"true\"><bdi>14,50&nbsp;<span class=\"woocommerce-Price-currencySymbol\">&euro;<\/span><\/bdi><\/span><span class=\"screen-reader-text\">Rango de precios: desde 3,60&nbsp;&euro; hasta 14,50&nbsp;&euro;<\/span><\/span>\n\t\t<\/div>\n\t<\/div>\n<\/div>\n\n\t<\/div> \n\n\n<\/div>\n<\/li>\n<li class=\"product type-product post-5716 status-publish instock product_cat-pollo-y-aves has-post-thumbnail taxable shipping-taxable purchasable product-type-simple product-grid-view\">\n\t<div class=\"fusion-product-wrapper\">\n\n<div class=\"fusion-clean-product-image-wrapper \">\n\t<div  class=\"fusion-image-wrapper fusion-image-size-fixed\" aria-haspopup=\"true\">\n\t\t\t\t<img decoding=\"async\" width=\"500\" height=\"333\" src=\"https:\/\/labotigadecarnsbertran.cat\/wp-content\/uploads\/2025\/12\/MG_9042-1-500x333.jpg\" class=\"attachment-woocommerce_thumbnail size-woocommerce_thumbnail lazyload wp-post-image\" alt=\"\" srcset=\"data:image\/svg+xml,%3Csvg%20xmlns%3D%27http%3A%2F%2Fwww.w3.org%2F2000%2Fsvg%27%20width%3D%27750%27%20height%3D%27500%27%20viewBox%3D%270%200%20750%20500%27%3E%3Crect%20width%3D%27750%27%20height%3D%27500%27%20fill-opacity%3D%220%22%2F%3E%3C%2Fsvg%3E\" data-orig-src=\"https:\/\/labotigadecarnsbertran.cat\/wp-content\/uploads\/2025\/12\/MG_9042-1-500x333.jpg\" data-srcset=\"https:\/\/labotigadecarnsbertran.cat\/wp-content\/uploads\/2025\/12\/MG_9042-1-200x133.jpg 200w, https:\/\/labotigadecarnsbertran.cat\/wp-content\/uploads\/2025\/12\/MG_9042-1-300x200.jpg 300w, https:\/\/labotigadecarnsbertran.cat\/wp-content\/uploads\/2025\/12\/MG_9042-1-400x267.jpg 400w, https:\/\/labotigadecarnsbertran.cat\/wp-content\/uploads\/2025\/12\/MG_9042-1-500x333.jpg 500w, https:\/\/labotigadecarnsbertran.cat\/wp-content\/uploads\/2025\/12\/MG_9042-1-600x400.jpg 600w, https:\/\/labotigadecarnsbertran.cat\/wp-content\/uploads\/2025\/12\/MG_9042-1-700x467.jpg 700w, https:\/\/labotigadecarnsbertran.cat\/wp-content\/uploads\/2025\/12\/MG_9042-1.jpg 750w\" data-sizes=\"auto\" \/><div class=\"fusion-rollover\">\n\t<div class=\"fusion-rollover-content\">\n\n\t\t\t\t\n\t\t\n\t\t\t\t\t\t\t\t\n\t\t\t\t\t\t\t\t\n\t\t\n\t\t\t\t\t\t\t\t\t\t\t\t\t\t\t\n\t\t\t\t\t\t\n\t\t\t\t\t\t\t\t\t\t<div class=\"fusion-product-buttons\">\n\t\t\t\t\t<a href=\"https:\/\/labotigadecarnsbertran.cat\/es\/producto\/paquete-al-vacio-jamon-75-iberico-de-bellota-guijuelo-copia-copia-copia-copia\/\" data-quantity=\"1\" class=\"button product_type_simple add_to_cart_button \" data-product_id=\"5716\" data-product_sku=\"13006\" aria-label=\"A\u00f1adir al carrito: &ldquo;Alas de pollo&rdquo;\" rel=\"nofollow\">Select options<\/a>\t<span id=\"woocommerce_loop_add_to_cart_link_describedby_5716\" class=\"screen-reader-text\">\n\t\t\t<\/span>\n<span class=\"fusion-rollover-linebreak\">\n\t\/<\/span>\n\n<a href=\"https:\/\/labotigadecarnsbertran.cat\/es\/producto\/paquete-al-vacio-jamon-75-iberico-de-bellota-guijuelo-copia-copia-copia-copia\/\" class=\"show_details_button\">\n\tDetails<\/a>\n\n\t\t\t\t<\/div>\n\t\t\t\t\t\t\t\t\t<a class=\"fusion-link-wrapper\" href=\"https:\/\/labotigadecarnsbertran.cat\/es\/producto\/paquete-al-vacio-jamon-75-iberico-de-bellota-guijuelo-copia-copia-copia-copia\/\" aria-label=\"Alas de pollo\"><\/a>\n\t<\/div>\n<\/div>\n<\/div>\n<\/div>\n<div class=\"fusion-product-content\">\n\t<div class=\"product-details\">\n\t\t<div class=\"product-details-container\">\n<h3 class=\"product-title\">\n\t<a href=\"https:\/\/labotigadecarnsbertran.cat\/es\/producto\/paquete-al-vacio-jamon-75-iberico-de-bellota-guijuelo-copia-copia-copia-copia\/\">\n\t\tAlas de pollo\t<\/a>\n<\/h3>\n<div class=\"fusion-price-rating\">\n\n\t<span class=\"price\"><span class=\"woocommerce-Price-amount amount\"><bdi>3,90&nbsp;<span class=\"woocommerce-Price-currencySymbol\">&euro;<\/span><\/bdi><\/span><\/span>\n\t\t<\/div>\n\t<\/div>\n<\/div>\n\n\t<\/div> \n\n\n<\/div>\n<\/li>\n<li class=\"product type-product post-5705 status-publish last instock product_cat-pollo-y-aves has-post-thumbnail taxable shipping-taxable purchasable product-type-variable product-grid-view\">\n\t<div class=\"fusion-product-wrapper\">\n\n<div class=\"fusion-clean-product-image-wrapper \">\n\t<div  class=\"fusion-image-wrapper fusion-image-size-fixed\" aria-haspopup=\"true\">\n\t\t\t\t<img decoding=\"async\" width=\"500\" height=\"333\" src=\"https:\/\/labotigadecarnsbertran.cat\/wp-content\/uploads\/2025\/12\/MG_9029-500x333.jpg\" class=\"attachment-woocommerce_thumbnail size-woocommerce_thumbnail lazyload wp-post-image\" alt=\"\" srcset=\"data:image\/svg+xml,%3Csvg%20xmlns%3D%27http%3A%2F%2Fwww.w3.org%2F2000%2Fsvg%27%20width%3D%27750%27%20height%3D%27500%27%20viewBox%3D%270%200%20750%20500%27%3E%3Crect%20width%3D%27750%27%20height%3D%27500%27%20fill-opacity%3D%220%22%2F%3E%3C%2Fsvg%3E\" data-orig-src=\"https:\/\/labotigadecarnsbertran.cat\/wp-content\/uploads\/2025\/12\/MG_9029-500x333.jpg\" data-srcset=\"https:\/\/labotigadecarnsbertran.cat\/wp-content\/uploads\/2025\/12\/MG_9029-200x133.jpg 200w, https:\/\/labotigadecarnsbertran.cat\/wp-content\/uploads\/2025\/12\/MG_9029-300x200.jpg 300w, https:\/\/labotigadecarnsbertran.cat\/wp-content\/uploads\/2025\/12\/MG_9029-400x267.jpg 400w, https:\/\/labotigadecarnsbertran.cat\/wp-content\/uploads\/2025\/12\/MG_9029-500x333.jpg 500w, https:\/\/labotigadecarnsbertran.cat\/wp-content\/uploads\/2025\/12\/MG_9029-600x400.jpg 600w, https:\/\/labotigadecarnsbertran.cat\/wp-content\/uploads\/2025\/12\/MG_9029-700x467.jpg 700w, https:\/\/labotigadecarnsbertran.cat\/wp-content\/uploads\/2025\/12\/MG_9029.jpg 750w\" data-sizes=\"auto\" \/><div class=\"fusion-rollover\">\n\t<div class=\"fusion-rollover-content\">\n\n\t\t\t\t\n\t\t\n\t\t\t\t\t\t\t\t\n\t\t\t\t\t\t\t\t\n\t\t\n\t\t\t\t\t\t\t\t\t\t\t\t\t\t\t\n\t\t\t\t\t\t\n\t\t\t\t\t\t\t\t\t\t<div class=\"fusion-product-buttons\">\n\t\t\t\t\t<a href=\"https:\/\/labotigadecarnsbertran.cat\/es\/producto\/paquete-al-vacio-jamon-75-iberico-de-bellota-guijuelo-copia-copia-copia\/\" aria-describedby=\"woocommerce_loop_add_to_cart_link_describedby_5705\" data-quantity=\"1\" class=\"button product_type_variable add_to_cart_button\" data-product_id=\"5705\" data-product_sku=\"13004\" aria-label=\"Elige las opciones para &ldquo;Muslo de pollo&rdquo;\" rel=\"nofollow\">Select options<\/a>\t<span id=\"woocommerce_loop_add_to_cart_link_describedby_5705\" class=\"screen-reader-text\">\n\t\tEste producto tiene m\u00faltiples variantes. Las opciones se pueden elegir en la p\u00e1gina de producto\t<\/span>\n<span class=\"fusion-rollover-linebreak\">\n\t\/<\/span>\n\n<a href=\"https:\/\/labotigadecarnsbertran.cat\/es\/producto\/paquete-al-vacio-jamon-75-iberico-de-bellota-guijuelo-copia-copia-copia\/\" class=\"show_details_button\">\n\tDetails<\/a>\n\n\t\t\t\t<\/div>\n\t\t\t\t\t\t\t\t\t<a class=\"fusion-link-wrapper\" href=\"https:\/\/labotigadecarnsbertran.cat\/es\/producto\/paquete-al-vacio-jamon-75-iberico-de-bellota-guijuelo-copia-copia-copia\/\" aria-label=\"Muslo de pollo\"><\/a>\n\t<\/div>\n<\/div>\n<\/div>\n<\/div>\n<div class=\"fusion-product-content\">\n\t<div class=\"product-details\">\n\t\t<div class=\"product-details-container\">\n<h3 class=\"product-title\">\n\t<a href=\"https:\/\/labotigadecarnsbertran.cat\/es\/producto\/paquete-al-vacio-jamon-75-iberico-de-bellota-guijuelo-copia-copia-copia\/\">\n\t\tMuslo de pollo\t<\/a>\n<\/h3>\n<div class=\"fusion-price-rating\">\n\n\t<span class=\"price\"><span class=\"woocommerce-Price-amount amount\"><bdi>1,90&nbsp;<span class=\"woocommerce-Price-currencySymbol\">&euro;<\/span><\/bdi><\/span><\/span>\n\t\t<\/div>\n\t<\/div>\n<\/div>\n\n\t<\/div> \n\n\n<\/div>\n<\/li>\n<li class=\"product type-product post-5222 status-publish first instock product_cat-cerdo has-post-thumbnail taxable shipping-taxable purchasable product-type-variable product-grid-view\">\n\t<div class=\"fusion-product-wrapper\">\n\n<div class=\"fusion-clean-product-image-wrapper \">\n\t<div  class=\"fusion-image-wrapper fusion-image-size-fixed\" aria-haspopup=\"true\">\n\t\t\t\t<img decoding=\"async\" width=\"500\" height=\"333\" src=\"https:\/\/labotigadecarnsbertran.cat\/wp-content\/uploads\/2022\/03\/MG_8771-500x333.jpg\" class=\"attachment-woocommerce_thumbnail size-woocommerce_thumbnail lazyload wp-post-image\" alt=\"Fajitas de carn de porc de pag\u00e8s\" srcset=\"data:image\/svg+xml,%3Csvg%20xmlns%3D%27http%3A%2F%2Fwww.w3.org%2F2000%2Fsvg%27%20width%3D%271200%27%20height%3D%27800%27%20viewBox%3D%270%200%201200%20800%27%3E%3Crect%20width%3D%271200%27%20height%3D%27800%27%20fill-opacity%3D%220%22%2F%3E%3C%2Fsvg%3E\" data-orig-src=\"https:\/\/labotigadecarnsbertran.cat\/wp-content\/uploads\/2022\/03\/MG_8771-500x333.jpg\" data-srcset=\"https:\/\/labotigadecarnsbertran.cat\/wp-content\/uploads\/2022\/03\/MG_8771-200x133.jpg 200w, https:\/\/labotigadecarnsbertran.cat\/wp-content\/uploads\/2022\/03\/MG_8771-300x200.jpg 300w, https:\/\/labotigadecarnsbertran.cat\/wp-content\/uploads\/2022\/03\/MG_8771-400x267.jpg 400w, https:\/\/labotigadecarnsbertran.cat\/wp-content\/uploads\/2022\/03\/MG_8771-500x333.jpg 500w, https:\/\/labotigadecarnsbertran.cat\/wp-content\/uploads\/2022\/03\/MG_8771-600x400.jpg 600w, https:\/\/labotigadecarnsbertran.cat\/wp-content\/uploads\/2022\/03\/MG_8771-700x467.jpg 700w, https:\/\/labotigadecarnsbertran.cat\/wp-content\/uploads\/2022\/03\/MG_8771-768x512.jpg 768w, https:\/\/labotigadecarnsbertran.cat\/wp-content\/uploads\/2022\/03\/MG_8771-800x533.jpg 800w, https:\/\/labotigadecarnsbertran.cat\/wp-content\/uploads\/2022\/03\/MG_8771-1024x683.jpg 1024w, https:\/\/labotigadecarnsbertran.cat\/wp-content\/uploads\/2022\/03\/MG_8771.jpg 1200w\" data-sizes=\"auto\" \/><div class=\"fusion-rollover\">\n\t<div class=\"fusion-rollover-content\">\n\n\t\t\t\t\n\t\t\n\t\t\t\t\t\t\t\t\n\t\t\t\t\t\t\t\t\n\t\t\n\t\t\t\t\t\t\t\t\t\t\t\t\t\t\t\n\t\t\t\t\t\t\n\t\t\t\t\t\t\t\t\t\t<div class=\"fusion-product-buttons\">\n\t\t\t\t\t<a href=\"https:\/\/labotigadecarnsbertran.cat\/es\/producto\/fajitas-de-carne-de-cerdo-de-payes\/\" aria-describedby=\"woocommerce_loop_add_to_cart_link_describedby_5222\" data-quantity=\"1\" class=\"button product_type_variable add_to_cart_button\" data-product_id=\"5222\" data-product_sku=\"10433\" aria-label=\"Elige las opciones para &ldquo;Fajitas de carne de cerdo de pay\u00e9s&rdquo;\" rel=\"nofollow\">Select options<\/a>\t<span id=\"woocommerce_loop_add_to_cart_link_describedby_5222\" class=\"screen-reader-text\">\n\t\tEste producto tiene m\u00faltiples variantes. Las opciones se pueden elegir en la p\u00e1gina de producto\t<\/span>\n<span class=\"fusion-rollover-linebreak\">\n\t\/<\/span>\n\n<a href=\"https:\/\/labotigadecarnsbertran.cat\/es\/producto\/fajitas-de-carne-de-cerdo-de-payes\/\" class=\"show_details_button\">\n\tDetails<\/a>\n\n\t\t\t\t<\/div>\n\t\t\t\t\t\t\t\t\t<a class=\"fusion-link-wrapper\" href=\"https:\/\/labotigadecarnsbertran.cat\/es\/producto\/fajitas-de-carne-de-cerdo-de-payes\/\" aria-label=\"Fajitas de carne de cerdo de pay\u00e9s\"><\/a>\n\t<\/div>\n<\/div>\n<\/div>\n<\/div>\n<div class=\"fusion-product-content\">\n\t<div class=\"product-details\">\n\t\t<div class=\"product-details-container\">\n<h3 class=\"product-title\">\n\t<a href=\"https:\/\/labotigadecarnsbertran.cat\/es\/producto\/fajitas-de-carne-de-cerdo-de-payes\/\">\n\t\tFajitas de carne de cerdo de pay\u00e9s\t<\/a>\n<\/h3>\n<div class=\"fusion-price-rating\">\n\n\t<span class=\"price\"><span class=\"woocommerce-Price-amount amount\" aria-hidden=\"true\"><bdi>3,50&nbsp;<span class=\"woocommerce-Price-currencySymbol\">&euro;<\/span><\/bdi><\/span> <span aria-hidden=\"true\">-<\/span> <span class=\"woocommerce-Price-amount amount\" aria-hidden=\"true\"><bdi>7,10&nbsp;<span class=\"woocommerce-Price-currencySymbol\">&euro;<\/span><\/bdi><\/span><span class=\"screen-reader-text\">Rango de precios: desde 3,50&nbsp;&euro; hasta 7,10&nbsp;&euro;<\/span><\/span>\n\t\t<\/div>\n\t<\/div>\n<\/div>\n\n\t<\/div> \n\n\n<\/div>\n<\/li>\n<li class=\"product type-product post-5429 status-publish instock product_cat-cerdo has-post-thumbnail taxable shipping-taxable purchasable product-type-simple product-grid-view\">\n\t<div class=\"fusion-product-wrapper\">\n\n<div class=\"fusion-clean-product-image-wrapper \">\n\t<div  class=\"fusion-image-wrapper fusion-image-size-fixed\" aria-haspopup=\"true\">\n\t\t\t\t<img decoding=\"async\" width=\"500\" height=\"333\" src=\"https:\/\/labotigadecarnsbertran.cat\/wp-content\/uploads\/2022\/01\/MG_8987-500x333.jpg\" class=\"attachment-woocommerce_thumbnail size-woocommerce_thumbnail lazyload wp-post-image\" alt=\"\" srcset=\"data:image\/svg+xml,%3Csvg%20xmlns%3D%27http%3A%2F%2Fwww.w3.org%2F2000%2Fsvg%27%20width%3D%271200%27%20height%3D%27800%27%20viewBox%3D%270%200%201200%20800%27%3E%3Crect%20width%3D%271200%27%20height%3D%27800%27%20fill-opacity%3D%220%22%2F%3E%3C%2Fsvg%3E\" data-orig-src=\"https:\/\/labotigadecarnsbertran.cat\/wp-content\/uploads\/2022\/01\/MG_8987-500x333.jpg\" data-srcset=\"https:\/\/labotigadecarnsbertran.cat\/wp-content\/uploads\/2022\/01\/MG_8987-200x133.jpg 200w, https:\/\/labotigadecarnsbertran.cat\/wp-content\/uploads\/2022\/01\/MG_8987-300x200.jpg 300w, https:\/\/labotigadecarnsbertran.cat\/wp-content\/uploads\/2022\/01\/MG_8987-400x267.jpg 400w, https:\/\/labotigadecarnsbertran.cat\/wp-content\/uploads\/2022\/01\/MG_8987-500x333.jpg 500w, https:\/\/labotigadecarnsbertran.cat\/wp-content\/uploads\/2022\/01\/MG_8987-600x400.jpg 600w, https:\/\/labotigadecarnsbertran.cat\/wp-content\/uploads\/2022\/01\/MG_8987-700x467.jpg 700w, https:\/\/labotigadecarnsbertran.cat\/wp-content\/uploads\/2022\/01\/MG_8987-768x512.jpg 768w, https:\/\/labotigadecarnsbertran.cat\/wp-content\/uploads\/2022\/01\/MG_8987-800x533.jpg 800w, https:\/\/labotigadecarnsbertran.cat\/wp-content\/uploads\/2022\/01\/MG_8987-1024x683.jpg 1024w, https:\/\/labotigadecarnsbertran.cat\/wp-content\/uploads\/2022\/01\/MG_8987.jpg 1200w\" data-sizes=\"auto\" \/><div class=\"fusion-rollover\">\n\t<div class=\"fusion-rollover-content\">\n\n\t\t\t\t\n\t\t\n\t\t\t\t\t\t\t\t\n\t\t\t\t\t\t\t\t\n\t\t\n\t\t\t\t\t\t\t\t\t\t\t\t\t\t\t\n\t\t\t\t\t\t\n\t\t\t\t\t\t\t\t\t\t<div class=\"fusion-product-buttons\">\n\t\t\t\t\t<a href=\"https:\/\/labotigadecarnsbertran.cat\/es\/producto\/longaniza-de-cebolla\/\" data-quantity=\"1\" class=\"button product_type_simple add_to_cart_button \" data-product_id=\"5429\" data-product_sku=\"10101\" aria-label=\"A\u00f1adir al carrito: &ldquo;Longaniza de cebolla&rdquo;\" rel=\"nofollow\">Select options<\/a>\t<span id=\"woocommerce_loop_add_to_cart_link_describedby_5429\" class=\"screen-reader-text\">\n\t\t\t<\/span>\n<span class=\"fusion-rollover-linebreak\">\n\t\/<\/span>\n\n<a href=\"https:\/\/labotigadecarnsbertran.cat\/es\/producto\/longaniza-de-cebolla\/\" class=\"show_details_button\">\n\tDetails<\/a>\n\n\t\t\t\t<\/div>\n\t\t\t\t\t\t\t\t\t<a class=\"fusion-link-wrapper\" href=\"https:\/\/labotigadecarnsbertran.cat\/es\/producto\/longaniza-de-cebolla\/\" aria-label=\"Longaniza de cebolla\"><\/a>\n\t<\/div>\n<\/div>\n<\/div>\n<\/div>\n<div class=\"fusion-product-content\">\n\t<div class=\"product-details\">\n\t\t<div class=\"product-details-container\">\n<h3 class=\"product-title\">\n\t<a href=\"https:\/\/labotigadecarnsbertran.cat\/es\/producto\/longaniza-de-cebolla\/\">\n\t\tLonganiza de cebolla\t<\/a>\n<\/h3>\n<div class=\"fusion-price-rating\">\n\n\t<span class=\"price\"><span class=\"woocommerce-Price-amount amount\"><bdi>13,40&nbsp;<span class=\"woocommerce-Price-currencySymbol\">&euro;<\/span><\/bdi><\/span><\/span>\n\t\t<\/div>\n\t<\/div>\n<\/div>\n\n\t<\/div> \n\n\n<\/div>\n<\/li>\n<li class=\"product type-product post-5253 status-publish last instock product_cat-charcuteria-y-quesos product_cat-jamon has-post-thumbnail taxable shipping-taxable purchasable product-type-variable product-grid-view\">\n\t<div class=\"fusion-product-wrapper\">\n\n<div class=\"fusion-clean-product-image-wrapper \">\n\t<div  class=\"fusion-image-wrapper fusion-image-size-fixed\" aria-haspopup=\"true\">\n\t\t\t\t<img decoding=\"async\" width=\"500\" height=\"333\" src=\"https:\/\/labotigadecarnsbertran.cat\/wp-content\/uploads\/2025\/02\/MG_9240-500x333.jpg\" class=\"attachment-woocommerce_thumbnail size-woocommerce_thumbnail lazyload wp-post-image\" alt=\"Pernil de salamanca a m\u00e0\" srcset=\"data:image\/svg+xml,%3Csvg%20xmlns%3D%27http%3A%2F%2Fwww.w3.org%2F2000%2Fsvg%27%20width%3D%271200%27%20height%3D%27800%27%20viewBox%3D%270%200%201200%20800%27%3E%3Crect%20width%3D%271200%27%20height%3D%27800%27%20fill-opacity%3D%220%22%2F%3E%3C%2Fsvg%3E\" data-orig-src=\"https:\/\/labotigadecarnsbertran.cat\/wp-content\/uploads\/2025\/02\/MG_9240-500x333.jpg\" data-srcset=\"https:\/\/labotigadecarnsbertran.cat\/wp-content\/uploads\/2025\/02\/MG_9240-200x133.jpg 200w, https:\/\/labotigadecarnsbertran.cat\/wp-content\/uploads\/2025\/02\/MG_9240-300x200.jpg 300w, https:\/\/labotigadecarnsbertran.cat\/wp-content\/uploads\/2025\/02\/MG_9240-400x267.jpg 400w, https:\/\/labotigadecarnsbertran.cat\/wp-content\/uploads\/2025\/02\/MG_9240-500x333.jpg 500w, https:\/\/labotigadecarnsbertran.cat\/wp-content\/uploads\/2025\/02\/MG_9240-600x400.jpg 600w, https:\/\/labotigadecarnsbertran.cat\/wp-content\/uploads\/2025\/02\/MG_9240-700x467.jpg 700w, https:\/\/labotigadecarnsbertran.cat\/wp-content\/uploads\/2025\/02\/MG_9240-768x512.jpg 768w, https:\/\/labotigadecarnsbertran.cat\/wp-content\/uploads\/2025\/02\/MG_9240-800x533.jpg 800w, https:\/\/labotigadecarnsbertran.cat\/wp-content\/uploads\/2025\/02\/MG_9240-1024x683.jpg 1024w, https:\/\/labotigadecarnsbertran.cat\/wp-content\/uploads\/2025\/02\/MG_9240.jpg 1200w\" data-sizes=\"auto\" \/><div class=\"fusion-rollover\">\n\t<div class=\"fusion-rollover-content\">\n\n\t\t\t\t\n\t\t\n\t\t\t\t\t\t\t\t\n\t\t\t\t\t\t\t\t\n\t\t\n\t\t\t\t\t\t\t\t\t\t\t\t\t\t\t\n\t\t\t\t\t\t\n\t\t\t\t\t\t\t\t\t\t<div class=\"fusion-product-buttons\">\n\t\t\t\t\t<a href=\"https:\/\/labotigadecarnsbertran.cat\/es\/producto\/sobre-de-pernil-curat-de-salamanca-al-buit\/\" aria-describedby=\"woocommerce_loop_add_to_cart_link_describedby_5253\" data-quantity=\"1\" class=\"button product_type_variable add_to_cart_button\" data-product_id=\"5253\" data-product_sku=\"30202\" aria-label=\"Elige las opciones para &ldquo;Jam\u00f3n Duroc de Salamanca corte a mano&rdquo;\" rel=\"nofollow\">Select options<\/a>\t<span id=\"woocommerce_loop_add_to_cart_link_describedby_5253\" class=\"screen-reader-text\">\n\t\tEste producto tiene m\u00faltiples variantes. Las opciones se pueden elegir en la p\u00e1gina de producto\t<\/span>\n<span class=\"fusion-rollover-linebreak\">\n\t\/<\/span>\n\n<a href=\"https:\/\/labotigadecarnsbertran.cat\/es\/producto\/sobre-de-pernil-curat-de-salamanca-al-buit\/\" class=\"show_details_button\">\n\tDetails<\/a>\n\n\t\t\t\t<\/div>\n\t\t\t\t\t\t\t\t\t<a class=\"fusion-link-wrapper\" href=\"https:\/\/labotigadecarnsbertran.cat\/es\/producto\/sobre-de-pernil-curat-de-salamanca-al-buit\/\" aria-label=\"Jam\u00f3n Duroc de Salamanca corte a mano\"><\/a>\n\t<\/div>\n<\/div>\n<\/div>\n<\/div>\n<div class=\"fusion-product-content\">\n\t<div class=\"product-details\">\n\t\t<div class=\"product-details-container\">\n<h3 class=\"product-title\">\n\t<a href=\"https:\/\/labotigadecarnsbertran.cat\/es\/producto\/sobre-de-pernil-curat-de-salamanca-al-buit\/\">\n\t\tJam\u00f3n Duroc de Salamanca corte a mano\t<\/a>\n<\/h3>\n<div class=\"fusion-price-rating\">\n\n\t<span class=\"price\"><span class=\"woocommerce-Price-amount amount\" aria-hidden=\"true\"><bdi>4,40&nbsp;<span class=\"woocommerce-Price-currencySymbol\">&euro;<\/span><\/bdi><\/span> <span aria-hidden=\"true\">-<\/span> <span class=\"woocommerce-Price-amount amount\" aria-hidden=\"true\"><bdi>8,80&nbsp;<span class=\"woocommerce-Price-currencySymbol\">&euro;<\/span><\/bdi><\/span><span class=\"screen-reader-text\">Rango de precios: desde 4,40&nbsp;&euro; hasta 8,80&nbsp;&euro;<\/span><\/span>\n\t\t<\/div>\n\t<\/div>\n<\/div>\n\n\t<\/div> \n\n\n<\/div>\n<\/li>\n<li class=\"product type-product post-5759 status-publish first instock product_cat-pollo-y-aves has-post-thumbnail taxable shipping-taxable purchasable product-type-simple product-grid-view\">\n\t<div class=\"fusion-product-wrapper\">\n\n<div class=\"fusion-clean-product-image-wrapper \">\n\t<div  class=\"fusion-image-wrapper fusion-image-size-fixed\" aria-haspopup=\"true\">\n\t\t\t\t<img decoding=\"async\" width=\"500\" height=\"333\" src=\"https:\/\/labotigadecarnsbertran.cat\/wp-content\/uploads\/2025\/12\/MG_9106-500x333.jpg\" class=\"attachment-woocommerce_thumbnail size-woocommerce_thumbnail lazyload wp-post-image\" alt=\"\" srcset=\"data:image\/svg+xml,%3Csvg%20xmlns%3D%27http%3A%2F%2Fwww.w3.org%2F2000%2Fsvg%27%20width%3D%27750%27%20height%3D%27500%27%20viewBox%3D%270%200%20750%20500%27%3E%3Crect%20width%3D%27750%27%20height%3D%27500%27%20fill-opacity%3D%220%22%2F%3E%3C%2Fsvg%3E\" data-orig-src=\"https:\/\/labotigadecarnsbertran.cat\/wp-content\/uploads\/2025\/12\/MG_9106-500x333.jpg\" data-srcset=\"https:\/\/labotigadecarnsbertran.cat\/wp-content\/uploads\/2025\/12\/MG_9106-200x133.jpg 200w, https:\/\/labotigadecarnsbertran.cat\/wp-content\/uploads\/2025\/12\/MG_9106-300x200.jpg 300w, https:\/\/labotigadecarnsbertran.cat\/wp-content\/uploads\/2025\/12\/MG_9106-400x267.jpg 400w, https:\/\/labotigadecarnsbertran.cat\/wp-content\/uploads\/2025\/12\/MG_9106-500x333.jpg 500w, https:\/\/labotigadecarnsbertran.cat\/wp-content\/uploads\/2025\/12\/MG_9106-600x400.jpg 600w, https:\/\/labotigadecarnsbertran.cat\/wp-content\/uploads\/2025\/12\/MG_9106-700x467.jpg 700w, https:\/\/labotigadecarnsbertran.cat\/wp-content\/uploads\/2025\/12\/MG_9106.jpg 750w\" data-sizes=\"auto\" \/><div class=\"fusion-rollover\">\n\t<div class=\"fusion-rollover-content\">\n\n\t\t\t\t\n\t\t\n\t\t\t\t\t\t\t\t\n\t\t\t\t\t\t\t\t\n\t\t\n\t\t\t\t\t\t\t\t\t\t\t\t\t\t\t\n\t\t\t\t\t\t\n\t\t\t\t\t\t\t\t\t\t<div class=\"fusion-product-buttons\">\n\t\t\t\t\t<a href=\"https:\/\/labotigadecarnsbertran.cat\/es\/producto\/paquete-al-vacio-jamon-75-iberico-de-bellota-guijuelo-copia-copia-copia-copia-copia-copia-copia-copia-copia\/\" data-quantity=\"1\" class=\"button product_type_simple add_to_cart_button \" data-product_id=\"5759\" data-product_sku=\"13025\" aria-label=\"A\u00f1adir al carrito: &ldquo;Libritos de pollo rellenos de jam\u00f3n dulce y queso&rdquo;\" rel=\"nofollow\">Select options<\/a>\t<span id=\"woocommerce_loop_add_to_cart_link_describedby_5759\" class=\"screen-reader-text\">\n\t\t\t<\/span>\n<span class=\"fusion-rollover-linebreak\">\n\t\/<\/span>\n\n<a href=\"https:\/\/labotigadecarnsbertran.cat\/es\/producto\/paquete-al-vacio-jamon-75-iberico-de-bellota-guijuelo-copia-copia-copia-copia-copia-copia-copia-copia-copia\/\" class=\"show_details_button\">\n\tDetails<\/a>\n\n\t\t\t\t<\/div>\n\t\t\t\t\t\t\t\t\t<a class=\"fusion-link-wrapper\" href=\"https:\/\/labotigadecarnsbertran.cat\/es\/producto\/paquete-al-vacio-jamon-75-iberico-de-bellota-guijuelo-copia-copia-copia-copia-copia-copia-copia-copia-copia\/\" aria-label=\"Libritos de pollo rellenos de jam\u00f3n dulce y queso\"><\/a>\n\t<\/div>\n<\/div>\n<\/div>\n<\/div>\n<div class=\"fusion-product-content\">\n\t<div class=\"product-details\">\n\t\t<div class=\"product-details-container\">\n<h3 class=\"product-title\">\n\t<a href=\"https:\/\/labotigadecarnsbertran.cat\/es\/producto\/paquete-al-vacio-jamon-75-iberico-de-bellota-guijuelo-copia-copia-copia-copia-copia-copia-copia-copia-copia\/\">\n\t\tLibritos de pollo rellenos de jam\u00f3n dulce y queso\t<\/a>\n<\/h3>\n<div class=\"fusion-price-rating\">\n\n\t<span class=\"price\"><span class=\"woocommerce-Price-amount amount\"><bdi>5,60&nbsp;<span class=\"woocommerce-Price-currencySymbol\">&euro;<\/span><\/bdi><\/span><\/span>\n\t\t<\/div>\n\t<\/div>\n<\/div>\n\n\t<\/div> \n\n\n<\/div>\n<\/li>\n<li class=\"product type-product post-5396 status-publish instock product_cat-cerdo has-post-thumbnail taxable shipping-taxable purchasable product-type-simple product-grid-view\">\n\t<div class=\"fusion-product-wrapper\">\n\n<div class=\"fusion-clean-product-image-wrapper \">\n\t<div  class=\"fusion-image-wrapper fusion-image-size-fixed\" aria-haspopup=\"true\">\n\t\t\t\t<img decoding=\"async\" width=\"500\" height=\"333\" src=\"https:\/\/labotigadecarnsbertran.cat\/wp-content\/uploads\/2022\/01\/MG_9268-500x333.jpg\" class=\"attachment-woocommerce_thumbnail size-woocommerce_thumbnail lazyload wp-post-image\" alt=\"Costella de porc adobada\" srcset=\"data:image\/svg+xml,%3Csvg%20xmlns%3D%27http%3A%2F%2Fwww.w3.org%2F2000%2Fsvg%27%20width%3D%271200%27%20height%3D%27800%27%20viewBox%3D%270%200%201200%20800%27%3E%3Crect%20width%3D%271200%27%20height%3D%27800%27%20fill-opacity%3D%220%22%2F%3E%3C%2Fsvg%3E\" data-orig-src=\"https:\/\/labotigadecarnsbertran.cat\/wp-content\/uploads\/2022\/01\/MG_9268-500x333.jpg\" data-srcset=\"https:\/\/labotigadecarnsbertran.cat\/wp-content\/uploads\/2022\/01\/MG_9268-200x133.jpg 200w, https:\/\/labotigadecarnsbertran.cat\/wp-content\/uploads\/2022\/01\/MG_9268-300x200.jpg 300w, https:\/\/labotigadecarnsbertran.cat\/wp-content\/uploads\/2022\/01\/MG_9268-400x267.jpg 400w, https:\/\/labotigadecarnsbertran.cat\/wp-content\/uploads\/2022\/01\/MG_9268-500x333.jpg 500w, https:\/\/labotigadecarnsbertran.cat\/wp-content\/uploads\/2022\/01\/MG_9268-600x400.jpg 600w, https:\/\/labotigadecarnsbertran.cat\/wp-content\/uploads\/2022\/01\/MG_9268-700x467.jpg 700w, https:\/\/labotigadecarnsbertran.cat\/wp-content\/uploads\/2022\/01\/MG_9268-768x512.jpg 768w, https:\/\/labotigadecarnsbertran.cat\/wp-content\/uploads\/2022\/01\/MG_9268-800x533.jpg 800w, https:\/\/labotigadecarnsbertran.cat\/wp-content\/uploads\/2022\/01\/MG_9268-1024x683.jpg 1024w, https:\/\/labotigadecarnsbertran.cat\/wp-content\/uploads\/2022\/01\/MG_9268.jpg 1200w\" data-sizes=\"auto\" \/><div class=\"fusion-rollover\">\n\t<div class=\"fusion-rollover-content\">\n\n\t\t\t\t\n\t\t\n\t\t\t\t\t\t\t\t\n\t\t\t\t\t\t\t\t\n\t\t\n\t\t\t\t\t\t\t\t\t\t\t\t\t\t\t\n\t\t\t\t\t\t\n\t\t\t\t\t\t\t\t\t\t<div class=\"fusion-product-buttons\">\n\t\t\t\t\t<a href=\"https:\/\/labotigadecarnsbertran.cat\/es\/producto\/costilla-abonada-de-payes\/\" data-quantity=\"1\" class=\"button product_type_simple add_to_cart_button \" data-product_id=\"5396\" data-product_sku=\"10428\" aria-label=\"A\u00f1adir al carrito: &ldquo;Costilla adobada de pay\u00e9s&rdquo;\" rel=\"nofollow\">Select options<\/a>\t<span id=\"woocommerce_loop_add_to_cart_link_describedby_5396\" class=\"screen-reader-text\">\n\t\t\t<\/span>\n<span class=\"fusion-rollover-linebreak\">\n\t\/<\/span>\n\n<a href=\"https:\/\/labotigadecarnsbertran.cat\/es\/producto\/costilla-abonada-de-payes\/\" class=\"show_details_button\">\n\tDetails<\/a>\n\n\t\t\t\t<\/div>\n\t\t\t\t\t\t\t\t\t<a class=\"fusion-link-wrapper\" href=\"https:\/\/labotigadecarnsbertran.cat\/es\/producto\/costilla-abonada-de-payes\/\" aria-label=\"Costilla adobada de pay\u00e9s\"><\/a>\n\t<\/div>\n<\/div>\n<\/div>\n<\/div>\n<div class=\"fusion-product-content\">\n\t<div class=\"product-details\">\n\t\t<div class=\"product-details-container\">\n<h3 class=\"product-title\">\n\t<a href=\"https:\/\/labotigadecarnsbertran.cat\/es\/producto\/costilla-abonada-de-payes\/\">\n\t\tCostilla adobada de pay\u00e9s\t<\/a>\n<\/h3>\n<div class=\"fusion-price-rating\">\n\n\t<span class=\"price\"><span class=\"woocommerce-Price-amount amount\"><bdi>11,60&nbsp;<span class=\"woocommerce-Price-currencySymbol\">&euro;<\/span><\/bdi><\/span><\/span>\n\t\t<\/div>\n\t<\/div>\n<\/div>\n\n\t<\/div> \n\n\n<\/div>\n<\/li>\n<li class=\"product type-product post-5360 status-publish last instock product_cat-cerdo has-post-thumbnail taxable shipping-taxable purchasable product-type-variable product-grid-view\">\n\t<div class=\"fusion-product-wrapper\">\n\n<div class=\"fusion-clean-product-image-wrapper \">\n\t<div  class=\"fusion-image-wrapper fusion-image-size-fixed\" aria-haspopup=\"true\">\n\t\t\t\t<img decoding=\"async\" width=\"500\" height=\"333\" src=\"https:\/\/labotigadecarnsbertran.cat\/wp-content\/uploads\/2022\/03\/MG_8214-500x333.jpg\" class=\"attachment-woocommerce_thumbnail size-woocommerce_thumbnail lazyload wp-post-image\" alt=\"Papada de porc de pag\u00e8s\" srcset=\"data:image\/svg+xml,%3Csvg%20xmlns%3D%27http%3A%2F%2Fwww.w3.org%2F2000%2Fsvg%27%20width%3D%271200%27%20height%3D%27800%27%20viewBox%3D%270%200%201200%20800%27%3E%3Crect%20width%3D%271200%27%20height%3D%27800%27%20fill-opacity%3D%220%22%2F%3E%3C%2Fsvg%3E\" data-orig-src=\"https:\/\/labotigadecarnsbertran.cat\/wp-content\/uploads\/2022\/03\/MG_8214-500x333.jpg\" data-srcset=\"https:\/\/labotigadecarnsbertran.cat\/wp-content\/uploads\/2022\/03\/MG_8214-200x133.jpg 200w, https:\/\/labotigadecarnsbertran.cat\/wp-content\/uploads\/2022\/03\/MG_8214-300x200.jpg 300w, https:\/\/labotigadecarnsbertran.cat\/wp-content\/uploads\/2022\/03\/MG_8214-400x267.jpg 400w, https:\/\/labotigadecarnsbertran.cat\/wp-content\/uploads\/2022\/03\/MG_8214-500x333.jpg 500w, https:\/\/labotigadecarnsbertran.cat\/wp-content\/uploads\/2022\/03\/MG_8214-600x400.jpg 600w, https:\/\/labotigadecarnsbertran.cat\/wp-content\/uploads\/2022\/03\/MG_8214-700x467.jpg 700w, https:\/\/labotigadecarnsbertran.cat\/wp-content\/uploads\/2022\/03\/MG_8214-768x512.jpg 768w, https:\/\/labotigadecarnsbertran.cat\/wp-content\/uploads\/2022\/03\/MG_8214-800x533.jpg 800w, https:\/\/labotigadecarnsbertran.cat\/wp-content\/uploads\/2022\/03\/MG_8214-1024x683.jpg 1024w, https:\/\/labotigadecarnsbertran.cat\/wp-content\/uploads\/2022\/03\/MG_8214.jpg 1200w\" data-sizes=\"auto\" \/><div class=\"fusion-rollover\">\n\t<div class=\"fusion-rollover-content\">\n\n\t\t\t\t\n\t\t\n\t\t\t\t\t\t\t\t\n\t\t\t\t\t\t\t\t\n\t\t\n\t\t\t\t\t\t\t\t\t\t\t\t\t\t\t\n\t\t\t\t\t\t\n\t\t\t\t\t\t\t\t\t\t<div class=\"fusion-product-buttons\">\n\t\t\t\t\t<a href=\"https:\/\/labotigadecarnsbertran.cat\/es\/producto\/papada-de-cerdo-de-payes\/\" aria-describedby=\"woocommerce_loop_add_to_cart_link_describedby_5360\" data-quantity=\"1\" class=\"button product_type_variable add_to_cart_button\" data-product_id=\"5360\" data-product_sku=\"10410\" aria-label=\"Elige las opciones para &ldquo;Papada de cerdo de pay\u00e9s&rdquo;\" rel=\"nofollow\">Select options<\/a>\t<span id=\"woocommerce_loop_add_to_cart_link_describedby_5360\" class=\"screen-reader-text\">\n\t\tEste producto tiene m\u00faltiples variantes. Las opciones se pueden elegir en la p\u00e1gina de producto\t<\/span>\n<span class=\"fusion-rollover-linebreak\">\n\t\/<\/span>\n\n<a href=\"https:\/\/labotigadecarnsbertran.cat\/es\/producto\/papada-de-cerdo-de-payes\/\" class=\"show_details_button\">\n\tDetails<\/a>\n\n\t\t\t\t<\/div>\n\t\t\t\t\t\t\t\t\t<a class=\"fusion-link-wrapper\" href=\"https:\/\/labotigadecarnsbertran.cat\/es\/producto\/papada-de-cerdo-de-payes\/\" aria-label=\"Papada de cerdo de pay\u00e9s\"><\/a>\n\t<\/div>\n<\/div>\n<\/div>\n<\/div>\n<div class=\"fusion-product-content\">\n\t<div class=\"product-details\">\n\t\t<div class=\"product-details-container\">\n<h3 class=\"product-title\">\n\t<a href=\"https:\/\/labotigadecarnsbertran.cat\/es\/producto\/papada-de-cerdo-de-payes\/\">\n\t\tPapada de cerdo de pay\u00e9s\t<\/a>\n<\/h3>\n<div class=\"fusion-price-rating\">\n\n\t<span class=\"price\"><span class=\"woocommerce-Price-amount amount\"><bdi>1,70&nbsp;<span class=\"woocommerce-Price-currencySymbol\">&euro;<\/span><\/bdi><\/span><\/span>\n\t\t<\/div>\n\t<\/div>\n<\/div>\n\n\t<\/div> \n\n\n<\/div>\n<\/li>\n<\/ul>\n<\/div>\n<\/div><\/div><\/div><\/div><\/div>\n","protected":false},"excerpt":{"rendered":"","protected":false},"author":1,"featured_media":0,"parent":0,"menu_order":0,"comment_status":"closed","ping_status":"closed","template":"","meta":{"footnotes":""},"class_list":["post-5108","page","type-page","status-publish","hentry"],"yoast_head":"<!-- This site is optimized with the Yoast SEO plugin v27.5 - https:\/\/yoast.com\/product\/yoast-seo-wordpress\/ -->\n<title>Tienda - La botiga de Carns Bertran<\/title>\n<meta name=\"robots\" content=\"noindex, nofollow\" \/>\n<meta property=\"og:locale\" content=\"es_ES\" \/>\n<meta property=\"og:type\" content=\"article\" \/>\n<meta property=\"og:title\" content=\"Tienda - La botiga de Carns Bertran\" \/>\n<meta property=\"og:url\" content=\"https:\/\/labotigadecarnsbertran.cat\/es\/tienda\/\" \/>\n<meta property=\"og:site_name\" content=\"La botiga de Carns Bertran\" \/>\n<meta property=\"og:image\" content=\"https:\/\/labotigadecarnsbertran.cat\/wp-content\/uploads\/2026\/04\/Carns-Bertran-Default-scaled.png\" \/>\n\t<meta property=\"og:image:width\" content=\"2560\" \/>\n\t<meta property=\"og:image:height\" content=\"1440\" \/>\n\t<meta property=\"og:image:type\" content=\"image\/png\" \/>\n<meta name=\"twitter:card\" content=\"summary_large_image\" \/>\n<meta name=\"twitter:label1\" content=\"Est. reading time\" \/>\n\t<meta name=\"twitter:data1\" content=\"3 minutes\" \/>\n<script type=\"application\/ld+json\" class=\"yoast-schema-graph\">{\"@context\":\"https:\\\/\\\/schema.org\",\"@graph\":[{\"@type\":\"WebPage\",\"@id\":\"https:\\\/\\\/labotigadecarnsbertran.cat\\\/es\\\/tienda\\\/\",\"url\":\"https:\\\/\\\/labotigadecarnsbertran.cat\\\/es\\\/tienda\\\/\",\"name\":\"Tienda - La botiga de Carns Bertran\",\"isPartOf\":{\"@id\":\"https:\\\/\\\/labotigadecarnsbertran.cat\\\/#website\"},\"datePublished\":\"2024-12-04T17:17:05+00:00\",\"breadcrumb\":{\"@id\":\"https:\\\/\\\/labotigadecarnsbertran.cat\\\/es\\\/tienda\\\/#breadcrumb\"},\"inLanguage\":\"es-ES\",\"potentialAction\":[{\"@type\":\"ReadAction\",\"target\":[\"https:\\\/\\\/labotigadecarnsbertran.cat\\\/es\\\/tienda\\\/\"]}]},{\"@type\":\"BreadcrumbList\",\"@id\":\"https:\\\/\\\/labotigadecarnsbertran.cat\\\/es\\\/tienda\\\/#breadcrumb\",\"itemListElement\":[{\"@type\":\"ListItem\",\"position\":1,\"name\":\"Inici\",\"item\":\"https:\\\/\\\/labotigadecarnsbertran.cat\\\/es\\\/\"},{\"@type\":\"ListItem\",\"position\":2,\"name\":\"Tienda\"}]},{\"@type\":\"WebSite\",\"@id\":\"https:\\\/\\\/labotigadecarnsbertran.cat\\\/#website\",\"url\":\"https:\\\/\\\/labotigadecarnsbertran.cat\\\/\",\"name\":\"La botiga de Carns Bertran\",\"description\":\"Compra online\",\"potentialAction\":[{\"@type\":\"SearchAction\",\"target\":{\"@type\":\"EntryPoint\",\"urlTemplate\":\"https:\\\/\\\/labotigadecarnsbertran.cat\\\/?s={search_term_string}\"},\"query-input\":{\"@type\":\"PropertyValueSpecification\",\"valueRequired\":true,\"valueName\":\"search_term_string\"}}],\"inLanguage\":\"es-ES\"}]}<\/script>\n<!-- \/ Yoast SEO plugin. -->","yoast_head_json":{"title":"Tienda - La botiga de Carns Bertran","robots":{"index":"noindex","follow":"nofollow"},"og_locale":"es_ES","og_type":"article","og_title":"Tienda - La botiga de Carns Bertran","og_url":"https:\/\/labotigadecarnsbertran.cat\/es\/tienda\/","og_site_name":"La botiga de Carns Bertran","og_image":[{"width":2560,"height":1440,"url":"https:\/\/labotigadecarnsbertran.cat\/wp-content\/uploads\/2026\/04\/Carns-Bertran-Default-scaled.png","type":"image\/png"}],"twitter_card":"summary_large_image","twitter_misc":{"Est. reading time":"3 minutes"},"schema":{"@context":"https:\/\/schema.org","@graph":[{"@type":"WebPage","@id":"https:\/\/labotigadecarnsbertran.cat\/es\/tienda\/","url":"https:\/\/labotigadecarnsbertran.cat\/es\/tienda\/","name":"Tienda - La botiga de Carns Bertran","isPartOf":{"@id":"https:\/\/labotigadecarnsbertran.cat\/#website"},"datePublished":"2024-12-04T17:17:05+00:00","breadcrumb":{"@id":"https:\/\/labotigadecarnsbertran.cat\/es\/tienda\/#breadcrumb"},"inLanguage":"es-ES","potentialAction":[{"@type":"ReadAction","target":["https:\/\/labotigadecarnsbertran.cat\/es\/tienda\/"]}]},{"@type":"BreadcrumbList","@id":"https:\/\/labotigadecarnsbertran.cat\/es\/tienda\/#breadcrumb","itemListElement":[{"@type":"ListItem","position":1,"name":"Inici","item":"https:\/\/labotigadecarnsbertran.cat\/es\/"},{"@type":"ListItem","position":2,"name":"Tienda"}]},{"@type":"WebSite","@id":"https:\/\/labotigadecarnsbertran.cat\/#website","url":"https:\/\/labotigadecarnsbertran.cat\/","name":"La botiga de Carns Bertran","description":"Compra online","potentialAction":[{"@type":"SearchAction","target":{"@type":"EntryPoint","urlTemplate":"https:\/\/labotigadecarnsbertran.cat\/?s={search_term_string}"},"query-input":{"@type":"PropertyValueSpecification","valueRequired":true,"valueName":"search_term_string"}}],"inLanguage":"es-ES"}]}},"_links":{"self":[{"href":"https:\/\/labotigadecarnsbertran.cat\/es\/wp-json\/wp\/v2\/pages\/5108","targetHints":{"allow":["GET"]}}],"collection":[{"href":"https:\/\/labotigadecarnsbertran.cat\/es\/wp-json\/wp\/v2\/pages"}],"about":[{"href":"https:\/\/labotigadecarnsbertran.cat\/es\/wp-json\/wp\/v2\/types\/page"}],"author":[{"embeddable":true,"href":"https:\/\/labotigadecarnsbertran.cat\/es\/wp-json\/wp\/v2\/users\/1"}],"replies":[{"embeddable":true,"href":"https:\/\/labotigadecarnsbertran.cat\/es\/wp-json\/wp\/v2\/comments?post=5108"}],"version-history":[{"count":1,"href":"https:\/\/labotigadecarnsbertran.cat\/es\/wp-json\/wp\/v2\/pages\/5108\/revisions"}],"predecessor-version":[{"id":5109,"href":"https:\/\/labotigadecarnsbertran.cat\/es\/wp-json\/wp\/v2\/pages\/5108\/revisions\/5109"}],"wp:attachment":[{"href":"https:\/\/labotigadecarnsbertran.cat\/es\/wp-json\/wp\/v2\/media?parent=5108"}],"curies":[{"name":"wp","href":"https:\/\/api.w.org\/{rel}","templated":true}]}}